{"id":10755,"date":"2016-02-10T11:08:58","date_gmt":"2016-02-10T10:08:58","guid":{"rendered":"https:\/\/www.visitbratislava.com\/de\/events\/bratislava-pre-vsetkych-2\/"},"modified":"2017-04-18T16:44:56","modified_gmt":"2017-04-18T14:44:56","slug":"bratislava-pre-vsetkych-2017","status":"publish","type":"event","link":"https:\/\/www.visitbratislava.com\/de\/geschehen\/bratislava-pre-vsetkych-2017\/","title":{"rendered":"Die Tage der Stadt Bratislava"},"content":{"rendered":"<p>Die slowakische Hauptstadt feiert Ende April den\u00a0Tag der offenen T\u00fcr und lockt mit \u00fcber einhundert kostenlosen Veranstaltungen Besucher aus Nah und Fern. Werfen Sie mit RSI einen Blick auf dieses au\u00dfergew\u00f6hnliche Festival!<\/p>\n<h3><strong>TOURIST IN DER EIGENEN STADT<\/strong><\/h3>\n<p>Der Tourismusverband von Bratislava l\u00e4dt Sie zu einer Reihe von thematischen Rundg\u00e4ngen in slowakischer, aber auch englischer und deutscher Sprache ein. Auf diesen Rundg\u00e4ngen erfahren Sie Interessantes aus der Geschichte der Hauptstadt und man zeigt Ihnen das Beste, was Bratislava zu bieten hat. Eine vollst\u00e4ndige Liste der Touren mit detaillierten Informationen und Zeiten <a href=\"https:\/\/www.visitbratislava.com\/de\/geschehen\/die-tage-der-stadt-bratislava-2017-thematische-fuehrungen\/\" target=\"_blank\">finden Sie hier<\/a>.<\/p>\n<h3><strong>REICHHALTIGES PROGRAMM DER STADTTAGE BRATIS<\/strong><strong>LAVA 2017<\/strong><\/h3>\n<p>W\u00e4hrend des gesamten Wochenendes k\u00f6nnen Sie<strong> die Museen und Galerien der Stadt Bratislava kostenlos besuchen<\/strong>, einen angenehmen Tag <strong>\u00a0im ZOO mit kommentierter F\u00fctterung und Lernaktivit\u00e4ten genie\u00dfen<\/strong> oder\u00a0<strong>mit historischen Stra\u00dfenbahnen und Bussen fahren<\/strong>.<\/p>\n<ul>\n<li><strong>Am Freitag steht der Alte Markt auf dem SNP-Platz im Zeichen des Fahrradfestivals<\/strong>, bei dem Sie kostenlos den technischen Zustand Ihres Fahrrades \u00fcberpr\u00fcfen lassen oder e-Bikes ausprobieren k\u00f6nnen.<\/li>\n<li>Unter\u00a0<strong>dem Michaelertor werden am Samstag um 10:00 Uhr symbolisch die Tore der Stadt ge\u00f6ffnet<\/strong>.\u00a0Es tritt die Gesellschaft alter Kampfsportarten und Handwerke auf.<\/li>\n<li><strong>Machen Sie am Samstag zwischen 10-17 Uhr auf dem Jakubsplatz Halt<\/strong>, wo der auf leckere lokale Produkte von den besten Markth\u00e4ndlern ausgerichtete <strong>Gute Markt<\/strong>\u00a0stattfindet.<\/li>\n<li>Im Bratislavaer<strong> ZOO<\/strong>\u00a0warten am Samstag <strong>\u00a0die feierliche Er\u00f6ffnung des Geheges f\u00fcr eurasische W\u00f6lfe <\/strong>und\u00a0<strong>Reittouren auf Sie<\/strong>.<\/li>\n<li>Wenn Sie gern Sport treiben, wird Ihnen bestimmt die M\u00f6glichkeit gefallen, in einer der st\u00e4dtischen Sportanlagen <strong>schwimmen oder skaten<\/strong>\u00a0zu gehen, z. B. <strong>im Schwimmbad Pasienky oder im O.-Nepel-Eisstadion<\/strong>.<\/li>\n<li><strong>Am Wochenende k\u00f6nnen Sie sich im Primatialpalast<\/strong>\u00a0dessen repr\u00e4sentative R\u00e4ume mit Bildergalerie und einzigartigen Wandteppichen ansehen und Konzerten von Kindern der Kunst-Grundschulen im Spiegelsaal lauschen.<\/li>\n<li>Familien mit Kindern sollten auf keinen Fall einen Besuch<strong> der Eisen-Quelle\u00a0auf der Partisanenwiese am Sonntag 09:30-16:30 Uhr verpassen. Kinder k\u00f6nnen auf spielerische Art Pflanzen, Tiere und die Arbeit der F\u00f6rster kennenlernen<\/strong>.<\/li>\n<\/ul>\n<p>&nbsp;<\/p>\n<p><strong>\u00a0<img loading=\"lazy\" class=\"alignnone wp-image-13252 size-medium\" src=\"https:\/\/www.visitbratislava.com\/wp-content\/uploads\/2016\/02\/G0A0660-5-L-400x267.jpg\" alt=\"_G0A0660-5-L\" width=\"400\" height=\"267\" srcset=\"https:\/\/www.visitbratislava.com\/wp-content\/uploads\/2016\/02\/G0A0660-5-L-400x267.jpg 400w, https:\/\/www.visitbratislava.com\/wp-content\/uploads\/2016\/02\/G0A0660-5-L-768x513.jpg 768w, https:\/\/www.visitbratislava.com\/wp-content\/uploads\/2016\/02\/G0A0660-5-L.jpg 800w, https:\/\/www.visitbratislava.com\/wp-content\/uploads\/2016\/02\/G0A0660-5-L-200x134.jpg 200w\" sizes=\"(max-width: 400px) 100vw, 400px\" \/><\/strong><strong>\u00a0<img loading=\"lazy\" class=\"alignnone wp-image-13255 size-medium\" src=\"https:\/\/www.visitbratislava.com\/wp-content\/uploads\/2016\/02\/G0A1130-7-L-400x267.jpg\" alt=\"_G0A1130-7-L\" width=\"400\" height=\"267\" srcset=\"https:\/\/www.visitbratislava.com\/wp-content\/uploads\/2016\/02\/G0A1130-7-L-400x267.jpg 400w, https:\/\/www.visitbratislava.com\/wp-content\/uploads\/2016\/02\/G0A1130-7-L-768x513.jpg 768w, https:\/\/www.visitbratislava.com\/wp-content\/uploads\/2016\/02\/G0A1130-7-L.jpg 800w, https:\/\/www.visitbratislava.com\/wp-content\/uploads\/2016\/02\/G0A1130-7-L-200x134.jpg 200w\" sizes=\"(max-width: 400px) 100vw, 400px\" \/><\/strong><strong>\u00a0<img loading=\"lazy\" class=\"alignnone wp-image-10790 size-medium\" src=\"https:\/\/www.visitbratislava.com\/wp-content\/uploads\/2016\/02\/Slovakia-Cantat-400x267.jpg\" alt=\"Slovakia Cantat\" width=\"400\" height=\"267\" srcset=\"https:\/\/www.visitbratislava.com\/wp-content\/uploads\/2016\/02\/Slovakia-Cantat-400x267.jpg 400w, https:\/\/www.visitbratislava.com\/wp-content\/uploads\/2016\/02\/Slovakia-Cantat-768x512.jpg 768w, https:\/\/www.visitbratislava.com\/wp-content\/uploads\/2016\/02\/Slovakia-Cantat-800x533.jpg 800w, https:\/\/www.visitbratislava.com\/wp-content\/uploads\/2016\/02\/Slovakia-Cantat-200x133.jpg 200w\" sizes=\"(max-width: 400px) 100vw, 400px\" \/>\u00a0<\/strong><img loading=\"lazy\" class=\"alignnone wp-image-13258 size-medium\" src=\"https:\/\/www.visitbratislava.com\/wp-content\/uploads\/2016\/02\/BPV3-400x267.jpg\" alt=\"BPV3\" width=\"400\" height=\"267\" srcset=\"https:\/\/www.visitbratislava.com\/wp-content\/uploads\/2016\/02\/BPV3-400x267.jpg 400w, https:\/\/www.visitbratislava.com\/wp-content\/uploads\/2016\/02\/BPV3-768x512.jpg 768w, https:\/\/www.visitbratislava.com\/wp-content\/uploads\/2016\/02\/BPV3-800x533.jpg 800w, https:\/\/www.visitbratislava.com\/wp-content\/uploads\/2016\/02\/BPV3-200x133.jpg 200w, https:\/\/www.visitbratislava.com\/wp-content\/uploads\/2016\/02\/BPV3.jpg 1280w\" sizes=\"(max-width: 400px) 100vw, 400px\" \/>\u00a0<strong>\u00a0<img loading=\"lazy\" class=\"alignnone wp-image-13261 size-medium\" src=\"https:\/\/www.visitbratislava.com\/wp-content\/uploads\/2016\/02\/BPV4-400x267.jpg\" alt=\"BPV4\" width=\"400\" height=\"267\" srcset=\"https:\/\/www.visitbratislava.com\/wp-content\/uploads\/2016\/02\/BPV4-400x267.jpg 400w, https:\/\/www.visitbratislava.com\/wp-content\/uploads\/2016\/02\/BPV4-768x512.jpg 768w, https:\/\/www.visitbratislava.com\/wp-content\/uploads\/2016\/02\/BPV4-800x533.jpg 800w, https:\/\/www.visitbratislava.com\/wp-content\/uploads\/2016\/02\/BPV4-200x133.jpg 200w, https:\/\/www.visitbratislava.com\/wp-content\/uploads\/2016\/02\/BPV4.jpg 1280w\" sizes=\"(max-width: 400px) 100vw, 400px\" \/>\u00a0<\/strong><strong>\u00a0<img loading=\"lazy\" class=\"alignnone wp-image-11657 size-medium\" src=\"https:\/\/www.visitbratislava.com\/wp-content\/uploads\/2016\/03\/tri-prasiatka-400x267.jpg\" alt=\"tri prasiatka\" width=\"400\" height=\"267\" srcset=\"https:\/\/www.visitbratislava.com\/wp-content\/uploads\/2016\/03\/tri-prasiatka-400x267.jpg 400w, https:\/\/www.visitbratislava.com\/wp-content\/uploads\/2016\/03\/tri-prasiatka-768x512.jpg 768w, https:\/\/www.visitbratislava.com\/wp-content\/uploads\/2016\/03\/tri-prasiatka-800x533.jpg 800w, https:\/\/www.visitbratislava.com\/wp-content\/uploads\/2016\/03\/tri-prasiatka-200x133.jpg 200w\" sizes=\"(max-width: 400px) 100vw, 400px\" \/>\u00a0<\/strong><strong>\u00a0\u00a0<\/strong><strong>\u00a0<img loading=\"lazy\" class=\"alignnone wp-image-13267 size-medium\" src=\"https:\/\/www.visitbratislava.com\/wp-content\/uploads\/2016\/02\/BPV6-400x267.jpg\" alt=\"BPV6\" width=\"400\" height=\"267\" srcset=\"https:\/\/www.visitbratislava.com\/wp-content\/uploads\/2016\/02\/BPV6-400x267.jpg 400w, https:\/\/www.visitbratislava.com\/wp-content\/uploads\/2016\/02\/BPV6-768x512.jpg 768w, https:\/\/www.visitbratislava.com\/wp-content\/uploads\/2016\/02\/BPV6-800x533.jpg 800w, https:\/\/www.visitbratislava.com\/wp-content\/uploads\/2016\/02\/BPV6-200x133.jpg 200w, https:\/\/www.visitbratislava.com\/wp-content\/uploads\/2016\/02\/BPV6.jpg 1280w\" sizes=\"(max-width: 400px) 100vw, 400px\" \/>\u00a0<\/strong><strong>\u00a0\u00a0<\/strong><strong><img loading=\"lazy\" class=\"alignnone wp-image-12390 size-medium\" src=\"https:\/\/www.visitbratislava.com\/wp-content\/uploads\/2016\/03\/dobry-trh2-400x267.jpg\" alt=\"dobry trh2\" width=\"400\" height=\"267\" srcset=\"https:\/\/www.visitbratislava.com\/wp-content\/uploads\/2016\/03\/dobry-trh2-400x267.jpg 400w, https:\/\/www.visitbratislava.com\/wp-content\/uploads\/2016\/03\/dobry-trh2-768x513.jpg 768w, https:\/\/www.visitbratislava.com\/wp-content\/uploads\/2016\/03\/dobry-trh2-800x534.jpg 800w, https:\/\/www.visitbratislava.com\/wp-content\/uploads\/2016\/03\/dobry-trh2-200x134.jpg 200w, https:\/\/www.visitbratislava.com\/wp-content\/uploads\/2016\/03\/dobry-trh2.jpg 960w\" sizes=\"(max-width: 400px) 100vw, 400px\" \/>\u00a0<\/strong><img loading=\"lazy\" class=\"alignnone wp-image-10768 size-medium\" src=\"https:\/\/www.visitbratislava.com\/wp-content\/uploads\/2016\/02\/LD-foto-400x400.jpg\" alt=\"OLYMPUS DIGITAL CAMERA\" width=\"400\" height=\"400\" srcset=\"https:\/\/www.visitbratislava.com\/wp-content\/uploads\/2016\/02\/LD-foto-400x400.jpg 400w, https:\/\/www.visitbratislava.com\/wp-content\/uploads\/2016\/02\/LD-foto-150x150.jpg 150w, https:\/\/www.visitbratislava.com\/wp-content\/uploads\/2016\/02\/LD-foto-768x768.jpg 768w, https:\/\/www.visitbratislava.com\/wp-content\/uploads\/2016\/02\/LD-foto-800x800.jpg 800w, https:\/\/www.visitbratislava.com\/wp-content\/uploads\/2016\/02\/LD-foto-200x200.jpg 200w, https:\/\/www.visitbratislava.com\/wp-content\/uploads\/2016\/02\/LD-foto-184x184.jpg 184w, https:\/\/www.visitbratislava.com\/wp-content\/uploads\/2016\/02\/LD-foto-384x384.jpg 384w, https:\/\/www.visitbratislava.com\/wp-content\/uploads\/2016\/02\/LD-foto-784x784.jpg 784w\" sizes=\"(max-width: 400px) 100vw, 400px\" \/>\u00a0<strong>\u00a0<img loading=\"lazy\" class=\"alignnone wp-image-13273 size-medium\" src=\"https:\/\/www.visitbratislava.com\/wp-content\/uploads\/2016\/02\/BPV8-400x267.jpg\" alt=\"BPV8\" width=\"400\" height=\"267\" srcset=\"https:\/\/www.visitbratislava.com\/wp-content\/uploads\/2016\/02\/BPV8-400x267.jpg 400w, https:\/\/www.visitbratislava.com\/wp-content\/uploads\/2016\/02\/BPV8-768x512.jpg 768w, https:\/\/www.visitbratislava.com\/wp-content\/uploads\/2016\/02\/BPV8-800x533.jpg 800w, https:\/\/www.visitbratislava.com\/wp-content\/uploads\/2016\/02\/BPV8-200x133.jpg 200w, https:\/\/www.visitbratislava.com\/wp-content\/uploads\/2016\/02\/BPV8.jpg 1280w\" sizes=\"(max-width: 400px) 100vw, 400px\" \/>\u00a0<\/strong><img loading=\"lazy\" class=\"alignnone wp-image-1821 size-medium\" src=\"https:\/\/www.visitbratislava.com\/wp-content\/uploads\/2014\/11\/par-presporacik-hrad-400x267.jpg\" alt=\"par_presporacik_hrad\" width=\"400\" height=\"267\" srcset=\"https:\/\/www.visitbratislava.com\/wp-content\/uploads\/2014\/11\/par-presporacik-hrad-400x267.jpg 400w, https:\/\/www.visitbratislava.com\/wp-content\/uploads\/2014\/11\/par-presporacik-hrad-800x533.jpg 800w, https:\/\/www.visitbratislava.com\/wp-content\/uploads\/2014\/11\/par-presporacik-hrad-200x133.jpg 200w\" sizes=\"(max-width: 400px) 100vw, 400px\" \/><strong><img loading=\"lazy\" class=\"alignnone wp-image-13249 size-medium\" src=\"https:\/\/www.visitbratislava.com\/wp-content\/uploads\/2016\/02\/BPV2-400x267.jpg\" alt=\"BPV2\" width=\"400\" height=\"267\" srcset=\"https:\/\/www.visitbratislava.com\/wp-content\/uploads\/2016\/02\/BPV2-400x267.jpg 400w, https:\/\/www.visitbratislava.com\/wp-content\/uploads\/2016\/02\/BPV2-768x512.jpg 768w, https:\/\/www.visitbratislava.com\/wp-content\/uploads\/2016\/02\/BPV2-800x534.jpg 800w, https:\/\/www.visitbratislava.com\/wp-content\/uploads\/2016\/02\/BPV2-200x133.jpg 200w, https:\/\/www.visitbratislava.com\/wp-content\/uploads\/2016\/02\/BPV2.jpg 1280w\" sizes=\"(max-width: 400px) 100vw, 400px\" \/><\/strong><\/p>\n<h2><\/h2>\n","protected":false},"excerpt":{"rendered":"<p>Die slowakische Hauptstadt feiert Ende April den\u00a0Tag der offenen T\u00fcr und lockt mit \u00fcber einhundert kostenlosen Veranstaltungen Besucher aus Nah und Fern. Werfen Sie mit RSI einen Blick auf dieses au\u00dfergew\u00f6hnliche Festival! TOURIST IN DER EIGENEN STADT Der Tourismusverband von Bratislava l\u00e4dt Sie zu einer Reihe von thematischen Rundg\u00e4ngen in slowakischer, aber auch englischer und [&hellip;]<\/p>\n","protected":false},"featured_media":13248,"template":"","acf":[],"event_date":{"start_date":1492819200,"end_date":1492905600},"_links":{"self":[{"href":"https:\/\/www.visitbratislava.com\/de\/wp-json\/wp\/v2\/event\/10755"}],"collection":[{"href":"https:\/\/www.visitbratislava.com\/de\/wp-json\/wp\/v2\/event"}],"about":[{"href":"https:\/\/www.visitbratislava.com\/de\/wp-json\/wp\/v2\/types\/event"}],"version-history":[{"count":0,"href":"https:\/\/www.visitbratislava.com\/de\/wp-json\/wp\/v2\/event\/10755\/revisions"}],"wp:featuredmedia":[{"embeddable":true,"href":"https:\/\/www.visitbratislava.com\/de\/wp-json\/wp\/v2\/media\/13248"}],"wp:attachment":[{"href":"https:\/\/www.visitbratislava.com\/de\/wp-json\/wp\/v2\/media?parent=10755"}],"curies":[{"name":"wp","href":"https:\/\/api.w.org\/{rel}","templated":true}]}}