{"id":10773,"date":"2016-02-10T11:24:08","date_gmt":"2016-02-10T10:24:08","guid":{"rendered":"https:\/\/www.visitbratislava.com\/de\/events\/lesnicke-dni\/"},"modified":"2022-04-19T17:28:28","modified_gmt":"2022-04-19T15:28:28","slug":"forsttage","status":"publish","type":"event","link":"https:\/\/www.visitbratislava.com\/de\/geschehen\/forsttage\/","title":{"rendered":"Forsttage"},"content":{"rendered":"<p>Die Forsttage sind eine landesweite Veranstaltung f\u00fcr alle, die die slowakischen W\u00e4lder und die Natur lieben.. Freuen Sie sich auf ein wirklich reichhaltiges Programm. Poesie aus Holz erwartet Sie, Sie k\u00f6nnen damit spielen und ihm eine zweite Chance geben.<\/p>\n<p>Jedes Jahr Ende April und Anfang Mai organisieren die F\u00f6rster in der gesamten Slowakei Forsttage. Diese sind der aktuelle Jahrgang der Kampagne im Rahmen eines Projekts, mit dem man ein positives Verh\u00e4ltnis der breiten \u00d6ffentlichkeit zu Wald und Naturschutz aufbauen will.<\/p>\n<p>Die Stadtw\u00e4lder Bratislava nehmen am 22. und 23. April an den Forsttagen teil. Ziel der Veranstaltung ist es, W\u00e4lder, Naturschutz und Forstwirtschaft in Form verschiedener Veranstaltungen, Programme und Aktivit\u00e4ten der Forstp\u00e4dagogik aktiv zu pr\u00e4sentieren. Auf der Wiese Partiz\u00e1nska l\u00faka findet von 9:30 bis 15:30 Uhr ein Programm mit dem Titel Wood Poetry statt. Die Veranstaltung wird von Forstorganisationen, Naturschutzorganisationen, Imkern oder Jagdverb\u00e4nden besucht. Die Veranstaltung wird von mehreren Partnerorganisationen aus dem Bereich der Forstwirtschaft und des Umweltschutzes mitorganisiert.<\/p>\n<p>F\u00f6rster und Natursch\u00fctzer haben f\u00fcr die Besucher Wettbewerbe und Aktivit\u00e4ten vorbereitet, bei dem sie den Wald, Geh\u00f6lz, Lebewesen und den Naturschutz n\u00e4her kennenlernen k\u00f6nnen. Kinder k\u00f6nnen einen Fu\u00dff\u00fchlpfad ausprobieren, mit Tannenzapfen werfen, Waldtiere bestimmen und kennenlernen, sie erfahren Neues \u00fcber die M\u00fclltrennung und wer im Fluss Vidrica lebt usw. Zu den beliebten T\u00e4tigkeiten geh\u00f6rt das Gondeln auf dem Fischteich, das Springen auf der H\u00fcpfburg und die Fahrt mit dem Sessellift Sne\u017eienka \u2013 Kamz\u00edk (Koliba). F\u00fcr die erwachsenen Besucher stehen Aktivit\u00e4ten wie das Holzs\u00e4gen und der Wurf mit Holzscheiten bereit.<\/p>\n<p>Bereichert werden die diesj\u00e4hrigen F\u00f6rster-Tage durch einen Auftritt der Falkner, eine Verkostung von Imkerprodukten, durch Kreativwerkst\u00e4tten f\u00fcr Kinder \u2013 Drahtbinderei und Schnitzerei \u2013 sowie durch die Teilnahme der Biofarm. Seinen H\u00f6hepunkt findet das Programm bei einem feierlichen Abschluss und dem Anz\u00fcnden eines gro\u00dfen Lagerfeuers und einem anschlie\u00dfenden Konzert.<\/p>\n<p>&nbsp;<\/p>\n<h3>PROGRAMM<\/h3>\n<p>Wettbewerbe f\u00fcr Kinder bis 15:00 Uhr<br \/>\nJagdhundeausstellung um 9:00 Uhr<br \/>\nLasst uns mit Holz spielen \u2013 Aktivit\u00e4ten zur Waldp\u00e4dagogik<br \/>\nGeben wir dem Holz eine zweite Chance! \u2013 kreative Workshops und technische Arbeiten mit Holz<br \/>\nAus dem Tagebuch des F\u00f6rsters \u2013 Meine lieben Freunde<br \/>\nDer im Buch verborgene Wald \u2013 In Worten und Schritten auf dem Dendrologischen Pfad 11:00, 13:00 Treffen am Bergfeuer<br \/>\n20 Jahre PEFC Slowakei<br \/>\nVorf\u00fchrungen von forstwirtschaftlichen Aktivit\u00e4ten, Jagd, Bienenzucht, traditionelles Puppentheater Teatro Carnevalo \u2013 Gasparko und die Zauberkiste.<br \/>\nFalknerei-Vorf\u00fchrung<br \/>\nTiere aus der Biofarm<br \/>\n15:30 Bergfeuer<br \/>\n16:00 Konzert einer Musikgruppe<\/p>\n","protected":false},"excerpt":{"rendered":"<p>W\u00e4lder sind Br\u00fccken der Zusammenarbeit. Das zeigen Ihnen auch die Tage, an denen Arbeit und Auftrag der F\u00f6rster gefeiert werden<\/p>\n","protected":false},"featured_media":135005,"template":"","acf":[],"event_date":{"start_date":1650585600,"end_date":1650672000},"_links":{"self":[{"href":"https:\/\/www.visitbratislava.com\/de\/wp-json\/wp\/v2\/event\/10773"}],"collection":[{"href":"https:\/\/www.visitbratislava.com\/de\/wp-json\/wp\/v2\/event"}],"about":[{"href":"https:\/\/www.visitbratislava.com\/de\/wp-json\/wp\/v2\/types\/event"}],"version-history":[{"count":2,"href":"https:\/\/www.visitbratislava.com\/de\/wp-json\/wp\/v2\/event\/10773\/revisions"}],"predecessor-version":[{"id":135019,"href":"https:\/\/www.visitbratislava.com\/de\/wp-json\/wp\/v2\/event\/10773\/revisions\/135019"}],"wp:featuredmedia":[{"embeddable":true,"href":"https:\/\/www.visitbratislava.com\/de\/wp-json\/wp\/v2\/media\/135005"}],"wp:attachment":[{"href":"https:\/\/www.visitbratislava.com\/de\/wp-json\/wp\/v2\/media?parent=10773"}],"curies":[{"name":"wp","href":"https:\/\/api.w.org\/{rel}","templated":true}]}}