{"id":12513,"date":"2016-03-20T14:42:53","date_gmt":"2016-03-20T13:42:53","guid":{"rendered":"https:\/\/www.visitbratislava.com\/de\/events\/coronation-ceremonies\/"},"modified":"2022-06-23T13:30:35","modified_gmt":"2022-06-23T11:30:35","slug":"kroenungsfeierlichkeiten","status":"publish","type":"event","link":"https:\/\/www.visitbratislava.com\/de\/geschehen\/kroenungsfeierlichkeiten\/","title":{"rendered":"Kr\u00f6nungsfeierlichkeiten"},"content":{"rendered":"<p>Alle Liebhaber von Geschichte, traditioneller Gastronomie und Unterhaltung finden in der Kr\u00f6nung Bratislava das Richtige. Die Kr\u00f6nungsfeierlichkeiten in Bratislava geh\u00f6ren zu den gr\u00f6\u00dften Kulturveranstaltungen in der Slowakei und veranschaulichen die Kr\u00f6nung von 18 K\u00f6nigen und K\u00f6niginnen, die in Pressburg gekr\u00f6nt wurden.<\/p>\n<div class=\"grid-container\"><div class=\"grid-container__item\"><div class=\"block\"><a href=\"https:\/\/www.visitbratislava.com\/wp-content\/uploads\/2016\/03\/Korunovacne-slavnosti-006-800x533.jpeg\" data-fancybox=\"gallery\" data-caption=\"\"><div class=\"background\"><img src=\"https:\/\/www.visitbratislava.com\/wp-content\/uploads\/2016\/03\/Korunovacne-slavnosti-006-800x533.jpeg\" alt=\"foto\"\/><\/div><div class=\"overlay filter-blue\"><div class=\"content\"><span class=\"zoom-button\"><\/span><\/div><\/div><\/a><\/div><\/div><div class=\"grid-container__item\"><div class=\"block\"><a href=\"https:\/\/www.visitbratislava.com\/wp-content\/uploads\/2016\/03\/Korunovacne-slavnosti-009-800x533.jpeg\" data-fancybox=\"gallery\" data-caption=\"\"><div class=\"background\" style=\"background-image: url(https:\/\/www.visitbratislava.com\/wp-content\/uploads\/2016\/03\/Korunovacne-slavnosti-009-800x533.jpeg)\"><\/div><div class=\"overlay filter-green\"><div class=\"content\"><span class=\"zoom-button\"><\/span><\/div><\/div><\/a><\/div><\/div><div class=\"grid-container__item more\"><\/div><\/div>\n<p>Nur wenige St\u00e4dte k\u00f6nnen sich r\u00fchmen, dort Kr\u00f6nungszeremonien abzuhalten. Dieses Privileg wurde Bratislava f\u00fcr 267 Jahre gew\u00e4hrt, als hier die Kr\u00f6nung der ungarischen K\u00f6nige stattfand. Zwischen 1563 und 1830 wurden hier 10 K\u00f6nige, 1 K\u00f6nigin und 7 k\u00f6nigliche Gemahlinnen gekr\u00f6nt, die auch tschechische K\u00f6nige, deutsche K\u00f6nige waren und auch die kaiserliche Krone des Heiligen R\u00f6mischen Reiches der deutschen Nation bewunderten. Auf diese Weise haben sie fast den gesamten mitteleurop\u00e4ischen Raum vereint und den Verlauf der europ\u00e4ischen und weltweiten Ereignisse mitbestimmt.<\/p>\n<div class=\"grid-container\"><div class=\"grid-container__item\"><div class=\"block\"><a href=\"https:\/\/www.visitbratislava.com\/wp-content\/uploads\/2016\/03\/Korunovacne-slavnosti-007-800x520.jpeg\" data-fancybox=\"gallery\" data-caption=\"\"><div class=\"background\"><img src=\"https:\/\/www.visitbratislava.com\/wp-content\/uploads\/2016\/03\/Korunovacne-slavnosti-007-800x520.jpeg\" alt=\"foto\"\/><\/div><div class=\"overlay filter-blue\"><div class=\"content\"><span class=\"zoom-button\"><\/span><\/div><\/div><\/a><\/div><\/div><div class=\"grid-container__item\"><div class=\"block\"><a href=\"https:\/\/www.visitbratislava.com\/wp-content\/uploads\/2016\/03\/Korunovacne-slavnosti-010-800x533.jpeg\" data-fancybox=\"gallery\" data-caption=\"\"><div class=\"background\" style=\"background-image: url(https:\/\/www.visitbratislava.com\/wp-content\/uploads\/2016\/03\/Korunovacne-slavnosti-010-800x533.jpeg)\"><\/div><div class=\"overlay filter-green\"><div class=\"content\"><span class=\"zoom-button\"><\/span><\/div><\/div><\/a><\/div><\/div><div class=\"grid-container__item more\"><\/div><\/div>\n<p>Sie finden die Feierlichkeiten jedes Jahr am letzten Juniwochenende zum Gedenken an die Kr\u00f6nung von Maria Theresia statt, die am 25. Juni 1741 gekr\u00f6nt wurde. Die Kr\u00f6nungszeremonie wird nach historischen Unterlagen inszeniert. Dabei treten \u00fcber 200 Schauspieler in historischen Kost\u00fcmen auf. Der K\u00f6nig erh\u00e4lt vom Erzbischof von Esztergom \u2013 dem Primas von Ungarn \u2013 die Krone des Hl. Stephan zusammen mit den \u00fcbrigen Kr\u00f6nungsinsignien: dem Schwert, dem Umhang, dem Reichsapfel und dem Zepter. Nach der Kr\u00f6nungszeremonie schl\u00e4gt er Vertreter des Adels zu Rittern vom G\u00fcldenen Sporn, legt auf dem Kr\u00f6nungsh\u00fcgel den Schwur zur Treue gegen\u00fcber dem Heimatland ab und verspricht, die Integrit\u00e4t des Landes zu wahren.<\/p>\n<div class=\"grid-container\"><div class=\"grid-container__item\"><div class=\"block\"><a href=\"https:\/\/www.visitbratislava.com\/wp-content\/uploads\/2016\/03\/Korunovacne-slavnosti-011-800x534.jpeg\" data-fancybox=\"gallery\" data-caption=\"\"><div class=\"background\"><img src=\"https:\/\/www.visitbratislava.com\/wp-content\/uploads\/2016\/03\/Korunovacne-slavnosti-011-800x534.jpeg\" alt=\"foto\"\/><\/div><div class=\"overlay filter-blue\"><div class=\"content\"><span class=\"zoom-button\"><\/span><\/div><\/div><\/a><\/div><\/div><div class=\"grid-container__item\"><div class=\"block\"><a href=\"https:\/\/www.visitbratislava.com\/wp-content\/uploads\/2016\/03\/Korunovacne-slavnosti-013-800x533.jpeg\" data-fancybox=\"gallery\" data-caption=\"\"><div class=\"background\" style=\"background-image: url(https:\/\/www.visitbratislava.com\/wp-content\/uploads\/2016\/03\/Korunovacne-slavnosti-013-800x533.jpeg)\"><\/div><div class=\"overlay filter-green\"><div class=\"content\"><span class=\"zoom-button\"><\/span><\/div><\/div><\/a><\/div><\/div><div class=\"grid-container__item more\"><\/div><\/div>\n<p>Im Rahmen des Kr\u00f6nungsumzugs werden Kr\u00f6nungsgedenkplaketten verteilt, der Wein sprudelt kostenlos aus den Springbrunnen, es werden Ochsen gebraten, ein Kr\u00f6nungsjahrmarkt bietet zeitgen\u00f6ssisches Handwerk feil und viele weitere Attraktionen sorgen in der Stadt f\u00fcr echte Kr\u00f6nungsatmosph\u00e4re.<\/p>\n<p>Die Kr\u00f6nungszeremonie findet traditionell am Wochenende statt, das dem 25. Juni am n\u00e4chsten liegt, zum Gedenken an die Kr\u00f6nung von Maria Theresia. Jedes Jahr bringen sie die Kr\u00f6nung eines anderen Monarchen oder seiner Frau n\u00e4her, als sie gefolgt sind. Die Ausnahme ist Maria Theresia, deren Kr\u00f6nung von der Hauptstadt alle f\u00fcnf Jahre gefeiert wird, weil ihre Herrschaft die goldene Periode von Bratislava war.<\/p>\n<p>Maria Theresia war eine ungarische und tschechische K\u00f6nigin des Hauses Habsburg und seit 1740 \u00f6sterreichische Erzherzogin. Sie war die einzige Frau, die auf dem tschechischen Thron regierte. Sie war die dritte, letzte Frau in der Geschichte auf dem Thron Ungarns. Die Zeremonie ihrer Kr\u00f6nung kann am 25. Juni um 16 Uhr auf dem Hviezdoslav-Platz genossen werden.<\/p>\n<div class=\"grid-container\"><div class=\"grid-container__item\"><div class=\"block\"><a href=\"https:\/\/www.visitbratislava.com\/wp-content\/uploads\/2016\/03\/Korunovacne-slavnosti-014-800x534.jpeg\" data-fancybox=\"gallery\" data-caption=\"\"><div class=\"background\"><img src=\"https:\/\/www.visitbratislava.com\/wp-content\/uploads\/2016\/03\/Korunovacne-slavnosti-014-800x534.jpeg\" alt=\"foto\"\/><\/div><div class=\"overlay filter-blue\"><div class=\"content\"><span class=\"zoom-button\"><\/span><\/div><\/div><\/a><\/div><\/div><div class=\"grid-container__item\"><div class=\"block\"><a href=\"https:\/\/www.visitbratislava.com\/wp-content\/uploads\/2016\/03\/Korunovacne-slavnosti-020-800x534.jpeg\" data-fancybox=\"gallery\" data-caption=\"\"><div class=\"background\" style=\"background-image: url(https:\/\/www.visitbratislava.com\/wp-content\/uploads\/2016\/03\/Korunovacne-slavnosti-020-800x534.jpeg)\"><\/div><div class=\"overlay filter-green\"><div class=\"content\"><span class=\"zoom-button\"><\/span><\/div><\/div><\/a><\/div><\/div><div class=\"grid-container__item more\"><\/div><\/div>\n<p>Kommen Sie, um die Atmosph\u00e4re der Vergangenheit mit Periodenbegleitung und der Kr\u00f6nungszeremonie zu erinnern.<\/p>\n<p><a href=\"https:\/\/www.facebook.com\/korunovacne.slavnosti\" target=\"_blank\" rel=\"noopener\"><img loading=\"lazy\" class=\"alignleft wp-image-141625 size-full\" src=\"https:\/\/www.visitbratislava.com\/wp-content\/uploads\/2016\/03\/Korunovacne-slavnosti-2022-Banner.jpg\" alt=\"\" width=\"1571\" height=\"582\" srcset=\"https:\/\/www.visitbratislava.com\/wp-content\/uploads\/2016\/03\/Korunovacne-slavnosti-2022-Banner.jpg 1571w, https:\/\/www.visitbratislava.com\/wp-content\/uploads\/2016\/03\/Korunovacne-slavnosti-2022-Banner-400x148.jpg 400w, https:\/\/www.visitbratislava.com\/wp-content\/uploads\/2016\/03\/Korunovacne-slavnosti-2022-Banner-800x296.jpg 800w, https:\/\/www.visitbratislava.com\/wp-content\/uploads\/2016\/03\/Korunovacne-slavnosti-2022-Banner-768x285.jpg 768w, https:\/\/www.visitbratislava.com\/wp-content\/uploads\/2016\/03\/Korunovacne-slavnosti-2022-Banner-1536x569.jpg 1536w, https:\/\/www.visitbratislava.com\/wp-content\/uploads\/2016\/03\/Korunovacne-slavnosti-2022-Banner-200x74.jpg 200w\" sizes=\"(max-width: 1571px) 100vw, 1571px\" \/><\/a><\/p>\n","protected":false},"excerpt":{"rendered":"<p>Die Geschichte ist nicht gestorben und die Monarchen sind noch nicht vollst\u00e4ndig verschwunden. Sehen Sie es sich in Bratislava an<\/p>\n","protected":false},"featured_media":2619,"template":"","acf":[],"event_date":{"start_date":1656028800,"end_date":1656201600},"_links":{"self":[{"href":"https:\/\/www.visitbratislava.com\/de\/wp-json\/wp\/v2\/event\/12513"}],"collection":[{"href":"https:\/\/www.visitbratislava.com\/de\/wp-json\/wp\/v2\/event"}],"about":[{"href":"https:\/\/www.visitbratislava.com\/de\/wp-json\/wp\/v2\/types\/event"}],"version-history":[{"count":2,"href":"https:\/\/www.visitbratislava.com\/de\/wp-json\/wp\/v2\/event\/12513\/revisions"}],"predecessor-version":[{"id":141633,"href":"https:\/\/www.visitbratislava.com\/de\/wp-json\/wp\/v2\/event\/12513\/revisions\/141633"}],"wp:featuredmedia":[{"embeddable":true,"href":"https:\/\/www.visitbratislava.com\/de\/wp-json\/wp\/v2\/media\/2619"}],"wp:attachment":[{"href":"https:\/\/www.visitbratislava.com\/de\/wp-json\/wp\/v2\/media?parent=12513"}],"curies":[{"name":"wp","href":"https:\/\/api.w.org\/{rel}","templated":true}]}}