{"id":136367,"date":"2022-04-28T15:28:52","date_gmt":"2022-04-28T13:28:52","guid":{"rendered":"https:\/\/www.visitbratislava.com\/?post_type=event&#038;p=136367"},"modified":"2022-08-06T15:11:04","modified_gmt":"2022-08-06T13:11:04","slug":"gross-waldtanzen","status":"publish","type":"event","link":"https:\/\/www.visitbratislava.com\/de\/geschehen\/gross-waldtanzen\/","title":{"rendered":"Gro\u00df Waldtanzen"},"content":{"rendered":"<p>Tanzschulen, einzigartige Dozenten, kreative Handwerksworkshops f\u00fcr die Kleinen und Gro\u00dfen, Theaterauff\u00fchrungen oder das Aufstellen des Maibaums. All dies erwartet Sie noch mehr am dritten Tag der erstaunlichen <a href=\"https:\/\/www.visitbratislava.com\/de\/geschehen\/festival-der-ueberlieferten-tradition\/\" target=\"_blank\" rel=\"noopener\"><strong>Festival der \u00fcberlieferten Tradition<\/strong><\/a> niedergeschlagen.<\/p>\n<p>Sie k\u00f6nnen in der Klep\u00e1\u010d M\u00fchle in \u017delezn\u00e1 studni\u010dka am 30. April vom Morgen bis zum sp\u00e4ten Abend eine tolle Zeit verbringen und an bis zu drei Tanzorten tanzen.<\/p>\n<div class=\"grid-container\"><div class=\"grid-container__item\"><div class=\"block\"><a href=\"https:\/\/www.visitbratislava.com\/wp-content\/uploads\/2022\/04\/Tanecny-dom-053-800x534.jpg\" data-fancybox=\"gallery\" data-caption=\"\"><div class=\"background\"><img src=\"https:\/\/www.visitbratislava.com\/wp-content\/uploads\/2022\/04\/Tanecny-dom-053-800x534.jpg\" alt=\"foto\"\/><\/div><div class=\"overlay filter-blue\"><div class=\"content\"><span class=\"zoom-button\"><\/span><\/div><\/div><\/a><\/div><\/div><div class=\"grid-container__item\"><div class=\"block\"><a href=\"https:\/\/www.visitbratislava.com\/wp-content\/uploads\/2022\/04\/Tanecny-dom-054-800x534.jpg\" data-fancybox=\"gallery\" data-caption=\"\"><div class=\"background\" style=\"background-image: url(https:\/\/www.visitbratislava.com\/wp-content\/uploads\/2022\/04\/Tanecny-dom-054-800x534.jpg)\"><\/div><div class=\"overlay filter-green\"><div class=\"content\"><span class=\"zoom-button\"><\/span><\/div><\/div><\/a><\/div><\/div><div class=\"grid-container__item more\"><\/div><\/div>\n<p>Es gibt Spiele und T\u00e4nze f\u00fcr M\u00fctter und T\u00f6chter, Spiele und T\u00e4nze f\u00fcr V\u00e4ter und S\u00f6hne, Tanzh\u00e4user aus der westlichen, mittleren und \u00f6stlichen Slowakei, T\u00e4nze und Reime f\u00fcr Kleinkinder oder Paart\u00e4nze f\u00fcr Kinder. Freuen Sie sich in einem separaten Theaterbereich auf Theaterauff\u00fchrungen, Theaterst\u00fccke, kreative Workshops, Spazierg\u00e4nge auf Stelzen, Puppenf\u00fchrung und Tanzpuppentheater.<\/p>\n<p>Kinder werden den Kindern die Spiele und T\u00e4nze aus der Umgebung von Bratislava vorf\u00fchren, Sie werden auch das Alte und Neue aus der Region Myjava sehen, improvisierte T\u00e4nze aus der Region Liptov gr\u00fcnden, Piper-T\u00e4nze aus der Region Ponitrie, Ruthenen-T\u00e4nze aus der Region \u0160ari\u0161, weibliche und m\u00e4nnliche T\u00e4nze aus der Region Zempl\u00edn, Roma Gadjo Chiko czardas, sowie die Bestellung von Liedern und Paart\u00e4nze aus der Region Podpo\u013eanie. Und Sie werden auch beobachten, wie ein Maibaum aufgestellt wird.<\/p>\n<p>Das <a href=\"https:\/\/www.visitbratislava.com\/de\/geschehen\/festivalhaus-der-traditionellen-taenze\/\" target=\"_blank\" rel=\"noopener\"><strong>Haus der traditionellen T\u00e4nze<\/strong><\/a> mit T\u00e4nzen der Regionen Oberes Grantal, Arwa, Scharosch und Abau sowie der rum\u00e4nischen Region Moldau wird alles beenden. Sie k\u00f6nnen bis zum Einbruch der Dunkelheit Spa\u00df daran haben. Kommen Sie also, um die Ziege zu spielen und genie\u00dfen Sie einen tollen Familiensamstag mit noch <a href=\"https:\/\/www.visitbratislava.com\/de\/nachrichten\/bratislava-wendet-sich-dem-festland-der-traditionen-zu\/\" target=\"_blank\" rel=\"noopener\"><strong>lebhaften Volkstraditionen<\/strong><\/a>.<\/p>\n<div class=\"grid-container\"><div class=\"grid-container__item\"><div class=\"block\"><a href=\"https:\/\/www.visitbratislava.com\/wp-content\/uploads\/2022\/04\/Za\u0301bava-pre-deti-800x800.jpg\" data-fancybox=\"gallery\" data-caption=\"\"><div class=\"background\"><img src=\"https:\/\/www.visitbratislava.com\/wp-content\/uploads\/2022\/04\/Za\u0301bava-pre-deti-800x800.jpg\" alt=\"foto\"\/><\/div><div class=\"overlay filter-blue\"><div class=\"content\"><span class=\"zoom-button\"><\/span><\/div><\/div><\/a><\/div><\/div><div class=\"grid-container__item\"><div class=\"block\"><a href=\"https:\/\/www.visitbratislava.com\/wp-content\/uploads\/2022\/04\/Divadlo-z-domc\u030ceka-800x800.jpg\" data-fancybox=\"gallery\" data-caption=\"\"><div class=\"background\" style=\"background-image: url(https:\/\/www.visitbratislava.com\/wp-content\/uploads\/2022\/04\/Divadlo-z-domc\u030ceka-800x800.jpg)\"><\/div><div class=\"overlay filter-green\"><div class=\"content\"><span class=\"zoom-button\"><\/span><\/div><\/div><\/a><\/div><\/div><div class=\"grid-container__item\"><div class=\"block\" ><a href=\"https:\/\/www.visitbratislava.com\/wp-content\/uploads\/2022\/04\/Cirkus-Folklorikus-800x800.jpg\" data-fancybox=\"gallery\" data-caption=\"\"><div class=\"background\" style=\"background-image: url(https:\/\/www.visitbratislava.com\/wp-content\/uploads\/2022\/04\/Cirkus-Folklorikus-800x800.jpg)\"><\/div><div class=\"overlay filter-orange\"><div class=\"content\"><span class=\"zoom-button\"><\/span><\/div><\/div><\/a><\/div><\/div><div class=\"grid-container__item\"><div class=\"block\"><a href=\"https:\/\/www.visitbratislava.com\/wp-content\/uploads\/2022\/04\/Tanec\u030cny\u0301-dom-800x800.jpg\" data-fancybox=\"gallery\" data-caption=\"\"><div class=\"background\" style=\"background-image: url(https:\/\/www.visitbratislava.com\/wp-content\/uploads\/2022\/04\/Tanec\u030cny\u0301-dom-800x800.jpg)\"><\/div><div class=\"overlay filter-purple\"><div class=\"content\"><span class=\"zoom-button\"><\/span><\/div><\/div><\/a><\/div><\/div><div class=\"grid-container__item more\"><\/div><\/div>\n<p>Klicken Sie auf das Poster, um die Facebook-Veranstaltungsseite anzuzeigen:<\/p>\n<p><a href=\"https:\/\/www.facebook.com\/events\/400192238772535\" target=\"_blank\" rel=\"noopener\"><img loading=\"lazy\" class=\"aligncenter wp-image-136357 size-full\" src=\"https:\/\/www.visitbratislava.com\/wp-content\/uploads\/2022\/04\/Velka-lesna-tancovacka-30APR22-Poster-001-scaled.jpg\" alt=\"Veranstaltung auf Facebook\" width=\"1811\" height=\"2560\" srcset=\"https:\/\/www.visitbratislava.com\/wp-content\/uploads\/2022\/04\/Velka-lesna-tancovacka-30APR22-Poster-001-scaled.jpg 1811w, https:\/\/www.visitbratislava.com\/wp-content\/uploads\/2022\/04\/Velka-lesna-tancovacka-30APR22-Poster-001-283x400.jpg 283w, https:\/\/www.visitbratislava.com\/wp-content\/uploads\/2022\/04\/Velka-lesna-tancovacka-30APR22-Poster-001-566x800.jpg 566w, https:\/\/www.visitbratislava.com\/wp-content\/uploads\/2022\/04\/Velka-lesna-tancovacka-30APR22-Poster-001-768x1086.jpg 768w, https:\/\/www.visitbratislava.com\/wp-content\/uploads\/2022\/04\/Velka-lesna-tancovacka-30APR22-Poster-001-1086x1536.jpg 1086w, https:\/\/www.visitbratislava.com\/wp-content\/uploads\/2022\/04\/Velka-lesna-tancovacka-30APR22-Poster-001-1448x2048.jpg 1448w, https:\/\/www.visitbratislava.com\/wp-content\/uploads\/2022\/04\/Velka-lesna-tancovacka-30APR22-Poster-001-141x200.jpg 141w\" sizes=\"(max-width: 1811px) 100vw, 1811px\" \/><\/a><\/p>\n","protected":false},"excerpt":{"rendered":"<p>Den ganzen Tag im volkst\u00fcmlichen Traditionenstrudel bringt der letzte Samstag im April<\/p>\n","protected":false},"featured_media":136351,"template":"","acf":[],"event_date":{"start_date":1651276800,"end_date":1651276800},"_links":{"self":[{"href":"https:\/\/www.visitbratislava.com\/de\/wp-json\/wp\/v2\/event\/136367"}],"collection":[{"href":"https:\/\/www.visitbratislava.com\/de\/wp-json\/wp\/v2\/event"}],"about":[{"href":"https:\/\/www.visitbratislava.com\/de\/wp-json\/wp\/v2\/types\/event"}],"version-history":[{"count":1,"href":"https:\/\/www.visitbratislava.com\/de\/wp-json\/wp\/v2\/event\/136367\/revisions"}],"predecessor-version":[{"id":136368,"href":"https:\/\/www.visitbratislava.com\/de\/wp-json\/wp\/v2\/event\/136367\/revisions\/136368"}],"wp:featuredmedia":[{"embeddable":true,"href":"https:\/\/www.visitbratislava.com\/de\/wp-json\/wp\/v2\/media\/136351"}],"wp:attachment":[{"href":"https:\/\/www.visitbratislava.com\/de\/wp-json\/wp\/v2\/media?parent=136367"}],"curies":[{"name":"wp","href":"https:\/\/api.w.org\/{rel}","templated":true}]}}