{"id":166987,"date":"2022-08-19T13:56:07","date_gmt":"2022-08-19T11:56:07","guid":{"rendered":"https:\/\/www.visitbratislava.com\/?post_type=event&#038;p=166987"},"modified":"2025-08-28T15:47:49","modified_gmt":"2025-08-28T13:47:49","slug":"die-uluv-meistertage","status":"publish","type":"event","link":"https:\/\/www.visitbratislava.com\/de\/geschehen\/die-uluv-meistertage\/","title":{"rendered":"Die \u00da\u013dUV-Meistertage"},"content":{"rendered":"<p data-start=\"3469\" data-end=\"3510\"><strong data-start=\"3469\" data-end=\"3510\">80 Jahre lebendige Handwerkstradition<\/strong><\/p>\n<p data-start=\"3512\" data-end=\"3845\">Im Jahr 2025 feiert das <strong data-start=\"3536\" data-end=\"3588\">Zentrum f\u00fcr volkst\u00fcmliche Kunstproduktion (\u00da\u013dUV)<\/strong> sein 80-j\u00e4hriges Bestehen \u2013 acht Jahrzehnte im Zeichen der Bewahrung, Unterst\u00fctzung und Weiterentwicklung traditioneller slowakischer Handwerkskunst. Dieses besondere Jubil\u00e4um wird im Rahmen des gr\u00f6\u00dften st\u00e4dtischen Handwerksfestivals der Slowakei gefeiert.<\/p>\n<p data-start=\"3847\" data-end=\"4360\">Am <strong data-start=\"3850\" data-end=\"3878\">6. und 7. September 2025<\/strong> verwandelt sich die <strong data-start=\"3899\" data-end=\"3926\">Altstadt von Bratislava<\/strong> erneut in einen lebendigen Schauplatz des traditionellen Handwerks. Besucherinnen und Besucher erwartet ein vielf\u00e4ltiges Programm mit <strong data-start=\"4061\" data-end=\"4082\">Live-Vorf\u00fchrungen<\/strong>, einem <strong data-start=\"4090\" data-end=\"4131\">Markt meisterlicher Handwerksprodukte<\/strong>, einem <strong data-start=\"4139\" data-end=\"4169\">kulturellen B\u00fchnenprogramm<\/strong> sowie <strong data-start=\"4176\" data-end=\"4207\">kreativen Kinderwerkst\u00e4tten<\/strong>, organisiert von der <strong data-start=\"4229\" data-end=\"4253\">\u00da\u013dUV-Handwerksschule<\/strong>, die in die <strong data-start=\"4266\" data-end=\"4341\">UNESCO-Liste guter Praxisbeispiele zum Schutz immateriellen Kulturerbes<\/strong> aufgenommen wurde.<\/p>\n<p data-start=\"4362\" data-end=\"4543\">Erg\u00e4nzt wird das Festival durch eine <strong data-start=\"4399\" data-end=\"4422\">Freiluftausstellung<\/strong>, eine <strong data-start=\"4429\" data-end=\"4472\">Familienzone zum Entspannen und Spielen<\/strong> sowie <strong data-start=\"4479\" data-end=\"4542\">kulinarische Bereiche mit traditioneller slowakischer K\u00fcche<\/strong>.<\/p>\n<div class=\"grid-container\"><div class=\"grid-container__item\"><div class=\"block\"><a href=\"https:\/\/www.visitbratislava.com\/wp-content\/uploads\/2022\/08\/DMU2017_fotoAnna-Gekrepten-275-kopie-800x533.jpg\" data-fancybox=\"gallery\" data-caption=\"\"><div class=\"background\"><img src=\"https:\/\/www.visitbratislava.com\/wp-content\/uploads\/2022\/08\/DMU2017_fotoAnna-Gekrepten-275-kopie-800x533.jpg\" alt=\"foto\"\/><\/div><div class=\"overlay filter-blue\"><div class=\"content\"><span class=\"zoom-button\"><\/span><\/div><\/div><\/a><\/div><\/div><div class=\"grid-container__item\"><div class=\"block\"><a href=\"https:\/\/www.visitbratislava.com\/wp-content\/uploads\/2022\/08\/DMU2017_fotoAnna-Gekrepten-59-kopie-800x533.jpg\" data-fancybox=\"gallery\" data-caption=\"\"><div class=\"background\" style=\"background-image: url(https:\/\/www.visitbratislava.com\/wp-content\/uploads\/2022\/08\/DMU2017_fotoAnna-Gekrepten-59-kopie-800x533.jpg)\"><\/div><div class=\"overlay filter-green\"><div class=\"content\"><span class=\"zoom-button\"><\/span><\/div><\/div><\/a><\/div><\/div><div class=\"grid-container__item more\"><\/div><\/div>\n<hr data-start=\"4545\" data-end=\"4548\" \/>\n<h2 data-start=\"2614\" data-end=\"2639\">\ud83d\udccd Hviezdoslav-Platz<\/h2>\n<ul data-start=\"2641\" data-end=\"3259\">\n<li data-start=\"2641\" data-end=\"2771\">\n<p data-start=\"2643\" data-end=\"2771\"><strong data-start=\"2643\" data-end=\"2661\">Handwerksmarkt<\/strong> | Sa &amp; So | 10:00\u201318:00<br data-start=\"2685\" data-end=\"2688\" \/>Bunte Marktst\u00e4nde mit authentischen traditionellen Produkten aus ganz Slowakei.<\/p>\n<\/li>\n<li data-start=\"2773\" data-end=\"2973\">\n<p data-start=\"2775\" data-end=\"2817\"><strong data-start=\"2775\" data-end=\"2815\">B\u00fchnenprogramm \u2013 \u201eHandwerk in Noten\u201c<\/strong><\/p>\n<ul data-start=\"2820\" data-end=\"2973\">\n<li data-start=\"2820\" data-end=\"2845\">\n<p data-start=\"2822\" data-end=\"2845\">Samstag | 10:30\u201317:15<\/p>\n<\/li>\n<li data-start=\"2848\" data-end=\"2973\">\n<p data-start=\"2850\" data-end=\"2973\">Sonntag | 11:30\u201317:00<br data-start=\"2871\" data-end=\"2874\" \/>Volksensembles mit Musik und Tanz, kombiniert mit Live-\u00dcbertragungen von Handwerksvorf\u00fchrungen.<\/p>\n<\/li>\n<\/ul>\n<\/li>\n<li data-start=\"2975\" data-end=\"3129\">\n<p data-start=\"2977\" data-end=\"3129\"><strong data-start=\"2977\" data-end=\"3022\">Ehrung \u2013 Neue Meister der Volkskunst 2025<\/strong> | Samstag | 16:00\u201317:15<br data-start=\"3046\" data-end=\"3049\" \/>Offizielle Auszeichnung herausragender Handwerker, begleitet von Volksmusik.<\/p>\n<\/li>\n<li data-start=\"3131\" data-end=\"3202\">\n<p data-start=\"3133\" data-end=\"3202\"><strong data-start=\"3133\" data-end=\"3158\">Open-Air-Ausstellung:<\/strong> <em data-start=\"3159\" data-end=\"3200\">80 Jahre \u00da\u013dUV \u2013 Wir feiern das Handwerk<\/em><\/p>\n<\/li>\n<li data-start=\"3203\" data-end=\"3259\">\n<p data-start=\"3205\" data-end=\"3259\"><strong data-start=\"3205\" data-end=\"3220\">Gastrozone:<\/strong> Spezialit\u00e4ten der slowakischen K\u00fcche<\/p>\n<\/li>\n<\/ul>\n<hr data-start=\"3261\" data-end=\"3264\" \/>\n<h2 data-start=\"3266\" data-end=\"3285\">\ud83d\udccd Rybn\u00e9-Platz<\/h2>\n<ul data-start=\"3287\" data-end=\"3692\">\n<li data-start=\"3287\" data-end=\"3586\">\n<p data-start=\"3289\" data-end=\"3586\"><strong data-start=\"3289\" data-end=\"3314\">Handwerksvorf\u00fchrungen<\/strong> | Sa &amp; So | 10:00\u201318:00<br data-start=\"3338\" data-end=\"3341\" \/>Zusehen bei: Woll- und Angoraverarbeitung, Glockenguss, Herstellung der slowakischen Fujara, Stickerei der \u010cilejk\u00e1r-M\u00fctze, verzierte Ostereier, Herstellung \u00fcbergro\u00dfer Tongef\u00e4\u00dfe, Blaudruck, Schmiedekunst, Drechseln, Schilfweben, Korbflechten.<\/p>\n<\/li>\n<li data-start=\"3588\" data-end=\"3673\">\n<p data-start=\"3590\" data-end=\"3673\"><strong data-start=\"3590\" data-end=\"3625\">Pr\u00e4sentation von Handwerksklubs<\/strong> \u2013 Regionales Handwerkszentrum \u00da\u013dUV Bratislava<\/p>\n<\/li>\n<li data-start=\"3674\" data-end=\"3692\">\n<p data-start=\"3676\" data-end=\"3692\"><strong data-start=\"3676\" data-end=\"3690\">Gastrozone<\/strong><\/p>\n<\/li>\n<\/ul>\n<hr data-start=\"3694\" data-end=\"3697\" \/>\n<h2 data-start=\"3699\" data-end=\"3734\">\ud83d\udccd Pansk\u00e1-Stra\u00dfe (vor BIBIANA)<\/h2>\n<ul data-start=\"3736\" data-end=\"3982\">\n<li data-start=\"3736\" data-end=\"3904\">\n<p data-start=\"3738\" data-end=\"3904\"><strong data-start=\"3738\" data-end=\"3791\">Kinderhandwerkswerkst\u00e4tten (\u00da\u013dUV Handwerksschule)<\/strong> | Sa &amp; So | 11:00\u201318:00<br data-start=\"3815\" data-end=\"3818\" \/>T\u00f6pfern, Maisbl\u00e4tterpuppen, Drahtarbeiten, Leder- und Textilhandwerk, Glasmalerei.<\/p>\n<\/li>\n<li data-start=\"3905\" data-end=\"3982\">\n<p data-start=\"3907\" data-end=\"3982\"><strong data-start=\"3907\" data-end=\"3936\">Spiel- &amp; Entspannungszone<\/strong> \u2013 Kreativer Bereich f\u00fcr Kinder und Familien<\/p>\n<\/li>\n<\/ul>\n<div class=\"grid-container\"><div class=\"grid-container__item\"><div class=\"block\"><a href=\"https:\/\/www.visitbratislava.com\/wp-content\/uploads\/2022\/08\/DM2018_fotoSamuelOkkel_LZ-5-533x800.jpg\" data-fancybox=\"gallery\" data-caption=\"\"><div class=\"background\"><img src=\"https:\/\/www.visitbratislava.com\/wp-content\/uploads\/2022\/08\/DM2018_fotoSamuelOkkel_LZ-5-533x800.jpg\" alt=\"foto\"\/><\/div><div class=\"overlay filter-blue\"><div class=\"content\"><span class=\"zoom-button\"><\/span><\/div><\/div><\/a><\/div><\/div><div class=\"grid-container__item\"><div class=\"block\"><a href=\"https:\/\/www.visitbratislava.com\/wp-content\/uploads\/2022\/08\/DMU2017_fotoAnna-Gekrepten-137-kopie-533x800.jpg\" data-fancybox=\"gallery\" data-caption=\"\"><div class=\"background\" style=\"background-image: url(https:\/\/www.visitbratislava.com\/wp-content\/uploads\/2022\/08\/DMU2017_fotoAnna-Gekrepten-137-kopie-533x800.jpg)\"><\/div><div class=\"overlay filter-green\"><div class=\"content\"><span class=\"zoom-button\"><\/span><\/div><\/div><\/a><\/div><\/div><div class=\"grid-container__item more\"><\/div><\/div>\n<hr data-start=\"4850\" data-end=\"4853\" \/>\n<h3 data-start=\"5487\" data-end=\"5546\">Gastronomiebereiche \u2013 Hviezdoslavovo &amp; Rybn\u00e9 n\u00e1mestie<\/h3>\n<ul data-start=\"5547\" data-end=\"5739\">\n<li data-start=\"5547\" data-end=\"5739\">\n<p data-start=\"5549\" data-end=\"5739\">K\u00f6stlichkeiten der traditionellen slowakischen K\u00fcche<br data-start=\"5601\" data-end=\"5604\" \/><em data-start=\"5606\" data-end=\"5709\">(z.\u202fB. Brimsennocken, gezogene Nudeln aus Pukanec, legend\u00e4re Buchteln, Baumkuchen, Mohnspezialit\u00e4ten)<\/em><br data-start=\"5709\" data-end=\"5712\" \/>| Sa\u2013So | 10:00\u201318:00 Uhr<\/p>\n<\/li>\n<\/ul>\n<div class=\"grid-container\"><div class=\"grid-container__item\"><div class=\"block\"><a href=\"https:\/\/www.visitbratislava.com\/wp-content\/uploads\/2022\/08\/DMU2017_fotoAnna-Gekrepten-14-kopie-800x533.jpg\" data-fancybox=\"gallery\" data-caption=\"\"><div class=\"background\"><img src=\"https:\/\/www.visitbratislava.com\/wp-content\/uploads\/2022\/08\/DMU2017_fotoAnna-Gekrepten-14-kopie-800x533.jpg\" alt=\"foto\"\/><\/div><div class=\"overlay filter-blue\"><div class=\"content\"><span class=\"zoom-button\"><\/span><\/div><\/div><\/a><\/div><\/div><div class=\"grid-container__item\"><div class=\"block\"><a href=\"https:\/\/www.visitbratislava.com\/wp-content\/uploads\/2022\/08\/DM2018_fotoSamuelOkkel_LZ-3-800x533.jpg\" data-fancybox=\"gallery\" data-caption=\"\"><div class=\"background\" style=\"background-image: url(https:\/\/www.visitbratislava.com\/wp-content\/uploads\/2022\/08\/DM2018_fotoSamuelOkkel_LZ-3-800x533.jpg)\"><\/div><div class=\"overlay filter-green\"><div class=\"content\"><span class=\"zoom-button\"><\/span><\/div><\/div><\/a><\/div><\/div><div class=\"grid-container__item more\"><\/div><\/div>\n<hr data-start=\"5741\" data-end=\"5744\" \/>\n<h2 data-start=\"5746\" data-end=\"5763\">Besonderheiten<\/h2>\n<ul data-start=\"5765\" data-end=\"6165\">\n<li data-start=\"5765\" data-end=\"5830\">\n<p data-start=\"5767\" data-end=\"5830\">\u00dcber <strong data-start=\"5772\" data-end=\"5802\">35 Jahre Festivaltradition<\/strong> \u2013 seit 1990 in Bratislava<\/p>\n<\/li>\n<li data-start=\"5831\" data-end=\"5927\">\n<p data-start=\"5833\" data-end=\"5927\">Die <strong data-start=\"5837\" data-end=\"5865\">Handwerksschule von \u00da\u013dUV<\/strong> ist in der <strong data-start=\"5877\" data-end=\"5915\">UNESCO-Liste guter Schutzpraktiken<\/strong> vertreten<\/p>\n<\/li>\n<li data-start=\"5928\" data-end=\"6113\">\n<p data-start=\"5930\" data-end=\"6113\">\u00dcber 20 verschiedene Handwerksarten \u2013 Schmiedekunst, Weben, Sticken, Holzschnitzerei, T\u00f6pferei, Lederverarbeitung, Korbflechten, Kl\u00f6ppeln, Glasmalerei, Musikinstrumentenbau u.\u202fv.\u202fm.<\/p>\n<\/li>\n<li data-start=\"6114\" data-end=\"6165\">\n<p data-start=\"6116\" data-end=\"6165\">Teil des Projekts <strong data-start=\"6134\" data-end=\"6163\">Bratislavaer Kultursommer<\/strong><\/p>\n<\/li>\n<\/ul>\n<hr data-start=\"6167\" data-end=\"6170\" \/>\n<h3 data-start=\"6172\" data-end=\"6186\">Eintritt<\/h3>\n<p data-start=\"6187\" data-end=\"6195\"><strong data-start=\"6187\" data-end=\"6195\">Frei<\/strong><\/p>\n","protected":false},"excerpt":{"rendered":"<p>Das gr\u00f6\u00dfte st\u00e4dtische Handwerksfestival der Slowakei feiert seine 35. Ausgabe und zugleich 80 Jahre \u00da\u013dUV. Besucherinnen und Besucher erwartet ein Wochenende voller traditioneller Handwerkskunst, Live-Vorf\u00fchrungen, Kinderwerkst\u00e4tten, Volksmusik, Tanz, slowakischer Gastronomie und Ausstellungen mitten in der Altstadt von Bratislava.<\/p>\n","protected":false},"featured_media":283847,"template":"","acf":[],"event_date":{"start_date":1757116800,"end_date":1757203200},"_links":{"self":[{"href":"https:\/\/www.visitbratislava.com\/de\/wp-json\/wp\/v2\/event\/166987"}],"collection":[{"href":"https:\/\/www.visitbratislava.com\/de\/wp-json\/wp\/v2\/event"}],"about":[{"href":"https:\/\/www.visitbratislava.com\/de\/wp-json\/wp\/v2\/types\/event"}],"version-history":[{"count":10,"href":"https:\/\/www.visitbratislava.com\/de\/wp-json\/wp\/v2\/event\/166987\/revisions"}],"predecessor-version":[{"id":349938,"href":"https:\/\/www.visitbratislava.com\/de\/wp-json\/wp\/v2\/event\/166987\/revisions\/349938"}],"wp:featuredmedia":[{"embeddable":true,"href":"https:\/\/www.visitbratislava.com\/de\/wp-json\/wp\/v2\/media\/283847"}],"wp:attachment":[{"href":"https:\/\/www.visitbratislava.com\/de\/wp-json\/wp\/v2\/media?parent=166987"}],"curies":[{"name":"wp","href":"https:\/\/api.w.org\/{rel}","templated":true}]}}