{"id":175438,"date":"2022-09-08T18:07:26","date_gmt":"2022-09-08T16:07:26","guid":{"rendered":"https:\/\/www.visitbratislava.com\/?post_type=event&#038;p=175438"},"modified":"2022-09-08T18:16:34","modified_gmt":"2022-09-08T16:16:34","slug":"keramisches-modern","status":"publish","type":"event","link":"https:\/\/www.visitbratislava.com\/de\/geschehen\/keramisches-modern\/","title":{"rendered":"Keramisches Modern"},"content":{"rendered":"<p>Modern ist, mit Ausnahme des Weinbaus und des Arbeitsplatzes und des letzten Restes von \u013dudov\u00edt \u0160t\u00far, der Schl\u00fcsselperson des slowakischen Erwachens des Nationalbewu\u00dftseins, ber\u00fchmt auch f\u00fcr seine keramische Produktion. Aus handwerklicher Sicht sind die Produkte von Moderner Majolika bekannt und werden als Souvenirs f\u00fcr Touristen beliebt.<\/p>\n<p>Deshalb findet das Lehmfest regelm\u00e4\u00dfig in dem <a href=\"https:\/\/www.visitbratislava.com\/de\/geschehen\/weinmarkt-in-modern\/\" target=\"_blank\" rel=\"noopener\"><strong>Weinbaust\u00e4dtchen<\/strong><\/a> statt. In diesem Jahr verwandelt sich Modern in der zweiten Septemberwoche in ein Paradies der Keramik.<\/p>\n<div class=\"grid-container\"><div class=\"grid-container__item\"><div class=\"block\"><a href=\"https:\/\/www.visitbratislava.com\/wp-content\/uploads\/2022\/09\/Keramicka-Modra-003-800x534.jpg\" data-fancybox=\"gallery\" data-caption=\"\"><div class=\"background\"><img src=\"https:\/\/www.visitbratislava.com\/wp-content\/uploads\/2022\/09\/Keramicka-Modra-003-800x534.jpg\" alt=\"foto\"\/><\/div><div class=\"overlay filter-blue\"><div class=\"content\"><span class=\"zoom-button\"><\/span><\/div><\/div><\/a><\/div><\/div><div class=\"grid-container__item\"><div class=\"block\"><a href=\"https:\/\/www.visitbratislava.com\/wp-content\/uploads\/2022\/09\/Keramicka-Modra-004-800x533.jpg\" data-fancybox=\"gallery\" data-caption=\"\"><div class=\"background\" style=\"background-image: url(https:\/\/www.visitbratislava.com\/wp-content\/uploads\/2022\/09\/Keramicka-Modra-004-800x533.jpg)\"><\/div><div class=\"overlay filter-green\"><div class=\"content\"><span class=\"zoom-button\"><\/span><\/div><\/div><\/a><\/div><\/div><div class=\"grid-container__item more\"><\/div><\/div>\n<p>Innerhalb von drei Tagen gibt es eine T\u00f6pfermesse, Vorf\u00fchrungen von Kunsthandwerk, Vorf\u00fchrungen der T\u00f6pferscheibe, gute Musik, allegorische Prozession, professionelles Seminar und F\u00fchrungen direkt in Keramikwerkst\u00e4tten oder Ausstellungen in Museen.<\/p>\n<p>Die T\u00f6pfermesse wird von Freitag bis Sonntag dauern, aber am Donnerstag werden die Meister T\u00f6pfer Majolika Dekorationen auf Tuchmacherstra\u00dfe malen. Ein abwechslungsreiches Programm, Vorf\u00fchrungen von Kunsthandwerk und Tage der offenen T\u00fcr bei den Moderner Keramikern werden sich am Freitag und Samstag auf diese Stra\u00dfe konzentrieren.<\/p>\n<p>Das Programm umfasst kreative Keramik-Workshops, einen Keramikhof, Vorf\u00fchrungen von Keramikhandwerk, Wettbewerbe, Stra\u00dfentheater und andere Unterhaltungsaktivit\u00e4ten. Erg\u00e4nzt wird das Lehmfest auch durch mehrere Ausstellungen.<\/p>\n<div class=\"grid-container\"><div class=\"grid-container__item\"><div class=\"block\"><a href=\"https:\/\/www.visitbratislava.com\/wp-content\/uploads\/2022\/09\/Keramicka-Modra-005-800x533.jpg\" data-fancybox=\"gallery\" data-caption=\"\"><div class=\"background\"><img src=\"https:\/\/www.visitbratislava.com\/wp-content\/uploads\/2022\/09\/Keramicka-Modra-005-800x533.jpg\" alt=\"foto\"\/><\/div><div class=\"overlay filter-blue\"><div class=\"content\"><span class=\"zoom-button\"><\/span><\/div><\/div><\/a><\/div><\/div><div class=\"grid-container__item\"><div class=\"block\"><a href=\"https:\/\/www.visitbratislava.com\/wp-content\/uploads\/2022\/09\/Keramicka-Modra-006-800x533.jpg\" data-fancybox=\"gallery\" data-caption=\"\"><div class=\"background\" style=\"background-image: url(https:\/\/www.visitbratislava.com\/wp-content\/uploads\/2022\/09\/Keramicka-Modra-006-800x533.jpg)\"><\/div><div class=\"overlay filter-green\"><div class=\"content\"><span class=\"zoom-button\"><\/span><\/div><\/div><\/a><\/div><\/div><div class=\"grid-container__item more\"><\/div><\/div>\n<p>Die dreizehnte Ausgabe der Feier des traditionellen Keramikhandwerks hat das Thema \u201eKeramikdekor inspiriert von Porzellan\u201c. Dem Festivalthema widmet sich das internationale Seminar am Freitag, gefolgt von der Er\u00f6ffnungszeremonie der Ausstellung von Werken des internationalen K\u00fcnstlersymposiums im Rahmen des Projekts \u201eLehmtag \u2013 Der Scharm des Lehms\u201c.<\/p>\n<p>Planen Sie einen Ausflug ins sch\u00f6ne Modern, um sich mit lokalen Gewohnheiten, kulturellen Traditionen, Kunsthandwerk und anderen regionalen Spezialit\u00e4ten w\u00e4hrend der <a href=\"https:\/\/www.visitbratislava.com\/de\/geschehen\/moderner-weinlese\/\" target=\"_blank\" rel=\"noopener\"><strong>gr\u00f6\u00dften Feier der Arbeit der lokalen Weinbauern<\/strong><\/a> vertraut zu machen.<\/p>\n<p>Klicken Sie auf das Programm, um die Facebook-Veranstaltungsseite anzuzeigen:<\/p>\n<p><a href=\"https:\/\/www.facebook.com\/modrabeseda\" target=\"_blank\" rel=\"noopener\"><img loading=\"lazy\" class=\"alignleft wp-image-175429 size-full\" src=\"https:\/\/www.visitbratislava.com\/wp-content\/uploads\/2022\/09\/Keramicka-Modra-2022-Programme-scaled.jpg\" alt=\"\" width=\"1818\" height=\"2560\" srcset=\"https:\/\/www.visitbratislava.com\/wp-content\/uploads\/2022\/09\/Keramicka-Modra-2022-Programme-scaled.jpg 1818w, https:\/\/www.visitbratislava.com\/wp-content\/uploads\/2022\/09\/Keramicka-Modra-2022-Programme-284x400.jpg 284w, https:\/\/www.visitbratislava.com\/wp-content\/uploads\/2022\/09\/Keramicka-Modra-2022-Programme-568x800.jpg 568w, https:\/\/www.visitbratislava.com\/wp-content\/uploads\/2022\/09\/Keramicka-Modra-2022-Programme-768x1081.jpg 768w, https:\/\/www.visitbratislava.com\/wp-content\/uploads\/2022\/09\/Keramicka-Modra-2022-Programme-1091x1536.jpg 1091w, https:\/\/www.visitbratislava.com\/wp-content\/uploads\/2022\/09\/Keramicka-Modra-2022-Programme-1455x2048.jpg 1455w, https:\/\/www.visitbratislava.com\/wp-content\/uploads\/2022\/09\/Keramicka-Modra-2022-Programme-142x200.jpg 142w\" sizes=\"(max-width: 1818px) 100vw, 1818px\" \/><\/a><\/p>\n","protected":false},"excerpt":{"rendered":"<p>W\u00e4hrend der ber\u00fchmten Moderner Weinlese wird nicht nur Weinbergsernte, sondern auch Lehm gefeiert<\/p>\n","protected":false},"featured_media":175399,"template":"","acf":[],"event_date":{"start_date":1662681600,"end_date":1662854400},"_links":{"self":[{"href":"https:\/\/www.visitbratislava.com\/de\/wp-json\/wp\/v2\/event\/175438"}],"collection":[{"href":"https:\/\/www.visitbratislava.com\/de\/wp-json\/wp\/v2\/event"}],"about":[{"href":"https:\/\/www.visitbratislava.com\/de\/wp-json\/wp\/v2\/types\/event"}],"version-history":[{"count":5,"href":"https:\/\/www.visitbratislava.com\/de\/wp-json\/wp\/v2\/event\/175438\/revisions"}],"predecessor-version":[{"id":175449,"href":"https:\/\/www.visitbratislava.com\/de\/wp-json\/wp\/v2\/event\/175438\/revisions\/175449"}],"wp:featuredmedia":[{"embeddable":true,"href":"https:\/\/www.visitbratislava.com\/de\/wp-json\/wp\/v2\/media\/175399"}],"wp:attachment":[{"href":"https:\/\/www.visitbratislava.com\/de\/wp-json\/wp\/v2\/media?parent=175438"}],"curies":[{"name":"wp","href":"https:\/\/api.w.org\/{rel}","templated":true}]}}