{"id":188089,"date":"2022-11-02T17:24:14","date_gmt":"2022-11-02T16:24:14","guid":{"rendered":"https:\/\/www.visitbratislava.com\/?post_type=event&#038;p=188089"},"modified":"2022-11-11T16:34:26","modified_gmt":"2022-11-11T15:34:26","slug":"wochenende-der-geschlossenen-grenzen","status":"publish","type":"event","link":"https:\/\/www.visitbratislava.com\/de\/geschehen\/wochenende-der-geschlossenen-grenzen\/","title":{"rendered":"Wochenende der geschlossenen Grenzen"},"content":{"rendered":"<p>Der Grenz\u00fcbergang auf der Fahrradbr\u00fccke der Freiheit wird im Laufe der Zeit mehr als drei Jahrzehnte zur\u00fcckkehren. Die Grenzen werden am Sonntag, den 13. November geschlossen.<\/p>\n<p>An einer slowakisch-\u00f6sterreichischen Grenze zwischen dem Bratislavaer Stadtteil Theben-Neudorf und der \u00f6sterreichischen Gemeinde Schlo\u00dfhof werden wieder Grenzbarrieren errichtet. Keine Sorge, die Fahrradbr\u00fccke der Freiheit an der Grenze zwischen der Slowakei und \u00d6sterreich wird wegen eines Gedenkereignisses symbolisch nur f\u00fcr einen Tag geschlossen.<\/p>\n<div class=\"grid-container\"><div class=\"grid-container__item\"><div class=\"block\"><a href=\"https:\/\/www.visitbratislava.com\/wp-content\/uploads\/2022\/11\/Vikend-zatvorenych-hranic-005-800x533.jpeg\" data-fancybox=\"gallery\" data-caption=\"\"><div class=\"background\"><img src=\"https:\/\/www.visitbratislava.com\/wp-content\/uploads\/2022\/11\/Vikend-zatvorenych-hranic-005-800x533.jpeg\" alt=\"foto\"\/><\/div><div class=\"overlay filter-blue\"><div class=\"content\"><span class=\"zoom-button\"><\/span><\/div><\/div><\/a><\/div><\/div><div class=\"grid-container__item\"><div class=\"block\"><a href=\"https:\/\/www.visitbratislava.com\/wp-content\/uploads\/2022\/11\/Vikend-zatvorenych-hranic-007-800x551.jpeg\" data-fancybox=\"gallery\" data-caption=\"\"><div class=\"background\" style=\"background-image: url(https:\/\/www.visitbratislava.com\/wp-content\/uploads\/2022\/11\/Vikend-zatvorenych-hranic-007-800x551.jpeg)\"><\/div><div class=\"overlay filter-green\"><div class=\"content\"><span class=\"zoom-button\"><\/span><\/div><\/div><\/a><\/div><\/div><div class=\"grid-container__item more\"><\/div><\/div>\n<p>An diesem Tag ist ein freies Betreten nicht gestattet. Niemand w\u00fcrde die Grenze \u00fcberqueren, ohne eine Reiseklausel zu erhalten. Anders als in der sozialistischen \u00c4ra, k\u00f6nnte man es direkt am Ort als Teil des Programms der Veranstaltung erhalten, um zu versuchen, wie es in der Vergangenheit verwendet werden. Der Prozess, der Monate dauerte, bestehend aus heutzutage unglaublich viele ausgef\u00fcllte Formulare, Zertifikate, entw\u00fcrdigende Beurteilungsformulare und Interviews wird diesen November Samstag in Minuten komprimiert werden. Damals war es nicht so einfach.<\/p>\n<p>In der Tschechoslowakei war das Reisen durch die Grenze unter dem Sozialismus schwierig. Kommen Sie vorbei, um eine Kerze f\u00fcr die Opfer des damaligen totalit\u00e4ren Regimes anzuz\u00fcnden, um sich mit dem vertraut zu machen, was vor 33 Jahren geschah und warum es wichtig ist, nicht zu vergessen.<\/p>\n<p>Die Freiz\u00fcgigkeit ist ein grundlegendes individuelles Recht, das in der Allgemeinen Erkl\u00e4rung der Menschenrechte und Freiheiten verankert ist, die von den Vereinten Nationen verabschiedet und auch von der sozialistischen Tschechoslowakei vereinbart wurde. In der sozialistischen \u00c4ra in der Tschechoslowakei war die Freiz\u00fcgigkeit \u00fcber nationale Grenzen hinweg jedoch stark eingeschr\u00e4nkt. Nach den Entwicklungen von 1968, bekannt als der Prager Fr\u00fchling, wurden die tschechoslowakischen Grenzen in der Tat versiegelt.<\/p>\n<div class=\"grid-container\"><div class=\"grid-container__item\"><div class=\"block\"><a href=\"https:\/\/www.visitbratislava.com\/wp-content\/uploads\/2022\/11\/Vikend-zatvorenych-hranic-006-800x533.jpeg\" data-fancybox=\"gallery\" data-caption=\"\"><div class=\"background\"><img src=\"https:\/\/www.visitbratislava.com\/wp-content\/uploads\/2022\/11\/Vikend-zatvorenych-hranic-006-800x533.jpeg\" alt=\"foto\"\/><\/div><div class=\"overlay filter-blue\"><div class=\"content\"><span class=\"zoom-button\"><\/span><\/div><\/div><\/a><\/div><\/div><div class=\"grid-container__item\"><div class=\"block\"><a href=\"https:\/\/www.visitbratislava.com\/wp-content\/uploads\/2022\/11\/Vikend-zatvorenych-hranic-009-1-800x533.jpg\" data-fancybox=\"gallery\" data-caption=\"\"><div class=\"background\" style=\"background-image: url(https:\/\/www.visitbratislava.com\/wp-content\/uploads\/2022\/11\/Vikend-zatvorenych-hranic-009-1-800x533.jpg)\"><\/div><div class=\"overlay filter-green\"><div class=\"content\"><span class=\"zoom-button\"><\/span><\/div><\/div><\/a><\/div><\/div><div class=\"grid-container__item more\"><\/div><\/div>\n<p>Neben dem Pass ben\u00f6tigten tschechoslowakische Staatsb\u00fcrger eine spezielle Genehmigung, um das Land zu verlassen. Die B\u00fcrger wurden auch politisch \u00fcberpr\u00fcft, bevor ihnen \u00fcberhaupt Reisedokumente ausgestellt wurden. Die Reiseklausel war f\u00fcr Reisen au\u00dferhalb der Tschechoslowakei, insbesondere in den Westen, unerl\u00e4sslich. Jede Ausstiegsklausel musste das Land oder die L\u00e4nder, f\u00fcr die sie ausgestellt wurde, die Anzahl der Einreisen und das Ablaufdatum angeben. Allerdings h\u00e4tte auch eine bereits gew\u00e4hrte Reiseklausel aufgehoben oder eingeschr\u00e4nkt werden k\u00f6nnen. Dauerhafte Ausstiegsklauseln wurden nur f\u00fcr Reisen innerhalb des Ostblocks ausgestellt.<\/p>\n<p>Ohne die Devisenversicherung, eine Art Devisenzertifikat, war es nicht m\u00f6glich, finanzielle Mittel f\u00fcr Auslandsreisen zu erhalten. Sie wurde politisch unzuverl\u00e4ssigen Menschen, die \u00fcberhaupt nicht reisen durften, nicht gew\u00e4hrt. Um es zu bekommen, war so etwas wie ein Lottogewinn.<\/p>\n<p>Das Grenzschlie\u00dfungswochenende in Bratislava ist ein Gedenkereignis der \u00c4ra, an das erinnert werden muss. Es ist der H\u00f6hepunkt des <a href=\"https:\/\/www.visitbratislava.com\/de\/geschehen\/freiheitsfestival\/\" target=\"_blank\" rel=\"noopener\"><strong>Freihetsfestivals<\/strong><\/a>, wo der Wert von Freiheit und Mut an Filme, Diskussionen und Ausstellungen erinnert. Es beginnt am Freitag, dem 11. November und endet am Sonntag, dem 13. November. Die \u00f6sterreichischen slowakischen Grenzen sahen heute nicht mehr so aus wie noch vor wenigen Jahrzehnten. Denken Sie bei Ihrer n\u00e4chsten Sightseeing-Radtour entlang der Thebener Burg dar\u00fcber nach.<\/p>\n<p><img loading=\"lazy\" width=\"2048\" height=\"1363\" class=\"alignleft size-full wp-image-188080\" src=\"https:\/\/www.visitbratislava.com\/wp-content\/uploads\/2022\/11\/Vikend-zatvorenych-hranic-000.jpg\" alt=\"\" srcset=\"https:\/\/www.visitbratislava.com\/wp-content\/uploads\/2022\/11\/Vikend-zatvorenych-hranic-000.jpg 2048w, https:\/\/www.visitbratislava.com\/wp-content\/uploads\/2022\/11\/Vikend-zatvorenych-hranic-000-400x266.jpg 400w, https:\/\/www.visitbratislava.com\/wp-content\/uploads\/2022\/11\/Vikend-zatvorenych-hranic-000-800x532.jpg 800w, https:\/\/www.visitbratislava.com\/wp-content\/uploads\/2022\/11\/Vikend-zatvorenych-hranic-000-768x511.jpg 768w, https:\/\/www.visitbratislava.com\/wp-content\/uploads\/2022\/11\/Vikend-zatvorenych-hranic-000-1536x1022.jpg 1536w, https:\/\/www.visitbratislava.com\/wp-content\/uploads\/2022\/11\/Vikend-zatvorenych-hranic-000-200x133.jpg 200w\" sizes=\"(max-width: 2048px) 100vw, 2048px\" \/><\/p>\n","protected":false},"excerpt":{"rendered":"<p>Die slowakische Grenze zu \u00d6sterreich bei Theben-Neudorf wird erneut durch die Stra\u00dfensperren gestaut. Du wirst nur mit einer Reiseklausel bestehen<\/p>\n","protected":false},"featured_media":189750,"template":"","acf":[],"event_date":{"start_date":1668124800,"end_date":1668297600},"_links":{"self":[{"href":"https:\/\/www.visitbratislava.com\/de\/wp-json\/wp\/v2\/event\/188089"}],"collection":[{"href":"https:\/\/www.visitbratislava.com\/de\/wp-json\/wp\/v2\/event"}],"about":[{"href":"https:\/\/www.visitbratislava.com\/de\/wp-json\/wp\/v2\/types\/event"}],"version-history":[{"count":6,"href":"https:\/\/www.visitbratislava.com\/de\/wp-json\/wp\/v2\/event\/188089\/revisions"}],"predecessor-version":[{"id":189784,"href":"https:\/\/www.visitbratislava.com\/de\/wp-json\/wp\/v2\/event\/188089\/revisions\/189784"}],"wp:featuredmedia":[{"embeddable":true,"href":"https:\/\/www.visitbratislava.com\/de\/wp-json\/wp\/v2\/media\/189750"}],"wp:attachment":[{"href":"https:\/\/www.visitbratislava.com\/de\/wp-json\/wp\/v2\/media?parent=188089"}],"curies":[{"name":"wp","href":"https:\/\/api.w.org\/{rel}","templated":true}]}}