{"id":24014,"date":"2016-10-01T11:56:42","date_gmt":"2016-10-01T09:56:42","guid":{"rendered":"https:\/\/www.visitbratislava.com\/de\/?post_type=event&#038;p=24014"},"modified":"2025-09-01T14:14:04","modified_gmt":"2025-09-01T12:14:04","slug":"bratislava-in-movement","status":"publish","type":"event","link":"https:\/\/www.visitbratislava.com\/de\/geschehen\/bratislava-in-movement\/","title":{"rendered":"Bratislava in Movement"},"content":{"rendered":"<p data-start=\"204\" data-end=\"549\"><em data-start=\"242\" data-end=\"263\"><span dir=\"auto\" style=\"vertical-align: inherit;\"><span dir=\"auto\" style=\"vertical-align: inherit;\"><span dir=\"auto\" style=\"vertical-align: inherit;\"><span dir=\"auto\" style=\"vertical-align: inherit;\">Das j\u00e4hrliche<\/span><\/span><\/span><\/span><\/em><span dir=\"auto\" style=\"vertical-align: inherit;\"><span dir=\"auto\" style=\"vertical-align: inherit;\"><span dir=\"auto\" style=\"vertical-align: inherit;\"><span dir=\"auto\" style=\"vertical-align: inherit;\"> internationale Festival f\u00fcr zeitgen\u00f6ssischen Tanz Bratislava in Motion <\/span><\/span><\/span><span dir=\"auto\" style=\"vertical-align: inherit;\"><span dir=\"auto\" style=\"vertical-align: inherit;\"><span dir=\"auto\" style=\"vertical-align: inherit;\">bringt visuell kraftvolle, ausdrucksstarke und intensive Tanzerlebnisse in die Hauptstadt. Es ist das gr\u00f6\u00dfte Festival seiner Art in der Slowakei, das internationale Namen mit der heimischen Szene verbindet und die Grenzen von Bewegung und Ausdruck erweitert.<\/span><\/span><\/span><\/span><\/p>\n<p data-start=\"551\" data-end=\"784\"><span dir=\"auto\" style=\"vertical-align: inherit;\"><span dir=\"auto\" style=\"vertical-align: inherit;\"><span dir=\"auto\" style=\"vertical-align: inherit;\"><span dir=\"auto\" style=\"vertical-align: inherit;\">Die 29. Ausgabe findet vom <\/span><\/span><\/span><\/span><strong data-start=\"583\" data-end=\"609\"><span dir=\"auto\" style=\"vertical-align: inherit;\"><span dir=\"auto\" style=\"vertical-align: inherit;\"><span dir=\"auto\" style=\"vertical-align: inherit;\"><span dir=\"auto\" style=\"vertical-align: inherit;\">6. bis 25. Oktober 2025<\/span><\/span><\/span><\/span><\/strong><span dir=\"auto\" style=\"vertical-align: inherit;\"><span dir=\"auto\" style=\"vertical-align: inherit;\"><span dir=\"auto\" style=\"vertical-align: inherit;\"><span dir=\"auto\" style=\"vertical-align: inherit;\"> statt und die Zuschauer k\u00f6nnen die Arbeit von Choreografen und Kompanien aus den USA, Kanada, dem Libanon, Spanien und Deutschland sowie einheimischen Autoren sehen.<\/span><\/span><\/span><\/span><\/p>\n<p data-start=\"551\" data-end=\"784\"><span dir=\"auto\" style=\"vertical-align: inherit;\">The festival will take place in various venues throughout the city, and visitors can purchase either a season ticket with a 20% discount or tickets for individual performances.<\/span><\/p>\n<p data-start=\"551\" data-end=\"784\"><span dir=\"auto\" style=\"vertical-align: inherit;\">Season ticket price: 118\/59 euros (all\/students, pensioners)<\/span><\/p>\n<p><a class=\"cta-button\" href=\"https:\/\/predpredaj.zoznam.sk\/en\/tickets\/viac-tanca-permanentka-bratislava-v-pohybe-2025\/\" target=\"_blank\" rel=\"noopener\"><span dir=\"auto\" style=\"vertical-align: inherit;\">Season ticket<\/span><\/a><\/p>\n<h2><em><strong><span dir=\"auto\" style=\"vertical-align: inherit;\"><span dir=\"auto\" style=\"vertical-align: inherit;\">Programm<\/span><\/span><\/strong><\/em><\/h2>\n<h3><span dir=\"auto\" style=\"vertical-align: inherit;\"><span dir=\"auto\" style=\"vertical-align: inherit;\"><span dir=\"auto\" style=\"vertical-align: inherit;\"><span dir=\"auto\" style=\"vertical-align: inherit;\">GN|MC Guy Nader | Maria Campos (Libanon \/ Spanien): Nat\u00fcrliche Ordnung der Dinge<\/span><\/span><\/span><\/span><\/h3>\n<p><strong><time class=\"ptb_extra_post_date ptb_extra_post_meta\" datetime=\"2025-10-06\"><span dir=\"auto\" style=\"vertical-align: inherit;\"><span dir=\"auto\" style=\"vertical-align: inherit;\"><span dir=\"auto\" style=\"vertical-align: inherit;\"><span dir=\"auto\" style=\"vertical-align: inherit;\">6. Oktober 2025 | 19:00 Uhr<\/span><\/span><\/span><\/span><\/time><\/strong><\/p>\n<p><strong><span dir=\"auto\" style=\"vertical-align: inherit;\"><span dir=\"auto\" style=\"vertical-align: inherit;\"><span dir=\"auto\" style=\"vertical-align: inherit;\"><span dir=\"auto\" style=\"vertical-align: inherit;\">\ud83d\udccd <\/span><\/span><\/span><\/span><a href=\"https:\/\/www.google.com\/maps\/place\/Slovensk%C3%A9+n%C3%A1rodn%C3%A9+divadlo\/@48.1411119,17.1211391,732m\/data=!3m1!1e3!4m14!1m7!3m6!1s0x476c893fabdaa5c1:0x856a6431d064f0ff!2s819+01,+Pribinova+7272%2F17,+811+09+Bratislava!3b1!8m2!3d48.1411083!4d17.123714!3m5!1s0x476c893fa91ed5c1:0x208c8f4f673e66ff!8m2!3d48.1411202!4d17.123398!16zL20vMDU4cm1x?entry=ttu&amp;g_ep=EgoyMDI1MDgyNS4wIKXMDSoASAFQAw%3D%3D\" target=\"_blank\" rel=\"noopener\"><span dir=\"auto\" style=\"vertical-align: inherit;\"><span dir=\"auto\" style=\"vertical-align: inherit;\"><span dir=\"auto\" style=\"vertical-align: inherit;\"><span dir=\"auto\" style=\"vertical-align: inherit;\">Slowakisches Nationaltheater, Bratislava<\/span><\/span><\/span><\/span><\/a><\/strong><\/p>\n<p><span dir=\"auto\" style=\"vertical-align: inherit;\"><span dir=\"auto\" style=\"vertical-align: inherit;\"><span dir=\"auto\" style=\"vertical-align: inherit;\"><span dir=\"auto\" style=\"vertical-align: inherit;\">Inspiriert von Charles Darwins Worten \u00fcber die wundersame Komplexit\u00e4t des Lebens schufen Guy Nader und Maria Campos \u201eNatural Order of Things\u201c. Neun T\u00e4nzer erschaffen auf der B\u00fchne einen Organismus \u2013 ein Lebewesen, das sich st\u00e4ndig ver\u00e4ndert, neu organisiert und auf den umgebenden Raum reagiert.<\/span><\/span><\/span><\/span><\/p>\n<p><a href=\"https:\/\/snd.sk\/de\/inszenierung\/4346\/natural-order-of-things\" target=\"_blank\" rel=\"noopener\"><span dir=\"auto\" style=\"vertical-align: inherit;\"><span dir=\"auto\" style=\"vertical-align: inherit;\"><span dir=\"auto\" style=\"vertical-align: inherit;\"><span dir=\"auto\" style=\"vertical-align: inherit;\">Tickets<\/span><\/span><\/span><\/span><\/a><\/p>\n<p><iframe title=\"GN|MC Guy Nader|Maria Campos (LB\/ES): NATURAL ORDER OF THINGS\" width=\"500\" height=\"281\" src=\"https:\/\/www.youtube.com\/embed\/96xnoCYSxtg?feature=oembed&#038;enablejsapi=1&#038;modestbranding=1&#038;showinfo=0&#038;rel=0\" frameborder=\"0\" allow=\"accelerometer; autoplay; clipboard-write; encrypted-media; gyroscope; picture-in-picture; web-share\" referrerpolicy=\"strict-origin-when-cross-origin\" allowfullscreen><\/iframe><\/p>\n<p><a href=\"https:\/\/www.bratislavavpohybe.sk\/en\/program\/gnmc-guy-nader-maria-campos-lebanon-spain-natural-order-of-things\/\" target=\"_blank\" rel=\"noopener\"><span dir=\"auto\" style=\"vertical-align: inherit;\"><span dir=\"auto\" style=\"vertical-align: inherit;\"><span dir=\"auto\" style=\"vertical-align: inherit;\"><span dir=\"auto\" style=\"vertical-align: inherit;\">Weitere Informationen<\/span><\/span><\/span><\/span><\/a><\/p>\n<h3 class=\"ptb_post_title ptb_entry_title\"><span dir=\"auto\" style=\"vertical-align: inherit;\"><span dir=\"auto\" style=\"vertical-align: inherit;\"><span dir=\"auto\" style=\"vertical-align: inherit;\"><span dir=\"auto\" style=\"vertical-align: inherit;\">Colectivo Pioneer Squirrel\/L\u00edvia MM Bal\u00e1\u017eov\u00e1 (Slowakei): CAMILLE<\/span><\/span><\/span><\/span><\/h3>\n<p><strong><time class=\"ptb_extra_post_date ptb_extra_post_meta\" datetime=\"2025-10-10\"><span dir=\"auto\" style=\"vertical-align: inherit;\"><span dir=\"auto\" style=\"vertical-align: inherit;\"><span dir=\"auto\" style=\"vertical-align: inherit;\"><span dir=\"auto\" style=\"vertical-align: inherit;\">10. Oktober 2025 | 19:00 Uhr\u00a0<\/span><\/span><\/span><\/span><\/time><\/strong><\/p>\n<p><strong><span dir=\"auto\" style=\"vertical-align: inherit;\"><span dir=\"auto\" style=\"vertical-align: inherit;\"><span dir=\"auto\" style=\"vertical-align: inherit;\"><span dir=\"auto\" style=\"vertical-align: inherit;\">\ud83d\udccd<a href=\"https:\/\/www.google.com\/maps\/place\/Gal%C3%A9ria+Nedbalka\/@48.1441807,17.1086082,732m\/data=!3m2!1e3!4b1!4m6!3m5!1s0x476c894309bfa471:0x72a6ac3cb70754ea!8m2!3d48.1441771!4d17.1111831!16s%2Fg%2F1z2v7wwf1?entry=ttu&amp;g_ep=EgoyMDI1MDgyNS4wIKXMDSoASAFQAw%3D%3D\" target=\"_blank\" rel=\"noopener\">Nedbalka <\/a><\/span><\/span><\/span><\/span><span dir=\"auto\" style=\"vertical-align: inherit;\"><span dir=\"auto\" style=\"vertical-align: inherit;\"><span dir=\"auto\" style=\"vertical-align: inherit;\"><span dir=\"auto\" style=\"vertical-align: inherit;\">-Galerie<\/span><\/span><\/span><\/span><\/strong><\/p>\n<p><span dir=\"auto\" style=\"vertical-align: inherit;\"><span dir=\"auto\" style=\"vertical-align: inherit;\"><span dir=\"auto\" style=\"vertical-align: inherit;\"><span dir=\"auto\" style=\"vertical-align: inherit;\">Die Performerin und Choreografin L\u00edvia MM Bal\u00e1\u017eov\u00e1 widmet sich dem Leben der franz\u00f6sischen Bildhauerin Camille Claudel \u2013 einer Frau, die an der Grenze zwischen Genie und Wahnsinn sch\u00f6pfte. Inspiriert von Claudels zyklischer kreativer Geste \u201eIch mache, ich mache r\u00fcckg\u00e4ngig, ich mache neu\u201c erkundet sie den weiblichen K\u00f6rper durch die K\u00f6rpersprache als Raum des Kampfes zwischen Pers\u00f6nlichem und Beruflichem, Traum und Realit\u00e4t, Freiheit und Begrenzung.<\/span><\/span><\/span><\/span><\/p>\n<p><a href=\"https:\/\/predpredaj.zoznam.sk\/en\/tickets\/colectivo-priekopnik-vevericka-livia-mm-balazova-camille-2025-10-10\/\" target=\"_blank\" rel=\"noopener\"><span dir=\"auto\" style=\"vertical-align: inherit;\"><span dir=\"auto\" style=\"vertical-align: inherit;\"><span dir=\"auto\" style=\"vertical-align: inherit;\"><span dir=\"auto\" style=\"vertical-align: inherit;\">Tickets<\/span><\/span><\/span><\/span><\/a><\/p>\n<p><iframe title=\"Colectivo Priekopn\u00edk Veveri\u010dka\/L\u00edvia MM Bal\u00e1\u017eov\u00e1 (SK): CAMILLE\" width=\"500\" height=\"281\" src=\"https:\/\/www.youtube.com\/embed\/-5MgU9HfFPk?feature=oembed&#038;enablejsapi=1&#038;modestbranding=1&#038;showinfo=0&#038;rel=0\" frameborder=\"0\" allow=\"accelerometer; autoplay; clipboard-write; encrypted-media; gyroscope; picture-in-picture; web-share\" referrerpolicy=\"strict-origin-when-cross-origin\" allowfullscreen><\/iframe><\/p>\n<p><a href=\"https:\/\/www.bratislavavpohybe.sk\/en\/program\/colectivo-priekopnik-vevericka-livia-mm-balazova-slovakia\/\" target=\"_blank\" rel=\"noopener\"><span dir=\"auto\" style=\"vertical-align: inherit;\"><span dir=\"auto\" style=\"vertical-align: inherit;\"><span dir=\"auto\" style=\"vertical-align: inherit;\"><span dir=\"auto\" style=\"vertical-align: inherit;\">Weitere Informationen<\/span><\/span><\/span><\/span><\/a><\/p>\n<h3 class=\"ptb_post_title ptb_entry_title\"><span dir=\"auto\" style=\"vertical-align: inherit;\"><span dir=\"auto\" style=\"vertical-align: inherit;\"><span dir=\"auto\" style=\"vertical-align: inherit;\"><span dir=\"auto\" style=\"vertical-align: inherit;\">Dominik Wi\u0119cek: GLORY GAME (Polnisch)<\/span><\/span><\/span><\/span><\/h3>\n<p><strong><time class=\"ptb_extra_post_date ptb_extra_post_meta\" datetime=\"2025-10-11\"><span dir=\"auto\" style=\"vertical-align: inherit;\"><span dir=\"auto\" style=\"vertical-align: inherit;\"><span dir=\"auto\" style=\"vertical-align: inherit;\"><span dir=\"auto\" style=\"vertical-align: inherit;\">11. Oktober 2025 | 20:30 Uhr\u00a0<\/span><\/span><\/span><\/span><\/time><\/strong><\/p>\n<p><strong><span dir=\"auto\" style=\"vertical-align: inherit;\"><span dir=\"auto\" style=\"vertical-align: inherit;\"><span dir=\"auto\" style=\"vertical-align: inherit;\"><span dir=\"auto\" style=\"vertical-align: inherit;\">\ud83d\udccd <\/span><\/span><\/span><\/span><a href=\"https:\/\/www.google.com\/maps\/place\/Slovensk%C3%A9+n%C3%A1rodn%C3%A9+divadlo\/@48.1411317,17.1208385,732m\/data=!3m1!1e3!4m10!1m2!2m1!1s+%C5%A0t%C3%BAdio+SND+-+nov%C3%A1+budova,+Pribinova+17,+819+01+Bratislava!3m6!1s0x476c893fa91ed5c1:0x208c8f4f673e66ff!8m2!3d48.1411202!4d17.123398!15sCjzFoHTDumRpbyBTTkQgLSBub3bDoSBidWRvdmEsIFByaWJpbm92YSAxNywgODE5IDAxIEJyYXRpc2xhdmFaOiI4xaF0w7pkaW8gc25kIG5vdsOhIGJ1ZG92YSBwcmliaW5vdmEgMTcgODE5IDAxIGJyYXRpc2xhdmGSARdwZXJmb3JtaW5nX2FydHNfdGhlYXRlcpoBRENpOURRVWxSUVVOdlpFTm9kSGxqUmpsdlQycEdVMVJ0ZUZOYVZrSlNVMVpPYzJOcVdUVlZNVkoxVkRGR1RtVkhZeEFCqgF_EAEqHSIZxaF0w7pkaW8gc25kIG5vdsOhIGJ1ZG92YShEMh4QASIa1pYhKH_lxd_KxicXa6FoCzHeeLz3QsVc8sAyPBACIjjFoXTDumRpbyBzbmQgbm92w6EgYnVkb3ZhIHByaWJpbm92YSAxNyA4MTkgMDEgYnJhdGlzbGF2YeABAPoBBAgAECw!16zL20vMDU4cm1x?entry=ttu&amp;g_ep=EgoyMDI1MDgyNS4wIKXMDSoASAFQAw%3D%3D\" target=\"_blank\" rel=\"noopener\"><span dir=\"auto\" style=\"vertical-align: inherit;\"><span dir=\"auto\" style=\"vertical-align: inherit;\"><span dir=\"auto\" style=\"vertical-align: inherit;\"><span dir=\"auto\" style=\"vertical-align: inherit;\">Slowakisches Nationaltheaterstudio<\/span><\/span><\/span><\/span><\/a><\/strong><\/p>\n<p><span dir=\"auto\" style=\"vertical-align: inherit;\"><span dir=\"auto\" style=\"vertical-align: inherit;\"><span dir=\"auto\" style=\"vertical-align: inherit;\"><span dir=\"auto\" style=\"vertical-align: inherit;\">Die Choreografie lotet die Grenzen des menschlichen K\u00f6rpers unter st\u00e4ndiger Kamera\u00fcberwachung aus. Die fesselnde k\u00f6rperliche Performance offenbart, wie die Medien Sportler zu Objekten der Faszination und Opfern ihrer eigenen Leistung machen. In hypnotischer Zeitlupe beobachten wir auf einem Sandplatz \u2013 Arena, Schlachtfeld und Zufluchtsort zugleich \u2013 ein au\u00dfergew\u00f6hnliches Spiel der K\u00f6rper an der Grenze menschlicher M\u00f6glichkeiten.<\/span><\/span><\/span><\/span><\/p>\n<p><span dir=\"auto\" style=\"vertical-align: inherit;\"><span dir=\"auto\" style=\"vertical-align: inherit;\"><span dir=\"auto\" style=\"vertical-align: inherit;\"><span dir=\"auto\" style=\"vertical-align: inherit;\">Neben einem intensiven k\u00fcnstlerischen Erlebnis erwarten die Zuschauer auch <\/span><\/span><\/span><\/span><strong><span dir=\"auto\" style=\"vertical-align: inherit;\"><span dir=\"auto\" style=\"vertical-align: inherit;\"><span dir=\"auto\" style=\"vertical-align: inherit;\"><span dir=\"auto\" style=\"vertical-align: inherit;\">v\u00f6llige Nacktheit und Stroboskopeffekte. Freigegeben ab 18 Jahren.<\/span><\/span><\/span><\/span><\/strong><\/p>\n<p><a href=\"https:\/\/predpredaj.zoznam.sk\/en\/tickets\/dominik-wiecek-glory-game-2025-10-11\/\" target=\"_blank\" rel=\"noopener\"><span dir=\"auto\" style=\"vertical-align: inherit;\"><span dir=\"auto\" style=\"vertical-align: inherit;\"><span dir=\"auto\" style=\"vertical-align: inherit;\"><span dir=\"auto\" style=\"vertical-align: inherit;\">Tickets<\/span><\/span><\/span><\/span><\/a><\/p>\n<p><iframe title=\"Dominik Wi\u0119cek (PL): GLORY GAME\" width=\"500\" height=\"281\" src=\"https:\/\/www.youtube.com\/embed\/oS0TI5_N4fs?feature=oembed&#038;enablejsapi=1&#038;modestbranding=1&#038;showinfo=0&#038;rel=0\" frameborder=\"0\" allow=\"accelerometer; autoplay; clipboard-write; encrypted-media; gyroscope; picture-in-picture; web-share\" referrerpolicy=\"strict-origin-when-cross-origin\" allowfullscreen><\/iframe><\/p>\n<p><a href=\"https:\/\/www.bratislavavpohybe.sk\/en\/program\/dominik-wiecek-pl-glory-game\/\" target=\"_blank\" rel=\"noopener\"><span dir=\"auto\" style=\"vertical-align: inherit;\"><span dir=\"auto\" style=\"vertical-align: inherit;\"><span dir=\"auto\" style=\"vertical-align: inherit;\"><span dir=\"auto\" style=\"vertical-align: inherit;\">Weitere Informationen<\/span><\/span><\/span><\/span><\/a><\/p>\n<h3 class=\"ptb_post_title ptb_entry_title\"><span dir=\"auto\" style=\"vertical-align: inherit;\"><span dir=\"auto\" style=\"vertical-align: inherit;\">tanzmainz &amp; Moritz Ostruschnjak (DE): TRAILER PARK<\/span><\/span><\/h3>\n<p><strong><time class=\"ptb_extra_post_date ptb_extra_post_meta\" datetime=\"2025-10-13\"><span dir=\"auto\" style=\"vertical-align: inherit;\"><span dir=\"auto\" style=\"vertical-align: inherit;\"><span dir=\"auto\" style=\"vertical-align: inherit;\"><span dir=\"auto\" style=\"vertical-align: inherit;\">13. Oktober 2025 | 19:00 Uhr\u00a0<\/span><\/span><\/span><\/span><\/time><\/strong><\/p>\n<p><strong><time class=\"ptb_extra_post_date ptb_extra_post_meta\" datetime=\"2025-10-14\"><span dir=\"auto\" style=\"vertical-align: inherit;\"><span dir=\"auto\" style=\"vertical-align: inherit;\"><span dir=\"auto\" style=\"vertical-align: inherit;\"><span dir=\"auto\" style=\"vertical-align: inherit;\">14. Oktober 2025 | 11:00 Uhr &#8211;<\/span><\/span><\/span><\/span><\/time><span dir=\"auto\" style=\"vertical-align: inherit;\"><span dir=\"auto\" style=\"vertical-align: inherit;\"><span dir=\"auto\" style=\"vertical-align: inherit;\"><span dir=\"auto\" style=\"vertical-align: inherit;\">\u00a0Auff\u00fchrung f\u00fcr Gymnasiasten<\/span><\/span><\/span><\/span><\/strong><\/p>\n<p><span dir=\"auto\" style=\"vertical-align: inherit;\"><span dir=\"auto\" style=\"vertical-align: inherit;\"><span dir=\"auto\" style=\"vertical-align: inherit;\"><span dir=\"auto\" style=\"vertical-align: inherit;\">\ud83d\udccd <\/span><\/span><\/span><\/span><a href=\"https:\/\/www.google.com\/maps\/place\/Divadlo+Ar%C3%A9na\/@48.1359082,17.1117686,732m\/data=!3m2!1e3!4b1!4m6!3m5!1s0x476c896b6f73af5f:0x74b7596253e67590!8m2!3d48.1359046!4d17.1143435!16s%2Fm%2F026h0wg?entry=ttu&amp;g_ep=EgoyMDI1MDgyNS4wIKXMDSoASAFQAw%3D%3D\" target=\"_blank\" rel=\"noopener\"><span dir=\"auto\" style=\"vertical-align: inherit;\"><span dir=\"auto\" style=\"vertical-align: inherit;\"><span dir=\"auto\" style=\"vertical-align: inherit;\"><span dir=\"auto\" style=\"vertical-align: inherit;\">Arena Theater<\/span><\/span><\/span><\/span><\/a><\/p>\n<p><span dir=\"auto\" style=\"vertical-align: inherit;\"><span dir=\"auto\" style=\"vertical-align: inherit;\"><span dir=\"auto\" style=\"vertical-align: inherit;\"><span dir=\"auto\" style=\"vertical-align: inherit;\">Zehn T\u00e4nzer balancieren auf einer leeren B\u00fchne zwischen analoger und digitaler Welt.\u00a0 <\/span><\/span><\/span><\/span><i><span dir=\"auto\" style=\"vertical-align: inherit;\"><span dir=\"auto\" style=\"vertical-align: inherit;\"><span dir=\"auto\" style=\"vertical-align: inherit;\"><span dir=\"auto\" style=\"vertical-align: inherit;\">Trailer Park<\/span><\/span><\/span><\/span><\/i><span dir=\"auto\" style=\"vertical-align: inherit;\"><span dir=\"auto\" style=\"vertical-align: inherit;\"><span dir=\"auto\" style=\"vertical-align: inherit;\"><span dir=\"auto\" style=\"vertical-align: inherit;\"> \u00a0des renommierten M\u00fcnchner Choreografen Moritz Ostruschnjak, kreiert f\u00fcr das tanzmainz-Ensemble, l\u00e4sst sich von Internetvideos und dem Ph\u00e4nomen der Meme-Kultur inspirieren. Ostruschnjak verwandelt Bewegungen aus sozialen Medien in intensive K\u00f6rperchoreografien, die die Auswirkungen der Digitalisierung auf unseren K\u00f6rper und unsere Gesellschaft erforschen. Das Ergebnis ist ein energiegeladenes, explosives und zeitgem\u00e4\u00dfes Tanzstatement, das jeden Zuschauer in seinen Bann ziehen wird.<\/span><\/span><\/span><\/span><\/p>\n<p><a href=\"https:\/\/predpredaj.zoznam.sk\/en\/tickets\/tanzmainz-moritz-ostruschnjak-de-trailer-park-2025-10-13\/\" target=\"_blank\" rel=\"noopener\"><span dir=\"auto\" style=\"vertical-align: inherit;\"><span dir=\"auto\" style=\"vertical-align: inherit;\"><span dir=\"auto\" style=\"vertical-align: inherit;\"><span dir=\"auto\" style=\"vertical-align: inherit;\">Tickets<\/span><\/span><\/span><\/span><\/a><\/p>\n<p><iframe title=\"tanzmainz &amp; Moritz Ostruschnjak (DE): TRAILER PARK\" width=\"500\" height=\"281\" src=\"https:\/\/www.youtube.com\/embed\/Zu19issowRo?feature=oembed&#038;enablejsapi=1&#038;modestbranding=1&#038;showinfo=0&#038;rel=0\" frameborder=\"0\" allow=\"accelerometer; autoplay; clipboard-write; encrypted-media; gyroscope; picture-in-picture; web-share\" referrerpolicy=\"strict-origin-when-cross-origin\" allowfullscreen><\/iframe><\/p>\n<p><a href=\"https:\/\/www.bratislavavpohybe.sk\/en\/program\/tanzmainz-moritz-ostruschnjak-de-trailer-park-2\/\" target=\"_blank\" rel=\"noopener\"><span dir=\"auto\" style=\"vertical-align: inherit;\"><span dir=\"auto\" style=\"vertical-align: inherit;\"><span dir=\"auto\" style=\"vertical-align: inherit;\"><span dir=\"auto\" style=\"vertical-align: inherit;\">Weitere Informationen<\/span><\/span><\/span><\/span><\/a><\/p>\n<h3 class=\"ptb_post_title ptb_entry_title\"><span dir=\"auto\" style=\"vertical-align: inherit;\"><span dir=\"auto\" style=\"vertical-align: inherit;\"><span dir=\"auto\" style=\"vertical-align: inherit;\"><span dir=\"auto\" style=\"vertical-align: inherit;\">Sol\u00e8ne Weinachter (FR\/UK): NACH ALLEM<\/span><\/span><\/span><\/span><\/h3>\n<div class=\"ptb_module ptb_custom_text tf_clearfix\">\n<p><strong><time class=\"ptb_extra_post_date ptb_extra_post_meta\" datetime=\"2025-10-14\"><span dir=\"auto\" style=\"vertical-align: inherit;\"><span dir=\"auto\" style=\"vertical-align: inherit;\"><span dir=\"auto\" style=\"vertical-align: inherit;\"><span dir=\"auto\" style=\"vertical-align: inherit;\">14. Oktober 2025 | 20:00 Uhr\u00a0<\/span><\/span><\/span><\/span><\/time><\/strong><\/p>\n<p><strong><span dir=\"auto\" style=\"vertical-align: inherit;\"><span dir=\"auto\" style=\"vertical-align: inherit;\"><span dir=\"auto\" style=\"vertical-align: inherit;\"><span dir=\"auto\" style=\"vertical-align: inherit;\">\ud83d\udccd <\/span><\/span><\/span><\/span><a href=\"https:\/\/www.google.com\/maps\/place\/A4+%E2%80%93+Priestor+s%C3%BA%C4%8Dasnej+kult%C3%BAry\/@48.1568608,17.1111047,731m\/data=!3m2!1e3!4b1!4m6!3m5!1s0x476c894379388189:0xd7c9cae9384eafca!8m2!3d48.1568573!4d17.1136796!16s%2Fg%2F11y020d5x?entry=ttu&amp;g_ep=EgoyMDI1MDgyNS4wIKXMDSoASAFQAw%3D%3D\" target=\"_blank\" rel=\"noopener\"><span dir=\"auto\" style=\"vertical-align: inherit;\"><span dir=\"auto\" style=\"vertical-align: inherit;\"><span dir=\"auto\" style=\"vertical-align: inherit;\"><span dir=\"auto\" style=\"vertical-align: inherit;\">A4 &#8211; Raum der zeitgen\u00f6ssischen Kultur<\/span><\/span><\/span><\/span><\/a><\/strong><\/p>\n<\/div>\n<p><span dir=\"auto\" style=\"vertical-align: inherit;\"><span dir=\"auto\" style=\"vertical-align: inherit;\"><span dir=\"auto\" style=\"vertical-align: inherit;\"><span dir=\"auto\" style=\"vertical-align: inherit;\">In\u00a0 <\/span><\/span><\/span><\/span><i><span dir=\"auto\" style=\"vertical-align: inherit;\"><span dir=\"auto\" style=\"vertical-align: inherit;\"><span dir=\"auto\" style=\"vertical-align: inherit;\"><span dir=\"auto\" style=\"vertical-align: inherit;\">AFTER ALL<\/span><\/span><\/span><\/span><\/i><span dir=\"auto\" style=\"vertical-align: inherit;\"><span dir=\"auto\" style=\"vertical-align: inherit;\"><span dir=\"auto\" style=\"vertical-align: inherit;\"><span dir=\"auto\" style=\"vertical-align: inherit;\"> \u00a0fragt Sol\u00e8ne Weinachter mit Tanz, Theater und gesprochenem Monolog humorvoll nach der Auseinandersetzung mit dem Lebensende. Spielerisch, direkt und witzig l\u00e4sst sie das Publikum an verschiedenen Formen vergangener und gegenw\u00e4rtiger Bestattungsrituale teilhaben und denkt \u00fcber die Gestaltung zuk\u00fcnftiger Rituale nach. Die Choreografie ist ein gelungener Versuch, einen Raum zu schaffen, in dem wir gemeinsam nach einem Weg suchen, den Verlust zu akzeptieren und \u00fcber die Endlichkeit der menschlichen Existenz nachzudenken.\u00a0 <\/span><\/span><\/span><\/span><i><span dir=\"auto\" style=\"vertical-align: inherit;\"><span dir=\"auto\" style=\"vertical-align: inherit;\"><span dir=\"auto\" style=\"vertical-align: inherit;\"><span dir=\"auto\" style=\"vertical-align: inherit;\">AFTER ALL<\/span><\/span><\/span><\/span><\/i><span dir=\"auto\" style=\"vertical-align: inherit;\"><span dir=\"auto\" style=\"vertical-align: inherit;\"><span dir=\"auto\" style=\"vertical-align: inherit;\"><span dir=\"auto\" style=\"vertical-align: inherit;\"> \u00a0schafft einen Raum, in dem Trauer und Erinnerung mit Offenheit, Neugier und auch Freude aufeinandertreffen.<\/span><\/span><\/span><\/span><\/p>\n<p><span dir=\"auto\" style=\"vertical-align: inherit;\"><span dir=\"auto\" style=\"vertical-align: inherit;\"><span dir=\"auto\" style=\"vertical-align: inherit;\"><span dir=\"auto\" style=\"vertical-align: inherit;\">Inhaltswarnung: Themen wie Tod, Sterben und Verlust. Die Auff\u00fchrung findet auf Englisch statt.<\/span><\/span><\/span><\/span><\/p>\n<p><a href=\"https:\/\/predpredaj.zoznam.sk\/en\/tickets\/solene-weinachter-fr-scotland-after-all-2025-10-14\/\" target=\"_blank\" rel=\"noopener\"><span dir=\"auto\" style=\"vertical-align: inherit;\"><span dir=\"auto\" style=\"vertical-align: inherit;\"><span dir=\"auto\" style=\"vertical-align: inherit;\"><span dir=\"auto\" style=\"vertical-align: inherit;\">Tickets<\/span><\/span><\/span><\/span><\/a><\/p>\n<p><iframe title=\"Sol\u00e8ne Weinachter (FR\/UK): AFTER ALL\" width=\"500\" height=\"281\" src=\"https:\/\/www.youtube.com\/embed\/uME4DuceHjE?feature=oembed&#038;enablejsapi=1&#038;modestbranding=1&#038;showinfo=0&#038;rel=0\" frameborder=\"0\" allow=\"accelerometer; autoplay; clipboard-write; encrypted-media; gyroscope; picture-in-picture; web-share\" referrerpolicy=\"strict-origin-when-cross-origin\" allowfullscreen><\/iframe><\/p>\n<p><a href=\"https:\/\/www.bratislavavpohybe.sk\/en\/program\/solene-weinachter-fr-uk-after-all-2\/\" target=\"_blank\" rel=\"noopener\"><span dir=\"auto\" style=\"vertical-align: inherit;\"><span dir=\"auto\" style=\"vertical-align: inherit;\"><span dir=\"auto\" style=\"vertical-align: inherit;\"><span dir=\"auto\" style=\"vertical-align: inherit;\">Weitere Informationen<\/span><\/span><\/span><\/span><\/a><\/p>\n<h3 class=\"ptb_post_title ptb_entry_title\"><span dir=\"auto\" style=\"vertical-align: inherit;\"><span dir=\"auto\" style=\"vertical-align: inherit;\"><span dir=\"auto\" style=\"vertical-align: inherit;\"><span dir=\"auto\" style=\"vertical-align: inherit;\">Dance On Ensemble &amp; Lucinda Childs &amp; Miki Orihara (Deutschland\/USA): STEIN<\/span><\/span><\/span><\/span><\/h3>\n<div class=\"ptb_module ptb_custom_text tf_clearfix\">\n<p><strong><time class=\"ptb_extra_post_date ptb_extra_post_meta\" datetime=\"2025-10-18\"><span dir=\"auto\" style=\"vertical-align: inherit;\"><span dir=\"auto\" style=\"vertical-align: inherit;\"><span dir=\"auto\" style=\"vertical-align: inherit;\"><span dir=\"auto\" style=\"vertical-align: inherit;\">18. Oktober 2025 | 19:00 Uhr\u00a0<\/span><\/span><\/span><\/span><\/time><\/strong><\/p>\n<p><span dir=\"auto\" style=\"vertical-align: inherit;\"><span dir=\"auto\" style=\"vertical-align: inherit;\"><span dir=\"auto\" style=\"vertical-align: inherit;\"><span dir=\"auto\" style=\"vertical-align: inherit;\">\ud83d\udccd <\/span><\/span><\/span><\/span><a href=\"https:\/\/www.google.com\/maps\/place\/Divadlo+Ar%C3%A9na\/@48.1359082,17.1117686,732m\/data=!3m2!1e3!4b1!4m6!3m5!1s0x476c896b6f73af5f:0x74b7596253e67590!8m2!3d48.1359046!4d17.1143435!16s%2Fm%2F026h0wg?entry=ttu&amp;g_ep=EgoyMDI1MDgyNS4wIKXMDSoASAFQAw%3D%3D\" target=\"_blank\" rel=\"noopener\"><span dir=\"auto\" style=\"vertical-align: inherit;\"><span dir=\"auto\" style=\"vertical-align: inherit;\"><span dir=\"auto\" style=\"vertical-align: inherit;\"><span dir=\"auto\" style=\"vertical-align: inherit;\">Arena Theater<\/span><\/span><\/span><\/span><\/a><\/p>\n<\/div>\n<p><span dir=\"auto\" style=\"vertical-align: inherit;\"><span dir=\"auto\" style=\"vertical-align: inherit;\"><span dir=\"auto\" style=\"vertical-align: inherit;\"><span dir=\"auto\" style=\"vertical-align: inherit;\">Die amerikanische Ikone des postmodernen Tanzes Lucinda Childs kehrt an der Seite von Miki Orihara auf die B\u00fchne zur\u00fcck, einer unverwechselbaren T\u00e4nzerin, die aus ihrer Zeit bei der Martha Graham Dance Company bekannt ist. In der neuen Choreografie\u00a0 <\/span><\/span><\/span><\/span><i><span dir=\"auto\" style=\"vertical-align: inherit;\"><span dir=\"auto\" style=\"vertical-align: inherit;\"><span dir=\"auto\" style=\"vertical-align: inherit;\"><span dir=\"auto\" style=\"vertical-align: inherit;\">STEIN<\/span><\/span><\/span><\/span><\/i><span dir=\"auto\" style=\"vertical-align: inherit;\"><span dir=\"auto\" style=\"vertical-align: inherit;\"><span dir=\"auto\" style=\"vertical-align: inherit;\"><span dir=\"auto\" style=\"vertical-align: inherit;\"> trifft Bewegung auf Text, Pr\u00e4zision auf Fluidit\u00e4t und pers\u00f6nliche Erinnerung auf kreative Pr\u00e4senz. Die B\u00fchne ist umgeben von Bildern der Ozeane, die \u2013 wie der Tanz \u2013 endlose Bewegung und st\u00e4ndigen Wandel evozieren.<\/span><\/span><\/span><\/span><\/p>\n<p><a href=\"https:\/\/predpredaj.zoznam.sk\/en\/tickets\/dance-on-ensemble-lucinda-childs-deusa-stein-2025-10-18\/\" target=\"_blank\" rel=\"noopener\"><span dir=\"auto\" style=\"vertical-align: inherit;\"><span dir=\"auto\" style=\"vertical-align: inherit;\"><span dir=\"auto\" style=\"vertical-align: inherit;\"><span dir=\"auto\" style=\"vertical-align: inherit;\">Tickets<\/span><\/span><\/span><\/span><\/a><\/p>\n<p><iframe title=\"Dance on Ensemble &amp; Lucinda Childs (DE\/USA): STEIN\" width=\"500\" height=\"281\" src=\"https:\/\/www.youtube.com\/embed\/bT5T6N0lth4?feature=oembed&#038;enablejsapi=1&#038;modestbranding=1&#038;showinfo=0&#038;rel=0\" frameborder=\"0\" allow=\"accelerometer; autoplay; clipboard-write; encrypted-media; gyroscope; picture-in-picture; web-share\" referrerpolicy=\"strict-origin-when-cross-origin\" allowfullscreen><\/iframe><\/p>\n<p><a href=\"https:\/\/www.bratislavavpohybe.sk\/en\/program\/dance-on-ensemble-lucinda-childs-miki-orihara-germany-usa-stein\/\" target=\"_blank\" rel=\"noopener\"><span dir=\"auto\" style=\"vertical-align: inherit;\"><span dir=\"auto\" style=\"vertical-align: inherit;\"><span dir=\"auto\" style=\"vertical-align: inherit;\"><span dir=\"auto\" style=\"vertical-align: inherit;\">Weitere Informationen<\/span><\/span><\/span><\/span><\/a><\/p>\n<h3 class=\"ptb_post_title ptb_entry_title\"><span dir=\"auto\" style=\"vertical-align: inherit;\"><span dir=\"auto\" style=\"vertical-align: inherit;\"><span dir=\"auto\" style=\"vertical-align: inherit;\"><span dir=\"auto\" style=\"vertical-align: inherit;\">Manuel Roque (CA): BANG BANG<\/span><\/span><\/span><\/span><\/h3>\n<p><strong><time class=\"ptb_extra_post_date ptb_extra_post_meta\" datetime=\"2025-10-24\"><span dir=\"auto\" style=\"vertical-align: inherit;\"><span dir=\"auto\" style=\"vertical-align: inherit;\"><span dir=\"auto\" style=\"vertical-align: inherit;\"><span dir=\"auto\" style=\"vertical-align: inherit;\">24. Oktober 2025 | 20:00 Uhr<\/span><\/span><\/span><\/span><\/time><\/strong><\/p>\n<p><strong><time class=\"ptb_extra_post_date ptb_extra_post_meta\" datetime=\"2025-10-25\"><span dir=\"auto\" style=\"vertical-align: inherit;\"><span dir=\"auto\" style=\"vertical-align: inherit;\"><span dir=\"auto\" style=\"vertical-align: inherit;\"><span dir=\"auto\" style=\"vertical-align: inherit;\">25. Oktober 2025 | 20:00 Uhr<\/span><\/span><\/span><\/span><\/time><\/strong><\/p>\n<p><strong><span dir=\"auto\" style=\"vertical-align: inherit;\"><span dir=\"auto\" style=\"vertical-align: inherit;\"><span dir=\"auto\" style=\"vertical-align: inherit;\"><span dir=\"auto\" style=\"vertical-align: inherit;\">\ud83d\udccd <\/span><\/span><\/span><\/span><a href=\"https:\/\/www.google.com\/maps\/place\/A4+%E2%80%93+Priestor+s%C3%BA%C4%8Dasnej+kult%C3%BAry\/@48.1568608,17.1111047,731m\/data=!3m2!1e3!4b1!4m6!3m5!1s0x476c894379388189:0xd7c9cae9384eafca!8m2!3d48.1568573!4d17.1136796!16s%2Fg%2F11y020d5x?entry=ttu&amp;g_ep=EgoyMDI1MDgyNS4wIKXMDSoASAFQAw%3D%3D\" target=\"_blank\" rel=\"noopener\"><span dir=\"auto\" style=\"vertical-align: inherit;\"><span dir=\"auto\" style=\"vertical-align: inherit;\"><span dir=\"auto\" style=\"vertical-align: inherit;\"><span dir=\"auto\" style=\"vertical-align: inherit;\">A4 &#8211; Raum der zeitgen\u00f6ssischen Kultur<\/span><\/span><\/span><\/span><\/a><\/strong><\/p>\n<p><span dir=\"auto\" style=\"vertical-align: inherit;\"><span dir=\"auto\" style=\"vertical-align: inherit;\"><span dir=\"auto\" style=\"vertical-align: inherit;\"><span dir=\"auto\" style=\"vertical-align: inherit;\">Bang <\/span><\/span><\/span><\/span><i><span dir=\"auto\" style=\"vertical-align: inherit;\"><span dir=\"auto\" style=\"vertical-align: inherit;\"><span dir=\"auto\" style=\"vertical-align: inherit;\"><span dir=\"auto\" style=\"vertical-align: inherit;\">Bang<\/span><\/span><\/span><\/span><\/i><span dir=\"auto\" style=\"vertical-align: inherit;\"><span dir=\"auto\" style=\"vertical-align: inherit;\"><span dir=\"auto\" style=\"vertical-align: inherit;\"><span dir=\"auto\" style=\"vertical-align: inherit;\"> ist eine k\u00f6rperliche Herausforderung. Die unerbittlichen, repetitiven Spr\u00fcnge stellen die Konzentration und Ausdauer zweier Performer auf eine harte Probe. In ihrer allm\u00e4hlichen Ersch\u00f6pfung offenbaren sich St\u00e4rke und Verletzlichkeit, Disziplin und Menschlichkeit. Der kanadische Choreograf Manuel Roque schafft ein Erlebnis, in dem Individualit\u00e4t verschwindet und der K\u00f6rper zum politischen Werkzeug wird.\u00a0 <\/span><\/span><\/span><\/span><i><span dir=\"auto\" style=\"vertical-align: inherit;\"><span dir=\"auto\" style=\"vertical-align: inherit;\"><span dir=\"auto\" style=\"vertical-align: inherit;\"><span dir=\"auto\" style=\"vertical-align: inherit;\">Bang Bang<\/span><\/span><\/span><\/span><\/i><span dir=\"auto\" style=\"vertical-align: inherit;\"><span dir=\"auto\" style=\"vertical-align: inherit;\"><span dir=\"auto\" style=\"vertical-align: inherit;\"><span dir=\"auto\" style=\"vertical-align: inherit;\"> ist zugleich eine Warnung vor der Faszination der Performance, die einen K\u00fcnstler an den Rand der Ersch\u00f6pfung treiben kann. Das Ergebnis ist ein poetisches und schonungslos ehrliches Tanzstatement.<\/span><\/span><\/span><\/span><\/p>\n<p><a href=\"https:\/\/predpredaj.zoznam.sk\/en\/tickets\/manuel-roque-ca-bang-bang-2025-10-24\/\" target=\"_blank\" rel=\"noopener\"><span dir=\"auto\" style=\"vertical-align: inherit;\"><span dir=\"auto\" style=\"vertical-align: inherit;\"><span dir=\"auto\" style=\"vertical-align: inherit;\"><span dir=\"auto\" style=\"vertical-align: inherit;\">Tickets 24\/10<\/span><\/span><\/span><\/span><\/a><\/p>\n<p><a href=\"https:\/\/predpredaj.zoznam.sk\/en\/tickets\/manuel-roque-ca-bang-bang-2025-10-25\/\" target=\"_blank\" rel=\"noopener\"><span dir=\"auto\" style=\"vertical-align: inherit;\"><span dir=\"auto\" style=\"vertical-align: inherit;\"><span dir=\"auto\" style=\"vertical-align: inherit;\"><span dir=\"auto\" style=\"vertical-align: inherit;\">Tickets 25\/10<\/span><\/span><\/span><\/span><\/a><\/p>\n<p><iframe title=\"Manuel Roque (CA): BANG BANG\" width=\"500\" height=\"281\" src=\"https:\/\/www.youtube.com\/embed\/JDQUz0TSTQM?feature=oembed&#038;enablejsapi=1&#038;modestbranding=1&#038;showinfo=0&#038;rel=0\" frameborder=\"0\" allow=\"accelerometer; autoplay; clipboard-write; encrypted-media; gyroscope; picture-in-picture; web-share\" referrerpolicy=\"strict-origin-when-cross-origin\" allowfullscreen><\/iframe><\/p>\n<p><a href=\"https:\/\/www.bratislavavpohybe.sk\/en\/program\/manuel-roque-ca-bang-bang-2\/\" target=\"_blank\" rel=\"noopener\"><span dir=\"auto\" style=\"vertical-align: inherit;\"><span dir=\"auto\" style=\"vertical-align: inherit;\"><span dir=\"auto\" style=\"vertical-align: inherit;\"><span dir=\"auto\" style=\"vertical-align: inherit;\">Weitere Informationen<\/span><\/span><\/span><\/span><\/a><\/p>\n","protected":false},"excerpt":{"rendered":"<p>Das internationale Festival f\u00fcr zeitgen\u00f6ssischen Tanz Bratislava in Movement genie\u00dft in der europ\u00e4ischen Gemeinschaft Anerkennung und bietet eine Mischung aus dem Besten der slowakischen und internationalen Tanzkunst.<\/p>\n","protected":false},"featured_media":294806,"template":"","acf":[],"event_date":{"start_date":1759708800,"end_date":1761350400},"_links":{"self":[{"href":"https:\/\/www.visitbratislava.com\/de\/wp-json\/wp\/v2\/event\/24014"}],"collection":[{"href":"https:\/\/www.visitbratislava.com\/de\/wp-json\/wp\/v2\/event"}],"about":[{"href":"https:\/\/www.visitbratislava.com\/de\/wp-json\/wp\/v2\/types\/event"}],"version-history":[{"count":17,"href":"https:\/\/www.visitbratislava.com\/de\/wp-json\/wp\/v2\/event\/24014\/revisions"}],"predecessor-version":[{"id":350536,"href":"https:\/\/www.visitbratislava.com\/de\/wp-json\/wp\/v2\/event\/24014\/revisions\/350536"}],"wp:featuredmedia":[{"embeddable":true,"href":"https:\/\/www.visitbratislava.com\/de\/wp-json\/wp\/v2\/media\/294806"}],"wp:attachment":[{"href":"https:\/\/www.visitbratislava.com\/de\/wp-json\/wp\/v2\/media?parent=24014"}],"curies":[{"name":"wp","href":"https:\/\/api.w.org\/{rel}","templated":true}]}}