{"id":244392,"date":"2023-05-26T16:39:35","date_gmt":"2023-05-26T14:39:35","guid":{"rendered":"https:\/\/www.visitbratislava.com\/?post_type=event&#038;p=244392"},"modified":"2024-06-14T15:58:21","modified_gmt":"2024-06-14T13:58:21","slug":"hortus-artis","status":"publish","type":"event","link":"https:\/\/www.visitbratislava.com\/de\/geschehen\/hortus-artis\/","title":{"rendered":"Hortus Artis"},"content":{"rendered":"<p>Der sommerliche <strong>Open-Air-Konzertzyklus mit Kammermusik<\/strong> in der \u00e4ltesten Stra\u00dfe Bratislavas erinnert an die Tradition der Musikpflege in der faszinierenden Umgebung des historischen Teils der Hauptstadt und entwickelt sie weiter.<\/p>\n<p>Ziel ist es, Programme f\u00fcr verschiedene Besetzungen aus unterschiedlichen historischen Epochen und Provenienzen zu pr\u00e4sentieren, die die Idee der \u00dcberlagerung von Idiomen l\u00e4ndlicher und st\u00e4dtischer Folklore mit kunstvoll komponierter Musik vereint.<strong> Der Schwerpunkt liegt dabei auf dem mitteleurop\u00e4ischen Raum<\/strong> (Slowakei, Tschechien, Polen, Ungarn). Einige Konzerte f\u00fchren uns aber auch nach Spanien, S\u00fcdamerika, in die fr\u00fchere Geschichte sephardischer Musik aus dem Mittelmeerraum oder in das Umfeld der urbanen Vorst\u00e4dte Nordamerikas zu Beginn des 20. Jahrhunderts.<\/p>\n<p>Beim Festival treten mehr als 40 Interpreten aus der Slowakei, der Tschechischen Republik, Polen, Ungarn, Spanien und Griechenland in den renommierten Kammerensembles Collegium Marianum (CZ), Messages Quartet (PL), Pressburg Saxophone Quartet (SK), Mucha Quartet (SK), Kukal Quatet (CZ), Plaisirs de Musique (CZ), Solamente naturali (SK, CZ), Bratislava Guitar Quartet (SK, GR), Spectrum Quartett (SK), den Solisten Eva \u0160u\u0161kov\u00e1 und Simona Hulejov\u00e1 sowie den Kammermusikern Daniel Rumler, Martin Ruman im Streichtrio und Jozef Lupt\u00e1k auf. <strong>Zu h\u00f6ren sind mehr als 80 Werke.<\/strong><\/p>\n<p><img loading=\"lazy\" width=\"1500\" height=\"1000\" class=\"alignnone size-full wp-image-244358\" src=\"https:\/\/www.visitbratislava.com\/wp-content\/uploads\/2023\/05\/Albrechtov-dom-z-ich-webu-1.jpg\" alt=\"\" srcset=\"https:\/\/www.visitbratislava.com\/wp-content\/uploads\/2023\/05\/Albrechtov-dom-z-ich-webu-1.jpg 1500w, https:\/\/www.visitbratislava.com\/wp-content\/uploads\/2023\/05\/Albrechtov-dom-z-ich-webu-1-400x267.jpg 400w, https:\/\/www.visitbratislava.com\/wp-content\/uploads\/2023\/05\/Albrechtov-dom-z-ich-webu-1-800x533.jpg 800w, https:\/\/www.visitbratislava.com\/wp-content\/uploads\/2023\/05\/Albrechtov-dom-z-ich-webu-1-768x512.jpg 768w, https:\/\/www.visitbratislava.com\/wp-content\/uploads\/2023\/05\/Albrechtov-dom-z-ich-webu-1-200x133.jpg 200w\" sizes=\"(max-width: 1500px) 100vw, 1500px\" \/><\/p>\n<p><a href=\"https:\/\/www.ticketportal.sk\/nevent\/HORTUS-ARTIS-2024\" target=\"_blank\" rel=\"noopener\">Tickets<\/a><\/p>\n<p><a href=\"https:\/\/www.albrechtforum.com\/event\/letny-festival-hortus-artis-2024-cachua-serranita\">1. Juli 2024 \/ Montag\u00a0 CACHUA SERRANITA \u2013 Collegium Marianum (CZ)<\/a><\/p>\n<p><a href=\"https:\/\/www.albrechtforum.com\/event\/letny-festival-hortus-artis-2024-polsky\">7. Juli 2024 \/ Sonnentag POLSKY \u2013 Messages Quartet (PL)<\/a><\/p>\n<p><a href=\"https:\/\/www.albrechtforum.com\/event\/letny-festival-hortus-artis-2024-znovu-objavene\">14. Juli\/ Sonnentag ZNOVU OBJAVEN\u00c9 \u2013 Dainiel Rumler, Martin Ruman, Jozef Lupt\u00e1k (SK)<\/a><\/p>\n<p><a href=\"https:\/\/www.albrechtforum.com\/event\/letny-festival-hortus-artis-2024-the-story\">21. Juli\/ Sonnentag THE STORY \u2013 Pressburg Saxof\u00f3n Quartet (SK)<\/a><\/p>\n<p><a href=\"https:\/\/www.albrechtforum.com\/event\/letny-festival-hortus-artis-2024-k-pramenom\">28. Juli\/ Sonnentag K PRAME\u0147OM \u2013 Mucha Quartet (SK)<\/a><\/p>\n<p><a href=\"https:\/\/www.albrechtforum.com\/event\/letny-festival-hortus-artis-2024-alla-czeca\">4. August\/ SonnentagALLA CZECA \u2013 Kukal Quartet (CZ)<\/a><\/p>\n<p><a href=\"https:\/\/www.albrechtforum.com\/event\/letny-festival-hortus-artis-2024-misterios-del-amor\">18. August \/ Sonnentag MISTERIOS DEL AMOR \u2013 Plaisirs de Musiques (CZ)<\/a><\/p>\n<p><a href=\"https:\/\/www.albrechtforum.com\/event\/letny-festival-hortus-artis-2024-musica-globus\">25. August \/ Sonnentag MUSICA GLOBUS \u2013 Solemente naturali (SK, CZ)<\/a><\/p>\n<p><a href=\"https:\/\/www.albrechtforum.com\/event\/letny-festival-hortus-artis-2024-carodejna-laska\">1. September \/ Sonnentag \u010cARODEJN\u00c1 L\u00c1SKA \u2013 Eva \u0160u\u0161kov\u00e1 a Bratislavsk\u00e9 gitarov\u00e9 kvarteto (SK, GR)<\/a><\/p>\n<p><a href=\"https:\/\/www.albrechtforum.com\/event\/letny-festival-hortus-artis-2024-styria-hudci\">8. September \/ Sonnentag \u0160TYRIA HUDCI \u2013 Simona Hulejov\u00e1 a Spectrum Quartett (SK)<\/a><\/p>\n<p><img loading=\"lazy\" width=\"1365\" height=\"2048\" class=\"alignnone size-full wp-image-244373\" src=\"https:\/\/www.visitbratislava.com\/wp-content\/uploads\/2023\/05\/hortus-artis-albrecht.jpg\" alt=\"\" srcset=\"https:\/\/www.visitbratislava.com\/wp-content\/uploads\/2023\/05\/hortus-artis-albrecht.jpg 1365w, https:\/\/www.visitbratislava.com\/wp-content\/uploads\/2023\/05\/hortus-artis-albrecht-267x400.jpg 267w, https:\/\/www.visitbratislava.com\/wp-content\/uploads\/2023\/05\/hortus-artis-albrecht-533x800.jpg 533w, https:\/\/www.visitbratislava.com\/wp-content\/uploads\/2023\/05\/hortus-artis-albrecht-768x1152.jpg 768w, https:\/\/www.visitbratislava.com\/wp-content\/uploads\/2023\/05\/hortus-artis-albrecht-1024x1536.jpg 1024w, https:\/\/www.visitbratislava.com\/wp-content\/uploads\/2023\/05\/hortus-artis-albrecht-133x200.jpg 133w\" sizes=\"(max-width: 1365px) 100vw, 1365px\" \/><\/p>\n<p>&nbsp;<\/p>\n","protected":false},"excerpt":{"rendered":"<p>Ein Zyklus von Kammerkonzerten im Garten des Musikerhauses<\/p>\n","protected":false},"featured_media":244379,"template":"","acf":[],"event_date":{"start_date":1719792000,"end_date":1725753600},"_links":{"self":[{"href":"https:\/\/www.visitbratislava.com\/de\/wp-json\/wp\/v2\/event\/244392"}],"collection":[{"href":"https:\/\/www.visitbratislava.com\/de\/wp-json\/wp\/v2\/event"}],"about":[{"href":"https:\/\/www.visitbratislava.com\/de\/wp-json\/wp\/v2\/types\/event"}],"version-history":[{"count":5,"href":"https:\/\/www.visitbratislava.com\/de\/wp-json\/wp\/v2\/event\/244392\/revisions"}],"predecessor-version":[{"id":299742,"href":"https:\/\/www.visitbratislava.com\/de\/wp-json\/wp\/v2\/event\/244392\/revisions\/299742"}],"wp:featuredmedia":[{"embeddable":true,"href":"https:\/\/www.visitbratislava.com\/de\/wp-json\/wp\/v2\/media\/244379"}],"wp:attachment":[{"href":"https:\/\/www.visitbratislava.com\/de\/wp-json\/wp\/v2\/media?parent=244392"}],"curies":[{"name":"wp","href":"https:\/\/api.w.org\/{rel}","templated":true}]}}