{"id":264370,"date":"2023-10-23T16:14:39","date_gmt":"2023-10-23T14:14:39","guid":{"rendered":"https:\/\/www.visitbratislava.com\/?post_type=event&#038;p=264370"},"modified":"2025-09-25T13:58:34","modified_gmt":"2025-09-25T11:58:34","slug":"mozart-festival-bratislava","status":"publish","type":"event","link":"https:\/\/www.visitbratislava.com\/de\/geschehen\/mozart-festival-bratislava\/","title":{"rendered":"Bratislava Mozart Festival"},"content":{"rendered":"<h2 data-start=\"3012\" data-end=\"3028\">Hauptprogramm<\/h2>\n<h3 data-start=\"3030\" data-end=\"3073\">\ud83d\udccc 24. Oktober 2025 (Freitag) \u2013 19:00<\/h3>\n<p data-start=\"3074\" data-end=\"3160\"><strong data-start=\"3074\" data-end=\"3101\">Martinsdom \u2022 ca. 60 Min<\/strong><br data-start=\"3101\" data-end=\"3104\" \/>\ud83c\udfbc <em data-start=\"3107\" data-end=\"3126\">Er\u00f6ffnungskonzert<\/em><br data-start=\"3126\" data-end=\"3129\" \/><strong data-start=\"3129\" data-end=\"3158\">Capella Cracoviensis (PL)<\/strong><\/p>\n<ul data-start=\"3161\" data-end=\"3197\">\n<li data-start=\"3161\" data-end=\"3197\">\n<p data-start=\"3163\" data-end=\"3197\">Mozart: <em data-start=\"3171\" data-end=\"3195\">Requiem d-Moll, KV 626<\/em><\/p>\n<\/li>\n<\/ul>\n<p data-start=\"3199\" data-end=\"3368\">Dirigent: <strong data-start=\"3209\" data-end=\"3230\">Jan Tomasz Adamus<\/strong><br data-start=\"3230\" data-end=\"3233\" \/>\ud83d\udc49 <a class=\"decorated-link\" href=\"https:\/\/capellacracoviensis.pl\" target=\"_new\" rel=\"noopener\" data-start=\"3236\" data-end=\"3290\">Capella Cracoviensis<\/a><br data-start=\"3290\" data-end=\"3293\" \/>\u23f3 ohne Pause<br data-start=\"3305\" data-end=\"3308\" \/>\ud83c\udf9f\ufe0f <a class=\"decorated-link\" href=\"https:\/\/bratislavamozartfestival.sk\/\" target=\"_new\" rel=\"noopener\" data-start=\"3312\" data-end=\"3366\">Tickets kaufen<\/a><\/p>\n<hr data-start=\"3370\" data-end=\"3373\" \/>\n<h3 data-start=\"3375\" data-end=\"3419\">\ud83d\udccc 29. Oktober 2025 (Mittwoch) \u2013 19:00<\/h3>\n<p data-start=\"3420\" data-end=\"3515\"><strong data-start=\"3420\" data-end=\"3468\">Spiegelsaal des Primatialpalais \u2022 ca. 90 Min<\/strong><br data-start=\"3468\" data-end=\"3471\" \/><strong data-start=\"3471\" data-end=\"3513\">{oh!} Orkiestra (PL) \u2013 Kammerformation<\/strong><\/p>\n<ul data-start=\"3516\" data-end=\"3608\">\n<li data-start=\"3516\" data-end=\"3560\">\n<p data-start=\"3518\" data-end=\"3560\">Mozart: <em data-start=\"3526\" data-end=\"3558\">Streichquintett g-Moll, KV 516<\/em><\/p>\n<\/li>\n<li data-start=\"3561\" data-end=\"3608\">\n<p data-start=\"3563\" data-end=\"3608\">Sigismund von Neukomm: <em data-start=\"3586\" data-end=\"3606\">L\u2019amante abandon\u00e9e<\/em><\/p>\n<\/li>\n<\/ul>\n<p data-start=\"3610\" data-end=\"3787\">K\u00fcnstlerische Leitung: <strong data-start=\"3633\" data-end=\"3664\">Martyna Pastuszka \u2013 Violine<\/strong><br data-start=\"3664\" data-end=\"3667\" \/>\ud83d\udc49 <a class=\"decorated-link\" href=\"https:\/\/ohorkiestra.com\" target=\"_new\" rel=\"noopener\" data-start=\"3670\" data-end=\"3710\">oh! Orkiestra<\/a><br data-start=\"3710\" data-end=\"3713\" \/>\u23f3 mit Pause<br data-start=\"3724\" data-end=\"3727\" \/>\ud83c\udf9f\ufe0f <a class=\"decorated-link\" href=\"https:\/\/bratislavamozartfestival.sk\/\" target=\"_new\" rel=\"noopener\" data-start=\"3731\" data-end=\"3785\">Tickets kaufen<\/a><\/p>\n<hr data-start=\"3789\" data-end=\"3792\" \/>\n<h3 data-start=\"3794\" data-end=\"3838\">\ud83d\udccc 4. November 2025 (Dienstag) \u2013 19:00<\/h3>\n<p data-start=\"3839\" data-end=\"3901\"><strong data-start=\"3839\" data-end=\"3876\">Konzertsaal Dvorana \u2022 ca. 100 Min<\/strong><br data-start=\"3876\" data-end=\"3879\" \/><strong data-start=\"3879\" data-end=\"3899\">Trio Unitas (CZ)<\/strong><\/p>\n<ul data-start=\"3902\" data-end=\"4009\">\n<li data-start=\"3902\" data-end=\"3934\">\n<p data-start=\"3904\" data-end=\"3934\">Mozart: <em data-start=\"3912\" data-end=\"3932\">Trio C-Dur, KV 548<\/em><\/p>\n<\/li>\n<li data-start=\"3935\" data-end=\"3968\">\n<p data-start=\"3937\" data-end=\"3968\">Hummel: <em data-start=\"3945\" data-end=\"3966\">Trio Es-Dur, op. 12<\/em><\/p>\n<\/li>\n<li data-start=\"3969\" data-end=\"4009\">\n<p data-start=\"3971\" data-end=\"4009\">Beethoven: <em data-start=\"3982\" data-end=\"4007\">Trio G-Dur, op. 1 Nr. 2<\/em><\/p>\n<\/li>\n<\/ul>\n<p data-start=\"4011\" data-end=\"4258\">Interpreten: <strong data-start=\"4024\" data-end=\"4116\">Petra Mat\u011bjov\u00e1 \u2013 Hammerklavier, Magdalena Mal\u00e1 \u2013 Violine, Helena Maty\u00e1\u0161ov\u00e1 \u2013 Violoncello<\/strong><br data-start=\"4116\" data-end=\"4119\" \/>\ud83d\udc49 <a class=\"decorated-link\" href=\"https:\/\/matejova-cz0.webnode.cz\/trio-unitas\/\" target=\"_new\" rel=\"noopener\" data-start=\"4122\" data-end=\"4181\">Trio Unitas<\/a><br data-start=\"4181\" data-end=\"4184\" \/>\u23f3 mit Pause<br data-start=\"4195\" data-end=\"4198\" \/>\ud83c\udf9f\ufe0f <a class=\"decorated-link\" href=\"https:\/\/bratislavamozartfestival.sk\/\" target=\"_new\" rel=\"noopener\" data-start=\"4202\" data-end=\"4256\">Tickets kaufen<\/a><\/p>\n<hr data-start=\"4260\" data-end=\"4263\" \/>\n<h3 data-start=\"4265\" data-end=\"4308\">\ud83d\udccc 9. November 2025 (Sonntag) \u2013 19:00<\/h3>\n<p data-start=\"4309\" data-end=\"4415\"><strong data-start=\"4309\" data-end=\"4364\">Moyzes-Saal \u2022 ca. 60 Min + abschlie\u00dfendes Glas Wein<\/strong><br data-start=\"4364\" data-end=\"4367\" \/>\ud83c\udfbc <em data-start=\"4370\" data-end=\"4388\">Abschlusskonzert<\/em><br data-start=\"4388\" data-end=\"4391\" \/><strong data-start=\"4391\" data-end=\"4413\">Sch\u00f6llnast Consort<\/strong><\/p>\n<ul data-start=\"4416\" data-end=\"4470\">\n<li data-start=\"4416\" data-end=\"4470\">\n<p data-start=\"4418\" data-end=\"4470\">Mozart: <em data-start=\"4426\" data-end=\"4468\">Gran Partita, Serenade B-Dur KV 361\/452a<\/em><\/p>\n<\/li>\n<\/ul>\n<p data-start=\"4472\" data-end=\"4610\">K\u00fcnstlerische Leitung: <strong data-start=\"4495\" data-end=\"4532\">Lorenzo Coppola (IT) \u2013 Klarinette<\/strong><br data-start=\"4532\" data-end=\"4535\" \/>\u23f3 ohne Pause<br data-start=\"4547\" data-end=\"4550\" \/>\ud83c\udf9f\ufe0f <a class=\"decorated-link\" href=\"https:\/\/bratislavamozartfestival.sk\/\" target=\"_new\" rel=\"noopener\" data-start=\"4554\" data-end=\"4608\">Tickets kaufen<\/a><\/p>\n<div class=\"grid-container\"><div class=\"grid-container__item\"><div class=\"block\"><a href=\"https:\/\/www.visitbratislava.com\/wp-content\/uploads\/2023\/10\/461490677_1173029931214578_1398070853896738340_n-800x533.jpg\" data-fancybox=\"gallery\" data-caption=\"\"><div class=\"background\"><img src=\"https:\/\/www.visitbratislava.com\/wp-content\/uploads\/2023\/10\/461490677_1173029931214578_1398070853896738340_n-800x533.jpg\" alt=\"foto\"\/><\/div><div class=\"overlay filter-blue\"><div class=\"content\"><span class=\"zoom-button\"><\/span><\/div><\/div><\/a><\/div><\/div><div class=\"grid-container__item\"><div class=\"block\"><a href=\"https:\/\/www.visitbratislava.com\/wp-content\/uploads\/2023\/10\/461766386_1173029911214580_8522116701946151039_n-800x533.jpg\" data-fancybox=\"gallery\" data-caption=\"\"><div class=\"background\" style=\"background-image: url(https:\/\/www.visitbratislava.com\/wp-content\/uploads\/2023\/10\/461766386_1173029911214580_8522116701946151039_n-800x533.jpg)\"><\/div><div class=\"overlay filter-green\"><div class=\"content\"><span class=\"zoom-button\"><\/span><\/div><\/div><\/a><\/div><\/div><div class=\"grid-container__item more\"><\/div><\/div>\n<hr data-start=\"4612\" data-end=\"4615\" \/>\n<h2 data-start=\"4617\" data-end=\"4643\">\ud83c\udfb5 Begleitveranstaltung<\/h2>\n<h3 data-start=\"4645\" data-end=\"4688\">\ud83d\udccc 8. November 2025 (Samstag) \u2013 14:00<\/h3>\n<p data-start=\"4689\" data-end=\"4880\"><strong data-start=\"4689\" data-end=\"4754\">Klobu\u010dn\u00edcka Str. 2 (vor dem J. N. Hummel-Museum) \u2022 ca. 90 Min<\/strong><br data-start=\"4754\" data-end=\"4757\" \/>Musikspaziergang <em data-start=\"4774\" data-end=\"4847\">Mozart, Hummel, Beethoven \u2026 welche Spuren hinterlie\u00dfen sie in Pre\u00dfburg?<\/em><br data-start=\"4847\" data-end=\"4850\" \/>F\u00fchrung: <strong data-start=\"4859\" data-end=\"4878\">Zuzana God\u00e1rov\u00e1<\/strong><\/p>\n<p data-start=\"4882\" data-end=\"5052\">\ud83e\uded6 Abschluss im Haus der Albrechts mit Tee, Kaffee und Pressburger Kipferl<br data-start=\"4956\" data-end=\"4959\" \/>\ud83d\udc49 nur in slowakischer Sprache<br data-start=\"4989\" data-end=\"4992\" \/>\ud83c\udf9f\ufe0f <a class=\"decorated-link\" href=\"https:\/\/bratislavamozartfestival.sk\/\" target=\"_new\" rel=\"noopener\" data-start=\"4996\" data-end=\"5050\">Tickets kaufen<\/a><\/p>\n<hr data-start=\"5054\" data-end=\"5057\" \/>\n<h2 data-start=\"5059\" data-end=\"5075\">\ud83c\udf9f\ufe0f Tickets<\/h2>\n<ul data-start=\"5076\" data-end=\"5308\">\n<li data-start=\"5076\" data-end=\"5170\">\n<p data-start=\"5078\" data-end=\"5170\">Online erh\u00e4ltlich \u00fcber <a class=\"decorated-link\" href=\"https:\/\/bratislavamozartfestival.sk\/\" target=\"_new\" rel=\"noopener\" data-start=\"5101\" data-end=\"5168\">bratislavamozartfestival.sk<\/a><\/p>\n<\/li>\n<li data-start=\"5171\" data-end=\"5230\">\n<p data-start=\"5173\" data-end=\"5230\">Oder eine Stunde vor Konzertbeginn am Veranstaltungsort<\/p>\n<\/li>\n<li data-start=\"5231\" data-end=\"5308\">\n<p data-start=\"5233\" data-end=\"5308\">Erm\u00e4\u00dfigungen f\u00fcr Senioren (65+), Studierende und Menschen mit Behinderung<\/p>\n<\/li>\n<\/ul>\n<div class=\"grid-container\"><div class=\"grid-container__item\"><div class=\"block\"><a href=\"https:\/\/www.visitbratislava.com\/wp-content\/uploads\/2023\/10\/397407541_932909568559950_6063612522536541760_n-800x533.jpg\" data-fancybox=\"gallery\" data-caption=\"\"><div class=\"background\"><img src=\"https:\/\/www.visitbratislava.com\/wp-content\/uploads\/2023\/10\/397407541_932909568559950_6063612522536541760_n-800x533.jpg\" alt=\"foto\"\/><\/div><div class=\"overlay filter-blue\"><div class=\"content\"><span class=\"zoom-button\"><\/span><\/div><\/div><\/a><\/div><\/div><div class=\"grid-container__item\"><div class=\"block\"><a href=\"https:\/\/www.visitbratislava.com\/wp-content\/uploads\/2023\/10\/22860084_949173911901158_8755718977010459078_o-800x533.jpg\" data-fancybox=\"gallery\" data-caption=\"\"><div class=\"background\" style=\"background-image: url(https:\/\/www.visitbratislava.com\/wp-content\/uploads\/2023\/10\/22860084_949173911901158_8755718977010459078_o-800x533.jpg)\"><\/div><div class=\"overlay filter-green\"><div class=\"content\"><span class=\"zoom-button\"><\/span><\/div><\/div><\/a><\/div><\/div><div class=\"grid-container__item more\"><\/div><\/div>\n","protected":false},"excerpt":{"rendered":"<p>Erleben Sie die 12. Ausgabe des Bratislava Mozart Festival vom 24. Oktober bis 9. November 2025. Vier Konzerte an einzigartigen Orten wie dem Martinsdom und dem Moyzes-Saal pr\u00e4sentieren Meisterwerke von Mozart sowie Werke von Hummel, Beethoven und Neukomm.<\/p>\n","protected":false},"featured_media":264380,"template":"","acf":[],"event_date":{"start_date":1729814400,"end_date":1732406400},"_links":{"self":[{"href":"https:\/\/www.visitbratislava.com\/de\/wp-json\/wp\/v2\/event\/264370"}],"collection":[{"href":"https:\/\/www.visitbratislava.com\/de\/wp-json\/wp\/v2\/event"}],"about":[{"href":"https:\/\/www.visitbratislava.com\/de\/wp-json\/wp\/v2\/types\/event"}],"version-history":[{"count":11,"href":"https:\/\/www.visitbratislava.com\/de\/wp-json\/wp\/v2\/event\/264370\/revisions"}],"predecessor-version":[{"id":363810,"href":"https:\/\/www.visitbratislava.com\/de\/wp-json\/wp\/v2\/event\/264370\/revisions\/363810"}],"wp:featuredmedia":[{"embeddable":true,"href":"https:\/\/www.visitbratislava.com\/de\/wp-json\/wp\/v2\/media\/264380"}],"wp:attachment":[{"href":"https:\/\/www.visitbratislava.com\/de\/wp-json\/wp\/v2\/media?parent=264370"}],"curies":[{"name":"wp","href":"https:\/\/api.w.org\/{rel}","templated":true}]}}