{"id":291237,"date":"2024-04-19T13:50:47","date_gmt":"2024-04-19T11:50:47","guid":{"rendered":"https:\/\/www.visitbratislava.com\/events\/mikulas-galanda-group-3-2\/"},"modified":"2024-04-19T14:11:07","modified_gmt":"2024-04-19T12:11:07","slug":"mikulas-galanda-gruppe","status":"publish","type":"event","link":"https:\/\/www.visitbratislava.com\/de\/geschehen\/mikulas-galanda-gruppe\/","title":{"rendered":"Die Mikul\u00e1\u0161 Galanda-Gruppe"},"content":{"rendered":"<p>Diese sp\u00e4tmoderne Kunst, deren Vertreter bewusst die Tradition der Zwischenkriegsmoderne f\u00f6rderten, behielt alle ihre charakteristischen Merkmale bei, darunter das organisierte Erscheinungsbild mit einem k\u00fcnstlerischen Manifest einerseits und individuellen Gestaltungsprogrammen andererseits.<\/p>\n<p>Das wichtigste charakteristische Merkmal ihrer Aktivit\u00e4ten als Gruppe war ihre gemeinsame Vorstellung von Prozess, Thema, Thema und Inhalt ihrer Werke, eine gemeinsame Haltung gegen\u00fcber der Kunst und dem politischen Geschehen.<\/p>\n<p>Doch die Art der Werke von K\u00fcnstlern wurde durch ihre individuelle Lebenserfahrung, Mentalit\u00e4t, F\u00e4higkeiten und pers\u00f6nliche Veranlagung gepr\u00e4gt, was auch die Einzigartigkeit ihrer k\u00fcnstlerischen Werke und ihres Credos garantierte.<\/p>\n<p>Im Jahr 1972 wurden die Mitglieder der Mikul\u00e1\u0161-Galanda-Gruppe im Band \u201eF\u00fcr sozialistische Kunst\u201c heftig kritisiert und aus dem Verband bildender K\u00fcnstler entlassen, was damals ein Ausstellungsverbot bedeutete. Sie kehrten getrennt in die Kunstszene zur\u00fcck. Erst 1989 erhielten die K\u00fcnstler die h\u00f6chste Anerkennung von Gesellschaft und Wissenschaft.<\/p>\n<p><img loading=\"lazy\" width=\"800\" height=\"647\" class=\"alignnone size-large wp-image-291224\" src=\"https:\/\/www.visitbratislava.com\/wp-content\/uploads\/2024\/04\/Galandovci-Nedbalka-800x647.jpg\" alt=\"\" srcset=\"https:\/\/www.visitbratislava.com\/wp-content\/uploads\/2024\/04\/Galandovci-Nedbalka-800x647.jpg 800w, https:\/\/www.visitbratislava.com\/wp-content\/uploads\/2024\/04\/Galandovci-Nedbalka-400x323.jpg 400w, https:\/\/www.visitbratislava.com\/wp-content\/uploads\/2024\/04\/Galandovci-Nedbalka-768x621.jpg 768w, https:\/\/www.visitbratislava.com\/wp-content\/uploads\/2024\/04\/Galandovci-Nedbalka-200x162.jpg 200w, https:\/\/www.visitbratislava.com\/wp-content\/uploads\/2024\/04\/Galandovci-Nedbalka.jpg 960w\" sizes=\"(max-width: 800px) 100vw, 800px\" \/><\/p>\n","protected":false},"excerpt":{"rendered":"<p>Die T\u00e4tigkeit der Mikul\u00e1\u0161-Galand-Gruppe in der in- und ausl\u00e4ndischen Kunstszene war ein wichtiger Prozess in der Entstehung der modernen slowakischen bildenden Kunst. Die Werke dieser Autoren werden in einer Dauerausstellung von Gal\u00e9ria Nedbalka ausgestellt.<\/p>\n","protected":false},"featured_media":291217,"template":"","acf":[],"event_date":{"start_date":1451606400,"end_date":2145916800},"_links":{"self":[{"href":"https:\/\/www.visitbratislava.com\/de\/wp-json\/wp\/v2\/event\/291237"}],"collection":[{"href":"https:\/\/www.visitbratislava.com\/de\/wp-json\/wp\/v2\/event"}],"about":[{"href":"https:\/\/www.visitbratislava.com\/de\/wp-json\/wp\/v2\/types\/event"}],"version-history":[{"count":1,"href":"https:\/\/www.visitbratislava.com\/de\/wp-json\/wp\/v2\/event\/291237\/revisions"}],"predecessor-version":[{"id":291238,"href":"https:\/\/www.visitbratislava.com\/de\/wp-json\/wp\/v2\/event\/291237\/revisions\/291238"}],"wp:featuredmedia":[{"embeddable":true,"href":"https:\/\/www.visitbratislava.com\/de\/wp-json\/wp\/v2\/media\/291217"}],"wp:attachment":[{"href":"https:\/\/www.visitbratislava.com\/de\/wp-json\/wp\/v2\/media?parent=291237"}],"curies":[{"name":"wp","href":"https:\/\/api.w.org\/{rel}","templated":true}]}}