{"id":344876,"date":"2025-07-28T20:35:37","date_gmt":"2025-07-28T18:35:37","guid":{"rendered":"https:\/\/www.visitbratislava.com\/?post_type=event&#038;p=344876"},"modified":"2025-07-28T20:35:37","modified_gmt":"2025-07-28T18:35:37","slug":"andrea-bocelli-konzert-des-jahres-2025","status":"publish","type":"event","link":"https:\/\/www.visitbratislava.com\/de\/geschehen\/andrea-bocelli-konzert-des-jahres-2025\/","title":{"rendered":"Andrea Bocelli \u2013 Konzert des Jahres 2025"},"content":{"rendered":"<p><strong data-start=\"251\" data-end=\"270\"><span style=\"vertical-align: inherit;\"><span style=\"vertical-align: inherit;\"><span style=\"vertical-align: inherit;\"><span style=\"vertical-align: inherit;\">\ud83d\udccd <\/span><\/span><\/span><\/span><\/strong> <a href=\"https:\/\/www.google.com\/maps\/place\/Zimn%C3%BD+%C5%A1tadi%C3%B3n+Ondreja+Nepelu\/@48.1599946,17.1318401,16z\/data=!3m1!4b1!4m6!3m5!1s0x476c8ecbab220557:0x2fe036c74514f257!8m2!3d48.1599911!4d17.136711!16s%2Fm%2F026c66c?entry=ttu&amp;g_ep=EgoyMDI1MDcyMy4wIKXMDSoASAFQAw%3D%3D\" target=\"_blank\" rel=\"noopener\"><span style=\"vertical-align: inherit;\"><span style=\"vertical-align: inherit;\"><span style=\"vertical-align: inherit;\"><span style=\"vertical-align: inherit;\">TIPOS Arena \u2013 Winterstadion Ondrej Nepela, Odboj\u00e1rov 9, Bratislava<\/span><\/span><\/span><\/span><\/a><\/p>\n<p><strong data-start=\"505\" data-end=\"517\"><span style=\"vertical-align: inherit;\"><span style=\"vertical-align: inherit;\"><span style=\"vertical-align: inherit;\"><span style=\"vertical-align: inherit;\">Eintritt:<\/span><\/span><\/span><\/span><\/strong><span style=\"vertical-align: inherit;\"><span style=\"vertical-align: inherit;\"><span style=\"vertical-align: inherit;\"><span style=\"vertical-align: inherit;\"> ab 179 Euro<\/span><\/span><\/span><\/span><\/p>\n<p><a class=\"cta-button\" href=\"https:\/\/www.ticketportal.sk\/event\/ANDREA-BOCELLI-koncert-roka-2025\" target=\"_blank\" rel=\"noopener\"><span style=\"vertical-align: inherit;\"><span style=\"vertical-align: inherit;\"><span style=\"vertical-align: inherit;\"><span style=\"vertical-align: inherit;\">Tickets hier<\/span><\/span><\/span><\/span><\/a><\/p>\n<h2><span style=\"vertical-align: inherit;\"><span style=\"vertical-align: inherit;\"><span style=\"vertical-align: inherit;\"><span style=\"vertical-align: inherit;\">\u00dcber die Veranstaltung<\/span><\/span><\/span><\/span><\/h2>\n<p><span style=\"vertical-align: inherit;\"><span style=\"vertical-align: inherit;\"><span style=\"vertical-align: inherit;\"><span style=\"vertical-align: inherit;\">Unter der Leitung des renommierten Dirigenten Marcello Rota wird Maestro Bocelli vom 130-k\u00f6pfigen Orchester und Chor der Slowakischen Philharmonie begleitet. Bratislava ist damit der exklusive Veranstaltungsort f\u00fcr seinen einzigen Auftritt in der Region. Das Publikum erwartet legend\u00e4re Lieder wie \u201eTime to Say Goodbye\u201c, \u201eNessun dorma\u201c und \u201eCanto della Terra\u201c, untermalt von Tanzeinlagen von Agelica Gismondo und Francesca Costa. Die Soloauftritte werden von Cristina Pasaroiu (Sopran), Andrea Lykke und Rusanda Panfili bereichert.<\/span><\/span><\/span><\/span><\/p>\n<p><span style=\"vertical-align: inherit;\"><span style=\"vertical-align: inherit;\"><span style=\"vertical-align: inherit;\"><span style=\"vertical-align: inherit;\">Foto: Gregi.net<\/span><\/span><\/span><\/span><\/p>\n","protected":false},"excerpt":{"rendered":"<p>Der legend\u00e4re italienische Tenor Andrea Bocelli kommt nach Bratislava und pr\u00e4sentiert einen emotionalen Abend voller zeitloser Opern- und Crossover-St\u00fccke.<\/p>\n","protected":false},"featured_media":344881,"template":"","acf":[],"event_date":{"start_date":1757116800,"end_date":1757116800},"_links":{"self":[{"href":"https:\/\/www.visitbratislava.com\/de\/wp-json\/wp\/v2\/event\/344876"}],"collection":[{"href":"https:\/\/www.visitbratislava.com\/de\/wp-json\/wp\/v2\/event"}],"about":[{"href":"https:\/\/www.visitbratislava.com\/de\/wp-json\/wp\/v2\/types\/event"}],"version-history":[{"count":2,"href":"https:\/\/www.visitbratislava.com\/de\/wp-json\/wp\/v2\/event\/344876\/revisions"}],"predecessor-version":[{"id":344878,"href":"https:\/\/www.visitbratislava.com\/de\/wp-json\/wp\/v2\/event\/344876\/revisions\/344878"}],"wp:featuredmedia":[{"embeddable":true,"href":"https:\/\/www.visitbratislava.com\/de\/wp-json\/wp\/v2\/media\/344881"}],"wp:attachment":[{"href":"https:\/\/www.visitbratislava.com\/de\/wp-json\/wp\/v2\/media?parent=344876"}],"curies":[{"name":"wp","href":"https:\/\/api.w.org\/{rel}","templated":true}]}}