{"id":36374,"date":"2017-10-09T10:30:38","date_gmt":"2017-10-09T08:30:38","guid":{"rendered":"https:\/\/www.visitbratislava.com\/?post_type=event&#038;p=36374\/"},"modified":"2018-04-16T15:55:48","modified_gmt":"2018-04-16T13:55:48","slug":"die-tage-der-stadt-bratislava-2018","status":"publish","type":"event","link":"https:\/\/www.visitbratislava.com\/de\/geschehen\/die-tage-der-stadt-bratislava-2018\/","title":{"rendered":"Die Tage der Stadt Bratislava 2018"},"content":{"rendered":"<p>Die slowakische Hauptstadt feiert Ende April den\u00a0Tag der offenen T\u00fcr und lockt mit \u00fcber einhundert kostenlosen Veranstaltungen Besucher aus Nah und Fern. Werfen Sie mit RSI einen Blick auf dieses au\u00dfergew\u00f6hnliche Festival!<\/p>\n<p><strong>Programm der Stadttage von Bratislava:<\/strong><\/p>\n<p><strong>\u00a0<\/strong><strong>Primatialpalast:<\/strong><\/p>\n<ul>\n<li>Tag der offenen T\u00fcr des Oberb\u00fcrgermeisters<\/li>\n<\/ul>\n<p><strong>21.04.2018, Samstag, 10:00 \u2013 18:00<\/strong>, Primatialpalast \u2013 Die Besucher k\u00f6nnen das B\u00fcro des Oberb\u00fcrgermeisters besichtigen, mit dem Oberb\u00fcrgermeister Ivo Nesrovnal und seinen Stellvertretern plaudern und sich mit ihrer Arbeit vertraut machen.<\/p>\n<p><strong>10:00 \u2013 17:30<\/strong>, Spiegelsaal des Primatialpalasts<br \/>\nDie Kinder der Kunstschulen in Bratislava spielen Konzerte f\u00fcr die Besucher<\/p>\n<p><strong>\u00a0<\/strong><strong>22.04.2018, Sonntag, 10:00 \u2013 17:30, <\/strong>Spiegelsaal des Primatialpalasts<br \/>\nDie Kinder der Kunstschulen in Bratislava spielen Konzerte f\u00fcr die Besucher<\/p>\n<ul>\n<li>Musikprogramm<\/li>\n<\/ul>\n<p><strong>\u00a0<\/strong><strong>21.04.2018, Samstag, 11:00 \u2013 20:00<\/strong>, Primatialplatz<\/p>\n<ul>\n<li>Fanfarenkonzert, Blasharmonie von Bratislava<\/li>\n<\/ul>\n<p><strong>\u00a0<\/strong><strong>16:00 \u2013 16:30<\/strong>, Balkon des Primatialpalastes<\/p>\n<ul>\n<li>Stadtm\u00e4rkte auf dem Primatialplatz<\/li>\n<\/ul>\n<p><strong>\u00a0<\/strong><strong>21.04. \u2013 22.04. 2018<\/strong>, Samstag und Sonntag, <strong>10:00 \u2013 22:00<\/strong><\/p>\n<ul>\n<li>Ausstellung mit anschaulichen Vorf\u00fchrungen der Arbeit der Mitgliederinnen des Klubs der Kl\u00f6ppelspitze Spinnerinnen beim Regionalzentrum \u00da\u013dUV in Bratislava<\/li>\n<\/ul>\n<p><strong>21.04. -22.04.2018<\/strong>, Samstag und Sonntag, Mezzanin des Palais Primaci\u00e1lny pal\u00e1c<\/p>\n<p><strong>Ausflugsfahrten auf der Donau:<\/strong><\/p>\n<p><strong>\u00a0<\/strong><strong>21.04.2018, Samstag, 10:00 \u2013 16:00<\/strong>, Schiff Martin, Ponton Nr. 1\/beim Propeler<br \/>\nRegelm\u00e4\u00dfige kostenlose Fahrten mit dem Schiff Martin jede Stunde von 10:00 bis 16:00 Uhr, letzte Kreuzfahrt um 15:00 Uhr.<\/p>\n<p>Dauer der Fahrt: 45 Minuten, Betreten des Pontons 15 Minuten vor Abfahrt.<\/p>\n<p>VERTRIEB DER TICKETS &#8211; ARBEITSSTELLEN DES ERSTEN KONTAKTES<\/p>\n<p>Dienstleistungen f\u00fcr B\u00fcrger im Rathausgeb\u00e4ude im Erdgeschoss, 18.04.2018, 09:00<\/p>\n<p><strong>MARTIN-DOMKIRCHE<\/strong><\/p>\n<ul>\n<li>Konzert f\u00fcr die Bratislavianer<\/li>\n<\/ul>\n<p><strong>21.04.2018, Samstag, 18:00<\/strong><br \/>\nProgramm:<br \/>\nW.A.Mozart: Te Deum KV &#8211; 141 f\u00fcr Chor und Orchester<br \/>\nAntonio Vivaldi: Magnificat f\u00fcr Solisten, Chor und Orchester und Orgel<br \/>\nGeorg Frideric H\u00e4ndel: Let thy hand be strengthened f\u00fcr Solisten, Orchester und Orgel<br \/>\nWolfgang Amadeus Mozart: Missa solamnis in C KV 337 f\u00fcr Solisten, Chor und Orchester<\/p>\n<p>Es wirken mit:<br \/>\nGesangschor der Stadt Bratislava<br \/>\nCappella Istropolitana \u2013 Kammerorchester der Stadt Bratislava<br \/>\nLadislav Hol\u00e1sek &#8211; Dirigent<br \/>\nMartina Masarykov\u00e1 &#8211; Sopran<br \/>\nDenisa \u0160lepkovsk\u00e1 &#8211; Alt<br \/>\nMat\u00fa\u0161 \u0160imko &#8211; Tenor<br \/>\nMartin Miku\u0161 &#8211; Bas<br \/>\nPeter Mikula &#8211; Organ<\/p>\n<p><strong>\u00a0<\/strong><strong>HAUPTPLATZ<\/strong><\/p>\n<ul>\n<li>Videomapping auf der Vorderseite des alten Rathauses <strong>20.04.2018, Freitag, 21:00<\/strong><\/li>\n<\/ul>\n<p>Programm anl\u00e4sslich des 150. Jubil\u00e4ums der Gr\u00fcndung des Stadtmuseums Bratislava<\/p>\n<p><strong>\u00a0<\/strong><strong>MICHAELERTOR<\/strong><\/p>\n<ul>\n<li>Entsiegelung von Stadttoren <strong>21.04.2018, Samstag, 10:00<\/strong><\/li>\n<\/ul>\n<p>Einladung f\u00fcr alle Bratislavianer zum Eintritt in die Stadt<br \/>\nEs wirken mit: Gesellenbruderschaft der alten Kampfk\u00fcnste und Handwerke<\/p>\n<p><strong>\u00a0<\/strong><strong>ZOO BRATISLAVA<\/strong><\/p>\n<p><strong>\u00a0<\/strong><strong>21.04.-22.04.2018, Samstag und Sonntag, 09:00 \u2013 18:00<\/strong><br \/>\n(letzter Eintritt um 18:00, Areal ge\u00f6ffnet bis 19:00)<br \/>\n&#8211; Besichtigung aller Expositionen von 09:00 \u2013 18:00<br \/>\n&#8211; 11:00 \u2013 17:00 Reiten<br \/>\n&#8211; Taufe eines Jungtieres durch den Oberb\u00fcrgermeister von Bratislava<br \/>\n&#8211; 10:00 &#8211; 11:00 Stadtpolizisten &#8211; Kynologie und Reiten (Wiese \u00fcber den freien Auslauf von Pferden im Nashornbereich)<\/p>\n<p><strong>\u00a0<\/strong><strong>HOF DER STADTBIBLIOTHEK BRATISLAVA<\/strong><\/p>\n<ul>\n<li>Die Bratislavaer Buchb\u00f6rse <strong>19.04.2018, Donnerstag, 8:00<\/strong>, Klarisk\u00e1 16<\/li>\n<\/ul>\n<p>Er\u00f6ffnung der 12. Wohlt\u00e4tigkeitsveranstaltung in Zusammenarbeit mit den Bibliotheken in Bratislava<\/p>\n<p>(Dauer 19. \u2013 25. 4. an Arbeitstagen 8:00 \u2013 19:00, Wochenende 10:00 \u2013 18:00)<\/p>\n<p><strong>\u00a0<\/strong><strong>STADTBIBLIOTHEK<\/strong><\/p>\n<ul>\n<li>Bratislava &#8211; die Stadt, die liest,\u00a0<strong>21.04.2018, Samstag, 10:00 \u2013 18:00<\/strong><\/li>\n<\/ul>\n<p>Tag der offenen T\u00fcr in der Stadtbibliothek in den Abteilungen:<br \/>\n&#8211; Abteilung f\u00fcr sch\u00f6ne und fremdsprachige Literatur, Laurinska 5<br \/>\n&#8211; Abteilung f\u00fcr Fachliteratur, Klarisk\u00e1 16<br \/>\n&#8211; Literaturabteilung f\u00fcr Kinder und Jugendliche, Kapuc\u00ednska 3<br \/>\n&#8211; Abteilung f\u00fcr Musik und kunstwissenschaftliche Literatur, Kapuc\u00ednska 1<\/p>\n<p>Ausleihungen, kostenlose Eintragung neuer Leser<\/p>\n<p><strong>PLATZ DES SLOWAKISCHEN NATIONALAUFSTANDES<\/strong><\/p>\n<p><strong>21. &#8211; 22.04.2018<\/strong>, Samstag und Sonntag, <strong>14:00 \u2013 18:00<\/strong><\/p>\n<p>Kapelle des Hl. Jakub &#8211; kommentierter Eintritt in das Knochenhaus unter der Kapelle<\/p>\n<p><strong>\u00a0<\/strong><strong>JAKUB PLATZ<\/strong><\/p>\n<p>Guter Markt Jakub\u00e1k, 21.04.2018, Samstag<\/p>\n<p><strong>\u00a0<\/strong><strong>SOMMERLESERAUM ZUM ROTEN KREBS<\/strong><\/p>\n<p><strong>\u00a0<\/strong><strong>21.04.2018, Samstag, 14:00<\/strong>, Michalsk\u00e1 26<\/p>\n<p>Demonstration von Training der F\u00fchrungshunde<br \/>\n&#8211; in Zusammenarbeit mit der Training-Schule f\u00fcr die F\u00fchrungs- und Assistenzhunde<br \/>\n21.04.2018, Samstag, 14:00<\/p>\n<p>Weg des Lichtes<br \/>\n&#8211; eint\u00e4gige Fotoausstellung mit Fokus auf das Leben der Blinder und Sehbehinderten, in Zusammenarbeit mit der Union der Blinder und Sehbehinderten der Slowakei<\/p>\n<p>Bratislava \u2013 Stadt, die liest<br \/>\nAbteilung f\u00fcr Fachliteratur<br \/>\n&#8211;\u00a0 Tag der offenen T\u00fcr in der Stadtbibliothek<\/p>\n<p>&#8211;\u00a0\u00a0 Ausleihungen<\/p>\n<p>&#8211;\u00a0\u00a0 Eintragung neuer Leser<\/p>\n<p><strong>TIRSCHER UFERPROMENADE<\/strong><\/p>\n<ul>\n<li>Mullm\u00e4nner unter uns, <strong>21.04.2018, Samstag, 10:00 \u2013 16:00<\/strong><\/li>\n<\/ul>\n<p>&#8211; Besichtigung eines M\u00fcllwagens<\/p>\n<p>&#8211; Trommelshow auf dem Abfall\u00a0 \u2013 Trommelshow auf dem Abfall<br \/>\nvom Sammelhof auf leeren Beh\u00e4ltern<br \/>\nund weiteren Abfall<br \/>\n&#8211; M\u00fcllphotozelle \u2013 M\u00f6glichkeit ein Photo in einer speziellen Photozelle<br \/>\nmit verschiedenen Erg\u00e4nzungen zu machen, Photos in einer M\u00fclluniform<\/p>\n<p>&#8211; Mach Dir ein Geschenk aus dem Abfall \u2013 kreative Werkst\u00e4tte<br \/>\n&#8211; M\u00fcllausstellung<br \/>\n&#8211; Weiteres Begleitprogramm \u2013 Trommel- und Zirkusworkshop<br \/>\nf\u00fcr Kinder, Tanzvorstellungen, Malen auf das Gesicht<\/p>\n<ul>\n<li>Fr\u00f6hlicher Bus IDS BK, <strong>21.04.2018, Samstag, 10:00 &#8211; 17:00<\/strong><\/li>\n<\/ul>\n<p>F\u00fcr Kleine und Gro\u00dfe bringt der fr\u00f6hliche Bus viel Spa\u00df und Spiele!<\/p>\n<p>Mach Dir ein fr\u00f6hliches Erinnerungsfoto direkt am Bus und nimm an Wettbewerben teil<\/p>\n<p><strong>\u00a0<\/strong><strong>MUSEUM DES FESTUNGSWERKES VON PETR\u017dALKA<\/strong><\/p>\n<p><strong>\u00a0<\/strong><strong>21.04.2018, Samstag, 10:00-20:00, 22.04.2018, Sonntag, 10:00-16:00<\/strong><\/p>\n<p>Das Museum im Objekt B-S 4 &#8222;L\u00e1ny&#8220; ist auf die tschechoslowakische Vorkriegszeit und sein einzigartiges Festungssystem ausgerichtet.<\/p>\n<p>Ort: Wiener Stra\u00dfe, bei der Staatsgrenze Petr\u017ealka &#8211; Berg, vom Parkplatz sind etwa 5 Minuten zu Fuss die Schildern zu folgen.<br \/>\nDie Bef\u00f6rderung zum Museum erfolgt mit dem historischen Bus Karosa \u0160L 11, gekennzeichnet als H 25.<br \/>\nAbfahrt von der Br\u00fccke SNP (Haltestelle Nr. 3): jede Stunde von 10.00 bis 16.00 Uhr \u00a0Abfahrt vom Parkplatz am Grenz\u00fcbergang: jede Stunde von 10:10 bis 16:10 Uhr.<\/p>\n<p>Fahrstrecke des Busses: Br\u00fccke SNP &#8211; Einsteinova \u2013 Wiener Stra\u00dfe &#8211; Grenz\u00fcbergang Petr\u017ealka &#8211; Berg und zur\u00fcck auf der selben Fahrstrecke. M\u00f6glichkeit zum Ein- und Aussteigen in beiden Richtungen auch an der Haltestelle Einsteinova.<\/p>\n<p>Abfahrten vom Parkplatz am Grenz\u00fcbergang: jede Stunde von 10:20 Uhr bis 16:20 Uhr. Bustrasse: Br\u00fccke SNP \u2013 Einsteinova \u2013 Viedensk\u00e1 cesta \u2013 Grenz\u00fcbergang Petr\u017ealka \u2013 Berg und zur\u00fcck auf derselben Trasse. M\u00f6glichkeit des Ein-und Ausstiegs in beiden Richtungen auch auf der Haltstelle Einsteinova.<\/p>\n<p><strong>PARTISANENWIESE (EISENBRUNNEN)<\/strong><\/p>\n<ul>\n<li>F\u00f6rstertage 2018, <strong>21.04.2018, Samstag, 10:00 \u2013 17:00<\/strong>, Eisenbrunnen, Kamz\u00edk<\/li>\n<\/ul>\n<p>Ganztagesprogramm f\u00fcr Kinder und Erwachsene \u2013 Pr\u00e4sentation des Waldes f\u00fcr Kinder, Kennenlernen von Pflanzen und Tieren, Forstwirtschaft und Naturschutz mittels Spielen und Preiswettbewerbe.<\/p>\n<p><strong>Besichtigungen zu Fu\u00df in englischer und deutscher Sprache<\/strong><\/p>\n<table width=\"690\">\n<tbody>\n<tr>\n<td width=\"124\"><strong>\u00a0<\/strong><\/p>\n<p><strong>Samstag<\/strong><strong> 21.4. 2018<\/strong><\/td>\n<td width=\"66\"><strong>\u00a0<\/strong><\/p>\n<p><strong>\u00a0<\/strong><\/td>\n<td width=\"500\"><\/td>\n<\/tr>\n<tr>\n<td width=\"124\">&nbsp;<\/p>\n<p>von \u2013 bis<\/td>\n<td width=\"66\">Dauer<\/td>\n<td width=\"500\"><\/td>\n<\/tr>\n<tr>\n<td width=\"124\">14:00 &#8211; 15:30<\/td>\n<td width=\"66\">1,5 St.<\/td>\n<td width=\"500\"><strong>Bratislava &#8211; Pressburg &#8211; Pozsony<br \/>\n<\/strong>Besichtigung des historischen Stadtzentrums in englischer Sprache, Du\u0161an Fiala, \u013dubica Toma\u0161t\u00edkov\u00e1,<em>Treffpunkt<\/em><em>: <\/em><em>am Brunnen auf dem Platz Primaci\u00e1lne n\u00e1mestie <\/em><\/td>\n<\/tr>\n<tr>\n<td width=\"124\">14:00 &#8211; 15:30<\/td>\n<td width=\"66\">1,5 St.<\/td>\n<td width=\"500\"><strong>Bratislava &#8211; Pressburg &#8211; Pozsony<\/strong><\/p>\n<p>Besichtigung des historischen Stadtzentrums in deutscher Sprache, Eva Mojtov\u00e1, Eva Tr\u00fachla<\/p>\n<p><em>Treffpunkt<\/em><em>: <\/em><em>am Brunnen auf dem Platz Primaci\u00e1lne n\u00e1mestie<\/em><\/td>\n<\/tr>\n<tr>\n<td width=\"124\"><\/td>\n<td width=\"66\"><\/td>\n<td width=\"500\"><\/td>\n<\/tr>\n<tr>\n<td width=\"124\"><strong>\u00a0<\/strong><\/p>\n<p><strong>Sonntag<\/strong><strong> 22.4. 2018<\/strong><\/td>\n<td width=\"66\"><strong>\u00a0<\/strong><\/td>\n<td width=\"500\"><em>\u00a0<\/em><\/td>\n<\/tr>\n<tr>\n<td width=\"124\">&nbsp;<\/p>\n<p>von \u2013 bis<\/td>\n<td width=\"66\">Dauer<\/td>\n<td width=\"500\"><em>\u00a0<\/em><\/td>\n<\/tr>\n<tr>\n<td width=\"124\">14:00 &#8211; 15:30<\/td>\n<td width=\"66\">1,5 St.<\/td>\n<td width=\"500\"><strong>Bratislava &#8211; Pressburg\u2013Pozsony<\/strong><\/p>\n<p>Besichtigung des historischen Stadtzentrums in englischer Sprache, Frau Janetta J\u00e1no\u0161kov\u00e1<\/p>\n<p><em>Treffpunkt<\/em><em>: <\/em><em>am Brunnen auf dem Platz Primaci\u00e1lne n\u00e1mestie<\/em><\/p>\n<p><em>\u00a0<\/em><\/td>\n<\/tr>\n<tr>\n<td width=\"124\">14:00 &#8211; 15:30<\/td>\n<td width=\"66\">1,5 St.<\/td>\n<td width=\"500\"><strong>Bratislava &#8211; Pressburg &#8211; Pozsony<\/strong><\/p>\n<p>Besichtigung des historischen Stadtzentrums in deutscher Sprache, Frau M\u00e1ria Ho\u0165kov\u00e1<\/p>\n<p><em>Treffpunkt<\/em><em>: <\/em><em>am Brunnen auf dem Platz Primaci\u00e1lne n\u00e1mestie<\/em><\/td>\n<\/tr>\n<tr>\n<td width=\"124\"><\/td>\n<td width=\"66\"><\/td>\n<td width=\"500\"><strong>\u00a0<\/strong><\/td>\n<\/tr>\n<\/tbody>\n<\/table>\n<p><strong><br \/>\n<img loading=\"lazy\" class=\"alignnone wp-image-13252 size-medium\" src=\"https:\/\/www.visitbratislava.com\/wp-content\/uploads\/2016\/02\/G0A0660-5-L-400x267.jpg\" alt=\"_G0A0660-5-L\" width=\"400\" height=\"267\" srcset=\"https:\/\/www.visitbratislava.com\/wp-content\/uploads\/2016\/02\/G0A0660-5-L-400x267.jpg 400w, https:\/\/www.visitbratislava.com\/wp-content\/uploads\/2016\/02\/G0A0660-5-L-768x513.jpg 768w, https:\/\/www.visitbratislava.com\/wp-content\/uploads\/2016\/02\/G0A0660-5-L.jpg 800w, https:\/\/www.visitbratislava.com\/wp-content\/uploads\/2016\/02\/G0A0660-5-L-200x134.jpg 200w\" sizes=\"(max-width: 400px) 100vw, 400px\" \/><\/strong><strong>\u00a0<img loading=\"lazy\" class=\"alignnone wp-image-13255 size-medium\" src=\"https:\/\/www.visitbratislava.com\/wp-content\/uploads\/2016\/02\/G0A1130-7-L-400x267.jpg\" alt=\"_G0A1130-7-L\" width=\"400\" height=\"267\" srcset=\"https:\/\/www.visitbratislava.com\/wp-content\/uploads\/2016\/02\/G0A1130-7-L-400x267.jpg 400w, https:\/\/www.visitbratislava.com\/wp-content\/uploads\/2016\/02\/G0A1130-7-L-768x513.jpg 768w, https:\/\/www.visitbratislava.com\/wp-content\/uploads\/2016\/02\/G0A1130-7-L.jpg 800w, https:\/\/www.visitbratislava.com\/wp-content\/uploads\/2016\/02\/G0A1130-7-L-200x134.jpg 200w\" sizes=\"(max-width: 400px) 100vw, 400px\" \/><\/strong><strong>\u00a0<img loading=\"lazy\" class=\"alignnone wp-image-10790 size-medium\" src=\"https:\/\/www.visitbratislava.com\/wp-content\/uploads\/2016\/02\/Slovakia-Cantat-400x267.jpg\" alt=\"Slovakia Cantat\" width=\"400\" height=\"267\" srcset=\"https:\/\/www.visitbratislava.com\/wp-content\/uploads\/2016\/02\/Slovakia-Cantat-400x267.jpg 400w, https:\/\/www.visitbratislava.com\/wp-content\/uploads\/2016\/02\/Slovakia-Cantat-768x512.jpg 768w, https:\/\/www.visitbratislava.com\/wp-content\/uploads\/2016\/02\/Slovakia-Cantat-800x533.jpg 800w, https:\/\/www.visitbratislava.com\/wp-content\/uploads\/2016\/02\/Slovakia-Cantat-200x133.jpg 200w\" sizes=\"(max-width: 400px) 100vw, 400px\" \/>\u00a0<\/strong><img loading=\"lazy\" class=\"alignnone wp-image-13258 size-medium\" src=\"https:\/\/www.visitbratislava.com\/wp-content\/uploads\/2016\/02\/BPV3-400x267.jpg\" alt=\"BPV3\" width=\"400\" height=\"267\" srcset=\"https:\/\/www.visitbratislava.com\/wp-content\/uploads\/2016\/02\/BPV3-400x267.jpg 400w, https:\/\/www.visitbratislava.com\/wp-content\/uploads\/2016\/02\/BPV3-768x512.jpg 768w, https:\/\/www.visitbratislava.com\/wp-content\/uploads\/2016\/02\/BPV3-800x533.jpg 800w, https:\/\/www.visitbratislava.com\/wp-content\/uploads\/2016\/02\/BPV3-200x133.jpg 200w, https:\/\/www.visitbratislava.com\/wp-content\/uploads\/2016\/02\/BPV3.jpg 1280w\" sizes=\"(max-width: 400px) 100vw, 400px\" \/>\u00a0<strong>\u00a0<img loading=\"lazy\" class=\"alignnone wp-image-13261 size-medium\" src=\"https:\/\/www.visitbratislava.com\/wp-content\/uploads\/2016\/02\/BPV4-400x267.jpg\" alt=\"BPV4\" width=\"400\" height=\"267\" srcset=\"https:\/\/www.visitbratislava.com\/wp-content\/uploads\/2016\/02\/BPV4-400x267.jpg 400w, https:\/\/www.visitbratislava.com\/wp-content\/uploads\/2016\/02\/BPV4-768x512.jpg 768w, https:\/\/www.visitbratislava.com\/wp-content\/uploads\/2016\/02\/BPV4-800x533.jpg 800w, https:\/\/www.visitbratislava.com\/wp-content\/uploads\/2016\/02\/BPV4-200x133.jpg 200w, https:\/\/www.visitbratislava.com\/wp-content\/uploads\/2016\/02\/BPV4.jpg 1280w\" sizes=\"(max-width: 400px) 100vw, 400px\" \/>\u00a0<\/strong><strong>\u00a0<img loading=\"lazy\" class=\"alignnone wp-image-11657 size-medium\" src=\"https:\/\/www.visitbratislava.com\/wp-content\/uploads\/2016\/03\/tri-prasiatka-400x267.jpg\" alt=\"tri prasiatka\" width=\"400\" height=\"267\" srcset=\"https:\/\/www.visitbratislava.com\/wp-content\/uploads\/2016\/03\/tri-prasiatka-400x267.jpg 400w, https:\/\/www.visitbratislava.com\/wp-content\/uploads\/2016\/03\/tri-prasiatka-768x512.jpg 768w, https:\/\/www.visitbratislava.com\/wp-content\/uploads\/2016\/03\/tri-prasiatka-800x533.jpg 800w, https:\/\/www.visitbratislava.com\/wp-content\/uploads\/2016\/03\/tri-prasiatka-200x133.jpg 200w\" sizes=\"(max-width: 400px) 100vw, 400px\" \/>\u00a0<\/strong><strong>\u00a0\u00a0<\/strong><strong>\u00a0<img loading=\"lazy\" class=\"alignnone wp-image-13267 size-medium\" src=\"https:\/\/www.visitbratislava.com\/wp-content\/uploads\/2016\/02\/BPV6-400x267.jpg\" alt=\"BPV6\" width=\"400\" height=\"267\" srcset=\"https:\/\/www.visitbratislava.com\/wp-content\/uploads\/2016\/02\/BPV6-400x267.jpg 400w, https:\/\/www.visitbratislava.com\/wp-content\/uploads\/2016\/02\/BPV6-768x512.jpg 768w, https:\/\/www.visitbratislava.com\/wp-content\/uploads\/2016\/02\/BPV6-800x533.jpg 800w, https:\/\/www.visitbratislava.com\/wp-content\/uploads\/2016\/02\/BPV6-200x133.jpg 200w, https:\/\/www.visitbratislava.com\/wp-content\/uploads\/2016\/02\/BPV6.jpg 1280w\" sizes=\"(max-width: 400px) 100vw, 400px\" \/>\u00a0<\/strong><strong>\u00a0\u00a0<\/strong><strong><img loading=\"lazy\" class=\"alignnone wp-image-12390 size-medium\" src=\"https:\/\/www.visitbratislava.com\/wp-content\/uploads\/2016\/03\/dobry-trh2-400x267.jpg\" alt=\"dobry trh2\" width=\"400\" height=\"267\" srcset=\"https:\/\/www.visitbratislava.com\/wp-content\/uploads\/2016\/03\/dobry-trh2-400x267.jpg 400w, https:\/\/www.visitbratislava.com\/wp-content\/uploads\/2016\/03\/dobry-trh2-768x513.jpg 768w, https:\/\/www.visitbratislava.com\/wp-content\/uploads\/2016\/03\/dobry-trh2-800x534.jpg 800w, https:\/\/www.visitbratislava.com\/wp-content\/uploads\/2016\/03\/dobry-trh2-200x134.jpg 200w, https:\/\/www.visitbratislava.com\/wp-content\/uploads\/2016\/03\/dobry-trh2.jpg 960w\" sizes=\"(max-width: 400px) 100vw, 400px\" \/>\u00a0<\/strong><img loading=\"lazy\" class=\"alignnone wp-image-10768 size-medium\" src=\"https:\/\/www.visitbratislava.com\/wp-content\/uploads\/2016\/02\/LD-foto-400x400.jpg\" alt=\"OLYMPUS DIGITAL CAMERA\" width=\"400\" height=\"400\" srcset=\"https:\/\/www.visitbratislava.com\/wp-content\/uploads\/2016\/02\/LD-foto-400x400.jpg 400w, https:\/\/www.visitbratislava.com\/wp-content\/uploads\/2016\/02\/LD-foto-150x150.jpg 150w, https:\/\/www.visitbratislava.com\/wp-content\/uploads\/2016\/02\/LD-foto-768x768.jpg 768w, https:\/\/www.visitbratislava.com\/wp-content\/uploads\/2016\/02\/LD-foto-800x800.jpg 800w, https:\/\/www.visitbratislava.com\/wp-content\/uploads\/2016\/02\/LD-foto-200x200.jpg 200w, https:\/\/www.visitbratislava.com\/wp-content\/uploads\/2016\/02\/LD-foto-184x184.jpg 184w, https:\/\/www.visitbratislava.com\/wp-content\/uploads\/2016\/02\/LD-foto-384x384.jpg 384w, https:\/\/www.visitbratislava.com\/wp-content\/uploads\/2016\/02\/LD-foto-784x784.jpg 784w\" sizes=\"(max-width: 400px) 100vw, 400px\" \/>\u00a0<strong>\u00a0<img loading=\"lazy\" class=\"alignnone wp-image-13273 size-medium\" src=\"https:\/\/www.visitbratislava.com\/wp-content\/uploads\/2016\/02\/BPV8-400x267.jpg\" alt=\"BPV8\" width=\"400\" height=\"267\" srcset=\"https:\/\/www.visitbratislava.com\/wp-content\/uploads\/2016\/02\/BPV8-400x267.jpg 400w, https:\/\/www.visitbratislava.com\/wp-content\/uploads\/2016\/02\/BPV8-768x512.jpg 768w, https:\/\/www.visitbratislava.com\/wp-content\/uploads\/2016\/02\/BPV8-800x533.jpg 800w, https:\/\/www.visitbratislava.com\/wp-content\/uploads\/2016\/02\/BPV8-200x133.jpg 200w, https:\/\/www.visitbratislava.com\/wp-content\/uploads\/2016\/02\/BPV8.jpg 1280w\" sizes=\"(max-width: 400px) 100vw, 400px\" \/>\u00a0<\/strong><img loading=\"lazy\" class=\"alignnone wp-image-1821 size-medium\" src=\"https:\/\/www.visitbratislava.com\/wp-content\/uploads\/2014\/11\/par-presporacik-hrad-400x267.jpg\" alt=\"par_presporacik_hrad\" width=\"400\" height=\"267\" srcset=\"https:\/\/www.visitbratislava.com\/wp-content\/uploads\/2014\/11\/par-presporacik-hrad-400x267.jpg 400w, https:\/\/www.visitbratislava.com\/wp-content\/uploads\/2014\/11\/par-presporacik-hrad-800x533.jpg 800w, https:\/\/www.visitbratislava.com\/wp-content\/uploads\/2014\/11\/par-presporacik-hrad-200x133.jpg 200w\" sizes=\"(max-width: 400px) 100vw, 400px\" \/><strong><img loading=\"lazy\" class=\"alignnone wp-image-13249 size-medium\" src=\"https:\/\/www.visitbratislava.com\/wp-content\/uploads\/2016\/02\/BPV2-400x267.jpg\" alt=\"BPV2\" width=\"400\" height=\"267\" srcset=\"https:\/\/www.visitbratislava.com\/wp-content\/uploads\/2016\/02\/BPV2-400x267.jpg 400w, https:\/\/www.visitbratislava.com\/wp-content\/uploads\/2016\/02\/BPV2-768x512.jpg 768w, https:\/\/www.visitbratislava.com\/wp-content\/uploads\/2016\/02\/BPV2-800x534.jpg 800w, https:\/\/www.visitbratislava.com\/wp-content\/uploads\/2016\/02\/BPV2-200x133.jpg 200w, https:\/\/www.visitbratislava.com\/wp-content\/uploads\/2016\/02\/BPV2.jpg 1280w\" sizes=\"(max-width: 400px) 100vw, 400px\" \/><\/strong><\/p>\n","protected":false},"excerpt":{"rendered":"<p>Die slowakische Hauptstadt feiert Ende April den\u00a0Tag der offenen T\u00fcr und lockt mit \u00fcber einhundert kostenlosen Veranstaltungen Besucher aus Nah und Fern. Werfen Sie mit RSI einen Blick auf dieses au\u00dfergew\u00f6hnliche Festival! Programm der Stadttage von Bratislava: \u00a0Primatialpalast: Tag der offenen T\u00fcr des Oberb\u00fcrgermeisters 21.04.2018, Samstag, 10:00 \u2013 18:00, Primatialpalast \u2013 Die Besucher k\u00f6nnen das [&hellip;]<\/p>\n","protected":false},"featured_media":13248,"template":"","acf":[],"event_date":{"start_date":1524182400,"end_date":1524355200},"_links":{"self":[{"href":"https:\/\/www.visitbratislava.com\/de\/wp-json\/wp\/v2\/event\/36374"}],"collection":[{"href":"https:\/\/www.visitbratislava.com\/de\/wp-json\/wp\/v2\/event"}],"about":[{"href":"https:\/\/www.visitbratislava.com\/de\/wp-json\/wp\/v2\/types\/event"}],"version-history":[{"count":0,"href":"https:\/\/www.visitbratislava.com\/de\/wp-json\/wp\/v2\/event\/36374\/revisions"}],"wp:featuredmedia":[{"embeddable":true,"href":"https:\/\/www.visitbratislava.com\/de\/wp-json\/wp\/v2\/media\/13248"}],"wp:attachment":[{"href":"https:\/\/www.visitbratislava.com\/de\/wp-json\/wp\/v2\/media?parent=36374"}],"curies":[{"name":"wp","href":"https:\/\/api.w.org\/{rel}","templated":true}]}}