{"id":380673,"date":"2025-11-12T09:15:58","date_gmt":"2025-11-12T08:15:58","guid":{"rendered":"https:\/\/www.visitbratislava.com\/events\/vianocne-trhy-bratislava\/"},"modified":"2025-11-28T14:15:59","modified_gmt":"2025-11-28T13:15:59","slug":"weihnachtsmaerkte-bratislava","status":"publish","type":"event","link":"https:\/\/www.visitbratislava.com\/de\/geschehen\/weihnachtsmaerkte-bratislava\/","title":{"rendered":"Weihnachtsm\u00e4rkte Bratislava 2025"},"content":{"rendered":"<h2 data-start=\"237\" data-end=\"282\"><strong><span dir=\"auto\" style=\"vertical-align: inherit;\"><span dir=\"auto\" style=\"vertical-align: inherit;\">Veranstaltungsort der Bratislavaer Weihnachtsm\u00e4rkte<\/span><\/span><\/strong><\/h2>\n<p data-start=\"284\" data-end=\"628\"><span dir=\"auto\" style=\"vertical-align: inherit;\"><span dir=\"auto\" style=\"vertical-align: inherit;\"><strong>Die Weihnachtsm\u00e4rkte in Bratislava bringen die Pl\u00e4tze<\/strong> <strong><a href=\"https:\/\/www.google.com\/maps\/place\/Hlavn%C3%A9+n%C3%A1mestie,+811+01+Bratislava\/@48.1436811,17.1057683,732m\/data=!3m2!1e3!4b1!4m6!3m5!1s0x476c8942d9d3e967:0x656cdc06704e4773!8m2!3d48.1436775!4d17.1083432!16s%2Fm%2F025x_nl?entry=ttu&amp;g_ep=EgoyMDI1MTEwNC4xIKXMDSoASAFQAw%3D%3D\" target=\"_blank\" rel=\"noopener\"><span dir=\"auto\" style=\"vertical-align: inherit;\">Hlavn\u00e9<\/span><\/a><\/strong> und <a href=\"https:\/\/www.google.com\/maps\/place\/Hviezdoslavovo+n%C3%A1mestie\/@48.1413987,17.1045901,732m\/data=!3m2!1e3!4b1!4m6!3m5!1s0x476c8967e2f68acf:0x2a28ba3963c6ad1d!8m2!3d48.1413951!4d17.107165!16s%2Fm%2F027kb0j?entry=ttu&amp;g_ep=EgoyMDI1MTEwNC4xIKXMDSoASAFQAw%3D%3D\" target=\"_blank\" rel=\"noopener\"><strong><span dir=\"auto\" style=\"vertical-align: inherit;\">Hviezdoslavovo<\/span><\/strong><\/a> erneut zum Leuchten. Die feierliche Er\u00f6ffnung findet am 28. November um 18:00 Uhr statt. Dann werden die Weihnachtsb\u00e4ume auf beiden Pl\u00e4tzen beleuchtet und die Adventszeit beginnt. Die M\u00e4rkte sind vom 27. November 2025 bis zum 6. Januar 2026 t\u00e4glich von <strong>10:00<\/strong> bis <strong>22:00<\/strong> Uhr ge\u00f6ffnet. Am 24. und 25. Dezember gelten jedoch Ausnahmen.<br \/>\n<\/span><\/span><\/p>\n<p data-start=\"284\" data-end=\"628\"><a class=\"cta-button\" href=\"https:\/\/www.visitbratislava.com\/de\/weihnachtsmaerkte-programm\/\" target=\"_blank\" rel=\"noopener\"><span dir=\"auto\" style=\"vertical-align: inherit;\"><span dir=\"auto\" style=\"vertical-align: inherit;\">Programm der Weihnachtsm\u00e4rkte in Bratislava<\/span><\/span><\/a><\/p>\n<p data-start=\"284\" data-end=\"628\"><img loading=\"lazy\" class=\"wp-image-369631 size-large aligncenter\" src=\"https:\/\/www.visitbratislava.com\/wp-content\/uploads\/2025\/11\/Vianocne-trhy-na-hviezdoslavovom-namesti-800x599.jpg\" alt=\"Weihnachtsm\u00e4rkte Bratislava \u2013 Ansicht aus einer Drohne\" width=\"800\" height=\"599\" srcset=\"https:\/\/www.visitbratislava.com\/wp-content\/uploads\/2025\/11\/Vianocne-trhy-na-hviezdoslavovom-namesti-800x599.jpg 800w, https:\/\/www.visitbratislava.com\/wp-content\/uploads\/2025\/11\/Vianocne-trhy-na-hviezdoslavovom-namesti-400x300.jpg 400w, https:\/\/www.visitbratislava.com\/wp-content\/uploads\/2025\/11\/Vianocne-trhy-na-hviezdoslavovom-namesti-768x575.jpg 768w, https:\/\/www.visitbratislava.com\/wp-content\/uploads\/2025\/11\/Vianocne-trhy-na-hviezdoslavovom-namesti-1536x1150.jpg 1536w, https:\/\/www.visitbratislava.com\/wp-content\/uploads\/2025\/11\/Vianocne-trhy-na-hviezdoslavovom-namesti-2048x1534.jpg 2048w, https:\/\/www.visitbratislava.com\/wp-content\/uploads\/2025\/11\/Vianocne-trhy-na-hviezdoslavovom-namesti-200x150.jpg 200w, https:\/\/www.visitbratislava.com\/wp-content\/uploads\/2025\/11\/Vianocne-trhy-na-hviezdoslavovom-namesti-600x450.jpg 600w\" sizes=\"(max-width: 800px) 100vw, 800px\" \/><\/p>\n<h2 data-start=\"284\" data-end=\"628\"><strong><span dir=\"auto\" style=\"vertical-align: inherit;\"><span dir=\"auto\" style=\"vertical-align: inherit;\">Noch mehr Erlebnisse mit Bratislava CARD<\/span><\/span><\/strong><\/h2>\n<p>Um die festliche Atmosph\u00e4re voll auszukosten, lohnt sich <span dir=\"auto\" style=\"vertical-align: inherit;\">die <\/span><a href=\"https:\/\/card.visitbratislava.com\/de\/\" target=\"_blank\" rel=\"noopener\"><strong><span dir=\"auto\" style=\"vertical-align: inherit;\">Bratislava CARD<\/span><\/strong><\/a>. Mit ihr fahren G\u00e4ste kostenlos mit dem \u00f6ffentlichen Nahverkehr. Au\u00dferdem erhalten sie freien oder erm\u00e4\u00dfigten Eintritt in Museen, Galerien und zu Aussichtspunkten. Zus\u00e4tzlich ist eine kostenlose F\u00fchrung durch die Altstadt inbegriffen. Die Karte bietet daher eine einfache M\u00f6glichkeit, Bratislava w\u00e4hrend der Weihnachtszeit intensiver zu erleben.<\/p>\n<p><a href=\"https:\/\/card.visitbratislava.com\/de\/digitale-bratislava-card\/\" target=\"_blank\" rel=\"noopener\"><img loading=\"lazy\" width=\"800\" height=\"378\" class=\"size-large wp-image-383172 aligncenter\" src=\"https:\/\/www.visitbratislava.com\/wp-content\/uploads\/2025\/11\/1440x680_BC_appka_nov2025_3-800x378.jpg\" alt=\"\" srcset=\"https:\/\/www.visitbratislava.com\/wp-content\/uploads\/2025\/11\/1440x680_BC_appka_nov2025_3-800x378.jpg 800w, https:\/\/www.visitbratislava.com\/wp-content\/uploads\/2025\/11\/1440x680_BC_appka_nov2025_3-400x189.jpg 400w, https:\/\/www.visitbratislava.com\/wp-content\/uploads\/2025\/11\/1440x680_BC_appka_nov2025_3-768x363.jpg 768w, https:\/\/www.visitbratislava.com\/wp-content\/uploads\/2025\/11\/1440x680_BC_appka_nov2025_3-200x94.jpg 200w, https:\/\/www.visitbratislava.com\/wp-content\/uploads\/2025\/11\/1440x680_BC_appka_nov2025_3.jpg 1440w\" sizes=\"(max-width: 800px) 100vw, 800px\" \/><\/a><\/p>\n<h2 data-start=\"630\" data-end=\"669\"><strong>Ein Angebot, das viele Besucher anspricht<\/strong><\/h2>\n<p data-start=\"671\" data-end=\"1015\">Auf dem Hauptplatz erwarten Besucher traditionelle und internationale Weihnachtsgerichte. Es gibt Kohlsuppe, L\u00e1ngos sowie exotische Speisen wie Bao und Gyoza. Auch vegane Optionen stehen bereit. Met, Grog, Fruchtweine, Bier und alkoholfreie Getr\u00e4nke runden das Angebot ab. Au\u00dferdem bietet jeder Stand einen \u201e<strong>Benefit-Tipp<\/strong>\u201c \u2013 eine kleine Erm\u00e4\u00dfigung auf Speisen oder Getr\u00e4nke.<\/p>\n<p data-start=\"1017\" data-end=\"1290\">Auf dem Hauptplatz und dem Primatialplatz stehen insgesamt 74 St\u00e4nde. Davon sind 45 Essensst\u00e4nde und 25 Kunsthandwerksst\u00e4nde. Hier finden G\u00e4ste handgefertigte Dekorationen, Produkte aus Bienenwachs, Keramik oder Leder.<\/p>\n<p data-start=\"1017\" data-end=\"1290\"><a class=\"cta-button\" href=\"https:\/\/www.visitbratislava.com\/de\/weihnachtsmarkt-bratislava-essen\/\" target=\"_blank\" rel=\"noopener\"><span dir=\"auto\" style=\"vertical-align: inherit;\"><span dir=\"auto\" style=\"vertical-align: inherit;\">Unsere Empfehlungen<\/span><\/span><\/a><\/p>\n<p data-start=\"1017\" data-end=\"1290\"><img loading=\"lazy\" class=\"aligncenter wp-image-369637 size-full\" src=\"https:\/\/www.visitbratislava.com\/wp-content\/uploads\/2025\/11\/Hlavny-vianocny-trh-langose.jpg\" alt=\"lange Weihnachtsm\u00e4rkte\" width=\"768\" height=\"511\" srcset=\"https:\/\/www.visitbratislava.com\/wp-content\/uploads\/2025\/11\/Hlavny-vianocny-trh-langose.jpg 768w, https:\/\/www.visitbratislava.com\/wp-content\/uploads\/2025\/11\/Hlavny-vianocny-trh-langose-400x266.jpg 400w, https:\/\/www.visitbratislava.com\/wp-content\/uploads\/2025\/11\/Hlavny-vianocny-trh-langose-200x133.jpg 200w\" sizes=\"(max-width: 768px) 100vw, 768px\" \/><\/p>\n<p data-start=\"1292\" data-end=\"1539\">Auf dem Hviezdoslavovo-Platz gibt es 16 Imbissst\u00e4nde und neun Verkaufsst\u00e4nde. Zudem bietet der Streetfood-Bereich elf wechselnde Foodtrucks.<\/p>\n<p data-start=\"1541\" data-end=\"1785\">Die Organisatoren legen gro\u00dfen Wert auf Nachhaltigkeit. Deshalb gibt es vier Sortierstationen und ein einheitliches Pfandbechersystem. So kann ein Becher an jedem Stand zur\u00fcckgegeben werden \u2013 ganz nach dem Motto \u201e<strong>Eine Stadt, ein Ort, ein Mehrwegbecher<\/strong>\u201c.<\/p>\n<p data-start=\"1541\" data-end=\"1785\"><img loading=\"lazy\" class=\"aligncenter wp-image-369649 size-full\" src=\"https:\/\/www.visitbratislava.com\/wp-content\/uploads\/2025\/11\/hlavny-vianocny-trh-2024-1-768x511-1.jpg\" alt=\"Punschverk\u00e4ufer auf Weihnachtsm\u00e4rkten\" width=\"768\" height=\"511\" srcset=\"https:\/\/www.visitbratislava.com\/wp-content\/uploads\/2025\/11\/hlavny-vianocny-trh-2024-1-768x511-1.jpg 768w, https:\/\/www.visitbratislava.com\/wp-content\/uploads\/2025\/11\/hlavny-vianocny-trh-2024-1-768x511-1-400x266.jpg 400w, https:\/\/www.visitbratislava.com\/wp-content\/uploads\/2025\/11\/hlavny-vianocny-trh-2024-1-768x511-1-200x133.jpg 200w\" sizes=\"(max-width: 768px) 100vw, 768px\" \/><\/p>\n<h2 data-start=\"1787\" data-end=\"1819\"><strong><span dir=\"auto\" style=\"vertical-align: inherit;\"><span dir=\"auto\" style=\"vertical-align: inherit;\">Entspannungszonen und Weihnachtswald<\/span><\/span><\/strong><\/h2>\n<p data-start=\"1787\" data-end=\"1819\"><span dir=\"auto\" style=\"vertical-align: inherit;\"><span dir=\"auto\" style=\"vertical-align: inherit;\">Auf dem Hauptplatz entsteht eine \u00fcberdachte und barrierefreie Zone f\u00fcr Familien, Senioren und Besucher, die Ruhe suchen. Direkt daneben befindet sich <span dir=\"auto\" style=\"vertical-align: inherit;\">der <\/span><a href=\"https:\/\/bratislavskevianoce.sk\/vianocny-les\/\" target=\"_blank\" rel=\"noopener\"><strong><span dir=\"auto\" style=\"vertical-align: inherit;\">Weihnachtswald<\/span><\/strong><\/a> auf dem Primatialplatz. Dort stehen 40 von Kindern aus Grundschulen, Kunstschulen und F\u00f6rderschulen geschm\u00fcckte B\u00e4ume. <\/span><\/span><\/p>\n<p data-start=\"2114\" data-end=\"2255\"><span dir=\"auto\" style=\"vertical-align: inherit;\"><span dir=\"auto\" style=\"vertical-align: inherit;\">Ab dem 15. Dezember werden die B\u00e4ume an Familien und Wohlt\u00e4tigkeitsorganisationen verteilt. Dadurch bringen sie weihnachtliche Freude an Orte, die sie besonders brauchen.<br \/>\n<\/span><\/span><\/p>\n<p data-start=\"2114\" data-end=\"2255\"><img loading=\"lazy\" class=\"aligncenter wp-image-369661 size-large\" src=\"https:\/\/www.visitbratislava.com\/wp-content\/uploads\/2025\/11\/privetiva-zona-2024-9-1024x681-1-800x532.jpg\" alt=\"Weihnachtsm\u00e4rkte Bratislava \u2013 Blick auf die Willkommenszone\" width=\"800\" height=\"532\" srcset=\"https:\/\/www.visitbratislava.com\/wp-content\/uploads\/2025\/11\/privetiva-zona-2024-9-1024x681-1-800x532.jpg 800w, https:\/\/www.visitbratislava.com\/wp-content\/uploads\/2025\/11\/privetiva-zona-2024-9-1024x681-1-400x266.jpg 400w, https:\/\/www.visitbratislava.com\/wp-content\/uploads\/2025\/11\/privetiva-zona-2024-9-1024x681-1-768x511.jpg 768w, https:\/\/www.visitbratislava.com\/wp-content\/uploads\/2025\/11\/privetiva-zona-2024-9-1024x681-1-200x133.jpg 200w, https:\/\/www.visitbratislava.com\/wp-content\/uploads\/2025\/11\/privetiva-zona-2024-9-1024x681-1.jpg 1024w\" sizes=\"(max-width: 800px) 100vw, 800px\" \/><\/p>\n<h2 data-start=\"2548\" data-end=\"2582\"><strong><span dir=\"auto\" style=\"vertical-align: inherit;\"><span dir=\"auto\" style=\"vertical-align: inherit;\">Weniger Hektik, mehr Komfort<\/span><\/span><\/strong><\/h2>\n<p data-start=\"2584\" data-end=\"2781\">Auf dem Hviezdoslavovo-Platz entsteht au\u00dferdem <strong>eine Familienzone<\/strong> mit Strohrutsche, Baumlabyrinth und Karussell. In der Mitte befindet sich eine h\u00f6lzerne Krippe mit Sitzgelegenheiten, die an eine kleine Freiluftkapelle erinnert.<\/p>\n<p data-start=\"2783\" data-end=\"2999\"><span dir=\"auto\" style=\"vertical-align: inherit;\"><span dir=\"auto\" style=\"vertical-align: inherit;\">Der Bereich bietet Workshops f\u00fcr Kinder. In der Richtung Rybn\u00e9 n\u00e1mestie befinden sich zus\u00e4tzliche Aufenthaltsr\u00e4ume mit teilweise \u00fcberdachten Sitzgruppen. Au\u00dferdem gibt es eine <strong>ArtBox<\/strong> mit einem Werk von Ivana \u0160\u00e1tekov\u00e1, begleitet von sanften Kl\u00e4ngen. von sanften Kl\u00e4ngen.<\/span><\/span><\/p>\n<p data-start=\"2783\" data-end=\"2999\"><img loading=\"lazy\" class=\"aligncenter wp-image-369667 size-large\" src=\"https:\/\/www.visitbratislava.com\/wp-content\/uploads\/2025\/11\/54162128692_833eb48f62_o-800x538.jpg\" alt=\"Karussell auf dem Hvi\u00e1zdoslav-Platz\" width=\"800\" height=\"538\" srcset=\"https:\/\/www.visitbratislava.com\/wp-content\/uploads\/2025\/11\/54162128692_833eb48f62_o-800x538.jpg 800w, https:\/\/www.visitbratislava.com\/wp-content\/uploads\/2025\/11\/54162128692_833eb48f62_o-400x269.jpg 400w, https:\/\/www.visitbratislava.com\/wp-content\/uploads\/2025\/11\/54162128692_833eb48f62_o-768x516.jpg 768w, https:\/\/www.visitbratislava.com\/wp-content\/uploads\/2025\/11\/54162128692_833eb48f62_o-1536x1033.jpg 1536w, https:\/\/www.visitbratislava.com\/wp-content\/uploads\/2025\/11\/54162128692_833eb48f62_o-2048x1377.jpg 2048w, https:\/\/www.visitbratislava.com\/wp-content\/uploads\/2025\/11\/54162128692_833eb48f62_o-200x134.jpg 200w\" sizes=\"(max-width: 800px) 100vw, 800px\" \/><\/p>\n<p data-start=\"2783\" data-end=\"2999\"><span style=\"font-size: 8pt;\"><span dir=\"auto\" style=\"vertical-align: inherit;\"><span dir=\"auto\" style=\"vertical-align: inherit;\">Bildquellen: BKIS, Altstadt<\/span><\/span><\/span><\/p>\n<article><\/article>\n","protected":false},"excerpt":{"rendered":"<p>Die Weihnachtsm\u00e4rkte in Bratislava verbinden von Ende November bis zum Dreik\u00f6nigstag lokale Aromen, Kultur und eine festliche Winterstimmung im Stadtzentrum.<\/p>\n","protected":false},"featured_media":369624,"template":"","acf":[],"event_date":{"start_date":1764201600,"end_date":1767657600},"_links":{"self":[{"href":"https:\/\/www.visitbratislava.com\/de\/wp-json\/wp\/v2\/event\/380673"}],"collection":[{"href":"https:\/\/www.visitbratislava.com\/de\/wp-json\/wp\/v2\/event"}],"about":[{"href":"https:\/\/www.visitbratislava.com\/de\/wp-json\/wp\/v2\/types\/event"}],"version-history":[{"count":15,"href":"https:\/\/www.visitbratislava.com\/de\/wp-json\/wp\/v2\/event\/380673\/revisions"}],"predecessor-version":[{"id":380675,"href":"https:\/\/www.visitbratislava.com\/de\/wp-json\/wp\/v2\/event\/380673\/revisions\/380675"}],"wp:featuredmedia":[{"embeddable":true,"href":"https:\/\/www.visitbratislava.com\/de\/wp-json\/wp\/v2\/media\/369624"}],"wp:attachment":[{"href":"https:\/\/www.visitbratislava.com\/de\/wp-json\/wp\/v2\/media?parent=380673"}],"curies":[{"name":"wp","href":"https:\/\/api.w.org\/{rel}","templated":true}]}}