{"id":435798,"date":"2026-03-14T10:25:50","date_gmt":"2026-03-14T09:25:50","guid":{"rendered":"https:\/\/www.visitbratislava.com\/events\/uvedenie-knihy-pamat-miesta-2\/"},"modified":"2026-03-24T10:25:38","modified_gmt":"2026-03-24T09:25:38","slug":"uvedenie-knihy-pamat-miesta-2","status":"publish","type":"event","link":"https:\/\/www.visitbratislava.com\/de\/geschehen\/uvedenie-knihy-pamat-miesta-2\/","title":{"rendered":"Uvedenie knihy Pam\u00e4\u0165 miesta"},"content":{"rendered":"<p>On Tuesday, March 24, GMB invites you to the launch of the book Memory of Place at the Ex Libris bookstore in Mirbach Palace, Franti\u0161k\u00e1nske n\u00e1m. 11, in Bratislava.<\/p>\n<p>The book Memory of Place is about memories of Jesensk\u00e9ho Elementary School and how its space has inspired the work of various artists.<\/p>\n<p>Authors: M\u00e1ria Piatrikov\u00e1, Stanislav Piatrik, Zuzana Pastir\u010d\u00e1k Duchov\u00e1, Vladim\u00edr Rih\u00e1k, Martin Bob\u00e1k, Petra Feriancov\u00e1, Tom\u00e1\u0161 Tahy, Juraj \u010corba, Dominik Hlinka, Patr\u00edcia Koy\u0161ov\u00e1, Lyrik H, the \u017dive collective<\/p>\n<p>The publication was supported by Bratislava-Star\u00e9 Mesto using public funds. The creation of the book was supported by Pustov\u0148a pre umenie.<\/p>\n","protected":false},"excerpt":{"rendered":"<p>On Tuesday, March 24, GMB invites you to the launch of the book Memory of Place at the Ex Libris bookstore in Mirbach Palace, Franti\u0161k\u00e1nske n\u00e1m. 11, in Bratislava. The book Memory of Place is about memories of Jesensk\u00e9ho Elementary School and how its space has inspired the work of various artists. Authors: M\u00e1ria Piatrikov\u00e1, [&hellip;]<\/p>\n","protected":false},"featured_media":0,"template":"","acf":[],"event_date":{"start_date":1774310400,"end_date":1774310400},"_links":{"self":[{"href":"https:\/\/www.visitbratislava.com\/de\/wp-json\/wp\/v2\/event\/435798"}],"collection":[{"href":"https:\/\/www.visitbratislava.com\/de\/wp-json\/wp\/v2\/event"}],"about":[{"href":"https:\/\/www.visitbratislava.com\/de\/wp-json\/wp\/v2\/types\/event"}],"version-history":[{"count":1,"href":"https:\/\/www.visitbratislava.com\/de\/wp-json\/wp\/v2\/event\/435798\/revisions"}],"predecessor-version":[{"id":435867,"href":"https:\/\/www.visitbratislava.com\/de\/wp-json\/wp\/v2\/event\/435798\/revisions\/435867"}],"wp:attachment":[{"href":"https:\/\/www.visitbratislava.com\/de\/wp-json\/wp\/v2\/media?parent=435798"}],"curies":[{"name":"wp","href":"https:\/\/api.w.org\/{rel}","templated":true}]}}