{"id":62027,"date":"2019-06-26T12:52:19","date_gmt":"2019-06-26T10:52:19","guid":{"rendered":"https:\/\/www.visitbratislava.com\/?post_type=event&#038;p=62027\/"},"modified":"2019-06-26T12:53:36","modified_gmt":"2019-06-26T10:53:36","slug":"franzoezischer-tag","status":"publish","type":"event","link":"https:\/\/www.visitbratislava.com\/de\/geschehen\/franzoezischer-tag\/","title":{"rendered":"Franz\u00f6zischer Tag"},"content":{"rendered":"<p>Die Feier des franz\u00f6sischen Staatsfeiertages\u00a0 zum Anlass des Jahrestages der Erst\u00fcrmung der Bastille, findet am Freitag am 12.Juli 2019 auf dem Hauptplatz im Herzen von Bratislava statt, im Rahmen der Veranstaltung Franz\u00f6sischer Tag. Auf dem Hauptplatz k\u00f6nnen die Besucher auf dem franz\u00f6sischen Markt spazieren: \u00fcber zwanzig St\u00e4nder bieten von 14:00 bis 20:00 franz\u00f6sische Produkte. Kostenloses Musik-und Kulturprogramm wird von 16:30 bis 22:00 die Musik- und Jongleurliebhaber anlocken.<\/p>\n<p>Pomphafte Feier kr\u00f6nt das Konzert der franz\u00f6sischen Kapelle <em>M\u00e9t\u00e9o Mirage<\/em>\u00a0(21:00 \u2013 22:00), deren rock-und elektronische Musik f\u00fcr ein sommerliches Juliabend ideal ist!<\/p>\n<p><strong>Zeit: Freitag 12. Juli 2019 von 14.00 bis 22.00<br \/>\n<\/strong><strong>Ort<\/strong><strong>: <\/strong>Hauptplatz, \u00a0Bratislava<strong><br \/>\n<\/strong><strong>Eintritt frei<\/strong><\/p>\n","protected":false},"excerpt":{"rendered":"<p>Die Feier des franz\u00f6sischen Staatsfeiertages\u00a0 zum Anlass des Jahrestages der Erst\u00fcrmung der Bastille, findet am Freitag am 12.Juli 2019 auf dem Hauptplatz im Herzen von Bratislava statt, im Rahmen der Veranstaltung Franz\u00f6sischer Tag. Auf dem Hauptplatz k\u00f6nnen die Besucher auf dem franz\u00f6sischen Markt spazieren: \u00fcber zwanzig St\u00e4nder bieten von 14:00 bis 20:00 franz\u00f6sische Produkte. Kostenloses [&hellip;]<\/p>\n","protected":false},"featured_media":61820,"template":"","acf":[],"event_date":{"start_date":1562889600,"end_date":1562889600},"_links":{"self":[{"href":"https:\/\/www.visitbratislava.com\/de\/wp-json\/wp\/v2\/event\/62027"}],"collection":[{"href":"https:\/\/www.visitbratislava.com\/de\/wp-json\/wp\/v2\/event"}],"about":[{"href":"https:\/\/www.visitbratislava.com\/de\/wp-json\/wp\/v2\/types\/event"}],"version-history":[{"count":0,"href":"https:\/\/www.visitbratislava.com\/de\/wp-json\/wp\/v2\/event\/62027\/revisions"}],"wp:featuredmedia":[{"embeddable":true,"href":"https:\/\/www.visitbratislava.com\/de\/wp-json\/wp\/v2\/media\/61820"}],"wp:attachment":[{"href":"https:\/\/www.visitbratislava.com\/de\/wp-json\/wp\/v2\/media?parent=62027"}],"curies":[{"name":"wp","href":"https:\/\/api.w.org\/{rel}","templated":true}]}}