{"id":89199,"date":"2020-08-12T15:55:37","date_gmt":"2020-08-12T13:55:37","guid":{"rendered":"https:\/\/www.visitbratislava.com\/?post_type=event&#038;p=89199\/"},"modified":"2020-08-13T10:00:18","modified_gmt":"2020-08-13T08:00:18","slug":"kroenungskonzert-2020","status":"publish","type":"event","link":"https:\/\/www.visitbratislava.com\/de\/geschehen\/kroenungskonzert-2020\/","title":{"rendered":"Kr\u00f6nungskonzert 2020"},"content":{"rendered":"<p>Im Rahmen der <a href=\"https:\/\/www.visitbratislava.com\/de\/geschehen\/kroenungstage-bratislava-2020\/\">Kr\u00f6nungstage Bratislava 2020<\/a> wird ein besonderes <b>Kr\u00f6nungskonzert<\/b> zum Gedenken an die ungarischen K\u00f6nige abgehalten, die hier in der St.-Martin-Kathedrale gekr\u00f6nt wurden. An dieser historischen St\u00e4tte werden am 15. August 2020 ab 19:30 Uhr Lieder ber\u00fchmter Komponisten zu h\u00f6ren sein, die mit dem Thema Kr\u00f6nung verbunden sind. Die Werke werden von S\u00e4ngern des Kathedralenchors von St. Martin und anderen ber\u00fchmten Solisten und Musikern pr\u00e4sentiert. Der Eintritt ist f\u00fcr alle frei.<\/p>\n<h3><strong>Programm:<\/strong><\/h3>\n<p><strong>Folgende Werke werden pr\u00e4sentiert:<\/strong><br \/>\nValentino Miserachs: <em>Cantate Domino<\/em>,<br \/>\nMikul\u00e1\u0161 Schneider Trnavsk\u00fd: <em>Jubilate Deo<\/em>,<br \/>\nWolfgang Amadeus Mozart:\u00a0<em>Kr\u00f6nungsmesse<\/em>,<br \/>\nJoseph Haydn: <em>Te Deum<\/em><br \/>\nund Georg Friedrich H\u00e4ndel: <em>Halleluja<\/em><\/p>\n<p><strong>Solistinen und Solisten:<\/strong><br \/>\nKatar\u00edna \u010eurdinov\u00e1, <em>Sopran<\/em><br \/>\nHelena \u0160kripeck\u00e1 Oborn\u00edkov\u00e1, <em>Alt<\/em><br \/>\nMat\u00fa\u0161 \u0160imko, <em>Tenor<\/em><br \/>\nKarol Plank,<em> Bass<\/em><br \/>\nMarek Janko, <em>Orgel<\/em><\/p>\n","protected":false},"excerpt":{"rendered":"<p>Im Rahmen der Kr\u00f6nungstage Bratislava 2020 wird ein besonderes Kr\u00f6nungskonzert zum Gedenken an die ungarischen K\u00f6nige abgehalten, die hier in der St.-Martin-Kathedrale gekr\u00f6nt wurden. An dieser historischen St\u00e4tte werden am 15. August 2020 ab 19:30 Uhr Lieder ber\u00fchmter Komponisten zu h\u00f6ren sein, die mit dem Thema Kr\u00f6nung verbunden sind. Die Werke werden von S\u00e4ngern des [&hellip;]<\/p>\n","protected":false},"featured_media":89302,"template":"","acf":[],"event_date":{"start_date":1597449600,"end_date":1597449600},"_links":{"self":[{"href":"https:\/\/www.visitbratislava.com\/de\/wp-json\/wp\/v2\/event\/89199"}],"collection":[{"href":"https:\/\/www.visitbratislava.com\/de\/wp-json\/wp\/v2\/event"}],"about":[{"href":"https:\/\/www.visitbratislava.com\/de\/wp-json\/wp\/v2\/types\/event"}],"version-history":[{"count":0,"href":"https:\/\/www.visitbratislava.com\/de\/wp-json\/wp\/v2\/event\/89199\/revisions"}],"wp:featuredmedia":[{"embeddable":true,"href":"https:\/\/www.visitbratislava.com\/de\/wp-json\/wp\/v2\/media\/89302"}],"wp:attachment":[{"href":"https:\/\/www.visitbratislava.com\/de\/wp-json\/wp\/v2\/media?parent=89199"}],"curies":[{"name":"wp","href":"https:\/\/api.w.org\/{rel}","templated":true}]}}