{"id":137600,"date":"2022-05-11T18:27:38","date_gmt":"2022-05-11T16:27:38","guid":{"rendered":"https:\/\/www.visitbratislava.com\/?page_id=137600"},"modified":"2024-05-09T16:30:15","modified_gmt":"2024-05-09T14:30:15","slug":"nacht-im-nationalmuseum","status":"publish","type":"page","link":"https:\/\/www.visitbratislava.com\/de\/nacht-der-museen-und-galerien\/nacht-im-nationalmuseum\/","title":{"rendered":"Nacht im Nationalmuseum"},"content":{"rendered":"<p>Die Nacht der Museen und Galerien ist ein Fest der Museologie und zeigt, was sonst verborgen bleibt. Acht Museen des Slowakischen Nationalmuseums \u00f6ffnen daher am Samstag, 18. Mai, ihre T\u00fcren f\u00fcr alle Neugierigen und Enthusiasten. Sehen Sie, was das Naturhistorische Museum, das Historische Museum auf der Burg Bratislava, das Arch\u00e4ologische Museum, das Musikmuseum und das Museumscluster zu bieten haben Die charmante \u017di\u017ekova-Stra\u00dfe hat vorbereitet &#8211; das Museum f\u00fcr ungarische Kultur in der Slowakei, das Museum f\u00fcr Kultur der Karpatendeutschen in der Slowakei, das Museum f\u00fcr j\u00fcdische Kultur und das Museum f\u00fcr kroatische Kultur in der Slowakei.<\/p>\n<h3>Zur einfacheren Orientierung:<\/h3>\n<p>\ud83d\udde3\ufe0f F\u00fchrungen<br \/>\n\ud83c\udf6dProgramm f\u00fcr Kinder<br \/>\n\ud83c\udd93 kostenlos<br \/>\n\ud83e\udd29 Top-Programm<\/p>\n<h3>In den R\u00e4umlichkeiten des Arch\u00e4ologischen Museums<\/h3>\n<p>Es erwartet Sie ein kreatives Programm f\u00fcr Familien mit Kindern und w\u00e4hrend der gesamten Veranstaltung beantworten Arch\u00e4ologen Fragen der Besucher und geben Erl\u00e4uterungen zu den Ausstellungen.<\/p>\n<p><strong>Das Programm:<\/strong><br \/>\n10:00 \u2013 11:30 Uhr Arch\u00e4ologischer Literaturaustausch<br \/>\n10:00 \u2013 15:00 Uhr Verkauf von arch\u00e4ologischen Souvenirs (Kopien arch\u00e4ologischer Funde aus der Slowakei \u2013 Schmuck und Erinnerungsst\u00fccke, Hersteller Franti\u0161ek Engel)<br \/>\n\ud83c\udf6d10.00 \u2013 15.00 Uhr Arch\u00e4ologenspiel im arch\u00e4ologischen Sandkasten<br \/>\n\ud83c\udf6d10.00 \u2013 15.00 Uhr Spiel r\u00f6mischer Legion\u00e4re und mittelalterlicher Ritter<br \/>\n\ud83d\udde3\ufe0f10.15 Uhr Begleitend zur Ausstellung Leben in Burgen und Schl\u00f6ssern f\u00fcr Familien mit Kindern<br \/>\n\ud83c\udf6d10.30 \u2013 15.00 Uhr Kreativworkshops und Aktivit\u00e4ten f\u00fcr Familien mit Kindern im Innenhof zum Thema Spielen rund um Burgen<br \/>\n\ud83d\udde3\ufe0f15.00 Begleitend zur Ausstellung Longinus \u2013 Auf den Spuren von Legion\u00e4ren und reichen germanischen Gr\u00e4bern<br \/>\n16.00 \u2013 18.00 Ausschnitte aus unseren Ausstellungen, vier Vortr\u00e4ge rund um die Themen unserer Ausstellungen<br \/>\n16.00 Edle Kleidung und ihre Symbolik in der fr\u00fchen Neuzeit, Vortrag von Lucie Pilkov\u00e1<br \/>\n16.30 In Flammen \u2013 Bestattungsriten und Ein\u00e4scherung in der R\u00f6merzeit im S\u00fcdwesten der Slowakei, Vortrag von Katar\u00edna Hlad\u00edkov\u00e1 und Barbara Ritterov\u00e1<br \/>\n17.00 R\u00f6mische Milit\u00e4rdiplome oder wie aus einem Barbaren ein R\u00f6mer wurde, Vortrag von Igor Bazovsk\u00fd<br \/>\n17.30 Uhr Leben der mittelalterlichen M\u00f6nche in Ludanice, Vortrag von Martin Hanu\u0161<br \/>\n\ud83d\udde3\ufe0f18.00 Begleitend zur neuen Ausstellung Benediktinerkloster St. Cosmas und Damian<br \/>\n\ud83d\udde3\ufe0f19.00 Kommentierter Rundgang durch die Ausstellung Kabinettsammlung des Evangelischen Lyzeums in Bratislava<br \/>\n\ud83d\udde3\ufe0f21.00 Kommentierter Rundgang durch die Ausstellung \u201eLeben in Schl\u00f6ssern und Burgen\u201c.<\/p>\n<p><strong>Dauerausstellungen:<\/strong><br \/>\nKabinettsammlung des Evangelischen Lyzeums in Bratislava<br \/>\nLaterarius \u2013 Geschichte der Ziegelei in der Slowakei<br \/>\nLapidarium<br \/>\nKolumne von Marcus Aurelius und der Slowakei<\/p>\n<p><strong>Ausstellungen:<\/strong><br \/>\nLeben in Schl\u00f6ssern und Herrenh\u00e4usern<br \/>\nLonginus \u2013 Auf den Spuren der Legion\u00e4re<br \/>\nBenediktinerkloster St. Cosmas und Damian<\/p>\n<p><img loading=\"lazy\" width=\"972\" height=\"648\" class=\"alignnone size-full wp-image-27575\" src=\"https:\/\/www.visitbratislava.com\/wp-content\/uploads\/2017\/01\/Pra\u0301ce-na-archeologickom-v\u00fdskume-v-plnom-pru\u0301de-v-popred\u00ed-Veronika-Dubcov\u00e1-Tell-el-Ret\u00e1b\u00ed-Egypt-foto-Nad\u00e1cia-Aigyptos.jpg\" alt=\"\" srcset=\"https:\/\/www.visitbratislava.com\/wp-content\/uploads\/2017\/01\/Pra\u0301ce-na-archeologickom-v\u00fdskume-v-plnom-pru\u0301de-v-popred\u00ed-Veronika-Dubcov\u00e1-Tell-el-Ret\u00e1b\u00ed-Egypt-foto-Nad\u00e1cia-Aigyptos.jpg 972w, https:\/\/www.visitbratislava.com\/wp-content\/uploads\/2017\/01\/Pra\u0301ce-na-archeologickom-v\u00fdskume-v-plnom-pru\u0301de-v-popred\u00ed-Veronika-Dubcov\u00e1-Tell-el-Ret\u00e1b\u00ed-Egypt-foto-Nad\u00e1cia-Aigyptos-400x267.jpg 400w, https:\/\/www.visitbratislava.com\/wp-content\/uploads\/2017\/01\/Pra\u0301ce-na-archeologickom-v\u00fdskume-v-plnom-pru\u0301de-v-popred\u00ed-Veronika-Dubcov\u00e1-Tell-el-Ret\u00e1b\u00ed-Egypt-foto-Nad\u00e1cia-Aigyptos-768x512.jpg 768w, https:\/\/www.visitbratislava.com\/wp-content\/uploads\/2017\/01\/Pra\u0301ce-na-archeologickom-v\u00fdskume-v-plnom-pru\u0301de-v-popred\u00ed-Veronika-Dubcov\u00e1-Tell-el-Ret\u00e1b\u00ed-Egypt-foto-Nad\u00e1cia-Aigyptos-800x533.jpg 800w, https:\/\/www.visitbratislava.com\/wp-content\/uploads\/2017\/01\/Pra\u0301ce-na-archeologickom-v\u00fdskume-v-plnom-pru\u0301de-v-popred\u00ed-Veronika-Dubcov\u00e1-Tell-el-Ret\u00e1b\u00ed-Egypt-foto-Nad\u00e1cia-Aigyptos-200x133.jpg 200w\" sizes=\"(max-width: 972px) 100vw, 972px\" \/><\/p>\n<h3>Auf der Bratislavaer Burg in den R\u00e4umlichkeiten des Historischen Museums<\/h3>\n<p>Das Thema des diesj\u00e4hrigen Programms ist \u201eHinter den Kulissen des Museums\u201c, \u201eWas wir im Museum machen\u201c.<\/p>\n<p><strong>Das Programm:<\/strong><br \/>\n16.00 \u2013 17.00 Uhr Lagerung der Sammlungsgegenst\u00e4nde. Warum schaffen es nur einige Objekte ins Museum? Museumsdirektor Peter Barta erkl\u00e4rt, was ein Depot ist und k\u00fcmmert sich um die Sammlungsbest\u00e4nde. Zuzana Luprichov\u00e1, Eduard Belu\u0161\u00e1k und Lenka Lubu\u0161k\u00e1 werden die Depots leiten. Anmeldung im Museum, die Kapazit\u00e4t ist begrenzt. Treffen: virtuelle Ausstellung im 4. Stock.<br \/>\n\ud83d\udde3\ufe0f16.30 \u2013 17.00 Uhr Aus der Geschichte der Bratislavaer Burg \u2013 Steinartefakte. Juraj Kuchar\u00edk und Katar\u00edna Harmadyov\u00e1 werden das Depot leiten. Anmeldung im Museum erforderlich, die Kapazit\u00e4t ist begrenzt. Treffen: Keller, Ausstellung \u201eKelten aus Bratislava\u201c.<br \/>\n17.00 \u2013 18.00 Uhr Neuerwerbungen des Museums \u2013 Wie und warum Objekte ins Museum gelangen, pr\u00e4sentieren: Martina Vyskupov\u00e1, Alena Piatrov\u00e1 und Lenka Lubu\u0161k\u00e1. Treffen: 1. Stock, Ausstellung Neue Museumserwerbungen.<br \/>\n18.00 \u2013 19.30 H\u00e4ppchen aus dem Museum \u2013 Vortr\u00e4ge von Museumsexperten. Vojtech Hami: Faleristische Sammlung, Boris Stoklas: In antiken M\u00fcnzen verborgene Geschichte, Juraj Kuchar\u00edk, Katar\u00edna Harmadyov\u00e1: \u00dcber die \u00e4ltesten Glocken in der Slowakei, Eva Hasalov\u00e1: Mode im Museum, Jasna Pali\u010dkov\u00e1: Ethnografische Sammlungen im Historischen Museum, Miroslava Maurery: Diskogu\u013ea &#8211; ein Sammlungsst\u00fcck, \u013dubom\u00edr Morbacher: Plakate aus dem Jahr 1968 aus Frankreich. Moderation: Andrea Litv\u00e1kov\u00e1. Treffpunkt im 3. Stock, vor dem Museumscaf\u00e9.<br \/>\n20.00 \u2013 21.00 Uhr Lagerung der Sammlungsgegenst\u00e4nde<br \/>\n20.30 \u2013 21.00 Uhr Aus der Geschichte der Bratislavaer Burg \u2013 Steinartefakte<br \/>\n\ud83d\udde3\ufe0f22.00 Nachttour durch die Ausstellung \u201eCelti z Bratislava\u201c mit Co-Autor Juraj Kuchar\u00edk. Treffen: Keller, Ausstellung \u201eKelten aus Bratislava\u201c.<br \/>\n\ud83e\udd2917.00 bis 20.00 Uhr Interaktive Stationen hinter den Kulissen des Museums:<br \/>\n1. Tom\u00e1\u0161 Male\u010dka pr\u00e4sentiert die Dokumentation von Sammlungsobjekten in Vergangenheit und Gegenwart, einschlie\u00dflich neuer Technologien. Treffen: 4. Stock, virtuelle Ausstellung.<br \/>\n2. Konservierung und Restaurierung von Kunstwerken. Demonstration der Gem\u00e4lderestaurierung mit der Restauratorin Ru\u017eenka \u0160k\u00faciov\u00e1. Treffen: 2. Stock, Ausstellung F\u00fcr Ruhm und Lob.<br \/>\n3. Bildung im Museum mit dem Fuchs \u017dig. Zeichnen Sie Ihren Fuchs \u017dig zusammen mit Katar\u00edna Ba\u0161tekov\u00e1 und Jana Hut\u0165anova. Treffen: 3. Stock, U li\u0161iak.<\/p>\n<p><strong>Dauerausstellungen:<\/strong><br \/>\nDer Altar als Objekt<br \/>\nSchlosskapelle der Siebenfachen Jungfrau Maria<br \/>\nRepr\u00e4sentationsr\u00e4ume Nord<br \/>\nJuwelier<br \/>\nGeschichte der Slowakei<\/p>\n<p><strong>Ausstellungen:<\/strong><br \/>\nAnschaffungen f\u00fcr 2023<br \/>\nMartin Jon\u00e1\u0161 \u2013 Maler aus dem Wei\u00dfen Haus<br \/>\nTschechische und slowakische Architektur. Panorama der Architektur 1918-2023<br \/>\nDoppelkreuz<br \/>\nHelden des Widerstands<br \/>\nDie Geschichte des Friseursalons<br \/>\nF\u00fcr Ruhm und Lob<br \/>\nChristliche Motive aus den Kunstsammlungen des SNM \u2013 Historisches Museum<br \/>\nKelten aus Bratislava<\/p>\n<p><strong>Letzter Einlass:<\/strong> 23:00 Uhr<\/p>\n<p><img loading=\"lazy\" width=\"2880\" height=\"1920\" class=\"alignnone size-full wp-image-53016\" src=\"https:\/\/www.visitbratislava.com\/wp-content\/uploads\/2019\/01\/SNM-Historick\u00e9-m\u00fazeum.jpg\" alt=\"\" srcset=\"https:\/\/www.visitbratislava.com\/wp-content\/uploads\/2019\/01\/SNM-Historick\u00e9-m\u00fazeum.jpg 2880w, https:\/\/www.visitbratislava.com\/wp-content\/uploads\/2019\/01\/SNM-Historick\u00e9-m\u00fazeum-400x267.jpg 400w, https:\/\/www.visitbratislava.com\/wp-content\/uploads\/2019\/01\/SNM-Historick\u00e9-m\u00fazeum-768x512.jpg 768w, https:\/\/www.visitbratislava.com\/wp-content\/uploads\/2019\/01\/SNM-Historick\u00e9-m\u00fazeum-800x533.jpg 800w, https:\/\/www.visitbratislava.com\/wp-content\/uploads\/2019\/01\/SNM-Historick\u00e9-m\u00fazeum-200x133.jpg 200w\" sizes=\"(max-width: 2880px) 100vw, 2880px\" \/><\/p>\n<h3>Im Naturhistorischen Museum<\/h3>\n<p>W\u00e4hrend des gesamten Studiums k\u00f6nnen Sie aus verschiedenen naturwissenschaftlichen Aktivit\u00e4ten w\u00e4hlen.<\/p>\n<p><strong>Das Programm:<\/strong><\/p>\n<p>Anthropologie<br \/>\n18.00 \u2013 22.00 Du bist Staub, aber du wirst nicht immer zu Staub werden. Besuch des anthropologischen Depots im 4. Stock. 8.00 \u2013 22.00 Uhr (alle 30 \u2013 45 Min.), Anmeldung im 3. Stock. am Lift ab 17.30 Uhr und ab 20.00 Uhr.<br \/>\nBotanik<br \/>\n15.00 \u2013 23.30 Uhr Die wunderbare Welt der Samen. Demonstration der Vielfalt des Saatguts und Aktivit\u00e4ten zum Kennenlernen,<br \/>\nStandort: 3. Etage: Tagungsraum.<br \/>\n\ud83e\udd29 Lernen Sie das Herbarium des bedeutenden Botanikers Pater Cypri\u00e1n kennen, das \u00e4lteste in der Slowakei erhaltene Herbarium aus dem 18. Jahrhundert, eines der wertvollsten Sammlungsst\u00fccke des Museums. Elektronische Installation und Faxdemonstration. In der Ausstellung \u201eBiodiversit\u00e4t der Slowakei\u201c, 2. Stock.<br \/>\nPilzkunde<br \/>\n\ud83c\udf6d15.00 \u2013 23.30 Uhr Aus dem Leben der Pilze. Die geheimnisvolle Welt der Pilzsporen unter dem Mikroskop, in Illustrationen, und Kinder k\u00f6nnen sie auf Luftballons zeichnen, ebenso leicht und vom Wind getragen.<br \/>\nPal\u00e4ontologie<br \/>\n\ud83c\udf6d15.00 \u2013 19.00 Uhr Bunte versteinerte Welt. Kreativ-Workshops f\u00fcr Kinder, sie bemalen ihren Fossilienabguss nach eigenen Vorstellungen. Ort: Pal\u00e4ontologische Ausstellung Wunder der Natur \u2013 Die Geschichte des Lebens auf der Erde, 2. Etage.<br \/>\n20.00 \u2013 23.30 Uhr Geschichten, die in Fossilien verborgen sind. Geheimnisse, die man aus verschiedenen Arten von Fossilien ablesen kann und die Aufschluss \u00fcber die Vergangenheit unseres Planeten geben. Ort: Pal\u00e4ontologische Ausstellung Wunder der Natur \u2013 Die Geschichte des Lebens auf der Erde, 2. Etage.<br \/>\nZoologie<br \/>\n15.00 \u2013 23.30 Uhr Sexualdimorphismus im Tierreich. Kuriosit\u00e4ten und Neuzug\u00e4nge in der Zoologischen Abteilung des Museums. Standort: 3. Etage; Konferenzraum.<br \/>\nMineralogie &#8211; Petrographie<br \/>\n15.00 \u2013 23.30 Uhr Geologie und ihre Bedeutung im Alltag. Mithilfe thematischer Poster und Videos stellen wir die Arbeit eines Geologen vor. Es gibt eine mikroskopische Ecke, Mineralienproben aus slowakischen Lagerst\u00e4tten, Malb\u00fccher zum mineralogischen Thema f\u00fcr j\u00fcngere Kinder. Standort: 3. Etage; Konferenzraum.<br \/>\n\ud83e\udd29Astronomie<br \/>\n15.00 \u2013 17.00 Uhr Beobachtung der Sonnenaktivit\u00e4t mit astronomischen Teleskopen (bei g\u00fcnstigem Wetter) vor dem Museumsgeb\u00e4ude.<br \/>\n20.00 \u2013 23.30 Uhr Erde im Weltraum. Standort: 3. Etage; Konferenzraum.<br \/>\n21.00 \u2013 23.30 Uhr Beobachtung des Abendhimmels mit astronomischen Teleskopen<\/p>\n<p><strong>Belichtungen:<\/strong><br \/>\nEin Wunder der Natur \u2013 Juwelen der Erde<br \/>\nEin Wunder der Natur \u2013 Der Mensch in Zeit und Raum<br \/>\nEin Wunder der Natur \u2013 Die Geschichte des Lebens auf der Erde<br \/>\nEin Wunder der Natur \u2013 Artenvielfalt der Erde<br \/>\nWunder der Natur \u2013 Biodiversit\u00e4t der Slowakei<\/p>\n<p><strong>Ausstellungen:<\/strong><\/p>\n<p>Ashot Haas. Einblick<br \/>\nMa\u00dfgeschneidert f\u00fcr Kinder. Autorenwerk f\u00fcr Kinder in der sozialistischen Tschechoslowakei<br \/>\nVorlesungen: Discovery Room, 3. Etage.<br \/>\n15.30 Neue Informationen aus der Geschichte der Michalsk\u00e1 ve\u017ea, gewonnen durch Recherche schriftlicher Quellen, Vortrag von Patrik Baxa, St\u00e4dtisches Institut f\u00fcr Denkmalschutz in Bratislava<br \/>\n17.30 Planetensysteme im Weltraum, Vortrag von Zden\u011bk Urban, Europlanet Society, Poprad<\/p>\n<p><em>Letzter Einlass:<\/em> 23:30 Uhr<\/p>\n<p><strong><img loading=\"lazy\" class=\"alignnone wp-image-18444 size-full\" src=\"https:\/\/www.visitbratislava.com\/wp-content\/uploads\/2016\/06\/prirodovedne_zazrak-prirody-pribeh-zivota.jpg\" alt=\"\" width=\"700\" height=\"318\" srcset=\"https:\/\/www.visitbratislava.com\/wp-content\/uploads\/2016\/06\/prirodovedne_zazrak-prirody-pribeh-zivota.jpg 700w, https:\/\/www.visitbratislava.com\/wp-content\/uploads\/2016\/06\/prirodovedne_zazrak-prirody-pribeh-zivota-400x182.jpg 400w, https:\/\/www.visitbratislava.com\/wp-content\/uploads\/2016\/06\/prirodovedne_zazrak-prirody-pribeh-zivota-200x91.jpg 200w, https:\/\/www.visitbratislava.com\/wp-content\/uploads\/2016\/06\/prirodovedne_zazrak-prirody-pribeh-zivota-184x84.jpg 184w\" sizes=\"(max-width: 700px) 100vw, 700px\" \/><\/strong><\/p>\n<p><em>Programm\u00e4nderungen vorbehalten, vielen Dank f\u00fcr Ihr Verst\u00e4ndnis.<\/em><\/p>\n","protected":false},"excerpt":{"rendered":"<p>Wie immer wird der Nationalmuseumstag so gefeiert, wie er sein sollte, SNM hat ein intensives Programm in acht Museen in Bratislava vorbereitet!<\/p>\n","protected":false},"author":32,"featured_media":137593,"parent":137576,"menu_order":0,"comment_status":"closed","ping_status":"closed","template":"","meta":[],"acf":[],"_links":{"self":[{"href":"https:\/\/www.visitbratislava.com\/de\/wp-json\/wp\/v2\/pages\/137600"}],"collection":[{"href":"https:\/\/www.visitbratislava.com\/de\/wp-json\/wp\/v2\/pages"}],"about":[{"href":"https:\/\/www.visitbratislava.com\/de\/wp-json\/wp\/v2\/types\/page"}],"author":[{"embeddable":true,"href":"https:\/\/www.visitbratislava.com\/de\/wp-json\/wp\/v2\/users\/32"}],"replies":[{"embeddable":true,"href":"https:\/\/www.visitbratislava.com\/de\/wp-json\/wp\/v2\/comments?post=137600"}],"version-history":[{"count":4,"href":"https:\/\/www.visitbratislava.com\/de\/wp-json\/wp\/v2\/pages\/137600\/revisions"}],"predecessor-version":[{"id":293764,"href":"https:\/\/www.visitbratislava.com\/de\/wp-json\/wp\/v2\/pages\/137600\/revisions\/293764"}],"up":[{"embeddable":true,"href":"https:\/\/www.visitbratislava.com\/de\/wp-json\/wp\/v2\/pages\/137576"}],"wp:featuredmedia":[{"embeddable":true,"href":"https:\/\/www.visitbratislava.com\/de\/wp-json\/wp\/v2\/media\/137593"}],"wp:attachment":[{"href":"https:\/\/www.visitbratislava.com\/de\/wp-json\/wp\/v2\/media?parent=137600"}],"curies":[{"name":"wp","href":"https:\/\/api.w.org\/{rel}","templated":true}]}}