{"id":139837,"date":"2022-06-02T15:56:40","date_gmt":"2022-06-02T13:56:40","guid":{"rendered":"https:\/\/www.visitbratislava.com\/?page_id=139837"},"modified":"2024-05-16T10:19:04","modified_gmt":"2024-05-16T08:19:04","slug":"thematische-fuehrungen-waehrend-rendezvous-im-garten","status":"publish","type":"page","link":"https:\/\/www.visitbratislava.com\/de\/rendezvous-im-garten\/thematische-fuehrungen-waehrend-rendezvous-im-garten\/","title":{"rendered":"Thematische F\u00fchrungen"},"content":{"rendered":"<p>Wir entschuldigen uns, es gibt dieses Jahr nur <a href=\"https:\/\/www.visitbratislava.com\/sk\/vikend-otvorenych-parkov-a-zahrad\/tematicke-prehliadky-pocas-vikendu-otvorenych-parkov-a-zahrad\/\" target=\"_blank\" rel=\"noopener\">TOUREN IN SLOWAKISCHER SPRACHE<\/a>. Wir haben einige Orte ausgew\u00e4hlt, die Sie besuchen und genie\u00dfen k\u00f6nnen:<\/p>\n<h3>Lesesaal im Red Crab<\/h3>\n<p>Heute geh\u00f6rt es zur Stadtbibliothek Bratislava und befindet sich im ehemaligen Verteidigungsgraben der Stadt Bratislava, der um die Mitte des 14. Jahrhunderts als wichtiger Bestandteil des passiven Verteidigungssystems der Stadt angelegt wurde. Vom Lesesaal aus sind noch heute Reste der Wehrmauern zu sehen. Samstags ab 15 Uhr Sie k\u00f6nnen an einem Floristen-Workshop teilnehmen.<\/p>\n<div class=\"grid-container\"><div class=\"grid-container__item\"><div class=\"block\"><a href=\"https:\/\/www.visitbratislava.com\/wp-content\/uploads\/2024\/05\/Papaver-workshop-vopz.jpg\" data-fancybox=\"gallery\" data-caption=\"\"><div class=\"background\"><img src=\"https:\/\/www.visitbratislava.com\/wp-content\/uploads\/2024\/05\/Papaver-workshop-vopz.jpg\" alt=\"foto\"\/><\/div><div class=\"overlay filter-blue\"><div class=\"content\"><span class=\"zoom-button\"><\/span><\/div><\/div><\/a><\/div><\/div><div class=\"grid-container__item\"><div class=\"block\"><a href=\"https:\/\/www.visitbratislava.com\/wp-content\/uploads\/2023\/06\/Letna-citaren-u-cerveneho-raka-800x532.jpg\" data-fancybox=\"gallery\" data-caption=\"\"><div class=\"background\" style=\"background-image: url(https:\/\/www.visitbratislava.com\/wp-content\/uploads\/2023\/06\/Letna-citaren-u-cerveneho-raka-800x532.jpg)\"><\/div><div class=\"overlay filter-green\"><div class=\"content\"><span class=\"zoom-button\"><\/span><\/div><\/div><\/a><\/div><\/div><div class=\"grid-container__item more\"><\/div><\/div>\n<h3>Der Klostergarten der Franziskaner<\/h3>\n<p>Es ist einer der \u00e4ltesten G\u00e4rten in Bratislava. Die Geschichte der Franziskaner in Bratislava reicht bis in die Mitte des 13. Jahrhunderts zur\u00fcck. Er baute in Bratislava gerne einen gro\u00dfen Komplex mit einem Kloster und einer fr\u00fchgotischen Kirche, die 1291 im Beisein des ungarischen K\u00f6nigs Ondrej III. geweiht wurde. Auf der weitl\u00e4ufigen Fl\u00e4che des Gartens bauten die Franziskaner nicht nur Gem\u00fcse und Obst an, sondern auch Heilkr\u00e4uter, die f\u00fcr die Behandlung von Kranken im Klosterkrankenhaus notwendig waren.<\/p>\n<div class=\"grid-container\"><div class=\"grid-container__item\"><div class=\"block\"><a href=\"https:\/\/www.visitbratislava.com\/wp-content\/uploads\/2024\/05\/zahrada-frantiskanov.jpg\" data-fancybox=\"gallery\" data-caption=\"\"><div class=\"background\"><img src=\"https:\/\/www.visitbratislava.com\/wp-content\/uploads\/2024\/05\/zahrada-frantiskanov.jpg\" alt=\"foto\"\/><\/div><div class=\"overlay filter-blue\"><div class=\"content\"><span class=\"zoom-button\"><\/span><\/div><\/div><\/a><\/div><\/div><div class=\"grid-container__item\"><div class=\"block\"><a href=\"https:\/\/www.visitbratislava.com\/wp-content\/uploads\/2024\/05\/frantiskanska-klastrona-zahrada.jpg\" data-fancybox=\"gallery\" data-caption=\"\"><div class=\"background\" style=\"background-image: url(https:\/\/www.visitbratislava.com\/wp-content\/uploads\/2024\/05\/frantiskanska-klastrona-zahrada.jpg)\"><\/div><div class=\"overlay filter-green\"><div class=\"content\"><span class=\"zoom-button\"><\/span><\/div><\/div><\/a><\/div><\/div><div class=\"grid-container__item more\"><\/div><\/div>\n<h3>Liszts Garten<\/h3>\n<p>Es liegt in der N\u00e4he des sp\u00e4tbarocken Schlosses des F\u00fcrsten Leopold von Pauli, dem Verwalter der k\u00f6niglichen G\u00fcter. Dieser Palast wurde 1775\u201376 an der Stelle eines \u00e4lteren K\u00f6nigshauses erbaut. Es ist das einzige Palais neben dem Propstpalais in der Kapitulsk\u00e1-Stra\u00dfe, das im 18. Jahrhundert \u00fcber einen regelm\u00e4\u00dfigen Innenhof und einen angrenzenden gr\u00f6\u00dferen Garten verf\u00fcgte. Damals errichteten sie im Garten ein barockes Erdgeschossgeb\u00e4ude, den sogenannten A-Musikpavillon, in dem Konzerte und Gartenfeste stattfanden.<\/p>\n<div class=\"grid-container\"><div class=\"grid-container__item\"><div class=\"block\"><a href=\"https:\/\/www.visitbratislava.com\/wp-content\/uploads\/2024\/05\/lisztova-zahrada.jpg\" data-fancybox=\"gallery\" data-caption=\"\"><div class=\"background\"><img src=\"https:\/\/www.visitbratislava.com\/wp-content\/uploads\/2024\/05\/lisztova-zahrada.jpg\" alt=\"foto\"\/><\/div><div class=\"overlay filter-blue\"><div class=\"content\"><span class=\"zoom-button\"><\/span><\/div><\/div><\/a><\/div><\/div><div class=\"grid-container__item\"><div class=\"block\"><a href=\"https:\/\/www.visitbratislava.com\/wp-content\/uploads\/2024\/05\/lisztova0-zahrada.jpg\" data-fancybox=\"gallery\" data-caption=\"\"><div class=\"background\" style=\"background-image: url(https:\/\/www.visitbratislava.com\/wp-content\/uploads\/2024\/05\/lisztova0-zahrada.jpg)\"><\/div><div class=\"overlay filter-green\"><div class=\"content\"><span class=\"zoom-button\"><\/span><\/div><\/div><\/a><\/div><\/div><div class=\"grid-container__item more\"><\/div><\/div>\n<h3>P\u00e1lffy-Palast<\/h3>\n<p>Es handelt sich um ein nationales Kulturdenkmal aus der Mitte des 17. Jahrhunderts. Es wird Sie mit seiner unverwechselbaren Atmosph\u00e4re, fantastischen Akustik und historischen R\u00e4umen, die \u00dcberreste eines Teils des Palastes der Familie P\u00e1lffy sind, verzaubern. Der P\u00e1lffy-Palastkomplex wurde von Paul IV. erbaut. P\u00e1lffy in den Jahren 1646 bis 1653 im Raum zwischen den heutigen Stra\u00dfen Z\u00e1mock\u00e1, Svoradov\u00e1 und \u0160karniclova. Dazu entschied er sich w\u00e4hrend des Wiederaufbaus des Burgpalastes in Pre\u0161pork, den er leitete und teilweise finanzierte. Der Palast verf\u00fcgte \u00fcber drei ummauerte Innenh\u00f6fe, einen offenen Wirtschaftshof und einen au\u00dfergew\u00f6hnlichen Gartenfl\u00fcgel mit Treppenpavillon.<\/p>\n<div class=\"grid-container\"><div class=\"grid-container__item\"><div class=\"block\"><a href=\"https:\/\/www.visitbratislava.com\/wp-content\/uploads\/2024\/05\/pallfyho-zahrada-zamocka.jpg\" data-fancybox=\"gallery\" data-caption=\"\"><div class=\"background\"><img src=\"https:\/\/www.visitbratislava.com\/wp-content\/uploads\/2024\/05\/pallfyho-zahrada-zamocka.jpg\" alt=\"foto\"\/><\/div><div class=\"overlay filter-blue\"><div class=\"content\"><span class=\"zoom-button\"><\/span><\/div><\/div><\/a><\/div><\/div><div class=\"grid-container__item\"><div class=\"block\"><a href=\"https:\/\/www.visitbratislava.com\/wp-content\/uploads\/2024\/05\/palffyho-zahrada.jpg\" data-fancybox=\"gallery\" data-caption=\"\"><div class=\"background\" style=\"background-image: url(https:\/\/www.visitbratislava.com\/wp-content\/uploads\/2024\/05\/palffyho-zahrada.jpg)\"><\/div><div class=\"overlay filter-green\"><div class=\"content\"><span class=\"zoom-button\"><\/span><\/div><\/div><\/a><\/div><\/div><div class=\"grid-container__item more\"><\/div><\/div>\n<h3>Garten des Albrecht-Hauses<\/h3>\n<p>Das Albrecht-Haus ist ein aufstrebendes Kulturzentrum im Herzen des historischen Bratislava. Der Garten wurde im August 2019 als Teil der Au\u00dfenanlage des Zentrums angelegt. Wir versuchen darin praktische und dekorative Funktionen zu vereinen. Es dient als Auditorium f\u00fcr \u00f6ffentliche Kunstveranstaltungen und ist daher eine Kombination aus Zuschauersitzen und Blumenbeeten mit dekorativen Blumen und B\u00e4umen.<\/p>\n<p><img loading=\"lazy\" width=\"1500\" height=\"1000\" class=\"alignnone size-full wp-image-244358\" src=\"https:\/\/www.visitbratislava.com\/wp-content\/uploads\/2023\/05\/Albrechtov-dom-z-ich-webu-1.jpg\" alt=\"\" srcset=\"https:\/\/www.visitbratislava.com\/wp-content\/uploads\/2023\/05\/Albrechtov-dom-z-ich-webu-1.jpg 1500w, https:\/\/www.visitbratislava.com\/wp-content\/uploads\/2023\/05\/Albrechtov-dom-z-ich-webu-1-400x267.jpg 400w, https:\/\/www.visitbratislava.com\/wp-content\/uploads\/2023\/05\/Albrechtov-dom-z-ich-webu-1-800x533.jpg 800w, https:\/\/www.visitbratislava.com\/wp-content\/uploads\/2023\/05\/Albrechtov-dom-z-ich-webu-1-768x512.jpg 768w, https:\/\/www.visitbratislava.com\/wp-content\/uploads\/2023\/05\/Albrechtov-dom-z-ich-webu-1-200x133.jpg 200w\" sizes=\"(max-width: 1500px) 100vw, 1500px\" \/><\/p>\n<h3>Pr\u00fcger-Wallners Garten<\/h3>\n<p>Der Villengarten der Familie des Hoteliers Heinrich Pr\u00fcger, der sowohl einen Zier- als auch einen Nutzanteil hatte. Im s\u00fcdlichen Teil befanden sich vier Gew\u00e4chsh\u00e4user und ein Haus mit Heizraum f\u00fcr deren Heizung, das noch heute hier zu finden ist und als Selbstbedienungsk\u00fcche dient. Die Familie Pr\u0171ger betrieb einen privaten Gartenbaubetrieb namens Fl\u00f3ra. Nach dem Zweiten Weltkrieg zogen die Eigent\u00fcmer nach England. Heute ist der Garten Eigentum der Stadt Bratislava und umfasst auch den Gemeinschaftsgarten Pr\u00fcgerka, der vom National Trust Nr. verwaltet wird.<\/p>\n<p><img loading=\"lazy\" width=\"2048\" height=\"1366\" class=\"alignnone size-full wp-image-255943\" src=\"https:\/\/www.visitbratislava.com\/wp-content\/uploads\/2023\/08\/Prugerka-domcek.jpg\" alt=\"\" srcset=\"https:\/\/www.visitbratislava.com\/wp-content\/uploads\/2023\/08\/Prugerka-domcek.jpg 2048w, https:\/\/www.visitbratislava.com\/wp-content\/uploads\/2023\/08\/Prugerka-domcek-400x267.jpg 400w, https:\/\/www.visitbratislava.com\/wp-content\/uploads\/2023\/08\/Prugerka-domcek-800x534.jpg 800w, https:\/\/www.visitbratislava.com\/wp-content\/uploads\/2023\/08\/Prugerka-domcek-768x512.jpg 768w, https:\/\/www.visitbratislava.com\/wp-content\/uploads\/2023\/08\/Prugerka-domcek-1536x1025.jpg 1536w, https:\/\/www.visitbratislava.com\/wp-content\/uploads\/2023\/08\/Prugerka-domcek-200x133.jpg 200w\" sizes=\"(max-width: 2048px) 100vw, 2048px\" \/><\/p>\n<h3>Open-Air-Galerie-Garten<\/h3>\n<p>Die unabh\u00e4ngige Galerie Atelieri\u00e9r.EM ist in den R\u00e4umlichkeiten des Hauses t\u00e4tig, in dem die Bildhauerin Katar\u00edna Kissoczy seit mehr als zehn Jahren lebt und arbeitet. Seit 2009 veranstaltet es j\u00e4hrlich ein Internationales Kunstsymposium unter dem Namen SEM, das Erna Masarovi\u010dov\u00e1 (1926 \u2013 2008) gewidmet ist, einer bedeutenden slowakischen Bildhauerin und Begr\u00fcnderin der modernen slowakischen Schmuck- und Medaillenherstellung. Die in den einzelnen Jahren des Symposiums entstandenen Skulpturen werden heute in der Freilichtgalerie Z\u00e1HRADA in Langsfeldov\u00e1 2 ausgestellt. Besucher k\u00f6nnen ortsspezifische Skulpturenwerke einheimischer und ausl\u00e4ndischer Autoren aus der Tschechischen Republik, Polen, den Niederlanden, Mexiko, Estland und anderen sehen L\u00e4nder.<\/p>\n<div class=\"grid-container\"><div class=\"grid-container__item\"><div class=\"block\"><a href=\"https:\/\/www.visitbratislava.com\/wp-content\/uploads\/2024\/05\/Galeria-Zahrada-vozp.jpg\" data-fancybox=\"gallery\" data-caption=\"\"><div class=\"background\"><img src=\"https:\/\/www.visitbratislava.com\/wp-content\/uploads\/2024\/05\/Galeria-Zahrada-vozp.jpg\" alt=\"foto\"\/><\/div><div class=\"overlay filter-blue\"><div class=\"content\"><span class=\"zoom-button\"><\/span><\/div><\/div><\/a><\/div><\/div><div class=\"grid-container__item\"><div class=\"block\"><a href=\"https:\/\/www.visitbratislava.com\/wp-content\/uploads\/2024\/05\/Galeria-zahrada.jpg\" data-fancybox=\"gallery\" data-caption=\"\"><div class=\"background\" style=\"background-image: url(https:\/\/www.visitbratislava.com\/wp-content\/uploads\/2024\/05\/Galeria-zahrada.jpg)\"><\/div><div class=\"overlay filter-green\"><div class=\"content\"><span class=\"zoom-button\"><\/span><\/div><\/div><\/a><\/div><\/div><div class=\"grid-container__item more\"><\/div><\/div>\n<h3>Hausnatura<\/h3>\n<p>Die erste st\u00e4dtische vertikale Hydrokulturfarm in Bratislava \u2013 Petr\u017ealka. Beim vertikalen Anbau handelt es sich um den landwirtschaftlichen Prozess, bei dem Pflanzen \u00fcbereinander und nicht in traditionellen horizontalen Reihen angebaut werden. Durch den vertikalen Anbau wird Platz geschont, was zu einem h\u00f6heren Ernteertrag pro Quadratfu\u00df genutzter Fl\u00e4che f\u00fchrt.<\/p>\n<div class=\"grid-container\"><div class=\"grid-container__item\"><div class=\"block\"><a href=\"https:\/\/www.visitbratislava.com\/wp-content\/uploads\/2024\/05\/Hausnatura-zahrada.jpg\" data-fancybox=\"gallery\" data-caption=\"\"><div class=\"background\"><img src=\"https:\/\/www.visitbratislava.com\/wp-content\/uploads\/2024\/05\/Hausnatura-zahrada.jpg\" alt=\"foto\"\/><\/div><div class=\"overlay filter-blue\"><div class=\"content\"><span class=\"zoom-button\"><\/span><\/div><\/div><\/a><\/div><\/div><div class=\"grid-container__item\"><div class=\"block\"><a href=\"https:\/\/www.visitbratislava.com\/wp-content\/uploads\/2024\/05\/Hausnatura.jpg\" data-fancybox=\"gallery\" data-caption=\"\"><div class=\"background\" style=\"background-image: url(https:\/\/www.visitbratislava.com\/wp-content\/uploads\/2024\/05\/Hausnatura.jpg)\"><\/div><div class=\"overlay filter-green\"><div class=\"content\"><span class=\"zoom-button\"><\/span><\/div><\/div><\/a><\/div><\/div><div class=\"grid-container__item more\"><\/div><\/div>\n<h2>Au\u00dferhalb von Bratislava<\/h2>\n<h3>Schaubmars M\u00fchle \u2013 Slowakische Nationalgalerie<\/h3>\n<p>Am n\u00f6rdlichen Rand von Pezinok am Fu\u00dfe der Kleinen Karpaten im Bezirk Cajla ist das barocke Steingeb\u00e4ude der Schaubmar-M\u00fchle Teil eines geschlossenen, von einer Mauer umgebenen M\u00fchlengel\u00e4ndes. Derzeit dient es als Galerie f\u00fcr Ausstellungen zeitgen\u00f6ssischer Kunst der Slowakischen Nationalgalerie. Zum M\u00fchlenkomplex geh\u00f6rt ein wundersch\u00f6ner Obstgarten. W\u00e4hrend der \u00d6ffnungszeiten der M\u00fchle k\u00f6nnen Sie darin entspannen.<\/p>\n<p><img loading=\"lazy\" width=\"720\" height=\"479\" class=\"alignnone size-full wp-image-294968\" src=\"https:\/\/www.visitbratislava.com\/wp-content\/uploads\/2024\/05\/SNG-Schaubmarov-mlyn.jpg\" alt=\"\" srcset=\"https:\/\/www.visitbratislava.com\/wp-content\/uploads\/2024\/05\/SNG-Schaubmarov-mlyn.jpg 720w, https:\/\/www.visitbratislava.com\/wp-content\/uploads\/2024\/05\/SNG-Schaubmarov-mlyn-400x266.jpg 400w, https:\/\/www.visitbratislava.com\/wp-content\/uploads\/2024\/05\/SNG-Schaubmarov-mlyn-200x133.jpg 200w\" sizes=\"(max-width: 720px) 100vw, 720px\" \/><\/p>\n","protected":false},"excerpt":{"rendered":"<p>G\u00e4rten des Pressburger \/ Bratislavaer Adels und prominenter B\u00fcrger oder Musiker waren oft ein Ort des gesellschaftlichen Lebens \u2013 Spazierg\u00e4nge, endlose Debatten, Liebkosungen verliebter Paare, die sich in gr\u00fcnen Labyrinthen versteckten, aber auch Feste, Feiern, Hochzeiten, Spiele und bei sch\u00f6nem Wetter Es fanden gemeinsames Musizieren und Open-Air-Konzerte statt.<\/p>\n","protected":false},"author":32,"featured_media":139830,"parent":139825,"menu_order":0,"comment_status":"closed","ping_status":"closed","template":"","meta":[],"acf":[],"_links":{"self":[{"href":"https:\/\/www.visitbratislava.com\/de\/wp-json\/wp\/v2\/pages\/139837"}],"collection":[{"href":"https:\/\/www.visitbratislava.com\/de\/wp-json\/wp\/v2\/pages"}],"about":[{"href":"https:\/\/www.visitbratislava.com\/de\/wp-json\/wp\/v2\/types\/page"}],"author":[{"embeddable":true,"href":"https:\/\/www.visitbratislava.com\/de\/wp-json\/wp\/v2\/users\/32"}],"replies":[{"embeddable":true,"href":"https:\/\/www.visitbratislava.com\/de\/wp-json\/wp\/v2\/comments?post=139837"}],"version-history":[{"count":10,"href":"https:\/\/www.visitbratislava.com\/de\/wp-json\/wp\/v2\/pages\/139837\/revisions"}],"predecessor-version":[{"id":294988,"href":"https:\/\/www.visitbratislava.com\/de\/wp-json\/wp\/v2\/pages\/139837\/revisions\/294988"}],"up":[{"embeddable":true,"href":"https:\/\/www.visitbratislava.com\/de\/wp-json\/wp\/v2\/pages\/139825"}],"wp:featuredmedia":[{"embeddable":true,"href":"https:\/\/www.visitbratislava.com\/de\/wp-json\/wp\/v2\/media\/139830"}],"wp:attachment":[{"href":"https:\/\/www.visitbratislava.com\/de\/wp-json\/wp\/v2\/media?parent=139837"}],"curies":[{"name":"wp","href":"https:\/\/api.w.org\/{rel}","templated":true}]}}