{"id":142752,"date":"2022-07-11T12:11:45","date_gmt":"2022-07-11T10:11:45","guid":{"rendered":"https:\/\/www.visitbratislava.com\/?page_id=142752"},"modified":"2025-07-24T11:22:58","modified_gmt":"2025-07-24T09:22:58","slug":"programm-der-bratislavaer-kroenungstage","status":"publish","type":"page","link":"https:\/\/www.visitbratislava.com\/de\/programm-der-bratislavaer-kroenungstage\/","title":{"rendered":"Programm der Bratislavaer Kr\u00f6nungstage"},"content":{"rendered":"<h2 data-start=\"679\" data-end=\"743\">\ud83d\udc51Hauptprogramm<\/h2>\n<h3 data-start=\"3463\" data-end=\"3491\">\ud83c\udfc7 FREITAG, 25. Juli 2025<\/h3>\n<p data-start=\"3493\" data-end=\"3562\">\ud83d\udd38 <strong data-start=\"3496\" data-end=\"3562\">\ud83c\udfc7 Ritterturnier &amp; Falknerei \u2013 Der Friede von \u017ditava im Sattel<\/strong><\/p>\n<p data-start=\"3564\" data-end=\"3631\">\ud83d\udd58 17:30 \u2013 20:00<br data-start=\"3601\" data-end=\"3604\" \/>\ud83d\udccd Tyr\u0161-Ufer<br data-start=\"3616\" data-end=\"3619\" \/>\ud83d\udcb6 Kostenlos<\/p>\n<p data-start=\"3633\" data-end=\"3777\"><strong data-start=\"3633\" data-end=\"3650\">17:30 \u2013 18:30<\/strong><br data-start=\"3650\" data-end=\"3653\" \/>\u2022 Edle Jagdkunst zu Pferd<br data-start=\"3678\" data-end=\"3681\" \/>\u2022 Flugshows mit 4\u20136 Greifv\u00f6geln<br data-start=\"3712\" data-end=\"3715\" \/>\u2022 Vorf\u00fchrung mit Jagdhunden<br data-start=\"3742\" data-end=\"3745\" \/>\u2022 1 Falkner zu Pferd, 2 am Boden<\/p>\n<p data-start=\"3779\" data-end=\"3834\"><strong data-start=\"3779\" data-end=\"3788\">18:30<\/strong><br data-start=\"3788\" data-end=\"3791\" \/>\u2022 Reitvorf\u00fchrung und Vorstellung der Reiter<\/p>\n<p data-start=\"3836\" data-end=\"4115\"><strong data-start=\"3836\" data-end=\"3845\">18:45<\/strong><br data-start=\"3845\" data-end=\"3848\" \/>\u2022 Szenisches Turnier nach historischem Vorbild<br data-start=\"3894\" data-end=\"3897\" \/>\u2022 Inspiriert vom Friedensschluss zwischen Ungarn und dem Osmanischen Reich (\u017ditava, 1606)<br data-start=\"3986\" data-end=\"3989\" \/>\u2022 Reale historische Pers\u00f6nlichkeiten als Turnierteilnehmer<br data-start=\"4047\" data-end=\"4050\" \/>\u2022 Reit- und Bodendisziplinen mit symbolischer Kulturkonfrontation<\/p>\n<p data-start=\"4117\" data-end=\"4237\">Ein authentisches, visuell eindrucksvolles Spektakel \u2013 mit Tiefgang und gro\u00dfem Unterhaltungswert f\u00fcr alle Altersgruppen.<\/p>\n<div class=\"grid-container\"><div class=\"grid-container__item\"><div class=\"block\"><a href=\"https:\/\/www.visitbratislava.com\/wp-content\/uploads\/2025\/07\/Karol-Srnec_BKD-2022_korunovacne-dni_ba-hrad_Tyrsovo-nabrezie_kone_nevyhradna-licencia_casovo-neobmedzena-49-800x600.jpg\" data-fancybox=\"gallery\" data-caption=\"\"><div class=\"background\"><img src=\"https:\/\/www.visitbratislava.com\/wp-content\/uploads\/2025\/07\/Karol-Srnec_BKD-2022_korunovacne-dni_ba-hrad_Tyrsovo-nabrezie_kone_nevyhradna-licencia_casovo-neobmedzena-49-800x600.jpg\" alt=\"foto\"\/><\/div><div class=\"overlay filter-blue\"><div class=\"content\"><span class=\"zoom-button\"><\/span><\/div><\/div><\/a><\/div><\/div><div class=\"grid-container__item\"><div class=\"block\"><a href=\"https:\/\/www.visitbratislava.com\/wp-content\/uploads\/2025\/07\/Karol-Srnec_BKD-2022_korunovacne-dni_ba-hrad_Tyrsovo-nabrezie_kone_nevyhradna-licencia_casovo-neobmedzena-47-800x600.jpg\" data-fancybox=\"gallery\" data-caption=\"\"><div class=\"background\" style=\"background-image: url(https:\/\/www.visitbratislava.com\/wp-content\/uploads\/2025\/07\/Karol-Srnec_BKD-2022_korunovacne-dni_ba-hrad_Tyrsovo-nabrezie_kone_nevyhradna-licencia_casovo-neobmedzena-47-800x600.jpg)\"><\/div><div class=\"overlay filter-green\"><div class=\"content\"><span class=\"zoom-button\"><\/span><\/div><\/div><\/a><\/div><\/div><div class=\"grid-container__item more\"><\/div><\/div>\n<hr data-start=\"4239\" data-end=\"4242\" \/>\n<h3 data-start=\"3463\" data-end=\"3491\">\ud83c\udff0 SAMSTAG, 26. Juli 2025<\/h3>\n<p data-start=\"4675\" data-end=\"4733\">\ud83d\udd38 <strong data-start=\"4678\" data-end=\"4733\">\ud83d\udc51 Kr\u00f6nungszug &amp; Szenen aus dem barocken Bratislava<\/strong><\/p>\n<p data-start=\"4735\" data-end=\"4803\">\ud83d\udd58 15:30 \u2013 18:10<br data-start=\"4751\" data-end=\"4754\" \/>\ud83d\udccd Pressburger Burg \u2192 Hauptplatz<br data-start=\"4786\" data-end=\"4789\" \/>\ud83d\udcb6 Kostenlos<\/p>\n<p data-start=\"4805\" data-end=\"5006\">Ein prachtvoller Umzug, wie ihn einst die K\u00f6nige von Ungarn bei ihrer Kr\u00f6nung durch die Stadt machten. Im Mittelpunkt steht Karl III., der symbolisch nach Pre\u00dfburg zur\u00fcckkehrt, um seinen Eid abzulegen.<\/p>\n<p data-start=\"5008\" data-end=\"5062\">\ud83c\udfad <em data-start=\"5011\" data-end=\"5062\">Mit englischen Untertiteln w\u00e4hrend des Programms.<\/em><\/p>\n<p data-start=\"5064\" data-end=\"5435\"><strong data-start=\"5064\" data-end=\"5075\">Ablauf:<\/strong><br data-start=\"5075\" data-end=\"5078\" \/>\u2022 <strong data-start=\"5080\" data-end=\"5097\">15:30 \u2013 16:00<\/strong> Er\u00f6ffnung bei der Sv\u00e4topluk-Statue an der Burg<br data-start=\"5144\" data-end=\"5147\" \/>\u2022 <strong data-start=\"5149\" data-end=\"5158\">16:00<\/strong> Abmarsch durch das Burgtor<br data-start=\"5185\" data-end=\"5188\" \/>\u2022 <strong data-start=\"5190\" data-end=\"5199\">16:25<\/strong> Empfang am Hauptplatz<br data-start=\"5221\" data-end=\"5224\" \/>\u2022 <strong data-start=\"5226\" data-end=\"5243\">17:00 \u2013 17:30<\/strong> Theaterszene \u201eAuf dem Weg nach Pre\u00dfburg\u201c (Kr\u00f6nungsritual &amp; Eid)<br data-start=\"5307\" data-end=\"5310\" \/>\u2022 <strong data-start=\"5312\" data-end=\"5329\">17:30 \u2013 18:10<\/strong> Falknerei, T\u00e4nze, Fechtduelle \u2013 Ehrung des K\u00f6nigs<br data-start=\"5379\" data-end=\"5382\" \/>\u2022 Abschluss mit \ud83d\udcf8 Fotos mit den historischen Figuren<\/p>\n<p>\ud83d\udcf8 Gruppenfoto des k\u00f6niglichen Zuges \u2013 Jedes Jahr ist das Gruppenfoto des historischen Zuges einer der sch\u00f6nsten Momente der Bratislavaer Kr\u00f6nungstage. Dieses Jahr wird um 14:00 Uhr bei der Sv\u00e4topluk-Statue ein gro\u00dfes Gruppenfoto der rund 200 Mitwirkenden aufgenommen.<\/p>\n<p>\ud83c\udfad Versch\u00f6nern Sie sich die Zeit zwischen 14:00 und 16:00 Uhr mit einem Besuch des KI-Fotopoints auf der Ostterrasse der Burg. Dort k\u00f6nnen Sie sich mithilfe k\u00fcnstlicher Intelligenz in einen K\u00f6nig oder eine K\u00f6nigin verwandeln und Ihr eigenes \u201eKr\u00f6nungsfoto\u201c kostenlos mit nach Hause nehmen.<\/p>\n<div class=\"grid-container\"><div class=\"grid-container__item\"><div class=\"block\"><a href=\"https:\/\/www.visitbratislava.com\/wp-content\/uploads\/2024\/07\/Martin_Koller_BKD_2023_leto_kupene_Bratislavske_korunovacne_dni_vyhradna_licencia_casovo_neobmedzena-15-800x533.jpg\" data-fancybox=\"gallery\" data-caption=\"\"><div class=\"background\"><img src=\"https:\/\/www.visitbratislava.com\/wp-content\/uploads\/2024\/07\/Martin_Koller_BKD_2023_leto_kupene_Bratislavske_korunovacne_dni_vyhradna_licencia_casovo_neobmedzena-15-800x533.jpg\" alt=\"foto\"\/><\/div><div class=\"overlay filter-blue\"><div class=\"content\"><span class=\"zoom-button\"><\/span><\/div><\/div><\/a><\/div><\/div><div class=\"grid-container__item\"><div class=\"block\"><a href=\"https:\/\/www.visitbratislava.com\/wp-content\/uploads\/2024\/07\/Martin_Koller_BKD_2023_leto_kupene_Bratislavske_korunovacne_dni_vyhradna_licencia_casovo_neobmedzena-17-800x533.jpg\" data-fancybox=\"gallery\" data-caption=\"\"><div class=\"background\" style=\"background-image: url(https:\/\/www.visitbratislava.com\/wp-content\/uploads\/2024\/07\/Martin_Koller_BKD_2023_leto_kupene_Bratislavske_korunovacne_dni_vyhradna_licencia_casovo_neobmedzena-17-800x533.jpg)\"><\/div><div class=\"overlay filter-green\"><div class=\"content\"><span class=\"zoom-button\"><\/span><\/div><\/div><\/a><\/div><\/div><div class=\"grid-container__item more\"><\/div><\/div>\n<hr \/>\n<h2>\ud83e\udd34\u00a0Begleitprogramm<\/h2>\n<p data-start=\"745\" data-end=\"806\">\ud83d\udd38 <strong data-start=\"748\" data-end=\"806\">Nachbildung der ungarischen K\u00f6nigskrone im Stadtmuseum<\/strong><\/p>\n<p data-start=\"808\" data-end=\"912\">\ud83d\udd58 Freitag bis Sonntag: 10:00 \u2013 18:00\u00a0<br data-start=\"845\" data-end=\"848\" \/>\ud83d\udccd Altes Rathaus, Stadtmuseum Bratislava<br data-start=\"888\" data-end=\"891\" \/>\ud83d\udcb6 4 \u20ac \/ 2 \u20ac erm\u00e4\u00dfigt<\/p>\n<p data-start=\"914\" data-end=\"1247\">Eine originalgetreue Nachbildung einer der \u00e4ltesten Kronen Europas, angefertigt von den Juwelieren Miku\u0161 Diamonds. Sie besteht aus 362 echten Perlen und 98 Edelsteinen und wurde in \u00fcber <a href=\"https:\/\/www.visitbratislava.com\/de\/ungarische-koenigskrone\/\" target=\"_blank\" rel=\"noopener\">1000 Stunden Handarbeit<\/a> gefertigt. Die Krone ist Teil einer Ausstellung zur Stadt- und Kr\u00f6nungsgeschichte im historischen Saal des Alten Rathauses.<\/p>\n<p data-start=\"914\" data-end=\"1247\">Im Rahmen des Sondereintrittspreises hat das Publikum die M\u00f6glichkeit, den Rundgang auf der jeweiligen Etage fortzusetzen und sich auf nat\u00fcrliche Weise mit dem Thema Kr\u00f6nungen in der Ausstellung des Alten Rathauses zu befassen. Gleichzeitig gilt weiterhin die regul\u00e4re Preisliste f\u00fcr den gesamten Rundgang.<\/p>\n<p data-start=\"914\" data-end=\"1247\"><img loading=\"lazy\" width=\"1418\" height=\"458\" class=\"alignnone size-full wp-image-305246\" src=\"https:\/\/www.visitbratislava.com\/wp-content\/uploads\/2024\/08\/Uhorska-kralovska-koruna-Banner-web.png\" alt=\"\" srcset=\"https:\/\/www.visitbratislava.com\/wp-content\/uploads\/2024\/08\/Uhorska-kralovska-koruna-Banner-web.png 1418w, https:\/\/www.visitbratislava.com\/wp-content\/uploads\/2024\/08\/Uhorska-kralovska-koruna-Banner-web-400x129.png 400w, https:\/\/www.visitbratislava.com\/wp-content\/uploads\/2024\/08\/Uhorska-kralovska-koruna-Banner-web-800x258.png 800w, https:\/\/www.visitbratislava.com\/wp-content\/uploads\/2024\/08\/Uhorska-kralovska-koruna-Banner-web-768x248.png 768w, https:\/\/www.visitbratislava.com\/wp-content\/uploads\/2024\/08\/Uhorska-kralovska-koruna-Banner-web-200x65.png 200w\" sizes=\"(max-width: 1418px) 100vw, 1418px\" \/><\/p>\n<hr data-start=\"1249\" data-end=\"1252\" \/>\n<h3 data-start=\"809\" data-end=\"868\">\ud83d\udd38 Das Festival des Blaufr\u00e4nkisch und der Weine aus Bratislava<\/h3>\n<p data-start=\"809\" data-end=\"868\">\ud83d\udd58 <strong data-start=\"812\" data-end=\"841\">Samstag 13:00 \u2013 22:00 Uhr<\/strong><br data-start=\"841\" data-end=\"844\" \/>\ud83d\udccd <strong data-start=\"847\" data-end=\"868\">Franziskanerplatz<\/strong><\/p>\n<p data-start=\"870\" data-end=\"1180\">Probieren Sie den <strong data-start=\"888\" data-end=\"977\">k\u00f6niglichen Wein aus den Weing\u00e4rten Bratislavas \u2013 den Blaufr\u00e4nkisch (Frankovka modr\u00e1)<\/strong>, eine der traditionsreichsten Rotweinsorten der Region. Der Blaufr\u00e4nkisch besticht durch seine intensive Farbe, fruchtige Aromen und eine feine W\u00fcrze \u2013 seit Jahrhunderten ein Wein f\u00fcr besondere Anl\u00e4sse.<\/p>\n<p data-start=\"1182\" data-end=\"1392\">W\u00e4hrend der Kr\u00f6nungen in Pressburg (heute Bratislava) wurde dieser Wein bei k\u00f6niglichen Festm\u00e4hlern gereicht. Beim <a href=\"https:\/\/www.visitbratislava.com\/de\/geschehen\/festival-des-blaufraenkisch-und-der-weine-aus-bratislava\/\" target=\"_blank\" rel=\"noopener\">Festival<\/a> k\u00f6nnen Sie Weine verkosten, die einst auf den Tafeln von K\u00f6nigen standen.<\/p>\n<p data-start=\"1182\" data-end=\"1392\"><img loading=\"lazy\" width=\"1200\" height=\"797\" class=\"alignnone size-full wp-image-4218\" src=\"https:\/\/www.visitbratislava.com\/wp-content\/uploads\/2015\/04\/frankovka-korunovacne-slavnosti-jozef.jpg\" alt=\"\" srcset=\"https:\/\/www.visitbratislava.com\/wp-content\/uploads\/2015\/04\/frankovka-korunovacne-slavnosti-jozef.jpg 1200w, https:\/\/www.visitbratislava.com\/wp-content\/uploads\/2015\/04\/frankovka-korunovacne-slavnosti-jozef-400x266.jpg 400w, https:\/\/www.visitbratislava.com\/wp-content\/uploads\/2015\/04\/frankovka-korunovacne-slavnosti-jozef-800x531.jpg 800w, https:\/\/www.visitbratislava.com\/wp-content\/uploads\/2015\/04\/frankovka-korunovacne-slavnosti-jozef-200x133.jpg 200w\" sizes=\"(max-width: 1200px) 100vw, 1200px\" \/><\/p>\n<hr \/>\n<p data-start=\"1254\" data-end=\"1293\">\ud83d\udd38 <strong data-start=\"1257\" data-end=\"1293\">\u26ea F\u00fchrungen durch den Martinsdom<\/strong><\/p>\n<p data-start=\"1295\" data-end=\"1437\">\ud83d\udd58 Freitag 09:00 \u2013 11:00, 13:00 \u2013 19:00\u00a0<br data-start=\"1345\" data-end=\"1348\" \/>\ud83d\udd58 Samstag 09:00 \u2013 11:00, 13:00 \u2013 21:00\u00a0<br data-start=\"1345\" data-end=\"1348\" \/>\ud83d\udd58 Sonntag 13:00 \u2013 17:00\u00a0<br data-start=\"1388\" data-end=\"1391\" \/>\ud83d\udccd Dom St. Martin, Rudnay-Platz\u00a0<br data-start=\"1422\" data-end=\"1425\" \/>\ud83d\udcb6 Kostenlos<\/p>\n<p data-start=\"1439\" data-end=\"1763\">Seltene Gelegenheit, den Kr\u00f6nungsraum \u00fcber einen sonst ungenutzten Eingang zu betreten. Besichtigt werden das Presbyterium, in dem K\u00f6nige und K\u00f6niginnen gekr\u00f6nt wurden, sowie die Krypten. Besucher sehen zudem eine Wandliste aller in Bratislava gekr\u00f6nten Monarchen. Angemessene Kleidung ist erforderlich (bedeckte Schultern).<\/p>\n<div class=\"grid-container\"><div class=\"grid-container__item\"><div class=\"block\"><a href=\"https:\/\/www.visitbratislava.com\/wp-content\/uploads\/2024\/07\/Presbyterium-533x800.jpg\" data-fancybox=\"gallery\" data-caption=\"\"><div class=\"background\"><img src=\"https:\/\/www.visitbratislava.com\/wp-content\/uploads\/2024\/07\/Presbyterium-533x800.jpg\" alt=\"foto\"\/><\/div><div class=\"overlay filter-blue\"><div class=\"content\"><span class=\"zoom-button\"><\/span><\/div><\/div><\/a><\/div><\/div><div class=\"grid-container__item\"><div class=\"block\"><a href=\"https:\/\/www.visitbratislava.com\/wp-content\/uploads\/2024\/07\/Korunovacny-zoznam-DOMsvMartina_MC-574x800.jpg\" data-fancybox=\"gallery\" data-caption=\"\"><div class=\"background\" style=\"background-image: url(https:\/\/www.visitbratislava.com\/wp-content\/uploads\/2024\/07\/Korunovacny-zoznam-DOMsvMartina_MC-574x800.jpg)\"><\/div><div class=\"overlay filter-green\"><div class=\"content\"><span class=\"zoom-button\"><\/span><\/div><\/div><\/a><\/div><\/div><div class=\"grid-container__item more\"><\/div><\/div>\n<hr data-start=\"1765\" data-end=\"1768\" \/>\n<p data-start=\"1770\" data-end=\"1825\">\ud83d\udd38 <strong data-start=\"1773\" data-end=\"1825\">\ud83d\udeb6 Rundg\u00e4ngen: Kr\u00f6nungsspuren in Bratislava<\/strong><\/p>\n<p data-start=\"1827\" data-end=\"1999\">\ud83d\udd58 Freitag bis Sonntag<br data-start=\"1873\" data-end=\"1876\" \/>\ud83d\udccd Treffpunkt je nach Route \u2013 nach Reservierung per E-Mail bekanntgegeben<br data-start=\"1949\" data-end=\"1952\" \/>\ud83d\udcb6 Kostenlos, Reservierung bald \u00fcber tootoot.fm<\/p>\n<p data-start=\"2001\" data-end=\"2223\"><a href=\"https:\/\/www.visitbratislava.com\/de\/rundgaengen-waehrend-der-bratislavaer-kroenungstage\/\" target=\"_blank\" rel=\"noopener\">Spazierg\u00e4nge<\/a> mit lizenzierten Stadtf\u00fchrern zu Orten mit Kr\u00f6nungstradition \u2013 inklusive Geschichten \u00fcber Riten, Symbole und Pers\u00f6nlichkeiten. In mehreren Sprachen verf\u00fcgbar, geeignet f\u00fcr Einzelpersonen, Familien und Gruppen.<\/p>\n<p data-start=\"2001\" data-end=\"2223\"><img loading=\"lazy\" class=\"alignnone wp-image-341878\" src=\"https:\/\/www.visitbratislava.com\/wp-content\/uploads\/2025\/07\/Martin_Koller_BKD_2023_leto_kupene_Bratislavske_korunovacne_dni_vyhradna_licencia_casovo_neobmedzena-76-scaled.jpg\" alt=\"\" width=\"1200\" height=\"800\" srcset=\"https:\/\/www.visitbratislava.com\/wp-content\/uploads\/2025\/07\/Martin_Koller_BKD_2023_leto_kupene_Bratislavske_korunovacne_dni_vyhradna_licencia_casovo_neobmedzena-76-scaled.jpg 2560w, https:\/\/www.visitbratislava.com\/wp-content\/uploads\/2025\/07\/Martin_Koller_BKD_2023_leto_kupene_Bratislavske_korunovacne_dni_vyhradna_licencia_casovo_neobmedzena-76-400x267.jpg 400w, https:\/\/www.visitbratislava.com\/wp-content\/uploads\/2025\/07\/Martin_Koller_BKD_2023_leto_kupene_Bratislavske_korunovacne_dni_vyhradna_licencia_casovo_neobmedzena-76-800x533.jpg 800w, https:\/\/www.visitbratislava.com\/wp-content\/uploads\/2025\/07\/Martin_Koller_BKD_2023_leto_kupene_Bratislavske_korunovacne_dni_vyhradna_licencia_casovo_neobmedzena-76-768x512.jpg 768w, https:\/\/www.visitbratislava.com\/wp-content\/uploads\/2025\/07\/Martin_Koller_BKD_2023_leto_kupene_Bratislavske_korunovacne_dni_vyhradna_licencia_casovo_neobmedzena-76-1536x1024.jpg 1536w, https:\/\/www.visitbratislava.com\/wp-content\/uploads\/2025\/07\/Martin_Koller_BKD_2023_leto_kupene_Bratislavske_korunovacne_dni_vyhradna_licencia_casovo_neobmedzena-76-2048x1365.jpg 2048w, https:\/\/www.visitbratislava.com\/wp-content\/uploads\/2025\/07\/Martin_Koller_BKD_2023_leto_kupene_Bratislavske_korunovacne_dni_vyhradna_licencia_casovo_neobmedzena-76-200x133.jpg 200w\" sizes=\"(max-width: 1200px) 100vw, 1200px\" \/><\/p>\n<hr data-start=\"2225\" data-end=\"2228\" \/>\n<p data-start=\"2230\" data-end=\"2283\">\ud83d\udd38 <strong data-start=\"2233\" data-end=\"2283\">\ud83d\udc51 Kr\u00f6nungsfahrt mit dem Oldtimer Pre\u0161por\u00e1\u010dik\u00ae<\/strong><\/p>\n<p data-start=\"2285\" data-end=\"2382\">\ud83d\udd58 Freitag bis Sonntag: 09:00 \u2013 17:00<br data-start=\"2322\" data-end=\"2325\" \/>\ud83d\udccd N\u00e1m. E. Sucho\u0148a in der N\u00e4he des Caf\u00e9 Opera \u2194 Pressburger Burg<br data-start=\"2364\" data-end=\"2367\" \/>\ud83d\udcb6 5 \u20ac \/ Person<\/p>\n<p data-start=\"2384\" data-end=\"2574\">Historische Stadtrundfahrt mit Audiokommentar entlang der Kr\u00f6nungswege fr\u00fcherer K\u00f6nige. Inklusive Papierschmuckkronen f\u00fcr Kinder. Geeignet f\u00fcr Familien und mobilit\u00e4tseingeschr\u00e4nkte Besucher.<\/p>\n<p data-start=\"151\" data-end=\"320\">\ud83d\udccd <strong data-start=\"154\" data-end=\"228\">Abfahrten vom Hviezdoslav-Platz (E. Sucho\u0148-Platz) \u2013 Freitag &amp; Sonntag:<\/strong><br data-start=\"228\" data-end=\"231\" \/>09:00, 09:40, 10:20, 11:10, 11:50, 13:10, 13:50, 14:30, 15:20, 16:00, 16:40, 17:20, 18:00<\/p>\n<p data-start=\"322\" data-end=\"483\">\ud83d\udccd <strong data-start=\"325\" data-end=\"384\">Abfahrten von der Pressburger Burg \u2013 Freitag &amp; Sonntag:<\/strong><br data-start=\"384\" data-end=\"387\" \/>09:20, 10:00, 10:40, 11:30, 12:10, 12:50, 13:30, 14:10, 14:50, 15:40, 16:20, 17:00, 17:40, 18:20<\/p>\n<p data-start=\"485\" data-end=\"656\">\ud83d\udccd <strong data-start=\"488\" data-end=\"589\">Die Abfahrten am Samstag bis einschlie\u00dflich 15:40 sind identisch mit Freitag und Sonntag; danach:<\/strong><br data-start=\"589\" data-end=\"592\" \/>Ab Hviezdoslav-Platz: 17:00 und 17:40, ab Burg: 17:20 und 18:00<\/p>\n<div class=\"grid-container\"><div class=\"grid-container__item\"><div class=\"block\"><a href=\"https:\/\/www.visitbratislava.com\/wp-content\/uploads\/2025\/07\/Dekan_komparz_Devinska-Nova-Ves_Tour4U_Presporacik-800x533.jpg\" data-fancybox=\"gallery\" data-caption=\"\"><div class=\"background\"><img src=\"https:\/\/www.visitbratislava.com\/wp-content\/uploads\/2025\/07\/Dekan_komparz_Devinska-Nova-Ves_Tour4U_Presporacik-800x533.jpg\" alt=\"foto\"\/><\/div><div class=\"overlay filter-blue\"><div class=\"content\"><span class=\"zoom-button\"><\/span><\/div><\/div><\/a><\/div><\/div><div class=\"grid-container__item\"><div class=\"block\"><a href=\"https:\/\/www.visitbratislava.com\/wp-content\/uploads\/2016\/04\/Presporacik_Tour4U_6.jpg\" data-fancybox=\"gallery\" data-caption=\"\"><div class=\"background\" style=\"background-image: url(https:\/\/www.visitbratislava.com\/wp-content\/uploads\/2016\/04\/Presporacik_Tour4U_6.jpg)\"><\/div><div class=\"overlay filter-green\"><div class=\"content\"><span class=\"zoom-button\"><\/span><\/div><\/div><\/a><\/div><\/div><div class=\"grid-container__item more\"><\/div><\/div>\n<hr data-start=\"2576\" data-end=\"2579\" \/>\n<p data-start=\"2581\" data-end=\"2638\">\ud83d\udd38 <strong data-start=\"2584\" data-end=\"2638\">\ud83c\udf47 Gef\u00fchrte Weinverkostung im Nationalen Weinsalon<\/strong><\/p>\n<p data-start=\"2640\" data-end=\"2787\">\ud83d\udd58 Freitag: 11:00 &amp; 13:00\u00a0<br data-start=\"2665\" data-end=\"2668\" \/>\ud83d\udd58 Samstag: 11:00\u00a0<br data-start=\"2685\" data-end=\"2688\" \/>\ud83d\udd58 Sonntag: 11:00 &amp; 13:00\u00a0<br data-start=\"2713\" data-end=\"2716\" \/>\ud83d\udccd Nationaler Weinsalon, Radni\u010dn\u00e1 1<br data-start=\"2751\" data-end=\"2754\" \/>\ud83d\udcb6 6 \u20ac \/ Person, <a href=\"https:\/\/tootoot.fm\/en\/events\/686d5bdf3e413ac26559b549\" target=\"_blank\" rel=\"noopener\">Reservierung<\/a> erforderlich, max. 25 Personen<\/p>\n<p data-start=\"2789\" data-end=\"2986\">Verkostung des k\u00f6niglichen Blaufr\u00e4nkisch-Rotweins (Frankovka) in den historischen Kellern des Apponyi-Palais \u2013 dem Lieblingswein von Maria Theresia. Professionelle Begleitung durch einen Sommelier.<\/p>\n<p data-start=\"2789\" data-end=\"2986\"><img loading=\"lazy\" width=\"1920\" height=\"1080\" class=\"alignnone size-full wp-image-342258\" src=\"https:\/\/www.visitbratislava.com\/wp-content\/uploads\/2025\/07\/1920x1080_program-2.jpg\" alt=\"\" srcset=\"https:\/\/www.visitbratislava.com\/wp-content\/uploads\/2025\/07\/1920x1080_program-2.jpg 1920w, https:\/\/www.visitbratislava.com\/wp-content\/uploads\/2025\/07\/1920x1080_program-2-400x225.jpg 400w, https:\/\/www.visitbratislava.com\/wp-content\/uploads\/2025\/07\/1920x1080_program-2-800x450.jpg 800w, https:\/\/www.visitbratislava.com\/wp-content\/uploads\/2025\/07\/1920x1080_program-2-768x432.jpg 768w, https:\/\/www.visitbratislava.com\/wp-content\/uploads\/2025\/07\/1920x1080_program-2-1536x864.jpg 1536w, https:\/\/www.visitbratislava.com\/wp-content\/uploads\/2025\/07\/1920x1080_program-2-200x113.jpg 200w\" sizes=\"(max-width: 1920px) 100vw, 1920px\" \/><\/p>\n<hr data-start=\"2988\" data-end=\"2991\" \/>\n<p data-start=\"2993\" data-end=\"3060\">\ud83d\udd38 <strong data-start=\"2996\" data-end=\"3060\">\ud83c\udf77 Dunkle Weinverkostung \u2013 Hagebuttenwein der Maria Theresia<\/strong><\/p>\n<p data-start=\"3062\" data-end=\"3204\">\ud83d\udd58 Freitag: 10:00 \u2013 16:00\u00a0<br data-start=\"3087\" data-end=\"3090\" \/>\ud83d\udd58 Samstag &amp; Sonntag: 10:00 \u2013 18:00\u00a0<br data-start=\"3125\" data-end=\"3128\" \/>\ud83d\udccd Michalsk\u00e1 3, Altstadt<br data-start=\"3152\" data-end=\"3155\" \/>\ud83d\udcb6 Kleiner symbolischer Betrag, ohne Reservierung<\/p>\n<p data-start=\"3206\" data-end=\"3456\">Einzigartige Verkostung in einem historischen Weinkeller aus dem 17. Jahrhundert. Der Hagebuttenwein wird j\u00e4hrlich zu Ehren Maria Theresias aus gefrorenen Fr\u00fcchten aus Hol\u00ed\u010d und Kop\u010dany hergestellt \u2013 Orte, die mit ihrer Sommerresidenz verbunden sind.<\/p>\n<div class=\"grid-container\"><div class=\"grid-container__item\"><div class=\"block\"><a href=\"https:\/\/www.visitbratislava.com\/wp-content\/uploads\/2025\/07\/sipka1-534x800.jpg\" data-fancybox=\"gallery\" data-caption=\"\"><div class=\"background\"><img src=\"https:\/\/www.visitbratislava.com\/wp-content\/uploads\/2025\/07\/sipka1-534x800.jpg\" alt=\"foto\"\/><\/div><div class=\"overlay filter-blue\"><div class=\"content\"><span class=\"zoom-button\"><\/span><\/div><\/div><\/a><\/div><\/div><div class=\"grid-container__item\"><div class=\"block\"><a href=\"https:\/\/www.visitbratislava.com\/wp-content\/uploads\/2025\/07\/sipka3-532x800.jpg\" data-fancybox=\"gallery\" data-caption=\"\"><div class=\"background\" style=\"background-image: url(https:\/\/www.visitbratislava.com\/wp-content\/uploads\/2025\/07\/sipka3-532x800.jpg)\"><\/div><div class=\"overlay filter-green\"><div class=\"content\"><span class=\"zoom-button\"><\/span><\/div><\/div><\/a><\/div><\/div><div class=\"grid-container__item more\"><\/div><\/div>\n<hr data-start=\"3458\" data-end=\"3461\" \/>\n<p data-start=\"4274\" data-end=\"4337\">\ud83d\udd38 <strong data-start=\"4277\" data-end=\"4337\">\ud83c\udfa8 Hof-Illustrationsschule \u2013 Kreativ-Workshop f\u00fcr Kinder<\/strong><\/p>\n<p data-start=\"4339\" data-end=\"4482\">\ud83d\udd58 10:00, 11:30, 13:00\u00a0<br data-start=\"4361\" data-end=\"4364\" \/>\ud83d\udccd BIBIANA \u2013 Haus der Kunst f\u00fcr Kinder, Pansk\u00e1 41<br data-start=\"4413\" data-end=\"4416\" \/>\ud83d\udcb6 1 \u20ac \/ Kind, <a href=\"https:\/\/services.bookio.com\/bibiana-medzinarodny-dom-umenia-pre-deti-4bu1y38t\/widget?lang=de&amp;_gl=1*12jf2v3*_up*MQ..*_ga*NjU4NzI1ODA0LjE3NTIyMzMzMjk.*_ga_N9TP7MX469*czE3NTIyMzMzMjgkbzEkZzAkdDE3NTIyMzMzMjgkajYwJGwwJGgw\" target=\"_blank\" rel=\"noopener\">Reservierung<\/a>, max. 17 Kinder pro Termin<\/p>\n<p data-start=\"4484\" data-end=\"4668\">Kinder werden zu k\u00f6niglichen Illustratoren und gestalten ihre eigene Szene aus dem Kr\u00f6nungszug \u2013 sei es der K\u00f6nig, Trompeter oder Reiter. Ein kreatives Erlebnis mit historischem Bezug.<\/p>\n<p data-start=\"4484\" data-end=\"4668\"><img loading=\"lazy\" class=\"alignnone wp-image-341865\" src=\"https:\/\/www.visitbratislava.com\/wp-content\/uploads\/2025\/07\/Sopinec_2024_BA-muzea_galerie_vyhradna_komparz_dom-umenia-bibiana_vystava-1-scaled.jpg\" alt=\"\" width=\"1200\" height=\"800\" srcset=\"https:\/\/www.visitbratislava.com\/wp-content\/uploads\/2025\/07\/Sopinec_2024_BA-muzea_galerie_vyhradna_komparz_dom-umenia-bibiana_vystava-1-scaled.jpg 2560w, https:\/\/www.visitbratislava.com\/wp-content\/uploads\/2025\/07\/Sopinec_2024_BA-muzea_galerie_vyhradna_komparz_dom-umenia-bibiana_vystava-1-400x267.jpg 400w, https:\/\/www.visitbratislava.com\/wp-content\/uploads\/2025\/07\/Sopinec_2024_BA-muzea_galerie_vyhradna_komparz_dom-umenia-bibiana_vystava-1-800x533.jpg 800w, https:\/\/www.visitbratislava.com\/wp-content\/uploads\/2025\/07\/Sopinec_2024_BA-muzea_galerie_vyhradna_komparz_dom-umenia-bibiana_vystava-1-768x512.jpg 768w, https:\/\/www.visitbratislava.com\/wp-content\/uploads\/2025\/07\/Sopinec_2024_BA-muzea_galerie_vyhradna_komparz_dom-umenia-bibiana_vystava-1-1536x1024.jpg 1536w, https:\/\/www.visitbratislava.com\/wp-content\/uploads\/2025\/07\/Sopinec_2024_BA-muzea_galerie_vyhradna_komparz_dom-umenia-bibiana_vystava-1-2048x1365.jpg 2048w, https:\/\/www.visitbratislava.com\/wp-content\/uploads\/2025\/07\/Sopinec_2024_BA-muzea_galerie_vyhradna_komparz_dom-umenia-bibiana_vystava-1-200x133.jpg 200w\" sizes=\"(max-width: 1200px) 100vw, 1200px\" \/><\/p>\n<hr data-start=\"4670\" data-end=\"4673\" \/>\n<p data-start=\"5442\" data-end=\"5491\">\ud83d\udd38 <strong data-start=\"5445\" data-end=\"5491\">\ud83e\udd16 AI-Fotopoint: Werde K\u00f6nig oder K\u00f6nigin!<\/strong><\/p>\n<p data-start=\"5493\" data-end=\"5540\">\ud83d\udd58 13:30 \u2013 16:30\u00a0<br data-start=\"5509\" data-end=\"5512\" \/>\ud83d\udccd Ostterrasse der Burg Bratislava<br data-start=\"5525\" data-end=\"5528\" \/>\ud83d\udcb6 Kostenlos<\/p>\n<p data-start=\"5542\" data-end=\"5736\">Mit Hilfe k\u00fcnstlicher Intelligenz entsteht ein pers\u00f6nliches Kr\u00f6nungsportr\u00e4t im barocken Stil. Einfach posieren \u2013 die Technik erledigt den Rest. Perfekt als Erinnerung und Social-Media-Highlight.<\/p>\n<div class=\"grid-container\"><div class=\"grid-container__item\"><div class=\"block\"><a href=\"https:\/\/www.visitbratislava.com\/wp-content\/uploads\/2025\/07\/1-800x533.png\" data-fancybox=\"gallery\" data-caption=\"\"><div class=\"background\"><img src=\"https:\/\/www.visitbratislava.com\/wp-content\/uploads\/2025\/07\/1-800x533.png\" alt=\"foto\"\/><\/div><div class=\"overlay filter-blue\"><div class=\"content\"><span class=\"zoom-button\"><\/span><\/div><\/div><\/a><\/div><\/div><div class=\"grid-container__item\"><div class=\"block\"><a href=\"https:\/\/www.visitbratislava.com\/wp-content\/uploads\/2025\/07\/2-800x533.png\" data-fancybox=\"gallery\" data-caption=\"\"><div class=\"background\" style=\"background-image: url(https:\/\/www.visitbratislava.com\/wp-content\/uploads\/2025\/07\/2-800x533.png)\"><\/div><div class=\"overlay filter-green\"><div class=\"content\"><span class=\"zoom-button\"><\/span><\/div><\/div><\/a><\/div><\/div><div class=\"grid-container__item more\"><\/div><\/div>\n<hr \/>\n<h3 data-start=\"589\" data-end=\"634\"><strong data-start=\"598\" data-end=\"634\">\ud83d\udd38Festliches Konzert im Martinsdom<\/strong><\/h3>\n<p data-start=\"636\" data-end=\"722\">\ud83d\udd58 <strong data-start=\"639\" data-end=\"669\">20:00\u00a0<\/strong><br data-start=\"669\" data-end=\"672\" \/>\ud83d\udccd Martinsdom, Rudnay-Platz<br data-start=\"699\" data-end=\"702\" \/>\ud83d\udcb6 <strong data-start=\"705\" data-end=\"722\">Eintritt frei<\/strong><\/p>\n<p data-start=\"724\" data-end=\"812\">\ud83c\udfb5 Mitwirkende: <strong data-start=\"740\" data-end=\"756\">Vox Cantoris<\/strong>, <strong data-start=\"758\" data-end=\"782\">Daniel Gab\u010do (Orgel)<\/strong>, <strong data-start=\"784\" data-end=\"812\">Eva Gab\u010dov\u00e1 (Dirigentin)<\/strong><\/p>\n<p data-start=\"814\" data-end=\"914\">\u2728 Werke von Allegri, Durufl\u00e9, Vierne und eine Urauff\u00fchrung des slowakischen Komponisten \u013dubo\u0161 Gab\u010do.<\/p>\n<p data-start=\"916\" data-end=\"1082\">\ud83d\udcef Ein musikalisches Erlebnis voller Atmosph\u00e4re: gotische Kulisse trifft auf bedeutende europ\u00e4ische und zeitgen\u00f6ssische Kirchenmusik. Eintritt frei, begrenzte Pl\u00e4tze.<\/p>\n<p><img loading=\"lazy\" width=\"1660\" height=\"786\" class=\"alignnone size-full wp-image-286662\" src=\"https:\/\/www.visitbratislava.com\/wp-content\/uploads\/2014\/10\/img167.jpg\" alt=\"\" srcset=\"https:\/\/www.visitbratislava.com\/wp-content\/uploads\/2014\/10\/img167.jpg 1660w, https:\/\/www.visitbratislava.com\/wp-content\/uploads\/2014\/10\/img167-400x189.jpg 400w, https:\/\/www.visitbratislava.com\/wp-content\/uploads\/2014\/10\/img167-800x379.jpg 800w, https:\/\/www.visitbratislava.com\/wp-content\/uploads\/2014\/10\/img167-768x364.jpg 768w, https:\/\/www.visitbratislava.com\/wp-content\/uploads\/2014\/10\/img167-1536x727.jpg 1536w, https:\/\/www.visitbratislava.com\/wp-content\/uploads\/2014\/10\/img167-200x95.jpg 200w\" sizes=\"(max-width: 1660px) 100vw, 1660px\" \/><\/p>\n<p><span style=\"font-size: 10pt;\"><em>*Programm\u00e4nderungen vorbehalten, vielen Dank f\u00fcr Ihr Verst\u00e4ndnis.<\/em><\/span><\/p>\n<p><span style=\"font-size: 10pt;\">**<em>Sehr geehrte Besucher, w\u00e4hrend der Veranstaltung k\u00f6nnen Foto- und\/oder Videoaufnahmen gemacht werden, um Bratislava als Reiseziel zu bewerben. Mit der Teilnahme erkl\u00e4ren Sie sich mit der M\u00f6glichkeit der Erstellung und Nutzung dieser Aufzeichnungen einverstanden.<\/em><\/span><\/p>\n<p><a href=\"https:\/\/www.visitbratislava.com\/de\/bratislava-card-x-kroenungstage\/\"><img loading=\"lazy\" class=\"alignnone wp-image-342167 size-full\" src=\"https:\/\/www.visitbratislava.com\/wp-content\/uploads\/2025\/07\/BKD-2025-Ba-card-baner-de.png\" alt=\"\" width=\"1418\" height=\"458\" srcset=\"https:\/\/www.visitbratislava.com\/wp-content\/uploads\/2025\/07\/BKD-2025-Ba-card-baner-de.png 1418w, https:\/\/www.visitbratislava.com\/wp-content\/uploads\/2025\/07\/BKD-2025-Ba-card-baner-de-400x129.png 400w, https:\/\/www.visitbratislava.com\/wp-content\/uploads\/2025\/07\/BKD-2025-Ba-card-baner-de-800x258.png 800w, https:\/\/www.visitbratislava.com\/wp-content\/uploads\/2025\/07\/BKD-2025-Ba-card-baner-de-768x248.png 768w, https:\/\/www.visitbratislava.com\/wp-content\/uploads\/2025\/07\/BKD-2025-Ba-card-baner-de-200x65.png 200w\" sizes=\"(max-width: 1418px) 100vw, 1418px\" \/><\/a><\/p>\n","protected":false},"excerpt":{"rendered":"<p>Die glorreiche k\u00f6nigliche Vergangenheit wird in Bratislava wiederbelebt und die Kr\u00f6nungsatmosph\u00e4re wird die Stadt \u00fcbernehmen.<\/p>\n","protected":false},"author":32,"featured_media":243174,"parent":0,"menu_order":12,"comment_status":"closed","ping_status":"closed","template":"","meta":[],"acf":[],"_links":{"self":[{"href":"https:\/\/www.visitbratislava.com\/de\/wp-json\/wp\/v2\/pages\/142752"}],"collection":[{"href":"https:\/\/www.visitbratislava.com\/de\/wp-json\/wp\/v2\/pages"}],"about":[{"href":"https:\/\/www.visitbratislava.com\/de\/wp-json\/wp\/v2\/types\/page"}],"author":[{"embeddable":true,"href":"https:\/\/www.visitbratislava.com\/de\/wp-json\/wp\/v2\/users\/32"}],"replies":[{"embeddable":true,"href":"https:\/\/www.visitbratislava.com\/de\/wp-json\/wp\/v2\/comments?post=142752"}],"version-history":[{"count":73,"href":"https:\/\/www.visitbratislava.com\/de\/wp-json\/wp\/v2\/pages\/142752\/revisions"}],"predecessor-version":[{"id":344102,"href":"https:\/\/www.visitbratislava.com\/de\/wp-json\/wp\/v2\/pages\/142752\/revisions\/344102"}],"wp:featuredmedia":[{"embeddable":true,"href":"https:\/\/www.visitbratislava.com\/de\/wp-json\/wp\/v2\/media\/243174"}],"wp:attachment":[{"href":"https:\/\/www.visitbratislava.com\/de\/wp-json\/wp\/v2\/media?parent=142752"}],"curies":[{"name":"wp","href":"https:\/\/api.w.org\/{rel}","templated":true}]}}