{"id":218713,"date":"2023-01-27T12:27:20","date_gmt":"2023-01-27T11:27:20","guid":{"rendered":"https:\/\/www.visitbratislava.com\/?page_id=218713"},"modified":"2026-02-20T12:18:37","modified_gmt":"2026-02-20T11:18:37","slug":"die-verlockendste-ereignisse-dieses-jahres","status":"publish","type":"page","link":"https:\/\/www.visitbratislava.com\/de\/die-verlockendste-ereignisse-dieses-jahres\/","title":{"rendered":"Die verlockendste Ereignisse in 2026"},"content":{"rendered":"<p><span dir=\"auto\" style=\"vertical-align: inherit;\"><span dir=\"auto\" style=\"vertical-align: inherit;\"><span dir=\"auto\" style=\"vertical-align: inherit;\">Bratislava bietet das ganze Jahr \u00fcber neben einer Vielzahl an Sehensw\u00fcrdigkeiten und Attraktionen auch viele andere interessante M\u00f6glichkeiten, die Freizeit abwechslungsreich zu gestalten. Ob Sie einen Besuch in Bratislava planen oder Ihren Aufenthalt dort bereichern m\u00f6chten \u2013 in dieser Stadt ist immer etwas los. Kunst, Lebensfreude, Bewegung und Kreativit\u00e4t sind in Bratislava allgegenw\u00e4rtig. Welche Attraktionen k\u00f6nnen Sie also im Jahr 2026 erwarten?<\/span><\/span><\/span><\/p>\n<h2><strong><span dir=\"auto\" style=\"vertical-align: inherit;\"><span dir=\"auto\" style=\"vertical-align: inherit;\"><span dir=\"auto\" style=\"vertical-align: inherit;\">Karneval in Bratislava<\/span><\/span><\/span><\/strong><\/h2>\n<p><span dir=\"auto\" style=\"vertical-align: inherit;\"><span dir=\"auto\" style=\"vertical-align: inherit;\"><span dir=\"auto\" style=\"vertical-align: inherit;\">\ud83d\udcc6 7. Februar 2026<\/span><\/span><\/span><\/p>\n<p><a href=\"https:\/\/www.visitbratislava.com\/de\/geschehen\/bratislavaer-fasching\/\" target=\"_blank\" rel=\"noopener\"><strong><span dir=\"auto\" style=\"vertical-align: inherit;\"><span dir=\"auto\" style=\"vertical-align: inherit;\"><span dir=\"auto\" style=\"vertical-align: inherit;\">Der Karneval in Bratislava<\/span><\/span><\/span><\/strong><\/a><span dir=\"auto\" style=\"vertical-align: inherit;\"><span dir=\"auto\" style=\"vertical-align: inherit;\"><span dir=\"auto\" style=\"vertical-align: inherit;\"> erwacht mit einem abwechslungsreichen Programm zum Leben, das Folklore, Musik, Tanz und traditionelle Masken vereint. Ein H\u00f6hepunkt ist der Karnevalsumzug mit Folkloregruppen, Musikern, T\u00e4nzern und Darstellern in typischen und humorvollen Masken. Der Umzug zieht durch die ber\u00fchmten Stra\u00dfen der Altstadt, die sich f\u00fcr einen Moment in eine B\u00fchne voller Musik, Gesang und Farben verwandeln. Die Atmosph\u00e4re wird zus\u00e4tzlich durch Auftritte von Folkloregruppen, Live-Musik und Tanzvorf\u00fchrungen bereichert, die an die urspr\u00fcnglichen Karnevalsbr\u00e4uche erinnern.<\/span><\/span><\/span><\/p>\n<p><img loading=\"lazy\" class=\"aligncenter wp-image-368236 size-large\" src=\"https:\/\/www.visitbratislava.com\/wp-content\/uploads\/2024\/01\/Bratislavske-fasiangy-2025-ludia-v-kostymoch-s-siskami-800x533.jpg\" alt=\"Karnevalsumzug in Bratislava\" width=\"800\" height=\"533\" srcset=\"https:\/\/www.visitbratislava.com\/wp-content\/uploads\/2024\/01\/Bratislavske-fasiangy-2025-ludia-v-kostymoch-s-siskami-800x533.jpg 800w, https:\/\/www.visitbratislava.com\/wp-content\/uploads\/2024\/01\/Bratislavske-fasiangy-2025-ludia-v-kostymoch-s-siskami-400x267.jpg 400w, https:\/\/www.visitbratislava.com\/wp-content\/uploads\/2024\/01\/Bratislavske-fasiangy-2025-ludia-v-kostymoch-s-siskami-768x512.jpg 768w, https:\/\/www.visitbratislava.com\/wp-content\/uploads\/2024\/01\/Bratislavske-fasiangy-2025-ludia-v-kostymoch-s-siskami-200x133.jpg 200w, https:\/\/www.visitbratislava.com\/wp-content\/uploads\/2024\/01\/Bratislavske-fasiangy-2025-ludia-v-kostymoch-s-siskami.jpg 1500w\" sizes=\"(max-width: 800px) 100vw, 800px\" \/><span style=\"font-size: 8pt;\"><em><span dir=\"auto\" style=\"vertical-align: inherit;\"><span dir=\"auto\" style=\"vertical-align: inherit;\"><span dir=\"auto\" style=\"vertical-align: inherit;\">Foto: Adam Kovac<\/span><\/span><\/span><\/em><\/span><\/p>\n<h2><strong><span dir=\"auto\" style=\"vertical-align: inherit;\"><span dir=\"auto\" style=\"vertical-align: inherit;\"><span dir=\"auto\" style=\"vertical-align: inherit;\">Bratislava City Days<\/span><\/span><\/span><\/strong><\/h2>\n<p><span dir=\"auto\" style=\"vertical-align: inherit;\"><span dir=\"auto\" style=\"vertical-align: inherit;\"><span dir=\"auto\" style=\"vertical-align: inherit;\">\ud83d\udcc6 25. &#8211; 26. April 2026<\/span><\/span><\/span><\/p>\n<p><span dir=\"auto\" style=\"vertical-align: inherit;\"><span dir=\"auto\" style=\"vertical-align: inherit;\"><span dir=\"auto\" style=\"vertical-align: inherit;\"><a href=\"https:\/\/www.visitbratislava.com\/events\/bratislava-city-days\/\" target=\"_blank\" rel=\"noopener\"><strong>Die Bratislava City Days<\/strong><\/a> bieten jedes Jahr ein Wochenende voller Kultur, Musik, Kunst und urbaner Erlebnisse.\u00a0An zwei Tagen \u00f6ffnen die Geb\u00e4ude ihre Tore, und es finden F\u00fchrungen, Konzerte, Ausstellungen und Veranstaltungen f\u00fcr Kinder und Erwachsene statt. Die Stra\u00dfen der Stadt sind erf\u00fcllt von einer Atmosph\u00e4re der Feierlichkeit, der Entdeckung und des gemeinsamen Erlebens.<\/span><\/span><\/span><\/p>\n<p><img loading=\"lazy\" width=\"800\" height=\"533\" class=\"size-full wp-image-385462 aligncenter\" src=\"https:\/\/www.visitbratislava.com\/wp-content\/uploads\/2025\/12\/mestske-dni-bratislava.jpg\" alt=\"\" srcset=\"https:\/\/www.visitbratislava.com\/wp-content\/uploads\/2025\/12\/mestske-dni-bratislava.jpg 800w, https:\/\/www.visitbratislava.com\/wp-content\/uploads\/2025\/12\/mestske-dni-bratislava-400x267.jpg 400w, https:\/\/www.visitbratislava.com\/wp-content\/uploads\/2025\/12\/mestske-dni-bratislava-768x512.jpg 768w, https:\/\/www.visitbratislava.com\/wp-content\/uploads\/2025\/12\/mestske-dni-bratislava-200x133.jpg 200w\" sizes=\"(max-width: 800px) 100vw, 800px\" \/><\/p>\n<h2><strong><span dir=\"auto\" style=\"vertical-align: inherit;\"><span dir=\"auto\" style=\"vertical-align: inherit;\"><span dir=\"auto\" style=\"vertical-align: inherit;\">Nacht der Museen und Galerien<\/span><\/span><\/span><\/strong><\/h2>\n<p data-start=\"275\" data-end=\"661\"><span dir=\"auto\" style=\"vertical-align: inherit;\"><span dir=\"auto\" style=\"vertical-align: inherit;\"><span dir=\"auto\" style=\"vertical-align: inherit;\">Anl\u00e4sslich des Internationalen Museumstags findet jedes Jahr im Mai in Bratislava die Nacht der Museen und Galerien statt \u2013 eine landesweite Veranstaltung, bei der Museen und Galerien ihre R\u00e4umlichkeiten au\u00dferhalb der regul\u00e4ren \u00d6ffnungszeiten \u00f6ffnen. Besucher freuen sich in der Regel auf F\u00fchrungen durch aktuelle Ausstellungen, Begleitprogramme und oft auch auf die \u00d6ffnung von Bereichen, die der \u00d6ffentlichkeit sonst nicht zug\u00e4nglich sind.<\/span><\/span><\/span><\/p>\n<p data-start=\"663\" data-end=\"788\"><span dir=\"auto\" style=\"vertical-align: inherit;\"><span dir=\"auto\" style=\"vertical-align: inherit;\"><span dir=\"auto\" style=\"vertical-align: inherit;\">Das genaue Programm, die teilnehmenden Institutionen, das Datum der Veranstaltung und Informationen zu den Eintrittspreisen werden von den Organisatoren erst kurz vor der Veranstaltung bekannt gegeben.<\/span><\/span><\/span><\/p>\n<p><img loading=\"lazy\" class=\"alignleft wp-image-218210 size-full\" src=\"https:\/\/www.visitbratislava.com\/wp-content\/uploads\/2023\/01\/DSC_1618_1920_1280.jpg\" alt=\"Nacht der Museen und Galerien\" width=\"1920\" height=\"1280\" srcset=\"https:\/\/www.visitbratislava.com\/wp-content\/uploads\/2023\/01\/DSC_1618_1920_1280.jpg 1920w, https:\/\/www.visitbratislava.com\/wp-content\/uploads\/2023\/01\/DSC_1618_1920_1280-400x267.jpg 400w, https:\/\/www.visitbratislava.com\/wp-content\/uploads\/2023\/01\/DSC_1618_1920_1280-800x533.jpg 800w, https:\/\/www.visitbratislava.com\/wp-content\/uploads\/2023\/01\/DSC_1618_1920_1280-768x512.jpg 768w, https:\/\/www.visitbratislava.com\/wp-content\/uploads\/2023\/01\/DSC_1618_1920_1280-1536x1024.jpg 1536w, https:\/\/www.visitbratislava.com\/wp-content\/uploads\/2023\/01\/DSC_1618_1920_1280-200x133.jpg 200w\" sizes=\"(max-width: 1920px) 100vw, 1920px\" \/><\/p>\n<h2><strong><span dir=\"auto\" style=\"vertical-align: inherit;\"><span dir=\"auto\" style=\"vertical-align: inherit;\"><span dir=\"auto\" style=\"vertical-align: inherit;\">Bratislava Kultursommer\u00a0<\/span><\/span><\/span><\/strong><\/h2>\n<p><span dir=\"auto\" style=\"vertical-align: inherit;\"><span dir=\"auto\" style=\"vertical-align: inherit;\"><span dir=\"auto\" style=\"vertical-align: inherit;\">\ud83d\udcc6 21. Juni 2026 \u2013 31. August 2026<\/span><\/span><\/span><\/p>\n<p><span dir=\"auto\" style=\"vertical-align: inherit;\"><span dir=\"auto\" style=\"vertical-align: inherit;\">Der Bratislavaer Kultursommer ist das gr\u00f6\u00dfte genre\u00fcbergreifende Stadtfestival und seit Jahrzehnten ein fester Bestandteil des Bratislavaer Sommers. \u00dcber den gesamten Sommer hinweg bindet es verschiedene st\u00e4dtische Schaupl\u00e4tze in sein Programm ein und bereichert das kulturelle Leben nicht nur im historischen Zentrum, sondern auch in Stadtteilen und weniger traditionellen Gegenden.<\/span><\/span><\/p>\n<p><span dir=\"auto\" style=\"vertical-align: inherit;\"><span dir=\"auto\" style=\"vertical-align: inherit;\">Das Festival bietet jedes Jahr ein vielf\u00e4ltiges Programm \u2013 von Konzerten, Theaterauff\u00fchrungen und Filmvorf\u00fchrungen bis hin zu Diskussionen, Ausstellungen, Sportaktivit\u00e4ten und Kinderprogrammen. Dank der breiten Genrevielfalt spricht es verschiedene Altersgruppen an und l\u00e4dt Einheimische wie Besucher ein, die Stadt zu entdecken.<\/span><\/span><\/p>\n<p data-start=\"602\" data-end=\"888\"><img loading=\"lazy\" class=\"aligncenter wp-image-344448 size-full\" src=\"https:\/\/www.visitbratislava.com\/wp-content\/uploads\/2025\/07\/dom-albrechtovcov.jpg\" alt=\"Haus und Garten der Kunst\" width=\"720\" height=\"540\" srcset=\"https:\/\/www.visitbratislava.com\/wp-content\/uploads\/2025\/07\/dom-albrechtovcov.jpg 720w, https:\/\/www.visitbratislava.com\/wp-content\/uploads\/2025\/07\/dom-albrechtovcov-400x300.jpg 400w, https:\/\/www.visitbratislava.com\/wp-content\/uploads\/2025\/07\/dom-albrechtovcov-200x150.jpg 200w, https:\/\/www.visitbratislava.com\/wp-content\/uploads\/2025\/07\/dom-albrechtovcov-600x450.jpg 600w\" sizes=\"(max-width: 720px) 100vw, 720px\" \/><\/p>\n<p data-start=\"890\" data-end=\"1327\"><span dir=\"auto\" style=\"vertical-align: inherit;\"><span dir=\"auto\" style=\"vertical-align: inherit;\">Die B\u00fchnen des Bratislavaer Kultur- und Informationszentrums (BKIS) sind ebenfalls Teil des Festivals. Die Kulturb\u00fchne im Janka-Kr\u00e1\u013e-Park bietet regelm\u00e4\u00dfig sonntagmorgens Kinderprogramme an, der Platz in der Biela 6 verwandelt sich in die gr\u00fcne Oase mit einem Programm speziell f\u00fcr junge Besucher, und die beliebten \u201eAbende an den Mauern\u201c geh\u00f6ren fest zum Sommerprogramm. In den letzten Jahren haben sich auch das Mi\u010durin-Amphitheater, der Klarisky-Konzertsaal und das Haus der Musik dem Festival angeschlossen.<\/span><\/span><\/p>\n<p data-start=\"890\" data-end=\"1327\"><img loading=\"lazy\" class=\"aligncenter wp-image-344485 size-large\" src=\"https:\/\/www.visitbratislava.com\/wp-content\/uploads\/2019\/07\/banner-Tribute-to-freedom-800x533.jpg\" alt=\"Tribut an die Freiheit\" width=\"800\" height=\"533\" srcset=\"https:\/\/www.visitbratislava.com\/wp-content\/uploads\/2019\/07\/banner-Tribute-to-freedom-800x533.jpg 800w, https:\/\/www.visitbratislava.com\/wp-content\/uploads\/2019\/07\/banner-Tribute-to-freedom-400x266.jpg 400w, https:\/\/www.visitbratislava.com\/wp-content\/uploads\/2019\/07\/banner-Tribute-to-freedom-768x512.jpg 768w, https:\/\/www.visitbratislava.com\/wp-content\/uploads\/2019\/07\/banner-Tribute-to-freedom-1536x1023.jpg 1536w, https:\/\/www.visitbratislava.com\/wp-content\/uploads\/2019\/07\/banner-Tribute-to-freedom-200x133.jpg 200w, https:\/\/www.visitbratislava.com\/wp-content\/uploads\/2019\/07\/banner-Tribute-to-freedom.jpg 2048w\" sizes=\"(max-width: 800px) 100vw, 800px\" \/><\/p>\n<p><span dir=\"auto\" style=\"vertical-align: inherit;\"><span dir=\"auto\" style=\"vertical-align: inherit;\">Zu den festen Veranstaltungen des Festivals geh\u00f6ren auch etablierte Events wie das JK Mertz Guitar Festival, Domus &amp; Hortus Artis, Viva Musica!, das Summer Shakespeare Festival und Tribute to Freedom.<\/span><\/span><\/p>\n<p><span dir=\"auto\" style=\"vertical-align: inherit;\"><span dir=\"auto\" style=\"vertical-align: inherit;\">Ein detailliertes Programm der einzelnen B\u00fchnen wird kurz vor Beginn des Festivals ver\u00f6ffentlicht.<\/span><\/span><\/p>\n<p><img loading=\"lazy\" class=\"alignleft wp-image-218216 size-full\" src=\"https:\/\/www.visitbratislava.com\/wp-content\/uploads\/2023\/01\/Kulturne-leto-011_1920x1280.jpg\" alt=\"Bratislavaer Kulturjahr\" width=\"1920\" height=\"1280\" srcset=\"https:\/\/www.visitbratislava.com\/wp-content\/uploads\/2023\/01\/Kulturne-leto-011_1920x1280.jpg 1920w, https:\/\/www.visitbratislava.com\/wp-content\/uploads\/2023\/01\/Kulturne-leto-011_1920x1280-400x267.jpg 400w, https:\/\/www.visitbratislava.com\/wp-content\/uploads\/2023\/01\/Kulturne-leto-011_1920x1280-800x533.jpg 800w, https:\/\/www.visitbratislava.com\/wp-content\/uploads\/2023\/01\/Kulturne-leto-011_1920x1280-768x512.jpg 768w, https:\/\/www.visitbratislava.com\/wp-content\/uploads\/2023\/01\/Kulturne-leto-011_1920x1280-1536x1024.jpg 1536w, https:\/\/www.visitbratislava.com\/wp-content\/uploads\/2023\/01\/Kulturne-leto-011_1920x1280-200x133.jpg 200w\" sizes=\"(max-width: 1920px) 100vw, 1920px\" \/><\/p>\n<h2><strong><span dir=\"auto\" style=\"vertical-align: inherit;\"><span dir=\"auto\" style=\"vertical-align: inherit;\">Kr\u00f6nungstage in Bratislava<\/span><\/span><\/strong><\/h2>\n<p><span dir=\"auto\" style=\"vertical-align: inherit;\"><span dir=\"auto\" style=\"vertical-align: inherit;\">\ud83d\udcc6 24. &#8211; 26. Juli 2026<\/span><\/span><\/p>\n<p><span dir=\"auto\" style=\"vertical-align: inherit;\"><span dir=\"auto\" style=\"vertical-align: inherit;\">Ende Juli verwandelt sich die slowakische Metropole Bratislava wieder in die \u201ePressburg\u201c. Die Stadt ist Schauplatz eines historischen Festes mit Kr\u00f6nungsprozession, Kr\u00f6nungseid und Ritterturnier, bei dem Bratislava an seine glorreiche k\u00f6nigliche Vergangenheit erinnert. Neben der authentischen Atmosph\u00e4re bietet das Fest ein abwechslungsreiches Rahmenprogramm.<\/span><\/span><\/p>\n<p><img loading=\"lazy\" class=\"alignleft wp-image-218222 size-full\" src=\"https:\/\/www.visitbratislava.com\/wp-content\/uploads\/2023\/01\/L_Petrova_leto_BKD-_komparz_2021_korunovacie_rytiersky-turnaj-05_kupene_vyhradna-licencia_casovo-neobmedzena_kat_A_1920x1280.jpg\" alt=\"Kr\u00f6nungstage in Bratislava\" width=\"1920\" height=\"1280\" srcset=\"https:\/\/www.visitbratislava.com\/wp-content\/uploads\/2023\/01\/L_Petrova_leto_BKD-_komparz_2021_korunovacie_rytiersky-turnaj-05_kupene_vyhradna-licencia_casovo-neobmedzena_kat_A_1920x1280.jpg 1920w, https:\/\/www.visitbratislava.com\/wp-content\/uploads\/2023\/01\/L_Petrova_leto_BKD-_komparz_2021_korunovacie_rytiersky-turnaj-05_kupene_vyhradna-licencia_casovo-neobmedzena_kat_A_1920x1280-400x267.jpg 400w, https:\/\/www.visitbratislava.com\/wp-content\/uploads\/2023\/01\/L_Petrova_leto_BKD-_komparz_2021_korunovacie_rytiersky-turnaj-05_kupene_vyhradna-licencia_casovo-neobmedzena_kat_A_1920x1280-800x533.jpg 800w, https:\/\/www.visitbratislava.com\/wp-content\/uploads\/2023\/01\/L_Petrova_leto_BKD-_komparz_2021_korunovacie_rytiersky-turnaj-05_kupene_vyhradna-licencia_casovo-neobmedzena_kat_A_1920x1280-768x512.jpg 768w, https:\/\/www.visitbratislava.com\/wp-content\/uploads\/2023\/01\/L_Petrova_leto_BKD-_komparz_2021_korunovacie_rytiersky-turnaj-05_kupene_vyhradna-licencia_casovo-neobmedzena_kat_A_1920x1280-1536x1024.jpg 1536w, https:\/\/www.visitbratislava.com\/wp-content\/uploads\/2023\/01\/L_Petrova_leto_BKD-_komparz_2021_korunovacie_rytiersky-turnaj-05_kupene_vyhradna-licencia_casovo-neobmedzena_kat_A_1920x1280-200x133.jpg 200w\" sizes=\"(max-width: 1920px) 100vw, 1920px\" \/><\/p>\n<h2><strong><span dir=\"auto\" style=\"vertical-align: inherit;\"><span dir=\"auto\" style=\"vertical-align: inherit;\">Lovestream Festival<\/span><\/span><\/strong><\/h2>\n<p><span dir=\"auto\" style=\"vertical-align: inherit;\"><span dir=\"auto\" style=\"vertical-align: inherit;\">\ud83d\udcc6 14. &#8211; 16. August 2026<\/span><\/span><\/p>\n<p><span dir=\"auto\" style=\"vertical-align: inherit;\"><span dir=\"auto\" style=\"vertical-align: inherit;\">Eines der gr\u00f6\u00dften Musikfestivals der Slowakei kehrt nach dem Erfolg der Vorjahre nach Bratislava zur\u00fcck. <\/span><\/span><a href=\"https:\/\/www.visitbratislava.com\/de\/geschehen\/lovestream-festival\/\" target=\"_blank\" rel=\"noopener\"><strong><span dir=\"auto\" style=\"vertical-align: inherit;\"><span dir=\"auto\" style=\"vertical-align: inherit;\">LOVESTREAM<\/span><\/span><\/strong><\/a><span dir=\"auto\" style=\"vertical-align: inherit;\"><span dir=\"auto\" style=\"vertical-align: inherit;\"> pr\u00e4sentiert j\u00e4hrlich ein mehrt\u00e4giges Programm mit Konzerten, einer mitrei\u00dfenden Atmosph\u00e4re und einer Mischung aus internationalen und slowakischen K\u00fcnstlern.<\/span><\/span><\/p>\n<p><span dir=\"auto\" style=\"vertical-align: inherit;\"><span dir=\"auto\" style=\"vertical-align: inherit;\">Einzelheiten zum Programm, den K\u00fcnstlern und den Begleitaktivit\u00e4ten werden von den Organisatoren nach und nach ver\u00f6ffentlicht.<\/span><\/span><\/p>\n<p><img loading=\"lazy\" class=\"alignleft wp-image-218228 size-full\" src=\"https:\/\/www.visitbratislava.com\/wp-content\/uploads\/2023\/01\/Lovestream-Festival-000_1920x1280.jpg\" alt=\"Lovestream Festival\" width=\"1920\" height=\"1280\" srcset=\"https:\/\/www.visitbratislava.com\/wp-content\/uploads\/2023\/01\/Lovestream-Festival-000_1920x1280.jpg 1920w, https:\/\/www.visitbratislava.com\/wp-content\/uploads\/2023\/01\/Lovestream-Festival-000_1920x1280-400x267.jpg 400w, https:\/\/www.visitbratislava.com\/wp-content\/uploads\/2023\/01\/Lovestream-Festival-000_1920x1280-800x533.jpg 800w, https:\/\/www.visitbratislava.com\/wp-content\/uploads\/2023\/01\/Lovestream-Festival-000_1920x1280-768x512.jpg 768w, https:\/\/www.visitbratislava.com\/wp-content\/uploads\/2023\/01\/Lovestream-Festival-000_1920x1280-1536x1024.jpg 1536w, https:\/\/www.visitbratislava.com\/wp-content\/uploads\/2023\/01\/Lovestream-Festival-000_1920x1280-200x133.jpg 200w\" sizes=\"(max-width: 1920px) 100vw, 1920px\" \/><\/p>\n<h2><strong><span dir=\"auto\" style=\"vertical-align: inherit;\"><span dir=\"auto\" style=\"vertical-align: inherit;\">Aufstandsfestival<\/span><\/span><\/strong><\/h2>\n<p><span dir=\"auto\" style=\"vertical-align: inherit;\"><span dir=\"auto\" style=\"vertical-align: inherit;\">\ud83d\udcc6 28. &#8211; 29. August 2026<\/span><\/span><\/p>\n<p><strong><a href=\"https:\/\/www.visitbratislava.com\/de\/geschehen\/uprising\/\" target=\"_blank\" rel=\"noopener\"><span dir=\"auto\" style=\"vertical-align: inherit;\"><span dir=\"auto\" style=\"vertical-align: inherit;\">Uprising<\/span><\/span><\/a><\/strong><span dir=\"auto\" style=\"vertical-align: inherit;\"><span dir=\"auto\" style=\"vertical-align: inherit;\"> ist das gr\u00f6\u00dfte Reggae-Festival Mitteleuropas und eines der f\u00fchrenden europ\u00e4ischen Musikevents seiner Art. Es ist bekannt f\u00fcr seine Botschaft der Inklusion und sein Bestreben, Menschen verschiedener Kulturen zusammenzubringen. Neben dem Musikprogramm bietet es regelm\u00e4\u00dfig ein vielf\u00e4ltiges Rahmenprogramm und ein familienfreundliches Umfeld, sodass sich ein breites Publikum auf dem Festival wohlf\u00fchlt.<\/span><\/span><\/p>\n<p><span dir=\"auto\" style=\"vertical-align: inherit;\"><span dir=\"auto\" style=\"vertical-align: inherit;\">Das Festival erinnert mit seinem Namen und dem traditionellen Sommertermin an den Slowakischen Nationalaufstand, was der Veranstaltung eine symbolische Dimension verleiht.<\/span><\/span><\/p>\n<p><span dir=\"auto\" style=\"vertical-align: inherit;\"><span dir=\"auto\" style=\"vertical-align: inherit;\">Informationen zum Programm, den K\u00fcnstlern und Details zur Ausgabe 2026 werden von den Organisatoren nach und nach ver\u00f6ffentlicht.<\/span><\/span><\/p>\n<p><img loading=\"lazy\" class=\"alignnone wp-image-27415 size-full\" src=\"https:\/\/www.visitbratislava.com\/wp-content\/uploads\/2016\/05\/uprising2017.jpg\" alt=\"Aufstandsfestival\" width=\"1200\" height=\"444\" srcset=\"https:\/\/www.visitbratislava.com\/wp-content\/uploads\/2016\/05\/uprising2017.jpg 1200w, https:\/\/www.visitbratislava.com\/wp-content\/uploads\/2016\/05\/uprising2017-400x148.jpg 400w, https:\/\/www.visitbratislava.com\/wp-content\/uploads\/2016\/05\/uprising2017-768x284.jpg 768w, https:\/\/www.visitbratislava.com\/wp-content\/uploads\/2016\/05\/uprising2017-800x296.jpg 800w, https:\/\/www.visitbratislava.com\/wp-content\/uploads\/2016\/05\/uprising2017-200x74.jpg 200w\" sizes=\"(max-width: 1200px) 100vw, 1200px\" \/><\/p>\n<h2><strong><span dir=\"auto\" style=\"vertical-align: inherit;\"><span dir=\"auto\" style=\"vertical-align: inherit;\">Tage der \u00da\u013dUV-Meisterhandwerker<\/span><\/span><\/strong><\/h2>\n<p><span dir=\"auto\" style=\"vertical-align: inherit;\"><span dir=\"auto\" style=\"vertical-align: inherit;\">\ud83d\udcc6 September<\/span><\/span><\/p>\n<p><span dir=\"auto\" style=\"vertical-align: inherit;\"><span dir=\"auto\" style=\"vertical-align: inherit;\">Das gr\u00f6\u00dfte Festival f\u00fcr traditionelles Handwerk in Bratislava pr\u00e4sentiert die kulturelle Vielfalt der slowakischen Regionen, Handwerkstechniken, Volkskunst, Musik, Gesang und traditionelle K\u00f6stlichkeiten. Es umfasst au\u00dferdem einen Markt mit originellen Produkten, ein begleitendes Kulturprogramm und kreative Workshops f\u00fcr Kinder. Besucher k\u00f6nnen jedes Jahr im Stadtzentrum auf dem gr\u00fcnen Hviezdoslav-Platz die Handwerkskunst der K\u00fcnstler bewundern.<\/span><\/span><\/p>\n<p><img loading=\"lazy\" class=\"alignleft wp-image-218246 size-full\" src=\"https:\/\/www.visitbratislava.com\/wp-content\/uploads\/2023\/01\/DMU2017_fotoAnna-Gekrepten-8_1920x1280.jpg\" alt=\"Tage der \u00da\u013dUV-Meister\" width=\"1920\" height=\"1280\" srcset=\"https:\/\/www.visitbratislava.com\/wp-content\/uploads\/2023\/01\/DMU2017_fotoAnna-Gekrepten-8_1920x1280.jpg 1920w, https:\/\/www.visitbratislava.com\/wp-content\/uploads\/2023\/01\/DMU2017_fotoAnna-Gekrepten-8_1920x1280-400x267.jpg 400w, https:\/\/www.visitbratislava.com\/wp-content\/uploads\/2023\/01\/DMU2017_fotoAnna-Gekrepten-8_1920x1280-800x533.jpg 800w, https:\/\/www.visitbratislava.com\/wp-content\/uploads\/2023\/01\/DMU2017_fotoAnna-Gekrepten-8_1920x1280-768x512.jpg 768w, https:\/\/www.visitbratislava.com\/wp-content\/uploads\/2023\/01\/DMU2017_fotoAnna-Gekrepten-8_1920x1280-1536x1024.jpg 1536w, https:\/\/www.visitbratislava.com\/wp-content\/uploads\/2023\/01\/DMU2017_fotoAnna-Gekrepten-8_1920x1280-200x133.jpg 200w\" sizes=\"(max-width: 1920px) 100vw, 1920px\" \/><\/p>\n<h2><strong><span dir=\"auto\" style=\"vertical-align: inherit;\"><span dir=\"auto\" style=\"vertical-align: inherit;\">Ra\u010da-Traubenlese<\/span><\/span><\/strong><\/h2>\n<p><span dir=\"auto\" style=\"vertical-align: inherit;\"><span dir=\"auto\" style=\"vertical-align: inherit;\">\ud83d\udcc6 voraussichtlich Mitte September 2026<\/span><\/span><\/p>\n<p><span dir=\"auto\" style=\"vertical-align: inherit;\"><span dir=\"auto\" style=\"vertical-align: inherit;\">Eine der drei wichtigsten Weinlesezeiten in den Kleinen Karpaten ist gleichzeitig ein beliebtes Ereignis in Bratislava. Traditionelle Erntefeste erg\u00e4nzen in der Regel ein dreit\u00e4giges Programm mit Musikkonzerten, Kreativworkshops, einem Kunsthandwerkermarkt, verschiedenen Ausstellungen und zahlreichen Sportveranstaltungen. Bur\u010diak- und Weinproben wechseln sich mit Vorf\u00fchrungen des Traubenpressens und Mostverkostungen sowie unterhaltsamen Wettbewerben ab.<\/span><\/span><\/p>\n<p><img loading=\"lazy\" class=\"alignnone wp-image-280207 size-full\" src=\"https:\/\/www.visitbratislava.com\/wp-content\/uploads\/2024\/02\/Racianske-vinobranie-Banner-web.png\" alt=\"Ra\u010diansk\u00e9 vintage\" width=\"1418\" height=\"458\" srcset=\"https:\/\/www.visitbratislava.com\/wp-content\/uploads\/2024\/02\/Racianske-vinobranie-Banner-web.png 1418w, https:\/\/www.visitbratislava.com\/wp-content\/uploads\/2024\/02\/Racianske-vinobranie-Banner-web-400x129.png 400w, https:\/\/www.visitbratislava.com\/wp-content\/uploads\/2024\/02\/Racianske-vinobranie-Banner-web-800x258.png 800w, https:\/\/www.visitbratislava.com\/wp-content\/uploads\/2024\/02\/Racianske-vinobranie-Banner-web-768x248.png 768w, https:\/\/www.visitbratislava.com\/wp-content\/uploads\/2024\/02\/Racianske-vinobranie-Banner-web-200x65.png 200w\" sizes=\"(max-width: 1418px) 100vw, 1418px\" \/><\/p>\n<h2><strong><span dir=\"auto\" style=\"vertical-align: inherit;\"><span dir=\"auto\" style=\"vertical-align: inherit;\">Wei\u00dfe Nacht<\/span><\/span><\/strong><\/h2>\n<p><span dir=\"auto\" style=\"vertical-align: inherit;\"><span dir=\"auto\" style=\"vertical-align: inherit;\">\ud83d\udcc6 Voraussichtlich Anfang Oktober<\/span><\/span><\/p>\n<p><span dir=\"auto\" style=\"vertical-align: inherit;\"><span dir=\"auto\" style=\"vertical-align: inherit;\">Im Oktober findet ein renommiertes internationales Kunstprojekt statt, das zeitgen\u00f6ssische Kunstformen, insbesondere an ungew\u00f6hnlichen Orten, pr\u00e4sentiert. Eine vielf\u00e4ltige Auswahl an Kunstgenres wird Bratislava an Dutzenden bekannter und unbekannter Orte mit visuell ansprechenden Installationen, Konzerten, Filmen, Theaterauff\u00fchrungen, Tanz, Literatur und Live-Performances bereichern.<\/span><\/span><\/p>\n<p><img loading=\"lazy\" class=\"alignleft wp-image-218240 size-full\" src=\"https:\/\/www.visitbratislava.com\/wp-content\/uploads\/2023\/01\/DJI_0981_1920x1280.jpg\" alt=\"Wei\u00dfe Nacht\" width=\"1920\" height=\"1280\" srcset=\"https:\/\/www.visitbratislava.com\/wp-content\/uploads\/2023\/01\/DJI_0981_1920x1280.jpg 1920w, https:\/\/www.visitbratislava.com\/wp-content\/uploads\/2023\/01\/DJI_0981_1920x1280-400x267.jpg 400w, https:\/\/www.visitbratislava.com\/wp-content\/uploads\/2023\/01\/DJI_0981_1920x1280-800x533.jpg 800w, https:\/\/www.visitbratislava.com\/wp-content\/uploads\/2023\/01\/DJI_0981_1920x1280-768x512.jpg 768w, https:\/\/www.visitbratislava.com\/wp-content\/uploads\/2023\/01\/DJI_0981_1920x1280-1536x1024.jpg 1536w, https:\/\/www.visitbratislava.com\/wp-content\/uploads\/2023\/01\/DJI_0981_1920x1280-200x133.jpg 200w\" sizes=\"(max-width: 1920px) 100vw, 1920px\" \/><\/p>\n<h2><strong><span dir=\"auto\" style=\"vertical-align: inherit;\"><span dir=\"auto\" style=\"vertical-align: inherit;\">R\u00f6mische Spiele<\/span><\/span><\/strong><\/h2>\n<p><span dir=\"auto\" style=\"vertical-align: inherit;\"><span dir=\"auto\" style=\"vertical-align: inherit;\">\ud83d\udcc6 26. September 2026<\/span><\/span><\/p>\n<p><span dir=\"auto\" style=\"vertical-align: inherit;\"><span dir=\"auto\" style=\"vertical-align: inherit;\">Die R\u00f6mischen Spiele entf\u00fchren Besucher direkt nach Rusovce, wo einst ein r\u00f6misches Milit\u00e4rlager stand, in die Zeit des R\u00f6mischen Reiches. Die Veranstaltung l\u00e4sst das antike Gerulata \u2013 ein UNESCO-Weltkulturerbe \u2013 j\u00e4hrlich wieder aufleben und bietet Vorf\u00fchrungen r\u00f6mischen Lebens, Handwerkskunst, Schlachten, historische Aktivit\u00e4ten und Familienprogramme. Besucher k\u00f6nnen zudem auf thematischen Stadtf\u00fchrungen die Geschichte von Rusovce entdecken.<\/span><\/span><\/p>\n<h2><img loading=\"lazy\" class=\"alignnone wp-image-174956 size-full\" style=\"font-size: 16px;\" src=\"https:\/\/www.visitbratislava.com\/wp-content\/uploads\/2022\/09\/Rimske-hry-Banner-001.jpg\" alt=\"R\u00f6mische Spiele\" width=\"1418\" height=\"458\" srcset=\"https:\/\/www.visitbratislava.com\/wp-content\/uploads\/2022\/09\/Rimske-hry-Banner-001.jpg 1418w, https:\/\/www.visitbratislava.com\/wp-content\/uploads\/2022\/09\/Rimske-hry-Banner-001-400x129.jpg 400w, https:\/\/www.visitbratislava.com\/wp-content\/uploads\/2022\/09\/Rimske-hry-Banner-001-800x258.jpg 800w, https:\/\/www.visitbratislava.com\/wp-content\/uploads\/2022\/09\/Rimske-hry-Banner-001-768x248.jpg 768w, https:\/\/www.visitbratislava.com\/wp-content\/uploads\/2022\/09\/Rimske-hry-Banner-001-200x65.jpg 200w\" sizes=\"(max-width: 1418px) 100vw, 1418px\" \/><\/h2>\n<h2><strong><span dir=\"auto\" style=\"vertical-align: inherit;\"><span dir=\"auto\" style=\"vertical-align: inherit;\">Bratislava Musikfestival<\/span><\/span><\/strong><\/h2>\n<p><span dir=\"auto\" style=\"vertical-align: inherit;\"><span dir=\"auto\" style=\"vertical-align: inherit;\">\ud83d\udcc6 voraussichtlich von Mitte September bis Anfang Oktober<\/span><\/span><\/p>\n<p><span dir=\"auto\" style=\"vertical-align: inherit;\"><span dir=\"auto\" style=\"vertical-align: inherit;\">Eines der wichtigsten und traditionsreichsten internationalen Musikfestivals der Slowakei pr\u00e4sentiert regelm\u00e4\u00dfig nationale und internationale Spitzenk\u00fcnstler der klassischen Musik. Besucher k\u00f6nnen Auff\u00fchrungen in der Slowakischen Philharmonie und anderen Konzerth\u00e4usern im Zentrum von Bratislava genie\u00dfen, wo das Festival jedes Jahr ein musikalisch anregendes und k\u00fcnstlerisch hochkar\u00e4tiges Programm bietet.<\/span><\/span><\/p>\n<p><img loading=\"lazy\" class=\"alignleft wp-image-218264 size-full\" src=\"https:\/\/www.visitbratislava.com\/wp-content\/uploads\/2023\/01\/BRATISLAVSKE-HUDOBNE-SLAVNOSTI-2017-2_1920x1280.jpg\" alt=\"Musikfestivals in Bratislava\" width=\"1920\" height=\"1280\" srcset=\"https:\/\/www.visitbratislava.com\/wp-content\/uploads\/2023\/01\/BRATISLAVSKE-HUDOBNE-SLAVNOSTI-2017-2_1920x1280.jpg 1920w, https:\/\/www.visitbratislava.com\/wp-content\/uploads\/2023\/01\/BRATISLAVSKE-HUDOBNE-SLAVNOSTI-2017-2_1920x1280-400x267.jpg 400w, https:\/\/www.visitbratislava.com\/wp-content\/uploads\/2023\/01\/BRATISLAVSKE-HUDOBNE-SLAVNOSTI-2017-2_1920x1280-800x533.jpg 800w, https:\/\/www.visitbratislava.com\/wp-content\/uploads\/2023\/01\/BRATISLAVSKE-HUDOBNE-SLAVNOSTI-2017-2_1920x1280-768x512.jpg 768w, https:\/\/www.visitbratislava.com\/wp-content\/uploads\/2023\/01\/BRATISLAVSKE-HUDOBNE-SLAVNOSTI-2017-2_1920x1280-1536x1024.jpg 1536w, https:\/\/www.visitbratislava.com\/wp-content\/uploads\/2023\/01\/BRATISLAVSKE-HUDOBNE-SLAVNOSTI-2017-2_1920x1280-200x133.jpg 200w\" sizes=\"(max-width: 1920px) 100vw, 1920px\" \/><\/p>\n<h2><strong><span dir=\"auto\" style=\"vertical-align: inherit;\"><span dir=\"auto\" style=\"vertical-align: inherit;\">Bratislava Jazz Days<\/span><\/span><\/strong><\/h2>\n<p><span dir=\"auto\" style=\"vertical-align: inherit;\"><span dir=\"auto\" style=\"vertical-align: inherit;\">\ud83d\udcc6 23. &#8211; 25. Oktober 2026<\/span><\/span><\/p>\n<p><span dir=\"auto\" style=\"vertical-align: inherit;\"><span dir=\"auto\" style=\"vertical-align: inherit;\">Eines der wichtigsten slowakischen Festivals ist eine der gr\u00f6\u00dften Herbstveranstaltungen des Landes. Es findet im September und Oktober statt und wird regelm\u00e4\u00dfig von Weltklasse-Musikern und gro\u00dfartigen slowakischen Musikern besucht. Auch Nachwuchsk\u00fcnstler werden hier gef\u00f6rdert. \u201eJazz\u00e1ky\u201c, unter der Schirmherrschaft des Vaters des slowakischen Jazz, Peter Lipa, ist eines der \u00e4ltesten Musikfestivals der Slowakei.<\/span><\/span><\/p>\n<p><img loading=\"lazy\" class=\"alignnone wp-image-142661 size-full\" src=\"https:\/\/www.visitbratislava.com\/wp-content\/uploads\/2022\/07\/Bratislavske-jazzove-dni-003-scaled.jpeg\" alt=\"Bratislava Jazz Days\" width=\"2560\" height=\"1704\" srcset=\"https:\/\/www.visitbratislava.com\/wp-content\/uploads\/2022\/07\/Bratislavske-jazzove-dni-003-scaled.jpeg 2560w, https:\/\/www.visitbratislava.com\/wp-content\/uploads\/2022\/07\/Bratislavske-jazzove-dni-003-400x266.jpeg 400w, https:\/\/www.visitbratislava.com\/wp-content\/uploads\/2022\/07\/Bratislavske-jazzove-dni-003-800x533.jpeg 800w, https:\/\/www.visitbratislava.com\/wp-content\/uploads\/2022\/07\/Bratislavske-jazzove-dni-003-768x511.jpeg 768w, https:\/\/www.visitbratislava.com\/wp-content\/uploads\/2022\/07\/Bratislavske-jazzove-dni-003-1536x1023.jpeg 1536w, https:\/\/www.visitbratislava.com\/wp-content\/uploads\/2022\/07\/Bratislavske-jazzove-dni-003-2048x1363.jpeg 2048w, https:\/\/www.visitbratislava.com\/wp-content\/uploads\/2022\/07\/Bratislavske-jazzove-dni-003-200x133.jpeg 200w\" sizes=\"(max-width: 2560px) 100vw, 2560px\" \/><\/p>\n<h2><strong><span dir=\"auto\" style=\"vertical-align: inherit;\"><span dir=\"auto\" style=\"vertical-align: inherit;\">Jungweinfestival<\/span><\/span><\/strong><\/h2>\n<p><span dir=\"auto\" style=\"vertical-align: inherit;\"><span dir=\"auto\" style=\"vertical-align: inherit;\">\ud83d\udcc6 6.-7. November 2026<\/span><\/span><\/p>\n<p><span dir=\"auto\" style=\"vertical-align: inherit;\"><span dir=\"auto\" style=\"vertical-align: inherit;\">Das Jungweinfestival in Bratislava setzt die Tradition fort, die ersten Weine des neuen Jahrgangs zu verkosten, die traditionell mit dem Martinstag verbunden sind. Die Veranstaltung pr\u00e4sentiert j\u00e4hrlich junge Weine von Bratislavaer Winzern und bietet dazu ein abwechslungsreiches Rahmenprogramm mit Gastronomie und thematischen Aktivit\u00e4ten. Das beliebte Herbstevent bringt die lokale Weinkultur einem breiten Publikum n\u00e4her.<\/span><\/span><\/p>\n<p><img loading=\"lazy\" class=\"alignleft wp-image-218276 size-full\" src=\"https:\/\/www.visitbratislava.com\/wp-content\/uploads\/2023\/01\/Festival-mladeho-vina-001_1920x1280.jpg\" alt=\"Jungweinfestival\" width=\"1920\" height=\"1280\" srcset=\"https:\/\/www.visitbratislava.com\/wp-content\/uploads\/2023\/01\/Festival-mladeho-vina-001_1920x1280.jpg 1920w, https:\/\/www.visitbratislava.com\/wp-content\/uploads\/2023\/01\/Festival-mladeho-vina-001_1920x1280-400x267.jpg 400w, https:\/\/www.visitbratislava.com\/wp-content\/uploads\/2023\/01\/Festival-mladeho-vina-001_1920x1280-800x533.jpg 800w, https:\/\/www.visitbratislava.com\/wp-content\/uploads\/2023\/01\/Festival-mladeho-vina-001_1920x1280-768x512.jpg 768w, https:\/\/www.visitbratislava.com\/wp-content\/uploads\/2023\/01\/Festival-mladeho-vina-001_1920x1280-1536x1024.jpg 1536w, https:\/\/www.visitbratislava.com\/wp-content\/uploads\/2023\/01\/Festival-mladeho-vina-001_1920x1280-200x133.jpg 200w\" sizes=\"(max-width: 1920px) 100vw, 1920px\" \/><\/p>\n<h2><strong><span dir=\"auto\" style=\"vertical-align: inherit;\"><span dir=\"auto\" style=\"vertical-align: inherit;\"><span dir=\"auto\" style=\"vertical-align: inherit;\">Tag der offenen T\u00fcr<\/span><\/span><\/span><\/strong><\/h2>\n<p><span dir=\"auto\" style=\"vertical-align: inherit;\"><span dir=\"auto\" style=\"vertical-align: inherit;\"><span dir=\"auto\" style=\"vertical-align: inherit;\">\ud83d\udcc6 etwa Mitte November<\/span><\/span><\/span><\/p>\n<p><span dir=\"auto\" style=\"vertical-align: inherit;\"><span dir=\"auto\" style=\"vertical-align: inherit;\"><span dir=\"auto\" style=\"vertical-align: inherit;\">Das ber\u00fchmteste Weinevent der Slowakei findet jedes Jahr im November statt, bei dem Winzer aus der Weinregion Kleinkarpatska ihre jungen Weine pr\u00e4sentieren. \u00dcber 100 Weinkeller \u00f6ffnen ihre Pforten und hei\u00dfen Weinliebhaber herzlich willkommen bei Winzern aus allen zw\u00f6lf Weinregionen der Kleinkarpatskas. Die Feier der Weinkultur in einer Region, in der Geschichte und Gegenwart aufeinandertreffen, ist zugleich eine Hommage an die anspruchsvolle und zugleich wertvolle Arbeit der Winzer aus der ganzen Kleinkarpatska. Doch es geht nicht nur um Wein, sondern auch um die malerische, von Weinbergen gepr\u00e4gte Landschaft, die regionale Gastronomie, oft zubereitet von talentierten Winzern, und ein abwechslungsreiches Rahmenprogramm mit Musik in den Weinkellern.<\/span><\/span><\/span><\/p>\n<p><img loading=\"lazy\" class=\"alignleft wp-image-218282 size-full\" src=\"https:\/\/www.visitbratislava.com\/wp-content\/uploads\/2023\/01\/Den-otvorenych-pivnic-000_1920x1280.jpg\" alt=\"Tag der offenen T\u00fcr\" width=\"1920\" height=\"1280\" srcset=\"https:\/\/www.visitbratislava.com\/wp-content\/uploads\/2023\/01\/Den-otvorenych-pivnic-000_1920x1280.jpg 1920w, https:\/\/www.visitbratislava.com\/wp-content\/uploads\/2023\/01\/Den-otvorenych-pivnic-000_1920x1280-400x267.jpg 400w, https:\/\/www.visitbratislava.com\/wp-content\/uploads\/2023\/01\/Den-otvorenych-pivnic-000_1920x1280-800x533.jpg 800w, https:\/\/www.visitbratislava.com\/wp-content\/uploads\/2023\/01\/Den-otvorenych-pivnic-000_1920x1280-768x512.jpg 768w, https:\/\/www.visitbratislava.com\/wp-content\/uploads\/2023\/01\/Den-otvorenych-pivnic-000_1920x1280-1536x1024.jpg 1536w, https:\/\/www.visitbratislava.com\/wp-content\/uploads\/2023\/01\/Den-otvorenych-pivnic-000_1920x1280-200x133.jpg 200w\" sizes=\"(max-width: 1920px) 100vw, 1920px\" \/><\/p>\n<h2><strong><span dir=\"auto\" style=\"vertical-align: inherit;\"><span dir=\"auto\" style=\"vertical-align: inherit;\"><span dir=\"auto\" style=\"vertical-align: inherit;\">Weihnachtsm\u00e4rkte<\/span><\/span><\/span><\/strong><\/h2>\n<p><span dir=\"auto\" style=\"vertical-align: inherit;\"><span dir=\"auto\" style=\"vertical-align: inherit;\"><span dir=\"auto\" style=\"vertical-align: inherit;\">\ud83d\udcc6 Beginn etwa Ende November und Ende Anfang Januar 2027 (ausgenommen Weihnachtsfeiertage vom 24. bis 26. Dezember)<\/span><\/span><\/span><\/p>\n<p><span dir=\"auto\" style=\"vertical-align: inherit;\"><span dir=\"auto\" style=\"vertical-align: inherit;\"><span dir=\"auto\" style=\"vertical-align: inherit;\">Jedes Jahr in der zweiten Novemberh\u00e4lfte herrscht in Bratislava weihnachtliche Stimmung. Weihnachtsm\u00e4rkte mit zahlreichen Essens- und Geschenkst\u00e4nden werden durch ein abwechslungsreiches Weihnachtsprogramm erg\u00e4nzt \u2013 Konzerte, Lesungen, kreative Aktivit\u00e4ten f\u00fcr Kinder, Kleider- und Spielzeugtauschb\u00f6rsen, Spendenaktionen und thematische Stadtspazierg\u00e4nge. Weihnachtsm\u00e4rkte, die etwa einen Monat lang ge\u00f6ffnet sind, finden sich beispielsweise auf dem Hlavn\u00e9 n\u00e1mestie, dem Hviezdoslavov n\u00e1mestie, dem Dulovo n\u00e1mestie, aber auch in Star\u00e1 Tr\u017enica oder Tr\u017enica Nivy.<\/span><\/span><\/span><\/p>\n<p><img loading=\"lazy\" class=\"alignnone wp-image-318352 size-full\" src=\"https:\/\/www.visitbratislava.com\/wp-content\/uploads\/2024\/11\/M-Kovac_2023_Bratislava_zima_vianoce_vianocne_trhy_nevyhradna_licencia_casovo_neobmedzena_kat_A_tagg-scaled.jpg\" alt=\"Weihnachtsm\u00e4rkte Bratislava\" width=\"2560\" height=\"1707\" srcset=\"https:\/\/www.visitbratislava.com\/wp-content\/uploads\/2024\/11\/M-Kovac_2023_Bratislava_zima_vianoce_vianocne_trhy_nevyhradna_licencia_casovo_neobmedzena_kat_A_tagg-scaled.jpg 2560w, https:\/\/www.visitbratislava.com\/wp-content\/uploads\/2024\/11\/M-Kovac_2023_Bratislava_zima_vianoce_vianocne_trhy_nevyhradna_licencia_casovo_neobmedzena_kat_A_tagg-400x267.jpg 400w, https:\/\/www.visitbratislava.com\/wp-content\/uploads\/2024\/11\/M-Kovac_2023_Bratislava_zima_vianoce_vianocne_trhy_nevyhradna_licencia_casovo_neobmedzena_kat_A_tagg-800x533.jpg 800w, https:\/\/www.visitbratislava.com\/wp-content\/uploads\/2024\/11\/M-Kovac_2023_Bratislava_zima_vianoce_vianocne_trhy_nevyhradna_licencia_casovo_neobmedzena_kat_A_tagg-768x512.jpg 768w, https:\/\/www.visitbratislava.com\/wp-content\/uploads\/2024\/11\/M-Kovac_2023_Bratislava_zima_vianoce_vianocne_trhy_nevyhradna_licencia_casovo_neobmedzena_kat_A_tagg-1536x1024.jpg 1536w, https:\/\/www.visitbratislava.com\/wp-content\/uploads\/2024\/11\/M-Kovac_2023_Bratislava_zima_vianoce_vianocne_trhy_nevyhradna_licencia_casovo_neobmedzena_kat_A_tagg-2048x1365.jpg 2048w, https:\/\/www.visitbratislava.com\/wp-content\/uploads\/2024\/11\/M-Kovac_2023_Bratislava_zima_vianoce_vianocne_trhy_nevyhradna_licencia_casovo_neobmedzena_kat_A_tagg-200x133.jpg 200w\" sizes=\"(max-width: 2560px) 100vw, 2560px\" \/><\/p>\n<p><span dir=\"auto\" style=\"vertical-align: inherit;\"><span dir=\"auto\" style=\"vertical-align: inherit;\"><span dir=\"auto\" style=\"vertical-align: inherit;\">Bratislava wird Sie unterhalten, angenehm \u00fcberraschen und Ihnen das ganze Jahr \u00fcber etwas Besonderes bieten. Entdecken Sie, was die Stadt alles zu bieten hat. Lassen Sie sich von der Vielfalt der Erlebnisse verf\u00fchren und genie\u00dfen Sie jeden Augenblick.<\/span><\/span><\/span><\/p>\n<p><span dir=\"auto\" style=\"vertical-align: inherit;\"><span dir=\"auto\" style=\"vertical-align: inherit;\"><span dir=\"auto\" style=\"vertical-align: inherit;\">Gestalten Sie Ihr eigenes Programm und planen Sie Ihre Zeit in Bratislava. W\u00e4hlen Sie, was Ihnen gef\u00e4llt, und genie\u00dfen Sie die Hauptstadt ganz nach Ihren W\u00fcnschen. Stillen Sie Ihren Hunger, wann immer Sie m\u00f6chten. In Bratislava ist jeder Tag etwas Besonderes.<\/span><\/span><\/span><\/p>\n<p><img loading=\"lazy\" class=\"alignleft wp-image-218300 size-full\" src=\"https:\/\/www.visitbratislava.com\/wp-content\/uploads\/2023\/01\/Crot-Production_2022_dron_eurovea_dunaj_narodne-divadlo_zapad-slnka_1920x1280.jpg\" alt=\"Blick auf die Altstadt von Bratislava\" width=\"1920\" height=\"1280\" srcset=\"https:\/\/www.visitbratislava.com\/wp-content\/uploads\/2023\/01\/Crot-Production_2022_dron_eurovea_dunaj_narodne-divadlo_zapad-slnka_1920x1280.jpg 1920w, https:\/\/www.visitbratislava.com\/wp-content\/uploads\/2023\/01\/Crot-Production_2022_dron_eurovea_dunaj_narodne-divadlo_zapad-slnka_1920x1280-400x267.jpg 400w, https:\/\/www.visitbratislava.com\/wp-content\/uploads\/2023\/01\/Crot-Production_2022_dron_eurovea_dunaj_narodne-divadlo_zapad-slnka_1920x1280-800x533.jpg 800w, https:\/\/www.visitbratislava.com\/wp-content\/uploads\/2023\/01\/Crot-Production_2022_dron_eurovea_dunaj_narodne-divadlo_zapad-slnka_1920x1280-768x512.jpg 768w, https:\/\/www.visitbratislava.com\/wp-content\/uploads\/2023\/01\/Crot-Production_2022_dron_eurovea_dunaj_narodne-divadlo_zapad-slnka_1920x1280-1536x1024.jpg 1536w, https:\/\/www.visitbratislava.com\/wp-content\/uploads\/2023\/01\/Crot-Production_2022_dron_eurovea_dunaj_narodne-divadlo_zapad-slnka_1920x1280-200x133.jpg 200w\" sizes=\"(max-width: 1920px) 100vw, 1920px\" \/><\/p>\n","protected":false},"excerpt":{"rendered":"<p>Bratislava ist zu jeder Jahreszeit und bei jedem Wetter voller Erlebnisse. Wir zeigen Ihnen das Beste f\u00fcr 2026!<\/p>\n","protected":false},"author":32,"featured_media":385471,"parent":0,"menu_order":0,"comment_status":"closed","ping_status":"closed","template":"","meta":[],"acf":[],"_links":{"self":[{"href":"https:\/\/www.visitbratislava.com\/de\/wp-json\/wp\/v2\/pages\/218713"}],"collection":[{"href":"https:\/\/www.visitbratislava.com\/de\/wp-json\/wp\/v2\/pages"}],"about":[{"href":"https:\/\/www.visitbratislava.com\/de\/wp-json\/wp\/v2\/types\/page"}],"author":[{"embeddable":true,"href":"https:\/\/www.visitbratislava.com\/de\/wp-json\/wp\/v2\/users\/32"}],"replies":[{"embeddable":true,"href":"https:\/\/www.visitbratislava.com\/de\/wp-json\/wp\/v2\/comments?post=218713"}],"version-history":[{"count":12,"href":"https:\/\/www.visitbratislava.com\/de\/wp-json\/wp\/v2\/pages\/218713\/revisions"}],"predecessor-version":[{"id":424639,"href":"https:\/\/www.visitbratislava.com\/de\/wp-json\/wp\/v2\/pages\/218713\/revisions\/424639"}],"wp:featuredmedia":[{"embeddable":true,"href":"https:\/\/www.visitbratislava.com\/de\/wp-json\/wp\/v2\/media\/385471"}],"wp:attachment":[{"href":"https:\/\/www.visitbratislava.com\/de\/wp-json\/wp\/v2\/media?parent=218713"}],"curies":[{"name":"wp","href":"https:\/\/api.w.org\/{rel}","templated":true}]}}