{"id":305089,"date":"2024-07-31T11:05:51","date_gmt":"2024-07-31T09:05:51","guid":{"rendered":"https:\/\/www.visitbratislava.com\/?page_id=305089"},"modified":"2025-07-04T13:03:33","modified_gmt":"2025-07-04T11:03:33","slug":"praktische-information","status":"publish","type":"page","link":"https:\/\/www.visitbratislava.com\/de\/praktische-information\/","title":{"rendered":"Praktische Information"},"content":{"rendered":"<h3><span style=\"color: #db1800;\">Parken<\/span><\/h3>\n<p>Auf der Bratislavaer Burg besteht die M\u00f6glichkeit, gegen\u00fcber dem Burgkomplex, eine Gehminute vom Haupttor entfernt, <a href=\"https:\/\/www.sabaparking.com\/en\/web\/sk\/parking-bratislava\/parking-saba-garaz-ipp-park-hrad\" target=\"_blank\" rel=\"noopener\">zu parken<\/a>.<\/p>\n<h3><span style=\"color: #db1800;\">Bei hei\u00dfem Wetter<\/span><\/h3>\n<p>W\u00e4hrend des Programms auf dem Hauptplatz wird f\u00fcr Trinkwasser aus der BVS-Zisterne gesorgt, au\u00dferdem werden Gesundheitspersonal anwesend sein.<\/p>\n<h3><span style=\"color: #db1800;\">Barrierefreiheit<\/span><\/h3>\n<p>\u267fSie k\u00f6nnen das Programm auf dem Hauptplatz von der Sonderzone f\u00fcr Behinderte aus verfolgen. Sie werden von einem Mitglied unseres Teams gef\u00fchrt. Einen reservierten Platz finden Sie vor der Trib\u00fcne.<\/p>\n<h3><span style=\"color: #db1800;\">Kronen und Fahnen f\u00fcr Kinder<\/span><\/h3>\n<p>\ud83d\udc51 im <a href=\"https:\/\/www.visitbratislava.com\/de\/besuch\/touristinfos\/\" target=\"_blank\" rel=\"noopener\">Tourist-Informationszentrum<\/a><\/p>\n<p>\ud83d\udc51 im Schloss vor dem Kr\u00f6nungszug am Samstag von Mitgliedern unseres Teams<\/p>\n<p>\ud83d\udc51 auf dem Hauptplatz w\u00e4hrend des Programms<\/p>\n<h3><span style=\"color: #db1800;\">Gedrucktes Programm<\/span><\/h3>\n<p>Au\u00dferdem wird es ein gedrucktes Programm geben, das Sie zus\u00e4tzlich zu den oben genannten Orten im Informationszentrum in Martineu in der N\u00e4he der Kathedrale St. Martina.<\/p>\n<h3 data-start=\"142\" data-end=\"178\"><span style=\"color: #d13636;\">\ud83d\udcf8 KI-Fotopoint Kr\u00f6nungsspecial<\/span><\/h3>\n<p data-start=\"180\" data-end=\"483\"><strong data-start=\"180\" data-end=\"222\">Werde Teil der k\u00f6niglichen Geschichte!<\/strong><br data-start=\"222\" data-end=\"225\" \/>Besuche unseren <strong data-start=\"241\" data-end=\"271\">KI-Fotopoint am Hauptplatz<\/strong> und hol dir ein einzigartiges Andenken an die Kr\u00f6nungstage in Bratislava 2025. Stell dich vor die Kamera \u2013 die k\u00fcnstliche Intelligenz verwandelt dich in einen K\u00f6nig, eine K\u00f6nigin, einen Ritter oder eine Adelige.<\/p>\n<p data-start=\"485\" data-end=\"678\">\ud83d\uddbc Dein Portr\u00e4t im historischen Kost\u00fcm \u2013 in wenigen Sekunden generiert<br data-start=\"555\" data-end=\"558\" \/>\ud83d\udccd <strong data-start=\"561\" data-end=\"589\">Hauptplatz (Main Square)<\/strong><br data-start=\"589\" data-end=\"592\" \/>\ud83d\udd70\ufe0f <strong data-start=\"596\" data-end=\"637\">Samstag, 26. Juli | 16:00 \u2013 19:00 Uhr<\/strong><br data-start=\"637\" data-end=\"640\" \/>\ud83c\udf9f Kostenlos f\u00fcr alle Besucher:innen<\/p>\n<p data-start=\"680\" data-end=\"747\">\u27a1\ufe0f Teile dein royales Ich mit dem Hashtag <strong data-start=\"722\" data-end=\"747\">#BratislavaCoronation<\/strong><\/p>\n","protected":false},"excerpt":{"rendered":"<p>Informationen zu Parkm\u00f6glichkeiten, Zug\u00e4nglichkeit, Kronen und Fahnen f\u00fcr Kinder, Trinkwasser und weitere Tipps f\u00fcr das beste Kr\u00f6nungstag-Erlebnis.<\/p>\n","protected":false},"author":41,"featured_media":143924,"parent":0,"menu_order":0,"comment_status":"closed","ping_status":"closed","template":"","meta":[],"acf":[],"_links":{"self":[{"href":"https:\/\/www.visitbratislava.com\/de\/wp-json\/wp\/v2\/pages\/305089"}],"collection":[{"href":"https:\/\/www.visitbratislava.com\/de\/wp-json\/wp\/v2\/pages"}],"about":[{"href":"https:\/\/www.visitbratislava.com\/de\/wp-json\/wp\/v2\/types\/page"}],"author":[{"embeddable":true,"href":"https:\/\/www.visitbratislava.com\/de\/wp-json\/wp\/v2\/users\/41"}],"replies":[{"embeddable":true,"href":"https:\/\/www.visitbratislava.com\/de\/wp-json\/wp\/v2\/comments?post=305089"}],"version-history":[{"count":13,"href":"https:\/\/www.visitbratislava.com\/de\/wp-json\/wp\/v2\/pages\/305089\/revisions"}],"predecessor-version":[{"id":342238,"href":"https:\/\/www.visitbratislava.com\/de\/wp-json\/wp\/v2\/pages\/305089\/revisions\/342238"}],"wp:featuredmedia":[{"embeddable":true,"href":"https:\/\/www.visitbratislava.com\/de\/wp-json\/wp\/v2\/media\/143924"}],"wp:attachment":[{"href":"https:\/\/www.visitbratislava.com\/de\/wp-json\/wp\/v2\/media?parent=305089"}],"curies":[{"name":"wp","href":"https:\/\/api.w.org\/{rel}","templated":true}]}}