{"id":328626,"date":"2025-02-19T10:54:29","date_gmt":"2025-02-19T09:54:29","guid":{"rendered":"https:\/\/www.visitbratislava.com\/?page_id=328626"},"modified":"2025-02-21T14:04:10","modified_gmt":"2025-02-21T13:04:10","slug":"internationaler-tag-des-fremdenfuehrers","status":"publish","type":"page","link":"https:\/\/www.visitbratislava.com\/de\/internationaler-tag-des-fremdenfuehrers\/","title":{"rendered":"Internationaler Tag des Fremdenf\u00fchrers"},"content":{"rendered":"<div class=\"tribe-common-g-row tribe-events-calendar-list__event-row\">\n<div class=\"tribe-events-calendar-list__event-wrapper tribe-common-g-col\">\n<article class=\"tribe-events-calendar-list__event tribe-common-g-row tribe-common-g-row--gutters post-8002 tribe_events type-tribe_events status-publish has-post-thumbnail hentry tribe_events_cat-dielne cat_dielne\">\n<div class=\"tribe-events-calendar-list__event-details tribe-common-g-col\">\n<div class=\"tribe-events-calendar-list__event-description tribe-common-b2 tribe-common-a11y-hidden\">\n<h3><a class=\"tribe-events-calendar-list__event-title-link tribe-common-anchor-thin\" title=\"(10:00 \u2013 EN) | Musical Bratislava with a visit to the Albrecht House | Zuzana God\u00e1rov\u00e1\" href=\"https:\/\/zazitkovabratislava.sk\/event\/musical-bratislava\/\" rel=\"bookmark\">Musical Bratislava with a visit to the Albrecht House | Zuzana God\u00e1rov\u00e1<\/a><\/h3>\n<p><em><span class=\"tribe-events-calendar-list__event-venue-title tribe-common-b2--bold\"><time class=\"tribe-events-calendar-list__event-datetime\" datetime=\"2025-02-22\"><span class=\"tribe-event-date-start\">February 22 10:00<\/span>\u00a0&#8211;\u00a0<span class=\"tribe-event-time\">11:30 a.m. EN\u00a0<\/span><\/time><\/span><\/em><\/p>\n<\/div>\n<\/div>\n<\/article>\n<\/div>\n<\/div>\n<div class=\"tribe-common-g-row tribe-events-calendar-list__event-row\" style=\"text-align: left;\">\n<div class=\"tribe-events-calendar-list__event-wrapper tribe-common-g-col\">\n<article class=\"tribe-events-calendar-list__event tribe-common-g-row tribe-common-g-row--gutters post-7648 tribe_events type-tribe_events status-publish has-post-thumbnail hentry tribe_events_cat-prehliadky cat_prehliadky\">\n<div class=\"tribe-events-calendar-list__event-details tribe-common-g-col\">\n<header class=\"tribe-events-calendar-list__event-header\">What did Bratislava-born Johann Nepomuk Hummel and his friend Ludwig van Beethoven have in common and how did they differ? What secrets are hidden behind the seemingly ordinary appearance of another of our natives, Franz Schmidt? In which palace was Joseph Haydn particularly welcome and to whom did he send a thousand kisses?<\/header>\n<\/div>\n<\/article>\n<header>\n<h3 class=\"tribe-events-calendar-list__event-title tribe-common-h6 tribe-common-h4--min-medium\"><a class=\"tribe-events-calendar-list__event-title-link tribe-common-anchor-thin\" title=\"(10:30 \u2013 RU) \u0411\u0440\u0430\u0442\u0438\u0441\u043b\u0430\u0432\u0430 \u0437\u0430 \u043f\u043e\u043b\u0442\u043e\u0440\u0430 \u0447\u0430\u0441\u0430 | \u0418\u043d\u0435\u0441\u0441\u0430 \u0414\u0443\u043a\u0430\u0442\u043e\u0432\u0430\" href=\"https:\/\/zazitkovabratislava.sk\/event\/bratislava-za-hodinu-a-pol\/\" rel=\"bookmark\">\u0411\u0440\u0430\u0442\u0438\u0441\u043b\u0430\u0432\u0430 \u0437\u0430 \u043f\u043e\u043b\u0442\u043e\u0440\u0430 \u0447\u0430\u0441\u0430 | \u0418\u043d\u0435\u0441\u0441\u0430 \u0414\u0443\u043a\u0430\u0442\u043e\u0432\u0430<\/a><\/h3>\n<p><em><span class=\"tribe-events-calendar-list__event-venue-title tribe-common-b2--bold\"><time class=\"tribe-events-calendar-list__event-datetime\" datetime=\"2025-02-22\"><span class=\"tribe-event-date-start\"><time class=\"tribe-events-calendar-list__event-datetime\" datetime=\"2025-02-22\">February 22 <\/time> 10:30<\/span>\u00a0&#8211;\u00a0<span class=\"tribe-event-time\">12:00 a.m. RU <\/span><\/time><\/span><\/em><\/p>\n<p>\u201e\u0414\u043e\u0431\u0440\u043e \u043f\u043e\u0436\u0430\u043b\u043e\u0432\u0430\u0442\u044c \u0432 \u0441\u0435\u0440\u0434\u0446\u0435 \u0421\u043b\u043e\u0432\u0430\u043a\u0438\u0438 \u2014 \u043e\u0447\u0430\u0440\u043e\u0432\u0430\u0442\u0435\u043b\u044c\u043d\u0443\u044e \u0411\u0440\u0430\u0442\u0438\u0441\u043b\u0430\u0432\u0443! \u041f\u0440\u043e\u0433\u0443\u043b\u044f\u0439\u0442\u0435\u0441\u044c \u043f\u043e \u0443\u044e\u0442\u043d\u044b\u043c \u0443\u043b\u043e\u0447\u043a\u0430\u043c \u0421\u0442\u0430\u0440\u043e\u0433\u043e \u0433\u043e\u0440\u043e\u0434\u0430, \u0433\u0434\u0435 \u043a\u0430\u0436\u0434\u0430\u044f \u043f\u043b\u0438\u0442\u043a\u0430 \u043c\u043e\u0441\u0442\u043e\u0432\u043e\u0439 \u043f\u043e\u043c\u043d\u0438\u0442 \u043a\u043e\u0440\u043e\u043b\u0435\u0439 \u0438 \u0423\u0437\u043d\u0430\u0435\u0442\u0435, \u043a\u0430\u043a\u0438\u0435 \u0442\u0430\u0439\u043d\u044b \u0441\u043a\u0440\u044b\u0432\u0430\u044e\u0442 \u0432\u043e\u0440\u043e\u0442\u0430 \u041c\u0438\u0445\u0430\u0438\u043b\u0430 \u0438 \u043a\u0442\u043e \u0442\u0430\u043a\u043e\u0439 \u00ab\u0427\u0443\u043c\u0438\u043b\u00bb \u0423\u0437\u043d\u0430\u0435\u0442\u0435, \u0447\u0442\u043e \u043d\u0430\u0434\u043e \u043f\u0440\u0438\u0432\u0435\u0437\u0442\u0438 \u0438\u0437 \u0411\u0440\u0430\u0442\u0438\u0441\u043b\u0430\u0432\u044b \u2014 \u0431\u0443\u0434\u044c \u0442\u043e \u0438\u0437\u044b\u0441\u043a\u0430\u043d\u043d\u044b\u0435 \u043a\u0435\u0440\u0430\u043c\u0438\u0447\u0435\u0441\u043a\u0438\u0435 \u0438\u0437\u0434\u0435\u043b\u0438\u044f \u0438\u043b\u0438 \u043c\u0435\u0441\u0442\u043d\u044b\u0435 \u0441\u043b\u0430\u0434\u043e\u0441\u0442\u0438, \u0438\u043b\u0438 \u0447\u0442\u043e-\u0442\u043e \u0434\u0440\u0443\u0433\u043e\u0435?!. \u042d\u0442\u0430 \u043f\u0440\u043e\u0433\u0443\u043b\u043a\u0430 \u043d\u0435 \u0442\u043e\u043b\u044c\u043a\u043e \u043e\u0442\u043a\u0440\u043e\u0435\u0442 \u0434\u043b\u044f \u0432\u0430\u0441 \u0411\u0440\u0430\u0442\u0438\u0441\u043b\u0430\u0432\u0443, \u043d\u043e \u0438 \u043f\u043e\u0434\u0430\u0440\u0438\u0442 \u043d\u0435\u0437\u0430\u0431\u044b\u0432\u0430\u0435\u043c\u044b\u0435 \u0432\u043f\u0435\u0447\u0430\u0442\u043b\u0435\u043d\u0438\u044f!\u201c<\/p>\n<\/header>\n<div class=\"tribe-common-g-row tribe-events-calendar-list__event-row\">\n<div class=\"tribe-events-calendar-list__event-wrapper tribe-common-g-col\">\n<article class=\"tribe-events-calendar-list__event tribe-common-g-row tribe-common-g-row--gutters post-7734 tribe_events type-tribe_events status-publish has-post-thumbnail hentry tribe_events_cat-prehliadky cat_prehliadky\">\n<div class=\"tribe-events-calendar-list__event-details tribe-common-g-col\">\n<header class=\"tribe-events-calendar-list__event-header\">\n<h3 class=\"tribe-events-calendar-list__event-title tribe-common-h6 tribe-common-h4--min-medium\"><a class=\"tribe-events-calendar-list__event-title-link tribe-common-anchor-thin\" title=\"(11:30 \u2013 HU) | Pozsonyi s\u00e9ta | Korp\u00e1s Arp\u00e1d\" href=\"https:\/\/zazitkovabratislava.sk\/event\/pozsonyi-seta\/\" rel=\"bookmark\">Pozsonyi s\u00e9ta | Korp\u00e1s Arp\u00e1d<\/a><\/h3>\n<p><em><span class=\"tribe-events-calendar-list__event-venue-title tribe-common-b2--bold\"><time class=\"tribe-events-calendar-list__event-datetime\" datetime=\"2025-02-22\"><span class=\"tribe-event-date-start\"><time class=\"tribe-events-calendar-list__event-datetime\" datetime=\"2025-02-22\">February 22 <\/time>11:30<\/span> a.m. &#8211; <span class=\"tribe-event-time\">1:00 p.m.<\/span><\/time><\/span><\/em><\/p>\n<\/header>\n<div class=\"tribe-events-calendar-list__event-description tribe-common-b2 tribe-common-a11y-hidden\">\n<p>Hajdani helyettes magyar f\u0151v\u00e1ros, koron\u00e1z\u00f3v\u00e1ros \u00e9s orsz\u00e1ggy\u0171l\u00e9si helysz\u00edn. Reviczky Gyula \u00edrja Pozsonyr\u00f3l: \u201eHejh, a tekintetes karok \u00e9s rendek \/ Ment\u00e9je m\u00e1r nem leng utc\u00e1idon; \/ Besz\u00e9des ajkaik n\u00e9m\u00e1n pihennek; \/ F\u00fcsz\u00e1l se leng sok elfeledt siron. \/\/ Orsz\u00e1ggy\u00fcl\u00e9s, koron\u00e1z\u00e1si pompa \/ Meg\u00edrva van csak, m\u00e1r nem l\u00e1that\u00f3. \/ A kis domb is, kir\u00e1lyi esk\u00fc dombja, \/ Elt\u00fcnt a f\u00f6ld szin\u00e9r\u0151l, mint a h\u00f3.\u201c S\u00e9t\u00e1nk Pozsony legfontosabb magyar vonatkoz\u00e1s\u00fa eml\u00e9keit mutatja be.<\/p>\n<div class=\"tribe-common-g-row tribe-events-calendar-list__event-row\">\n<div class=\"tribe-events-calendar-list__event-wrapper tribe-common-g-col\">\n<article class=\"tribe-events-calendar-list__event tribe-common-g-row tribe-common-g-row--gutters post-7740 tribe_events type-tribe_events status-publish has-post-thumbnail hentry tribe_events_cat-prehliadky cat_prehliadky\">\n<div class=\"tribe-events-calendar-list__event-details tribe-common-g-col\">\n<header class=\"tribe-events-calendar-list__event-header\">\n<h3 class=\"tribe-events-calendar-list__event-title tribe-common-h6 tribe-common-h4--min-medium\"><a class=\"tribe-events-calendar-list__event-title-link tribe-common-anchor-thin\" title=\"(12:30 \u2013 EN) | The Street Art Square of Bratislava | Linda Simova\" href=\"https:\/\/zazitkovabratislava.sk\/event\/the-street-art-square-of-bratislava\/\" rel=\"bookmark\">The Street Art Square of Bratislava | Linda Simova<\/a><\/h3>\n<p><em><time class=\"tribe-events-calendar-list__event-datetime\" datetime=\"2025-02-22\"><span class=\"tribe-event-date-start\"><span class=\"tribe-events-calendar-list__event-venue-title tribe-common-b2--bold\"><time class=\"tribe-events-calendar-list__event-datetime\" datetime=\"2025-02-22\">February 22 <\/time><\/span>12:30<\/span> &#8211; 2<span class=\"tribe-event-time\">:00 p.m. EN\u00a0<\/span><\/time><\/em><\/p>\n<\/header>\n<div class=\"tribe-events-calendar-list__event-description tribe-common-b2 tribe-common-a11y-hidden\">\n<p>Large scale murals are considered to be one of the most inclusive art forms. They are accessible 24\/7, without any fees, for anyone to see. On this city walk, we are going to discover the murals done for Bratislava Street Art Festival over the years and their very specific location \u2013 a square full of art.<\/p>\n<\/div>\n<\/div>\n<\/article>\n<\/div>\n<\/div>\n<div class=\"tribe-common-g-row tribe-events-calendar-list__event-row\">\n<div class=\"tribe-events-calendar-list__event-wrapper tribe-common-g-col\">\n<article class=\"tribe-events-calendar-list__event tribe-common-g-row tribe-common-g-row--gutters post-7744 tribe_events type-tribe_events status-publish has-post-thumbnail hentry tribe_events_cat-prehliadky cat_prehliadky\">\n<div class=\"tribe-events-calendar-list__event-details tribe-common-g-col\">\n<header class=\"tribe-events-calendar-list__event-header\">\n<h3 class=\"tribe-events-calendar-list__event-title tribe-common-h6 tribe-common-h4--min-medium\"><a class=\"tribe-events-calendar-list__event-title-link tribe-common-anchor-thin\" title=\"(13:00 \u2013 DE) | Musikalisches Bratislava mit einem Besuch im Albrechthaus | Zuzana God\u00e1rov\u00e1\" href=\"https:\/\/zazitkovabratislava.sk\/event\/musikalisches-bratislava\/\" rel=\"bookmark\">Musikalisches Bratislava mit einem Besuch im Albrechthaus | Zuzana God\u00e1rov\u00e1<\/a><\/h3>\n<p><em><time class=\"tribe-events-calendar-list__event-datetime\" datetime=\"2025-02-22\"><span class=\"tribe-event-date-start\"><span class=\"tribe-events-calendar-list__event-venue-title tribe-common-b2--bold\"><time class=\"tribe-events-calendar-list__event-datetime\" datetime=\"2025-02-22\">February 22 <\/time><\/span> 1:00 <\/span>&#8211; 2<span class=\"tribe-event-time\">:30 p.m. DE\u00a0<\/span><\/time><\/em><\/p>\n<\/header>\n<div class=\"tribe-events-calendar-list__event-description tribe-common-b2 tribe-common-a11y-hidden\">\n<p>Was hatten der aus Bratislava stammende Johann Nepomuk Hummel und sein Freund Ludwig van Beethoven gemeinsam und worin unterschieden sie sich? Welche Geheimnisse verbergen sich hinter der scheinbar gew\u00f6hnlichen Erscheinung eines weiteren geb\u00fcrtigen Pressburgers, Franz Schmidt? In welchem Palais war Joseph Haydn besonders willkommen und wem schickte er tausend K\u00fcsse?<br \/>\nWas schrieb Mozart an seine Schwester \u00fcber Pressburg? Welche ber\u00fchmte Witwe heiratete in der St. Martinskathedrale an dem Tag, als Napoleons Armee unsere Stadt zu beschie\u00dfen begann? Wo wurde das Zentrum der freien K\u00fcnste in der Altstadt wiederbelebt?<br \/>\nDiese und andere Fragen werden bei einem Spaziergang auf den Spuren ber\u00fchmter und weniger bekannter Musiker beantwortet.<\/p>\n<\/div>\n<\/div>\n<\/article>\n<\/div>\n<\/div>\n<div class=\"tribe-common-g-row tribe-events-calendar-list__event-row\">\n<div class=\"tribe-events-calendar-list__event-wrapper tribe-common-g-col\">\n<article class=\"tribe-events-calendar-list__event tribe-common-g-row tribe-common-g-row--gutters post-7748 tribe_events type-tribe_events status-publish has-post-thumbnail hentry tribe_events_cat-prehliadky cat_prehliadky\">\n<div class=\"tribe-events-calendar-list__event-details tribe-common-g-col\">\n<header class=\"tribe-events-calendar-list__event-header\">\n<div class=\"tribe-events-calendar-list__event-description tribe-common-b2 tribe-common-a11y-hidden\">\n<header class=\"tribe-events-calendar-list__event-header\">\n<h3 class=\"tribe-events-calendar-list__event-title tribe-common-h6 tribe-common-h4--min-medium\"><a class=\"tribe-events-calendar-list__event-title-link tribe-common-anchor-thin\" title=\"(14:00 \u2013 PL) | Polskie \u015blady w Bratys\u0142awie | Anna Osika\" href=\"https:\/\/zazitkovabratislava.sk\/event\/polskie-slady-w-bratyslawie\/\" rel=\"bookmark\">Polskie \u015blady w Bratys\u0142awie | Anna Osika<\/a><\/h3>\n<p><em><time class=\"tribe-events-calendar-list__event-datetime\" datetime=\"2025-02-22\"><span class=\"tribe-event-date-start\"><span class=\"tribe-events-calendar-list__event-venue-title tribe-common-b2--bold\"><time class=\"tribe-events-calendar-list__event-datetime\" datetime=\"2025-02-22\">February 22 2<\/time><\/span>:00<\/span> &#8211; 3<span class=\"tribe-event-time\">:30 p.m. PL<\/span><\/time><\/em><\/p>\n<\/header>\n<div class=\"tribe-events-calendar-list__event-description tribe-common-b2 tribe-common-a11y-hidden\">\n<p>Czy Bratys\u0142awa i Polska maj\u0105 ze sob\u0105 co\u015b wsp\u00f3lnego? Wbrew pozorom ca\u0142kiem sporo. Jakie polskie postaci zosta\u0142y upami\u0119tnione w nazwach bratys\u0142awskich ulic? Co Polacy podarowali ko\u015bcio\u0142owi pw. \u015bw. Marcina? Z kim Regiomontanus krytykowa\u0142 bredzenia Gerarda z Kremony?<\/p>\n<p>Gdzie obecnie mo\u017cna spotka\u0107 si\u0119 w Bratys\u0142awie z Polakami lub polskim j\u0119zykiem? Tego i jeszcze wi\u0119cej dowiecie si\u0119 podczas naszego spaceru uliczkami Starego Miasta. Spacer bez barier architektonicznych.<\/p>\n<\/div>\n<\/div>\n<\/header>\n<\/div>\n<\/article>\n<\/div>\n<\/div>\n<\/div>\n<\/div>\n<\/article>\n<\/div>\n<\/div>\n<\/div>\n<\/div>\n","protected":false},"excerpt":{"rendered":"<p>Gehen Sie gerne zu Fu\u00df? M\u00f6chten Sie interessante Orte entdecken und etwas Neues lernen? Dann wird Ihnen der Welttag des Fremdenf\u00fchrers gefallen. Auch in Bratislava wird dieser Tag am 22. Februar 2025 mit thematischen Wanderungen begangen.<\/p>\n","protected":false},"author":41,"featured_media":328484,"parent":0,"menu_order":0,"comment_status":"closed","ping_status":"closed","template":"tpl-page-grid.php","meta":[],"acf":[],"_links":{"self":[{"href":"https:\/\/www.visitbratislava.com\/de\/wp-json\/wp\/v2\/pages\/328626"}],"collection":[{"href":"https:\/\/www.visitbratislava.com\/de\/wp-json\/wp\/v2\/pages"}],"about":[{"href":"https:\/\/www.visitbratislava.com\/de\/wp-json\/wp\/v2\/types\/page"}],"author":[{"embeddable":true,"href":"https:\/\/www.visitbratislava.com\/de\/wp-json\/wp\/v2\/users\/41"}],"replies":[{"embeddable":true,"href":"https:\/\/www.visitbratislava.com\/de\/wp-json\/wp\/v2\/comments?post=328626"}],"version-history":[{"count":2,"href":"https:\/\/www.visitbratislava.com\/de\/wp-json\/wp\/v2\/pages\/328626\/revisions"}],"predecessor-version":[{"id":329032,"href":"https:\/\/www.visitbratislava.com\/de\/wp-json\/wp\/v2\/pages\/328626\/revisions\/329032"}],"wp:featuredmedia":[{"embeddable":true,"href":"https:\/\/www.visitbratislava.com\/de\/wp-json\/wp\/v2\/media\/328484"}],"wp:attachment":[{"href":"https:\/\/www.visitbratislava.com\/de\/wp-json\/wp\/v2\/media?parent=328626"}],"curies":[{"name":"wp","href":"https:\/\/api.w.org\/{rel}","templated":true}]}}