{"id":105755,"date":"2021-06-16T10:59:53","date_gmt":"2021-06-16T08:59:53","guid":{"rendered":"https:\/\/www.visitbratislava.com\/?post_type=event&#038;p=105755"},"modified":"2025-05-29T17:17:17","modified_gmt":"2025-05-29T15:17:17","slug":"vikend-otvorenych-parkov-a-zahrad","status":"publish","type":"event","link":"https:\/\/www.visitbratislava.com\/sk\/podujatia\/vikend-otvorenych-parkov-a-zahrad\/","title":{"rendered":"V\u00edkend otvoren\u00fdch parkov a z\u00e1hrad"},"content":{"rendered":"<p>Aj tento rok m\u00f4\u017eete nav\u0161t\u00edvi\u0165 parky \u010di z\u00e1hrady so zauj\u00edmav\u00fdmi pr\u00edbehmi, ktor\u00e9 s\u00fa spr\u00edstupnen\u00e9 <strong>po\u010das prv\u00e9ho j\u00fanov\u00e9ho v\u00edkendu<\/strong> v r\u00e1mci medzin\u00e1rodn\u00e9ho <strong>V\u00edkendu otvoren\u00fdch parkov a z\u00e1hrad<\/strong>.<\/p>\n<p>Najnov\u0161ie sa parky a z\u00e1hrady otvoria <strong>od piatku 6. j\u00fana do nedele 8. j\u00fana<\/strong>. V roku 2025 bola zvolen\u00e1 celoeur\u00f3pska t\u00e9ma \u201eKame\u0148 v z\u00e1hrade\u201c.<\/p>\n<p>Cie\u013eom festivalu z\u00e1hradnej kult\u00fary je <strong>prezentova\u0165 parky a z\u00e1hrady<\/strong> (info o tohtoro\u010dn\u00fdch prehliadkach \u010doskoro) a ich v\u00fdznam pre \u013eud\u00ed. Podujatie na Slovensku je s\u00fa\u010das\u0165ou medzin\u00e1rodnej iniciat\u00edvy Rady Eur\u00f3py a Ministerstva kult\u00fary Franc\u00fazskej republiky s n\u00e1zvom \u201eRendez-vous aux jardins\u201c.<\/p>\n<p><strong>\u010eal\u0161\u00ed ro\u010dn\u00edk podujat\u00ed Rendez vous aux jardins sa uskuto\u010dn\u00ed v 2 200 z\u00e1hrad\u00e1ch vo Franc\u00fazsku<\/strong> a vo viac ako 500 z\u00e1hrad\u00e1ch <strong>v dvadsiatich \u010fal\u0161\u00edch z\u00fa\u010dastnen\u00fdch eur\u00f3pskych krajin\u00e1ch vr\u00e1tane <a href=\"https:\/\/www.vopz.sk\/zahrady-a-parky\" target=\"_blank\" rel=\"noopener\">cel\u00e9ho Slovenska<\/a><\/strong>.<\/p>\n<p>T\u00e1to akcia oboznamuje verejnos\u0165 s bohatstvom a rozmanitos\u0165ou<strong> historick\u00fdch a s\u00fa\u010dasn\u00fdch z\u00e1hrad, od upraven\u00fdch parkov a\u017e po form\u00e1lne, botanick\u00e9, exotick\u00e9 a komunitn\u00e9 z\u00e1hrady<\/strong>.<\/p>\n<h2 class=\"\" data-start=\"944\" data-end=\"1023\">\ud83c\udf38 <strong data-start=\"950\" data-end=\"1023\">Pre skuto\u010dn\u00fdch fajn\u0161mekrov \u2013 tematick\u00e9 prehliadky s odborn\u00fdm v\u00fdkladom<\/strong><\/h2>\n<p class=\"\" data-start=\"1025\" data-end=\"1298\">Pre milovn\u00edkov z\u00e1hradnej kult\u00fary pon\u00fakame <strong data-start=\"1067\" data-end=\"1097\">\u0161peci\u00e1lne tematick\u00e9 okruhy<\/strong> po vybran\u00fdch parkoch a z\u00e1hrad\u00e1ch. V sprievode <strong data-start=\"1144\" data-end=\"1186\">profesion\u00e1lnych lektorov a sprievodcov<\/strong> sa dozviete viac o hist\u00f3rii, krajinnej architekt\u00fare, v\u00fdnimo\u010dn\u00fdch druhoch rastl\u00edn \u010di pamiatkovej starostlivosti.<\/p>\n<p class=\"\" data-start=\"1300\" data-end=\"1414\">\ud83e\udded Inform\u00e1cie o aktu\u00e1lnych tras\u00e1ch n\u00e1jdete v \u010dasti:<br data-start=\"1351\" data-end=\"1354\" \/>\ud83d\udc49 <strong data-start=\"1357\" data-end=\"1414\">Program \u2013 Tematick\u00e9 prehliadky s odborn\u00fdm sprievodcom<\/strong><\/p>\n<p class=\"\" data-start=\"1416\" data-end=\"1759\">\ud83c\udfab <strong data-start=\"1419\" data-end=\"1448\">V\u00fdhodn\u00e9 vstupy pre \u010dlenov<\/strong><br data-start=\"1448\" data-end=\"1451\" \/>\u010clenovia ob\u010dianskeho zdru\u017eenia <strong data-start=\"1482\" data-end=\"1505\">National Trust o.z.<\/strong> m\u00f4\u017eu vyu\u017ei\u0165 <strong data-start=\"1518\" data-end=\"1552\">bezplatn\u00fd alebo z\u013eavnen\u00fd vstup<\/strong> na vybran\u00e9 prehliadky a okruhy.<br data-start=\"1584\" data-end=\"1587\" \/>Sta\u0148te sa \u010dlenom a podporte ochranu slovensk\u00e9ho zelen\u00e9ho dedi\u010dstva:<br data-start=\"1654\" data-end=\"1657\" \/>\ud83d\udc49 <a class=\"\" href=\"https:\/\/www.nt.sk\/sk\/clanok\/153-online-prihlaska-a-post\" target=\"_new\" rel=\"noopener\" data-start=\"1660\" data-end=\"1759\">Online prihl\u00e1\u0161ka a inform\u00e1cie o \u010dlenstve<\/a><\/p>\n<p data-start=\"107\" data-end=\"308\">\ud83c\udf3f <strong data-start=\"110\" data-end=\"166\">\u0160peci\u00e1lna prehliadka: Z\u00e1hrady z \u010dias Rak\u00fasko-Uhorska<\/strong><br data-start=\"166\" data-end=\"169\" \/>\ud83d\udcc5 8. j\u00fana 2025 o 14:00<br data-start=\"196\" data-end=\"199\" \/>\ud83d\udccd Presn\u00e9 miesto stretnutia n\u00e1jdete v odkaze ni\u017e\u0161ie<br data-start=\"254\" data-end=\"257\" \/>\ud83d\udde3\ufe0f Prehliadka bude prebieha\u0165 <strong>v nemeckom jazyku<\/strong><\/p>\n<p data-start=\"310\" data-end=\"630\">V r\u00e1mci podujatia Otvoren\u00e9 z\u00e1hrady a parky sa uskuto\u010dn\u00ed \u0161peci\u00e1lna komentovan\u00e1 prehliadka historick\u00fdch z\u00e1hrad, ktor\u00e9 boli kedysi p\u00fdchou svojich majite\u013eov aj cel\u00e9ho Pre\u0161porka. Dozviete sa, ako tieto z\u00e1hrady vyzerali, ako boli navrhnut\u00e9 a ako sa menili nielen v priebehu ro\u010dn\u00fdch obdob\u00ed, ale aj pod vplyvom dobov\u00fdch trendov.<\/p>\n<p data-start=\"632\" data-end=\"869\">\ud83c\udf9f\ufe0f Viac inform\u00e1ci\u00ed a vstupenky:<br data-start=\"664\" data-end=\"667\" \/><a class=\"\" href=\"https:\/\/www.vopz.sk\/trasa\/31-schlossgarten-beruhmte-garten-der-osterreichisch-ungarischen-monarchie\" target=\"_new\" rel=\"noopener\" data-start=\"667\" data-end=\"869\">https:\/\/www.vopz.sk\/trasa\/31-schlossgarten-beruhmte-garten-der-osterreichisch-ungarischen-monarchie<\/a><\/p>\n<p><img loading=\"lazy\" width=\"720\" height=\"480\" class=\"alignnone size-full wp-image-294819\" src=\"https:\/\/www.visitbratislava.com\/wp-content\/uploads\/2024\/05\/Papaver-workshop-vopz.jpg\" alt=\"\" srcset=\"https:\/\/www.visitbratislava.com\/wp-content\/uploads\/2024\/05\/Papaver-workshop-vopz.jpg 720w, https:\/\/www.visitbratislava.com\/wp-content\/uploads\/2024\/05\/Papaver-workshop-vopz-400x267.jpg 400w, https:\/\/www.visitbratislava.com\/wp-content\/uploads\/2024\/05\/Papaver-workshop-vopz-200x133.jpg 200w\" sizes=\"(max-width: 720px) 100vw, 720px\" \/><\/p>\n<p><img loading=\"lazy\" width=\"720\" height=\"405\" class=\"alignnone size-full wp-image-243100\" src=\"https:\/\/www.visitbratislava.com\/wp-content\/uploads\/2023\/05\/Lisztova-citaren-VOPZ-1.jpg\" alt=\"\" srcset=\"https:\/\/www.visitbratislava.com\/wp-content\/uploads\/2023\/05\/Lisztova-citaren-VOPZ-1.jpg 720w, https:\/\/www.visitbratislava.com\/wp-content\/uploads\/2023\/05\/Lisztova-citaren-VOPZ-1-400x225.jpg 400w, https:\/\/www.visitbratislava.com\/wp-content\/uploads\/2023\/05\/Lisztova-citaren-VOPZ-1-200x113.jpg 200w\" sizes=\"(max-width: 720px) 100vw, 720px\" \/><\/p>\n","protected":false},"excerpt":{"rendered":"<p>Objavte skryt\u00e9 zelen\u00e9 poklady Bratislavy po\u010das V\u00edkendu otvoren\u00fdch parkov a z\u00e1hrad. Historick\u00e9 are\u00e1ly, s\u00fakromn\u00e9 z\u00e1hrady aj inak nepr\u00edstupn\u00e9 miesta bud\u00fa v\u00fdnimo\u010dne otvoren\u00e9 pre verejnos\u0165.<\/p>\n","protected":false},"featured_media":242881,"template":"","acf":[],"event_date":{"start_date":1749168000,"end_date":1749340800},"_links":{"self":[{"href":"https:\/\/www.visitbratislava.com\/sk\/wp-json\/wp\/v2\/event\/105755"}],"collection":[{"href":"https:\/\/www.visitbratislava.com\/sk\/wp-json\/wp\/v2\/event"}],"about":[{"href":"https:\/\/www.visitbratislava.com\/sk\/wp-json\/wp\/v2\/types\/event"}],"version-history":[{"count":28,"href":"https:\/\/www.visitbratislava.com\/sk\/wp-json\/wp\/v2\/event\/105755\/revisions"}],"predecessor-version":[{"id":339030,"href":"https:\/\/www.visitbratislava.com\/sk\/wp-json\/wp\/v2\/event\/105755\/revisions\/339030"}],"wp:featuredmedia":[{"embeddable":true,"href":"https:\/\/www.visitbratislava.com\/sk\/wp-json\/wp\/v2\/media\/242881"}],"wp:attachment":[{"href":"https:\/\/www.visitbratislava.com\/sk\/wp-json\/wp\/v2\/media?parent=105755"}],"curies":[{"name":"wp","href":"https:\/\/api.w.org\/{rel}","templated":true}]}}