{"id":10751,"date":"2016-02-10T11:08:58","date_gmt":"2016-02-10T10:08:58","guid":{"rendered":"https:\/\/www.visitbratislava.com\/sk\/?post_type=event&#038;p=10751"},"modified":"2017-04-20T13:36:34","modified_gmt":"2017-04-20T11:36:34","slug":"bratislava-pre-vsetkych-2017","status":"publish","type":"event","link":"https:\/\/www.visitbratislava.com\/sk\/podujatia\/bratislava-pre-vsetkych-2017\/","title":{"rendered":"Bratislavsk\u00e9 mestsk\u00e9 dni"},"content":{"rendered":"<p>Do novodobej hist\u00f3rie Bratislavy u\u017e neodmyslite\u013ene patria Dni otvoren\u00fdch dver\u00ed samospr\u00e1vy. Tento rok v apr\u00edli sa odohr\u00e1 u\u017e 14. ro\u010dn\u00edk tohto v\u00fdznamn\u00e9ho podujatia pod n\u00e1zvom <strong>Bratislavsk\u00e9 mestsk\u00e9 dni<\/strong>. Aj tento rok samospr\u00e1va <strong>bezplatne<\/strong> spr\u00edstupn\u00ed desiatky podujat\u00ed svojich mestsk\u00fdch organiz\u00e1ci\u00ed. <strong>Bratislavsk\u00e9 mestsk\u00e9 dni <\/strong>op\u00e4\u0165 prines\u00fa atrakt\u00edvny v\u00edkend str\u00e1ven\u00fd v meste, v jeho kult\u00farnych organiz\u00e1ci\u00e1ch, na n\u00e1mestiach, ale aj v bl\u00edzkej pr\u00edrode.<\/p>\n<h3><strong>TURISTOM VO VLASTNOM MESTE<\/strong><\/h3>\n<p>Bratislavsk\u00e1 organiz\u00e1cia cestovn\u00e9ho ruchu V\u00e1s poz\u00fdva na s\u00e9riu pe\u0161\u00edch tematick\u00fdch prehliadok v slovenskom, ako aj anglickom a nemeckom jazyku. V r\u00e1mci prehliadok sa dozviete zauj\u00edmavosti z hist\u00f3rie hlavn\u00e9ho mesta a odhal\u00edme V\u00e1m to najlep\u0161ie, \u010do Bratislava pon\u00faka. Kompletn\u00fd zoznam prehliadok s detailn\u00fdmi inform\u00e1ciami a \u010dasmi <a href=\"https:\/\/www.visitbratislava.com\/sk\/podujatia\/bratislavske-mestske-dni-2017-turistom-vo-vlastnom-meste\/\" target=\"_blank\">n\u00e1jdete tu<\/a>.<\/p>\n<p>&nbsp;<\/p>\n<h3><strong>BOHAT\u00dd PROGRAM BRATISLAVSK\u00ddCH MESTSK\u00ddCH DN\u00cd 2017<\/strong><\/h3>\n<p>Po\u010das cel\u00e9ho v\u00edkendu budete m\u00f4c\u0165 nav\u0161t\u00edvi\u0165 <strong>m\u00faze\u00e1 \u010di gal\u00e9rie mesta Bratislavy \u00faplne zadarmo<\/strong>, vychutna\u0165 si <strong>pr\u00edjemn\u00fd de\u0148 v prostred\u00ed ZOO s komentovan\u00fdm k\u0155men\u00edm a n\u00e1u\u010dn\u00fdmi aktivitami<\/strong>, \u010di <strong>previes\u0165 sa na historick\u00fdch elektri\u010dk\u00e1ch a autobusoch<\/strong>.<\/p>\n<ul>\n<li><strong>V piatok ovl\u00e1dne Star\u00fa tr\u017enicu na N\u00e1mest\u00ed SNP Cyklofestival<\/strong>, kde si budete m\u00f4c\u0165 necha\u0165 zadarmo skontrolova\u0165 technick\u00fd stav V\u00e1\u0161ho bicykla \u010di vysk\u00fa\u0161a\u0165 elektrobicykle.<\/li>\n<li>Pod <strong>Michalskou br\u00e1nou sa v sobotu o 10:00 hod. bud\u00fa symbolicky otv\u00e1ra\u0165 br\u00e1ny mesta<\/strong>.\u00a0\u00da\u010dinkuje Tovari\u0161stvo star\u00fdch bojov\u00fdch umen\u00ed a\u00a0remesiel.<\/li>\n<li><strong>V sobotu sa medzi 10-17 hod. zastavte na Jakubovom n\u00e1mest\u00ed<\/strong>, kde sa bude kona\u0165 <strong>Dobr\u00fd trh<\/strong>\u00a0zameran\u00fd na chutn\u00e9 lok\u00e1lne produkty od t\u00fdch najlep\u0161\u00edch trhovn\u00edkov.<\/li>\n<li>V bratislavskej <strong>ZOO<\/strong> na V\u00e1s v sobotu \u010dak\u00e1 <strong>sl\u00e1vnostn\u00e9 otvorenie v\u00fdbehu pre vlky euro\u00e1zijsk\u00e9\u00a0<\/strong>a <strong>vozenie na ko\u0148och<\/strong>.<\/li>\n<li>Ak radi \u0161portujete, ur\u010dite V\u00e1s pote\u0161\u00ed mo\u017enos\u0165 \u00eds\u0165 <strong>pl\u00e1va\u0165 \u010di kor\u010du\u013eova\u0165<\/strong> na jedno z mestsk\u00fdch \u0161portov\u00edsk, ako napr\u00edklad <strong>plav\u00e1re\u0148 Pasienky \u010di zimn\u00fd \u0161tadi\u00f3n O. Nepelu<\/strong>.<\/li>\n<li><strong>Po\u010das v\u00edkendu v\u00a0sobotu aj nede\u013eu si v Primaci\u00e1lnom pal\u00e1ci<\/strong> m\u00f4\u017eete prezrie\u0165 reprezenta\u010dn\u00e9 priestory s obraz\u00e1r\u0148ou, unik\u00e1tnymi gobel\u00ednmi a vypo\u010du\u0165\u00a0 koncerty deti z\u00e1kladn\u00fdch umeleck\u00fdch \u0161k\u00f4l v Zrkadlovej sieni.<\/li>\n<li>Rodiny s de\u0165mi by ur\u010dite nemali vynecha\u0165 n\u00e1v\u0161tevu <strong>\u017deleznej studienky<\/strong> &#8211;<strong> na Partiz\u00e1nskej l\u00fake v nede\u013eu 9:30-16:30 hod. bud\u00fa m\u00f4c\u0165 deti z\u00e1bavnou\u00a0formou spozn\u00e1va\u0165 dreviny, \u017eivo\u010d\u00edchy a pr\u00e1cu lesn\u00edkov<\/strong>.<\/li>\n<\/ul>\n<p>Kompletn\u00fd program Bratislavsk\u00fdch mestk\u00fdch dn\u00ed 2017 n\u00e1jdete ni\u017e\u0161ie.<\/p>\n<p>&nbsp;<\/p>\n<h2>Piatok, 21. apr\u00edla 2017<\/h2>\n<p><strong>\u010cO? <\/strong>Remeseln\u00fd jarmok, prezent\u00e1cia a\u00a0predv\u00e1dzanie remesiel.<\/p>\n<p><strong>KEDY? <\/strong>Piatok \u2013 nede\u013ea (21. 04. 2017 \u2013 23. 04. 2017) 10:00 \u2013 18:00<\/p>\n<p><strong>KDE? <\/strong>N\u00e1dvorie Starej radnice<\/p>\n<p><strong>\u00a0<\/strong><\/p>\n<p><strong>\u010cO? <\/strong>Bratislavsk\u00e1 burza kn\u00edh<\/p>\n<p><strong>KEDY? <\/strong>20. \u2013 26. 4., v pracovn\u00e9 dni 8:00 \u2013 19:00, po\u010das v\u00edkendu 10:00 \u2013 18:00<\/p>\n<p>sl\u00e1vnostn\u00e9 otvorenie 11. ro\u010dn\u00edka charitat\u00edvnej akcie 20. 4. \u0161tvrtok 8:00, v spolupr\u00e1ci s\u00a0bratislavsk\u00fdmi kni\u017enicami<\/p>\n<p><strong>KDE?<\/strong> N\u00e1dvorie MKB, Klarisk\u00e1 16<\/p>\n<p><strong>\u00a0<\/strong><\/p>\n<h2>Sobota a\u00a0nede\u013ea 22.\u201423. apr\u00edla 2017<\/h2>\n<p><strong>\u00a0<\/strong><strong>\u010cO? De\u0148 otvoren\u00fdch dver\u00ed prim\u00e1tora v\u00a0Primaci\u00e1lnom pal\u00e1ci<\/strong><\/p>\n<p><strong>KEDY? sobota od 10:00 do 18:00<br \/>\nKDE? PRIMACI\u00c1LNY PAL\u00c1C<\/strong><\/p>\n<p>N\u00e1v\u0161tevn\u00edci si m\u00f4\u017eu pozrie\u0165 prim\u00e1torovu pracov\u0148u a kancel\u00e1rie, porozpr\u00e1va\u0165 sa s prim\u00e1torom Ivom Nesrovnalom, jeho n\u00e1mestn\u00edkmi obozn\u00e1mi\u0165 sa s ich pr\u00e1cou.<\/p>\n<p><strong>\u00a0<\/strong><\/p>\n<p><strong>\u010cO? smArt ciTy &#8211; Bratislava bud\u00facnosti<\/strong><\/p>\n<p><strong>KEDY? Sobota, 10:00 \u2013 17:00<\/strong><\/p>\n<p><strong>KDE? <\/strong>PRIMACI\u00c1LNY PAL\u00c1C<\/p>\n<p>S\u00fa\u0165a\u017en\u00e1 v\u00fdstava,\u00a0 v\u00a0ktorej mlad\u00ed \u013eudia vyjadria svoj n\u00e1zor, ako si predstavuj\u00fa Bratislavu ako mesto bud\u00facnosti; v\u00fdstava bude umiestnen\u00e1 na 10 v\u00fdstavn\u00fdch paneloch na schodisku a chodb\u00e1ch ved\u00facich k p. prim\u00e1torovi, pre hlasovanie v sobotu a n\u00e1sledne bude zverejnen\u00e1 na soci\u00e1lnej sieti Facebook pre internetov\u00e9 hlasovanie; samostatne bud\u00fa ocenen\u00ed v\u00ed\u0165azi \u201epapierov\u00e9ho hlasovania\u201c a \u201eelektronick\u00e9ho hlasovania\u201c.<\/p>\n<p><strong>\u00a0<\/strong><\/p>\n<p><strong>\u010cO? Fanf\u00e1rov\u00fd koncert,<\/strong> Bratislavsk\u00e1 dychov\u00e1 harm\u00f3nia<\/p>\n<p><strong>KEDY? Sobota, 16:00 \u2013 16:30<br \/>\nKDE? <\/strong>Z balk\u00f3na Primaci\u00e1lneho pal\u00e1ca<\/p>\n<p>&nbsp;<\/p>\n<p><strong>\u010cO? Deti z\u00e1kladn\u00fdch umeleck\u00fdch \u0161k\u00f4l Bratislavy koncertuj\u00fa pre Bratislav\u010danov<\/strong><\/p>\n<p><strong>KEDY? Sobota a nede\u013ea, 10:00 \u2013 17:30<\/strong><\/p>\n<p><strong>KDE? <\/strong>PRIMACI\u00c1LNY PAL\u00c1C<\/p>\n<p><strong>\u00a0<\/strong><\/p>\n<p><strong>\u010cO? ODPE\u010cATENIE MESTSK\u00ddCH BR\u00c1N<\/strong><\/p>\n<p><strong>KEDY? <\/strong>Sobota, 10:00<\/p>\n<p><strong>KDE? <\/strong>Michalsk\u00e1 br\u00e1na<\/p>\n<p>Symbolick\u00e9 otvorenie br\u00e1n mesta, turistickej sez\u00f3ny a pozv\u00e1nka pre v\u0161etk\u00fdch Bratislav\u010danov na vstup do mesta. \u00da\u010dinkuje Tovari\u0161stvo star\u00fdch bojov\u00fdch umen\u00ed a\u00a0remesiel. Pripravilo BKIS.<\/p>\n<p><strong>\u00a0<\/strong><\/p>\n<p><strong>\u010cO? N\u00e1mestie det\u00ed a\u00a0ml\u00e1de\u017ee (v spolupr\u00e1ci s\u00a0BKIS)<\/strong><\/p>\n<p><strong>KEDY? Sobota, 10:00 \u2013 17:00<\/strong><\/p>\n<p><strong>KDE? Hlavn\u00e9 n\u00e1mestie<\/strong><\/p>\n<ul>\n<li>prezent\u00e1cie \u010dinnosti a pr\u00e1c det\u00ed v\u00a0ZU\u0160 a\u00a0CV\u010c<\/li>\n<li>tvoriv\u00e9 dielne z\u00e1kladn\u00fdch umeleck\u00fdch\u00a0 \u0161k\u00f4l, \u00a0centier vo\u013en\u00e9ho \u010dasu na Hlavnom n\u00e1mest\u00ed pre deti a\u00a0n\u00e1v\u0161tevn\u00edkov Bratislavy<\/li>\n<li>deti z\u00e1kladn\u00fdch umeleck\u00fdch \u0161k\u00f4l a\u00a0centier vo\u013en\u00e9ho \u010dasu vystupuj\u00fa a koncertuj\u00fa pre \u0161irok\u00fa verejnos\u0165 Bratislavy, program na p\u00f3diu\u00a0 a na Hlavnom n\u00e1mest\u00ed.<\/li>\n<\/ul>\n<p><strong>\u00a0<\/strong><\/p>\n<p><strong>\u010cO? Vitajte vo svete OLO<\/strong><\/p>\n<p><strong>KEDY? sobota, 10:00 \u2013 17:00<\/strong><\/p>\n<p><strong>KDE? Primaci\u00e1lne n\u00e1mestie<\/strong><\/p>\n<p>\u2013 prehliadka smetiarskeho auta s\u00a0na\u0161imi smetiarmi<\/p>\n<p>\u2013 BikeLab \u2013 vybicykluj si svoju cukrov\u00fa vatu<\/p>\n<p>10:00 \u2013 17:00 \u2013 Smetiarska fotob\u00fadka<\/p>\n<p>10:00 \u2013 15:00 \u2013 tvoriv\u00e9 dielne<\/p>\n<p>14:00 \u2013 17:00 \u2013 Bubnov\u00e1 \u0161ou nielen na odpade v\u00a0podan\u00ed skupiny Rytmika<\/p>\n<p><strong>\u00a0<\/strong><\/p>\n<h4>M\u00daZEUM MESTA BRATISLAVY<\/h4>\n<p><strong>\u010cO? <\/strong>Tematick\u00e9 expoz\u00edcie M\u00fazea mesta Bratislavy<\/p>\n<p><strong>KEDY? <\/strong>Sobota a nede\u013ea, 10:00 \u2013 18:00<\/p>\n<p><strong>KDE?<\/strong><\/p>\n<p><strong>M\u00fazeum dej\u00edn mesta, Star\u00e1 radnica, <\/strong>Primaci\u00e1lne n\u00e1mestie<\/p>\n<p><strong>N\u00e1dvorie Starej radnice \u2013 <\/strong>Remeseln\u00fd jarmok<\/p>\n<p><strong>M\u00fazeum vinohradn\u00edctva, <\/strong>Apponyiho pal\u00e1c, Radni\u010dn\u00e1 1<\/p>\n<p>N\u00e1rodn\u00fd sal\u00f3n v\u00edn Slovenskej republiky, Mo\u017enos\u0165 ochutn\u00e1vky 100 najkvalitnej\u0161\u00edch slovensk\u00fdch v\u00edn od 40 vin\u00e1rov<\/p>\n<p>Deti\u00a0 z\u00e1kladn\u00fdch umeleck\u00fdch \u0161k\u00f4l Bratislavy koncertuj\u00fa pre Bratislav\u010danov<\/p>\n<p><strong>M\u00fazeum historick\u00fdch interi\u00e9rov, <\/strong>Apponyiho pal\u00e1c, Radni\u010dn\u00e1 1<\/p>\n<p><strong>M\u00fazeum hod\u00edn<\/strong>, dom\u00a0U\u00a0dobr\u00e9ho pastiera, \u017didovsk\u00e1 3<\/p>\n<p><strong>M\u00fazeum zbran\u00ed,<\/strong> Michalsk\u00e1 ve\u017ea, Michalsk\u00e1 ulica 22<\/p>\n<p><strong>M\u00fazeum farm\u00e1cie<\/strong>, lek\u00e1re\u0148 U\u00a0\u010derven\u00e9ho raka, Michalsk\u00e1 ulica 26<\/p>\n<p><strong>M\u00fazeum Arthura Fleischmanna, <\/strong>Biela 6<\/p>\n<p><strong>M\u00fazeum Johanna Nepomuka Hummela<\/strong>, Klobu\u010dn\u00edcka 2<\/p>\n<p><strong>Hrad Dev\u00edn<\/strong>, Mur\u00e1nska ulica 10, V\u00fdstava Dev\u00edn v praveku \u00a0&#8211; bezplatn\u00fd vstup pre v\u0161etk\u00fdch<\/p>\n<p><strong>Antick\u00e1 Gerulata Rusovce<\/strong>, Gerulatsk\u00e1 7.<\/p>\n<p>&nbsp;<\/p>\n<p><strong>M\u00fazeum dej\u00edn mesta, Star\u00e1 radnica a n\u00e1dvorie Starej radnice <\/strong><\/p>\n<p><strong>V\u00fdstava \u2013 v\u00fdstavn\u00e1 sie\u0148 MMB<\/strong><\/p>\n<p><strong>\u010co sa rozbilo v\u00a0Pre\u0161porsk\u00fdch dom\u00e1cnostiach <\/strong><\/p>\n<p><strong>Sobota, 14:00 \u2013 odborn\u00fd v\u00fdklad k\u00a0v\u00fdstave. Sprev\u00e1dza PhDr. Hedviga Sedl\u00e1\u010dkov\u00e1, CSc. a\u00a0Ing. Dana Rohanov\u00e1<\/strong><\/p>\n<p><strong><em>\u00a0<\/em><\/strong><\/p>\n<p><strong><em>M\u00fazeum historick\u00fdch interi\u00e9rov, Apponyiho pal\u00e1c <\/em><\/strong><\/p>\n<p><strong>Sobota, \u00a011:00 a 16:00 \u2013 prehliadky depozit\u00e1ra skla, keramiky a porcel\u00e1nu Maxim\u00e1lny po\u010det os\u00f4b 30, len na z\u00e1klade bezplatn\u00fdch vstupeniek, vyzdvihnutie v\u00a0pokladni Apponyiho pal\u00e1ca 1 h pred prehliadkou. <\/strong><\/p>\n<p><strong>\u00a0<\/strong><\/p>\n<p><strong>Keltsk\u00e1 pec na vypa\u013eovanie keramiky v\u00a0s\u00favislostiach hist\u00f3rie <\/strong><\/p>\n<p><strong>Faustova sie\u0148, sobota,\u00a0 15:00<\/strong><\/p>\n<p><strong>Odborn\u00e1 predn\u00e1\u0161ka s\u00a0prehliadkou pece: Mgr. Andrej Vrtel, PhD. <\/strong><\/p>\n<p>Maxim\u00e1lny po\u010det os\u00f4b 70, len na z\u00e1klade bezplatn\u00fdch vstupeniek, vyzdvihnutie na n\u00e1dvor\u00ed Starej radnice , 1 h pred prehliadkou.<\/p>\n<p><strong>\u00a0<\/strong><\/p>\n<h4>GAL\u00c9RIA MESTA BRATISLAVY<\/h4>\n<p><strong>\u010cO? <\/strong>IMRO WEINER-KR\u00c1\u013d \u2013 ROZPR\u00c1VKY PRE ELISE<\/p>\n<p><strong>KEDY? <\/strong>Sobota a nede\u013ea, 11:00 \u2013 18:00<\/p>\n<p><strong>KDE? MIRBACHOV PAL\u00c1C, Franti\u0161k\u00e1nske n\u00e1m. 11<\/strong><\/p>\n<p>Po n\u00fatenom odchode z Franc\u00fazska zanechal umelec za \u201e\u017eeleznou oponou\u201c na za\u010diatku 50-tych rokov milovan\u00fa dc\u00e9ru, \u0161tvorro\u010dn\u00fa Elise, ktorej odvtedy denne posielal listy s ma\u013eovan\u00fdmi pr\u00edbehmi. Vo farebn\u00fdch ilustr\u00e1ci\u00e1ch v\u00a0priebehu rokov 1953 a\u017e 1956 tak vznikali vtipn\u00e9 dobrodru\u017estv\u00e1 koc\u00fara Mineta, \u017eabiaka Brekeke, ale aj pref\u00edkan\u00e9ho li\u0161iaka, zradn\u00e9ho vlka \u010di namyslen\u00e9ho koh\u00fata kra\u013euj\u00faceho na dvore v spolo\u010dnosti ob\u013e\u00faben\u00fdch sliepok.<\/p>\n<p>&nbsp;<\/p>\n<p><strong>\u010cO? Stredoeur\u00f3pske barokov\u00e9 maliarstvo a\u00a0soch\u00e1rstvo<\/strong><\/p>\n<p><strong>KEDY?<\/strong> Sobota a nede\u013ea, 11:00 \u2013 18:00<\/p>\n<p><strong>KDE? MIRBACHOV PAL\u00c1C, Franti\u0161k\u00e1nske n\u00e1m. 11<\/strong><\/p>\n<p>\u0164a\u017eisko expoz\u00edcie tvor\u00ed takmer sto diel majstrov, ktor\u00ed v\u00fdznamne ovplyvnili v\u00fdvoj umenia 18. storo\u010dia na Slovensku a v Bratislave. Jej s\u00fa\u010das\u0165ou s\u00fa aj Grafick\u00e9 kabinety, interi\u00e9rov\u00e1 v\u00fdzdoba stien dvoch reprezenta\u010dn\u00fdch miestnost\u00ed obsahuj\u00faca 290 grafick\u00fdch listov z prelomu 17. a 18. storo\u010dia.<\/p>\n<p>&nbsp;<\/p>\n<p><strong>\u010cO?<\/strong> <strong>Andreas Fogarasi \u2013 Pl\u00e1n<\/strong><\/p>\n<p><strong>KEDY?<\/strong> Sobota a nede\u013ea, 11:00 \u2013 18:00<\/p>\n<p><strong>KDE? P\u00c1LFFYHO PAL\u00c1C, Pansk\u00e1 19<\/strong><\/p>\n<p>Andreas Fogarasi (1977, Viede\u0148) prostredn\u00edctvom in\u0161tal\u00e1ci\u00ed, vide\u00ed a\u00a0fotografi\u00ed sk\u00fama miesta, mest\u00e1, architekt\u00faru a z\u00e1rove\u0148 mechanizmy, ako sa politick\u00e9 \u010di kult\u00farne idey st\u00e1vaj\u00fa \u201eobrazmi\u201c. Svoje diela preva\u017ene minim\u00e1lneho a\u00a0konceptu\u00e1lneho umenia prezentoval v rade prest\u00ed\u017enych eur\u00f3pskych gal\u00e9ri\u00ed a in\u0161tit\u00faci\u00ed.<\/p>\n<p>&nbsp;<\/p>\n<p><strong>\u010cO?<\/strong> <strong>Gotick\u00e1 ma\u013eba a plastika<\/strong><\/p>\n<p><strong>KEDY?<\/strong> Sobota a nede\u013ea, 11:00 \u2013 18:00<\/p>\n<p><strong>KDE? P\u00c1LFFYHO PAL\u00c1C, Pansk\u00e1 19 <\/strong><\/p>\n<p>Rozsahom neve\u013ek\u00e1 (19 diel), ale o to pr\u00ed\u0165a\u017elivej\u0161ia st\u00e1la expoz\u00edcia kore\u0161ponduje so zachovan\u00fdmi fragmentmi gotickej architekt\u00fary v pal\u00e1ci a\u00a0dokumentuje spolu tri storo\u010dia (14. \u2212 16. st.) v\u00fdtvarnej aktivity na Slovensku.<\/p>\n<p>&nbsp;<\/p>\n<p><strong>\u010cO?<\/strong> <strong>Pr\u00edbehy a fenom\u00e9ny. Slovensk\u00e9 v\u00fdtvarn\u00e9 umenie 20. storo\u010dia<\/strong><\/p>\n<p><strong>KEDY?<\/strong> Sobota a nede\u013ea, 11:00 \u2013 18:00<\/p>\n<p><strong>KDE? P\u00c1LFFYHO PAL\u00c1C, Pansk\u00e1 19 <\/strong><\/p>\n<p>Expoz\u00edcia pod\u00e1va \u010do najucelenej\u0161\u00ed obraz slovensk\u00e9ho umenia v\u00a0medzivojnovom obdob\u00ed a v druhej polovici 20. storo\u010dia. Z\u00e1rove\u0148 s\u00fa v nej zahrnut\u00e9 dve in situ in\u0161tal\u00e1cie mimoriadneho v\u00fdznamu: Vila myst\u00e9ri\u00ed od Alexa Mlyn\u00e1r\u010dika a Pas\u00e1\u017e od Mateja Kr\u00e9na.<\/p>\n<p>&nbsp;<\/p>\n<p><strong>\u010cO?<\/strong> <strong>Rodinn\u00e1 GMB: Ke\u010f je holub na streche rodiny s de\u0165mi (7 \u2013 11 r.)<\/strong><\/p>\n<p><strong>KEDY?<\/strong> sobota 22. 4. 2017, 15.00<\/p>\n<p><strong>KDE? P\u00c1LFFYHO PAL\u00c1C, Pansk\u00e1 19 <\/strong><\/p>\n<p>Ke\u010f je holub na streche, tak sme mo\u017eno v meste, lebo na dedin\u00e1ch s\u00fa holuby zriedkav\u00e9. Alebo je tomu inak? Tak \u010di tak, ke\u010f nie holub, tak nie\u010do predsa len rob\u00ed mesto mestom. V\u00fdtvarn\u00edk Andreas Fogarasi sk\u00fama mest\u00e1 po svojom a jeho v\u00fdstava sa stane v\u00fdchodiskom pre na\u0161e uva\u017eovanie i ateli\u00e9r. <strong>Z\u00a0kapacitn\u00fdch d\u00f4vodov je potrebn\u00e1 rezerv\u00e1cia na adrese vzdelavanie@gmb.sk.<\/strong><\/p>\n<p><strong>\u00a0<\/strong><\/p>\n<h4>MESTSK\u00c1 KNI\u017dNICA<\/h4>\n<p><strong>\u010cO?<\/strong> <strong>Danka Gregorov\u00e1: Vrstvenie<\/strong>, vernis\u00e1\u017e v\u00fdstavy obrazov<\/p>\n<p><strong>KEDY?<\/strong> 20. 4. \u0161tvrtok 17:00<\/p>\n<p><strong>KDE? Mestsk\u00e1 kni\u017enica<\/strong><\/p>\n<p>kur\u00e1torka: Martina Charv\u00e1tov\u00e1 Sk\u00e1celov\u00e1, Gal\u00e9ria Artot\u00e9ka,\u00a0 Kapuc\u00ednska 1<\/p>\n<p>&nbsp;<\/p>\n<p><strong>\u010cO?<\/strong> <strong>Bratislava \u2013 mesto, ktor\u00e9 \u010d\u00edta<\/strong><\/p>\n<p><strong>KEDY?<\/strong> sobota, 10:00 \u2013 18:00<\/p>\n<p><strong>KDE?<\/strong><\/p>\n<p>De\u0148 otvoren\u00fdch dver\u00ed v\u00a0Mestskej kni\u017enici na pracovisk\u00e1ch:<\/p>\n<p>\u00dasek kr\u00e1snej a\u00a0cudzojazy\u010dnej literat\u00fary, Laurinsk\u00e1 5<\/p>\n<p>Oddelenie odbornej literat\u00fary, Klarisk\u00e1 16<\/p>\n<p>\u00dasek literat\u00fary pre deti a ml\u00e1de\u017e, Kapuc\u00ednska 3<\/p>\n<p>Oddelenie hudobnej a\u00a0umenovednej literat\u00fary, Kapuc\u00ednska 1<\/p>\n<p>slu\u017eby:<\/p>\n<p>&#8211;\u00a0 v\u00fdpo\u017ei\u010dn\u00e9 slu\u017eby<\/p>\n<p>&#8211;\u00a0 zapisovanie nov\u00fdch \u010ditate\u013eov bez poplatkov<\/p>\n<p>&#8211; \u00a0bezplatn\u00fd internet<\/p>\n<p>&nbsp;<\/p>\n<h4>Letn\u00e1 \u010dit\u00e1re\u0148 U\u00a0\u010derven\u00e9ho raka, Michalsk\u00e1 26<\/h4>\n<p>Sobota, <strong>Cesta svetla<br \/>\n<\/strong>Jednodenn\u00e1 fotografick\u00e1 v\u00fdstava so zameran\u00edm na \u017eivot nevidiacich a\u00a0slabozrak\u00fdch, v spolupr\u00e1ci s \u00daniou nevidiacich a slabozrak\u00fdch Slovenska.<br \/>\n<strong>14:00 Uk\u00e1\u017eky v\u00fdcviku vodiacich psov<br \/>\n<\/strong>\u010co v\u0161etko sa musia nau\u010di\u0165 ps\u00edky, aby mohli by\u0165 spo\u013eahliv\u00fdmi pomocn\u00edkmi nevidiacim \u013eu\u010fom?<\/p>\n<p>v spolupr\u00e1ci s V\u00fdcvikovou \u0161kolou pre vodiace a asisten\u010dn\u00e9 psy<br \/>\nnede\u013ea, 10:00 \u2013 18:00<br \/>\n<strong>Bratislava \u2013 mesto, ktor\u00e9 \u010d\u00edta<\/strong><\/p>\n<p>De\u0148 otvoren\u00fdch dver\u00ed v\u00a0Mestskej kni\u017enici na pracovisk\u00e1ch:<\/p>\n<p>\u00dasek kr\u00e1snej a\u00a0cudzojazy\u010dnej literat\u00fary, Laurinsk\u00e1 5<\/p>\n<p>Oddelenie odbornej literat\u00fary, Klarisk\u00e1 16<\/p>\n<p>&#8211;\u00a0 v\u00fdpo\u017ei\u010dn\u00e9 slu\u017eby, zapisovanie nov\u00fdch \u010ditate\u013eov bez poplatkov<\/p>\n<p>&nbsp;<\/p>\n<h4>BRATISLAVSK\u00c9 KULT\u00daRNE A INFORMA\u010cN\u00c9 STREDISKO (BKIS)<\/h4>\n<p><strong>MESTSK\u00c9 DIVADLO P.O. <\/strong><strong>HVIEZDOSLAVA<\/strong>, umeleck\u00e1 sc\u00e9na BKIS<\/p>\n<p><strong>Sobota, 11:00<\/strong> a <strong>14:00\u00a0 Kozliatka a vlk<\/strong>, \u0160imon Spi\u0161\u00e1k a\u00a0kol., rozpr\u00e1va Eva Pavl\u00edkov\u00e1. Nov\u00e9 divadlo NITRA.<\/p>\n<p>Rozpr\u00e1vku o\u00a0neposlu\u0161n\u00fdch hl\u00fapu\u010dk\u00fdch kozliatkach a\u00a0zlom, pre\u0161ibanom, hr\u00f4zostra\u0161nom vlkovi s\u00a0ostr\u00fdmi paz\u00farmi, ve\u013ek\u00fdmi tes\u00e1kmi a\u00a0obrovsk\u00fdmi o\u010dami ur\u010dite pozn\u00e1te.\u00a0Ale \u010do ak kozliatka uverili iba tomu, \u010do im rozpr\u00e1vky a\u00a0povery o\u00a0vlkovi narozpr\u00e1vali a\u00a0nikdy ho naozaj nevideli? Lebo u\u017e v\u00a0Anglicku v\u00a011. storo\u010d\u00ed bol vlk symbolom ute\u010dencov a\u00a0bohovia, ktor\u00ed ich chr\u00e1nili, mali vl\u010die vlastnosti alebo meno. U\u017e\u00a0predchodca na\u0161ej civiliz\u00e1cie\u00a0\u2013 antick\u00fd R\u00edm, bol zalo\u017een\u00fd dvoj\u010datami R\u00f3mulom a\u00a0R\u00e9mom, ktor\u00fdch pod\u013ea legendy odchovala vl\u010dica. Lebo v\u00a0pr\u00edrode je \u017eivot vlkov ve\u013emi tajomn\u00fd a\u00a0in\u0161piruj\u00faci. A\u00a0hoci je vlk pova\u017eovan\u00fd za zviera, ktor\u00e9 kedyko\u013evek zabije \u010dloveka, neexistuje jedin\u00fd d\u00f4kaz,\u00a0ktor\u00fd by zabitie \u010dloveka vlkom dosved\u010dil. Zato opa\u010dn\u00e9 pr\u00edpady boli tak\u00e9 be\u017en\u00e9, a\u017e takmer do\u0161lo k\u00a0ich vyhubeniu.\u00a0 Pr\u00eddite na rozpr\u00e1vku Nov\u00e9ho divadla z Nitry a spoznajte \u201eich vlka\u201c.<\/p>\n<p><strong>Vstupenky\u00a0 na predstavenia Kozliatka a vlk\u00a0 bud\u00fa k\u00a0dispoz\u00edcii\u00a0 20.apr\u00edla v pokladni MDPOH v \u010dase 13.00 \u2013 17.00 .<\/strong><\/p>\n<p><strong>Pre 1 osobu s\u00fa k dispoz\u00edcii max. 2 vo\u013en\u00e9 vstupenky. <\/strong><\/p>\n<p>&nbsp;<\/p>\n<p><strong>Sprievodn\u00e9 akcie: Tvoriv\u00e9 dielne<\/strong><\/p>\n<p>12:30 \u2013 13.30, foyer divadla<\/p>\n<p>Modelovanie Troch prasiatok a kreslenie vo foyeri s produkciou Divadeln\u00e9ho \u00fastavu. Vyhodnotenie 10 najlep\u0161\u00edch hercami na najbli\u017e\u0161om predstaven\u00ed (27.4.2017) \u2013 \u201eAko n\u00e1s prasiatka vidia najmen\u0161\u00ed\u201c. V\u00fdhercovia z\u00edskaj\u00fa dve vo\u013en\u00e9 vstupenky na detsk\u00e9 predstavenia V\u00a0MDPOH. \u00a0V\u0161etky kresbi\u010dky bud\u00fa po\u010das detsk\u00fdch predstaven\u00ed vhodne umiestnen\u00e9 aj na mini v\u00fdstavke vo foyer divadla.<\/p>\n<p>&nbsp;<\/p>\n<p><strong>VYHLIADKOV\u00c9 PLAVBY LO\u010eOU PO DUNAJI<\/strong><\/p>\n<p>Sobota, 10:00 \u2013 14:00. Po\u010det plavieb je 4, vstupenky potrebuj\u00fa aj deti. Trvanie plavby: 45 min\u00fat, vstup na pont\u00f3n 15 min\u00fat pred za\u010diatkom plavby.<\/p>\n<p>Vstupenky na jednotliv\u00e9 plavby v po\u010dte max. 4 kusy na osobu sa bud\u00fa vyd\u00e1va\u0165 na pracovisku slu\u017eieb ob\u010danom Front Office Magistr\u00e1tu hl. mesta, Primaci\u00e1lne n\u00e1m., v\u00a0stredu 19.4.2017 od\u00a013:00. Pripravilo BKIS v spolupr\u00e1ci so Slovensk\u00e1 plavba a pr\u00edstavy \u2013 lodn\u00e1 osobn\u00e1 doprava, a.s.<\/p>\n<p>&nbsp;<\/p>\n<h4>ZOOLOGICK\u00c1 Z\u00c1HRADA<\/h4>\n<p><strong>sobota \u2013 nede\u013ea, 09:00 \u2013 18:00 <\/strong><\/p>\n<p><strong>vo\u013en\u00fd vstup do ZOO, komentovan\u00e9 k\u0155menie, n\u00e1u\u010dn\u00e9 aktivity<\/strong><\/p>\n<p>Mlynsk\u00e1 dolina 1<\/p>\n<p><strong>\u00a0<\/strong><\/p>\n<p><strong>Program \u2013 SOBOTA, 22. apr\u00edl<\/strong><\/p>\n<ul>\n<li><strong>Sl\u00e1vnostn\u00e9 otvorenie v\u00fdbehu pre vlky euro\u00e1zijsk\u00e9<\/strong><\/li>\n<li><strong>Informa\u010dn\u00fd st\u00e1nok <\/strong><strong>pri novom v\u00fdbehu vlkov<\/strong><\/li>\n<li><strong>Vozenie na ko\u0148och<\/strong>,\u00a0miesto: horn\u00e9 detsk\u00e9 ihrisko, od 11:00 do 18:00, len za priazniv\u00e9ho po\u010dasia<\/li>\n<\/ul>\n<ul>\n<li><strong>Prehliadky expoz\u00edci\u00ed zvierat<\/strong>\n<ul>\n<li>Pavil\u00f3n \u0161eliem pre levy juhoafrick\u00e9, tigre biele, jagu\u00e1re americk\u00e9 a leopardy cejl\u00f3nske<\/li>\n<li>Pavil\u00f3n \u013eudoopov<\/li>\n<li>Ter\u00e1rium a exot\u00e1rium s expoz\u00edciou surik\u00e1t, opi\u010diek, le\u0148ocha, p\u00e1savcov a potkanokeng\u00far<\/li>\n<li>V\u00fdbehy nosoro\u017ecov, keng\u00far, l\u00e1m a p\u0161trosov<\/li>\n<li>V\u00fdbehy zebier a \u017eir\u00e1f<em>, <\/em>africk\u00fdch antilop a hro\u0161\u00edkov lib\u00e9rijsk\u00fdch<\/li>\n<li>Pr\u00edrodn\u00e9 jazer\u00e1 plameniakov a pelik\u00e1nov<\/li>\n<li>Expoz\u00edcie stredne ve\u013ek\u00fdch op\u00edc<\/li>\n<li>Expoz\u00edcie ibisov, papag\u00e1jov, nos\u00e1\u013eov a p\u00e1nd \u010derven\u00fdch<\/li>\n<li>V\u00fdbehy tiav, pon\u00edkov a kulanov<\/li>\n<li>V\u00fdbehy jele\u0148ov a zubrov<\/li>\n<li>DinoPark s paleontologick\u00fdm ihriskom a n\u00e1u\u010dn\u00fdm chodn\u00edkom o v\u00fdvoji \u017eivota na Zemi<\/li>\n<\/ul>\n<\/li>\n<li><strong>\u017eiv\u00e9 vysielanie r\u00e1dia EUROPA 2 zo ZOO<\/strong>,\u00a0od 10:00 do 16:00, ved\u013ea v\u00fdbehu medve\u010fa hned\u00e9ho<\/li>\n<\/ul>\n<p><strong>\u00a0<\/strong><\/p>\n<p><strong>NEDE\u013dA, 23. apr\u00edl<\/strong><\/p>\n<ul>\n<li><strong>Prehliadky expoz\u00edci\u00ed zvierat<\/strong><\/li>\n<li><strong>Informa\u010dn\u00fd st\u00e1nok<\/strong> \u201eDe\u0148 Zeme\u201c,<\/li>\n<\/ul>\n<p>13:00 \u2013 15:00, za pavil\u00f3nom prim\u00e1tov<\/p>\n<p><em>Vzh\u013eadom na ve\u013emi obmedzen\u00e9 kapacity parkoviska V\u00e1m odpor\u00fa\u010dame vyu\u017ei\u0165 MHD, ktor\u00e1 bude prem\u00e1va\u0165 v\u00a0posilnenom re\u017eime. Autobusy p\u00f4jdu na linke \u010d. 31 s trasou Trnavsk\u00e9 m\u00fdto, N\u00e1mestie slobody, Staromestsk\u00e1, Lafranconi, ZOO, Cintor\u00edn Sl\u00e1vi\u010die \u00fadolie a tie\u017e aj na linke \u010d. 32 po trase Hlavn\u00e1 stanica, Kram\u00e1re, ZOO, Botanick\u00e1, Dlh\u00e9 diely.<\/em><\/p>\n<p><strong>\u00a0<\/strong><\/p>\n<p><strong>Turistick\u00e1 \u0161ifrovacia hra po stop\u00e1ch korunov\u00e1ci\u00ed<\/strong><\/p>\n<p>Sobota, nede\u013ea. Za\u010diatok hry: Turistick\u00e9 informa\u010dn\u00e9 centrum (TIC) na Primaci\u00e1lnom n\u00e1mest\u00ed<\/p>\n<p>Ako korunov\u00e1cia prebiehala? \u010co v\u0161etko musel panovn\u00edk po\u010das nej absolvova\u0165? Vydajte sa po stop\u00e1ch kr\u00e1\u013eovskej cesty Bratislavou. Ke\u010f ju prejdete cel\u00fa, mo\u017eno sa aj v\u00e1m ujde koruna!<\/p>\n<p>Vytvorte t\u00edm z dvoch a\u017e piatich \u013eud\u00ed, prejdite sa historick\u00fdm centrom a popri rie\u0161en\u00ed zauj\u00edmav\u00fdch logick\u00fdch h\u00e1daniek a \u0161ifier odha\u013ete po\u010das 2-3 hod\u00edn hist\u00f3riu korunov\u00e1ci\u00ed. Hra je dostupn\u00e1 celoro\u010dne, ale pri k\u00fape hry alebo dar\u010dekov\u00e9ho poukazu po\u010das Bratislavsk\u00fdch mestsk\u00fdch dn\u00ed m\u00e1te 30%-n\u00fa z\u013eavu (z\u013eavov\u00fd k\u00f3d: BMD2017).<\/p>\n<p>Rezerv\u00e1cia l\u00edstkov: <a href=\"http:\/\/www.cryptomania.sk\/bratislava\">www.cryptomania.sk\/bratislava<\/a><\/p>\n<h4>DOPRAVN\u00dd PODNIK BRATISLAVA<\/h4>\n<p>Po\u010das v\u00edkendu bud\u00fa prem\u00e1va\u0165 historick\u00e9 elektri\u010dky BME\u017d #31+135, #38+135 T2 #215, pri\u010dom #31+135 bude prem\u00e1va\u0165 d\u0148a 22.04.2017 a #38+135 bude prem\u00e1va\u0165 d\u0148a 23.04.2017. T2 #215 jazd\u00ed oba dni.<br \/>\n<em>Historick\u00e9 elektri\u010dky nebud\u00fa ozna\u010den\u00e9 p\u00edsmenom H ale bud\u00fa bezplatn\u00e9.<\/em><\/p>\n<p>Trolejbus H213 v trase KOLIBA &#8211; B\u00daDKOV\u00c1 v trase linky 203.<\/p>\n<p>Trolejbusy linky H213 bud\u00fa vlo\u017een\u00e9 poradia medzi linkami 203, 5 min\u00fat po spoji linky 203. Prem\u00e1va\u0165 bud\u00fa oba trolejbusy \u0160koda 9 Tr.<\/p>\n<p>Autobusy H33 v trase: SND &#8211; \u0160t\u00farova &#8211; n\u00e1bre\u017eie &#8211; Mlynsk\u00e1 dolina &#8211; Patr\u00f3nka &#8211; \u017dELEZN\u00c1 STUDNI\u010cKA. V smere do mesta vodi\u010di odbo\u010dia na Mostov\u00fa a z nej na Jesensk\u00e9ho. Prem\u00e1va\u0165 bud\u00fa autobusy \u0160koda 706 RTO a Karosa \u0160M 11.<\/p>\n<p>Autobus H 25 v trase: MOST SNP (n\u00e1stupi\u0161te \u010d. 3) \u2013 Einsteinova \u2013 Berg (colnica). Denne vykon\u00e1 iba 4 jazdy, ktor\u00e9 bud\u00fa \u00fa\u010delovo viazan\u00e9 na n\u00e1v\u0161tevu bunkru. Odchody do Petr\u017ealky o 10:00, 12:00, 14:00 a 16:00, z hranice do mesta o 12:15, 14:15, 16:15 a 18:15.<\/p>\n<p><strong>\u00a0<\/strong><\/p>\n<p><strong>Bratislavsk\u00e1 integrovan\u00e1 doprava &#8211; Integrovan\u00fd dopravn\u00fd syst\u00e9m<\/strong><\/p>\n<p><strong>VESEL\u00dd AUTOBUS <\/strong><\/p>\n<p>sobota a\u00a0nede\u013ea, 10:00 \u2013 18:00, \u017dupn\u00e9 n\u00e1mestie<\/p>\n<p>Bratislavsk\u00e1 integrovan\u00e1 doprava v spolupr\u00e1ci s Dopravn\u00fdm podnikom Bratislava a Hlavn\u00fdm mestom Bratislava pripravila pre n\u00e1v\u0161tevn\u00edkov podujatia Vesel\u00fd autobus! N\u00e1v\u0161tevn\u00edci bud\u00fa ma\u0165 mo\u017enos\u0165 sa odfoti\u0165 za volantom, vysk\u00fa\u0161a\u0165 si pocit vodi\u010da autobusu. Pre v\u0161etk\u00fdch bude mo\u017enos\u0165 vyu\u017ei\u0165 n\u00e1\u0161 FotoCorner a vytvori\u0165 si spomienkov\u00e9 fotky. Pre najmen\u0161\u00edch sme pripravili s\u00fa\u0165a\u017e o vecn\u00e9 ceny. Zapoji\u0165 sa m\u00f4\u017eete priamo na mieste.<\/p>\n<p><strong>\u00a0<\/strong><\/p>\n<h4>KAPLNKA SV. JAKUBA<\/h4>\n<p><strong>Kaplnka sv. Jakuba pred Starou tr\u017enicou<\/strong><\/p>\n<p>v\u00a0sobotu aj nede\u013eu od 14. do 18.hod<\/p>\n<p>Komentovan\u00e9 prehliadky so zabezpe\u010den\u00edm vstupu do kaplnky pracovn\u00edkmi<\/p>\n<p>N\u00e1mestie SNP, pred Starou tr\u017enicou. Z\u00e1ujemcovia si m\u00f4\u017eu pozrie\u0165 podzemie Kaplnky sv. Jakuba, ktor\u00e1 b\u00fdva otvoren\u00e1 len po\u010das tohto podujatia, v\u00a0sprievode pracovn\u00edkov Mestsk\u00e9ho \u00fastavu ochrany pamiatok (MUOP).<\/p>\n<p><strong>\u00a0<\/strong><\/p>\n<h4>VOD\u00c1RENSK\u00c9 M\u00daZEUM \u2013 BVS<\/h4>\n<p>Vod\u00e1rensk\u00e9 m\u00fazeum a z\u00e1hrada, Dev\u00ednska cesta 1<\/p>\n<p>Ostrov Siho\u0165<\/p>\n<p><strong>Sobota, 22. apr\u00edla 2017<\/strong><\/p>\n<p>9.00-17.00\u00a0\u00a0\u00a0\u00a0\u00a0\u00a0\u00a0 \u00a0\u00a0\u00a0Vod\u00e1rensk\u00e9 m\u00fazeum: prehliadky m\u00fazea s v\u00fdkladom<\/p>\n<p>10.00-12.00 a\u00a014.00-16.00\u00a0\u201ezahrajte sa na v\u00fdskumn\u00edkov\u201c- z\u00e1bavn\u00e9 experimenty s vodou a tvoriv\u00e9 dielne pre deti<\/p>\n<p>11.00-17.00\u00a0\u00a0\u00a0\u00a0\u00a0\u00a0\u00a0 Ostrov Siho\u0165: prehliadka vod\u00e1rensk\u00e9ho zdroja s odborn\u00fdm v\u00fdkladom<\/p>\n<p>&nbsp;<\/p>\n<p><strong>Nede\u013ea, 23. apr\u00edla 2017 <\/strong><\/p>\n<p>10.00-16.00\u00a0\u00a0\u00a0\u00a0\u00a0\u00a0\u00a0 Vod\u00e1rensk\u00e9 m\u00fazeum: prehliadky m\u00fazea s\u00a0v\u00fdkladom<\/p>\n<p>13.00-15.00 \u201ezahrajte sa na v\u00fdskumn\u00edkov\u201c- z\u00e1bavn\u00e9 experimenty s vodou a tvoriv\u00e9 dielne pre deti<\/p>\n<p>10.00-13.00\u00a0\u00a0\u00a0\u00a0\u00a0\u00a0\u00a0 Ostrov Siho\u0165: prehliadka vod\u00e1rensk\u00e9ho zdroja s odborn\u00fdm v\u00fdkladom<\/p>\n<p><strong>\u00a0<\/strong><\/p>\n<h4>\u0160PORTOVISK\u00c1 Spr\u00e1va telov\u00fdchovn\u00fdch a rekrea\u010dn\u00fdch zariaden\u00ed hlavn\u00e9ho mesta SR Bratislavy (STaRZ)<\/h4>\n<p><strong>\u00a0<\/strong><\/p>\n<p><strong>SOBOTA 22. 4. 2017<\/strong><\/p>\n<p><strong>Zimn\u00fd \u0161tadi\u00f3n O. Nepelu, Odboj\u00e1rov 9, Bratislava<\/strong><\/p>\n<p><strong>10:00 &#8211; 13:00 \/13:30 &#8211; 16:30\u00a0\u00a0\u00a0 <\/strong>Kor\u010du\u013eovanie pre verejnos\u0165 (Tr\u00e9ningov\u00e1 hala \u201eA\u201c)<\/p>\n<p><strong>Zimn\u00fd \u0161tadi\u00f3n D\u00fabravka, Harmincova 2, Bratislava<\/strong><\/p>\n<p><strong>11:00 &#8211; 17:00\u00a0\u00a0\u00a0\u00a0\u00a0\u00a0\u00a0 <\/strong>Kor\u010du\u013eovanie pre verejnos\u0165<\/p>\n<h4>\u0160portov\u00e1 hala STARZ, Harmincova 2, Bratislava (vchod z\u00a0Bullovej ul.)<\/h4>\n<p><strong>10:00 &#8211; 18:00<\/strong>\u00a0\u00a0\u00a0\u00a0\u00a0 Bedmintonov\u00e9 kurty<\/p>\n<p><strong>08:00 &#8211; 21:00\u00a0\u00a0\u00a0\u00a0\u00a0\u00a0\u00a0 <\/strong>Viac\u00fa\u010delov\u00fd are\u00e1l, multifunk\u010dn\u00e9 ihrisko\u00a0s umelou tr\u00e1vou, basketbalov\u00e9 ihrisko, petanque ihrisko, detsk\u00e9 ihrisko<\/p>\n<p><strong>Plav\u00e1re\u0148\u00a0 a\u00a0posil\u0148ov\u0148a Pasienky, Jun\u00e1cka 6, Bratislava\u00a0 <\/strong><\/p>\n<p><strong>08:00 &#8211; 20:00<\/strong>\u00a0\u00a0\u00a0\u00a0\u00a0 Pl\u00e1vanie pre verejnos\u0165 (50m baz\u00e9n)<\/p>\n<p><strong>08:00 &#8211; 20:00<\/strong>\u00a0\u00a0\u00a0\u00a0\u00a0 Posil\u0148ov\u0148a pre verejnos\u0165<\/p>\n<p><strong>\u00a0<\/strong><\/p>\n<p><strong>NEDE\u013dA\u00a0\u00a0\u00a0 23. 4. 2017<\/strong><\/p>\n<p><strong>Zimn\u00fd \u0161tadi\u00f3n O. Nepelu, Odboj\u00e1rov 9, Bratislava<\/strong><\/p>\n<p><strong>10:00 &#8211; 13:00\/13:30 &#8211; 16:30<\/strong>\u00a0 <strong>\u00a0\u00a0<\/strong>Kor\u010du\u013eovanie pre verejnos\u0165 (Tr\u00e9ningov\u00e1 hala \u201eA\u201c)<\/p>\n<p><strong>Zimn\u00fd \u0161tadi\u00f3n D\u00fabravka, Harmincova 2, Bratislava<\/strong><\/p>\n<p><strong>11:00 &#8211; 17:00<\/strong> \u00a0\u00a0\u00a0\u00a0\u00a0\u00a0 \u00a0Kor\u010du\u013eovanie pre verejnos\u0165<\/p>\n<h4>\u0160portov\u00e1 hala STARZ, Harmincova 2, Bratislava (vchod z\u00a0Bullovej ul.)<\/h4>\n<p><strong>10:00 &#8211; 18:00<\/strong>\u00a0\u00a0\u00a0\u00a0\u00a0\u00a0 Bedmintonov\u00e9 kurty<\/p>\n<p><strong>08:00 &#8211; 21:00<\/strong>\u00a0\u00a0\u00a0\u00a0 Viac\u00fa\u010delov\u00fd are\u00e1l, multifunk\u010dn\u00e9 ihrisko s\u00a0umelou tr\u00e1vou, basketbalov\u00e9 ihrisko, petanque ihrisko, detsk\u00e9 ihrisko<\/p>\n<p><strong>Plav\u00e1re\u0148\u00a0 a\u00a0posil\u0148ov\u0148a Pasienky,<\/strong> <strong>Jun\u00e1cka 6, Bratislava <\/strong>\u00a0(50+25 m baz\u00e9n)<\/p>\n<p><strong>08:00 &#8211; 20:00<\/strong>\u00a0\u00a0\u00a0\u00a0\u00a0 Pl\u00e1vanie pre verejnos\u0165 (50m baz\u00e9n)<\/p>\n<p><strong>13:00 &#8211; 20:00<\/strong>\u00a0\u00a0\u00a0\u00a0\u00a0 Pl\u00e1vanie pre verejnos\u0165 (25m baz\u00e9n)<\/p>\n<p><strong>08:00 &#8211; 20:00<\/strong>\u00a0\u00a0\u00a0\u00a0\u00a0 Posil\u0148ov\u0148a pre verejnos\u0165<\/p>\n<p>&nbsp;<\/p>\n<h4>MESTSK\u00c9 LESY V\u00a0BRATISLAVE \u2013 LESN\u00cdCKE DNI<\/h4>\n<p><strong>Partiz\u00e1nska l\u00faka (\u017delezn\u00e1 studienka) a\u00a0 Kamz\u00edk (Koliba)<\/strong><\/p>\n<p>Nede\u013ea, 9:30 &#8211; 16:30 PARTIZ\u00c1NSKA L\u00daKA<\/p>\n<p>Aktivity Lesn\u00edckych dn\u00ed<\/p>\n<p>Lesn\u00edcke dni s\u00fa najv\u00e4\u010d\u0161\u00edm celoslovensk\u00fdm podujat\u00edm organizovan\u00fdm lesn\u00edckymi in\u0161tit\u00faciami na Slovensku a\u00a0Bratislava je jedn\u00fdm z\u00a0piatich k\u013e\u00fa\u010dov\u00fdch regi\u00f3nov. Lesn\u00ed\u00a0 pedag\u00f3govia predstavia les de\u0165om a rodi\u010dom pomocou hier a\u00a0s\u00fa\u0165a\u017e\u00ed o\u00a0zauj\u00edmav\u00e9 ceny. Deti bud\u00fa z\u00e1bavnou formou spozn\u00e1va\u0165 dreviny, \u017eivo\u010d\u00edchy a pr\u00e1cu lesn\u00edkov. P\u00fatav\u00e9 aktivity pre v\u0161etk\u00fdch s\u00fa zameran\u00e9 na ochranu \u017eivotn\u00e9ho prostredia. S\u00fa\u0165a\u017e\u00ed sa o\u00a0zauj\u00edmav\u00e9 ceny. Deti sa zoznamuj\u00fa s pr\u00e1cou ochrancov pr\u00edrody.<\/p>\n<ul>\n<li>Miss Drevina<\/li>\n<li>Hod Brvnom \/ Hod Brvienkom<\/li>\n<li>Sk\u00e1kanie v nafukovacom hrade \/ na trampol\u00edne<\/li>\n<\/ul>\n<p>Uk\u00e1\u017eky<\/p>\n<ul>\n<li>V\u010del\u00e1rstvo \u2013 Du\u0161an Dedinsk\u00fd<\/li>\n<li>Sokoliarstvo \u2013 Mgr. Pavel Michal<\/li>\n<li>Biofarma \u2013 Stupava<\/li>\n<li>Drevorezba s\u00a0motorvou p\u00edlou<\/li>\n<li>Kynol\u00f3gia \u2013 uk\u00e1\u017eka po\u013eovn\u00fdch psov<\/li>\n<\/ul>\n<p>&nbsp;<\/p>\n<p><strong>Exkurzie pre verejnos\u0165<\/strong><\/p>\n<p>9:30\u00a0 &#8211; 10:30 Kurz\u00a0 pozn\u00e1vania vt\u00e1\u010dieho spevu v lese v \u010dase od 9:30 do 10:30 hod (Watching.sk)<\/p>\n<p>12:30\u00a0 Exkurzia \u201ePozn\u00e1\u0161 stromy v\u00a0lese?\u201d (sprievodca Peter Pivko, organizuj\u00fa MLB)<\/p>\n<p>13:30\u00a0 Exkurzia \u201eNie\u010do z pr\u00edrody\u201d (organizuje Daphne)<\/p>\n<p>Zraz pred ka\u017edou exkurziou je pri vatre.<\/p>\n<p>15:00\u00a0 Vyhodnotenie s\u00fa\u0165a\u017e\u00ed, \u017erebovanie cien<\/p>\n<p>15:30\u00a0\u00a0 Zap\u00e1lenie vatry<\/p>\n<p>Sl\u00e1vnostn\u00e9 ukon\u010denie programu.<\/p>\n<p>Vyhodnotenie s\u00fa\u0165a\u017ee a\u00a0rozdanie cien v\u00fdhercom.<\/p>\n<p>Moder\u00e1tor :\u00a0 Jozef Pro\u010dko, koncert:\u00a0\u00a0 skupina\u00a0 Bullet Holes<\/p>\n<p>10:00 &#8211; 16:00\u00a0 KAMZ\u00cdK\u00a0 Lanov\u00e9 centrum na Kolibe<\/p>\n<p><strong>\u00a0<\/strong><\/p>\n<h4>BRATISLAVSK\u00c1 ARCIDIEC\u00c9ZA<\/h4>\n<p><strong>Katedr\u00e1la sv. Martina <\/strong><\/p>\n<p>V<strong>\u00a0<\/strong>sobotu \u00a09:00 \u2013 18:00 aj nede\u013eu 13:30 \u2013 16:00 (mimo bohoslu\u017eieb) prehliadky pre n\u00e1v\u0161tevn\u00edkov bezplatne.<\/p>\n<p><strong>V nede\u013eu <\/strong>o 10.30 hod. v Katedr\u00e1le sv. Martina sl\u00e1vnostn\u00e1 bohoslu\u017eba za Bratislavu a Bratislav\u010danov<\/p>\n<p><strong>\u00a0<\/strong><\/p>\n<h4>PO\u013dN\u00c1 NEMOCNICA LEK\u00c1ROV BEZ HRAN\u00cdC<\/h4>\n<ol start=\"19\">\n<li><strong> \u2013 24. apr\u00edla 2017, N\u00e1mestie SNP \u2013 pri pam\u00e4tn\u00edku SNP<\/strong><\/li>\n<\/ol>\n<p>Za\u017eite v\u00fdstavu Po\u013en\u00e1 nemocnica Lek\u00e1rov bez hran\u00edc, na ktorej Lek\u00e1ri bez hran\u00edc predstavia, ako vyzer\u00e1 ich pr\u00e1ca v\u00a0takmer 70 krajin\u00e1ch sveta. Na n\u00e1mest\u00ed SNP v\u00a0Bratislave m\u00f4\u017eete debatova\u0165 so spolupracovn\u00edkmi Lek\u00e1rov bez hran\u00edc, ktor\u00ed p\u00f4sobia na misi\u00e1ch. Z\u00e1rove\u0148 v\u00e1m predstav\u00edme vybavenie, ktor\u00e9 pou\u017e\u00edvame pri z\u00e1chrane \u017eivotov v\u00a0ozbrojen\u00fdch konfliktoch, pri pr\u00edrodn\u00fdch katastrof\u00e1ch \u010di epid\u00e9mi\u00e1ch.<\/p>\n<p>Po\u013en\u00e1 nemocnica Lek\u00e1rov bez hran\u00edc je interakt\u00edvna v\u00fdstava, vystaven\u00e9 vybavenie si m\u00f4\u017eete vysk\u00fa\u0161a\u0165 na vlastnej ko\u017ei. M\u00f4\u017eete ochutna\u0165\u00a0 Plumpy\u2019Nut\u00ae, ktor\u00fd sa pou\u017e\u00edva pri lie\u010dbe detskej podv\u00fd\u017eivy, roztok na lie\u010dbu cholery, a\u00a0na makete srdca rozpozna\u0165, \u010di bije spr\u00e1vne.<\/p>\n<p>T\u00e1to v\u00fdstava na Slovensko prich\u00e1dza prv\u00fdkr\u00e1t. Je vhodn\u00e1 pre dospel\u00fdch i\u00a0deti, vstup i\u00a0komentovan\u00e9 prehliadky s\u00fa zdarma.<\/p>\n<p><strong>SLOVAKIA CANTAT 2017. \u2013 20 \u2013 22.4.2017. <\/strong>medzin\u00e1rodn\u00fd festival detsk\u00fdch, ml\u00e1de\u017en\u00edckych a dospel\u00fdch zborov v\u00a0Bratislave. 20 spev\u00e1ckych zborov zo 8 kraj\u00edn. V\u00a0spolupr\u00e1cu s\u00a0BKIS.<\/p>\n<ol start=\"20\">\n<li><strong><u> apr\u00edla 2017 (\u0160tvrtok) <\/u><\/strong><\/li>\n<\/ol>\n<p><strong>10:00 \u2013 11:30<\/strong> Workshopy o zborovej hudbe \u2013 prof. Dariusz Dyczewski (Po\u013esko), prof. Luc Anthonis (Belgicko), V\u0160MU<\/p>\n<p><strong>19:00 hod.<\/strong> Otv\u00e1rac\u00ed koncert festivalu, Jezuitsk\u00fd kostol<\/p>\n<ol start=\"21\">\n<li><strong><u> apr\u00edla 2017 (Piatok) <\/u><\/strong><\/li>\n<\/ol>\n<p><strong>11:00 \u2013 17:00 hod. <\/strong>S\u00fa\u0165a\u017en\u00e1 \u010das\u0165 festivalu<strong>, <\/strong>Moyzesova sie\u0148<\/p>\n<p><strong>17:00 hod. <\/strong>Festivalov\u00fd koncert<strong>, <\/strong>Hudobn\u00e1 sie\u0148 Klarisky<\/p>\n<p><strong>19:00 hod. <\/strong>Festivalov\u00fd koncert, Hudobn\u00e1 sie\u0148 Klarisky<\/p>\n<ol start=\"22\">\n<li><strong><u> apr\u00edla 2017 (Sobota) <\/u><\/strong><\/li>\n<\/ol>\n<p><strong>09:00 \u2013 12:00 hod. <\/strong>S\u00fa\u0165a\u017en\u00e1 \u010das\u0165 festivalu<strong>, <\/strong>Moyzesova sie\u0148<\/p>\n<p><strong>15:00 hod. <\/strong>Festivalov\u00fd koncert, Hudobn\u00e1 sie\u0148 Klarisky<\/p>\n<p><strong>17:00 hod. <\/strong>Vyhl\u00e1senie v\u00fdsledkov s\u00fa\u0165a\u017ee<strong><em>, <\/em><\/strong>Hlavn\u00e9 n\u00e1mestie<\/p>\n<p>&nbsp;<\/p>\n<h4>STAR\u00c1 TR\u017dNICA, N\u00e1mestie SNP<\/h4>\n<p><strong>piatok 21. apr\u00edla <\/strong><\/p>\n<p><strong>Cyklofestival<\/strong> (aj na n\u00e1mest\u00ed SNP), organizuje o.z. \u0160vihaj \u0160uhaj,<\/p>\n<p>Pr\u00ed\u010fte na prv\u00fd bratislavsk\u00fd Cyklofestival a:<\/p>\n<p>&#8211; dozviete sa najnov\u0161ie inform\u00e1cie o cyklodoprave nielen v Bratislave<\/p>\n<p>&#8211; nechajte si zadarmo skontrolova\u0165 technick\u00fd stav svojho bicykla<\/p>\n<p>&#8211; vysk\u00fa\u0161ajte testovacie jazdy elektrobicyklov, cargobicyklov aj mestsk\u00fdch retro bicyklov<\/p>\n<p>&nbsp;<\/p>\n<p><strong>sobota 22.4. 10:00 \u2013 15:00 pravideln\u00fd TRH-PIAC-MARKT<\/strong><\/p>\n<p>Potravinov\u00e9 trhy v Starej tr\u017enici sa konaj\u00fa ka\u017ed\u00fa sobotu. Pre deti je po\u010das trhu v\u017edy o 11:00 pripraven\u00e9 divadeln\u00e9 predstavenie, ktor\u00e9 sa kon\u00e1 na poschod\u00ed v z\u00f3ne Par\u00e1da. Trhy tie\u017e pravidelne sprev\u00e1dzaj\u00fa r\u00f4zne baz\u00e1re a burzy, a to Burza kn\u00edh, Baz\u00e1r staro\u017eitnost\u00ed, Burza oble\u010denia a doplnkov a Cykloburza, ako aj \u010fal\u0161ie ob\u010dasn\u00e9, \u0161peci\u00e1lne burzy a aktivity.<\/p>\n<p><strong>\u00a0<\/strong><\/p>\n<h4>DOBR\u00dd TRH NA JAKUB\u00c1KU<\/h4>\n<p><strong>sobota 10:00 \u2013 17:00, Jakubovo n\u00e1mestie.<\/strong><\/p>\n<p>Na Jakub\u00e1ku dominuj\u00fa autentick\u00e9 z\u00e1\u017eitky. Je zameran\u00fd na poctiv\u00e9, dobr\u00e9, remeseln\u00e9, s pr\u00edrodou v s\u00falade prebiehaj\u00face (postupy) produkcie a starostlivo si vyberaj\u00fa\u00a0 t\u00fdch najlep\u0161\u00edch trhovn\u00edkov.\u00a0 Na Jakub\u00e1ku spomal\u00edme a vychutn\u00e1me si \u017eivot. Inform\u00e1cie o podujat\u00ed a programe n\u00e1jdete priebe\u017ene na: www.dobrytrh.sk<\/p>\n<p>&nbsp;<\/p>\n<h4>[fj\u00fa\u017en] &#8211; Festival nov\u00fdch men\u0161\u00edn<\/h4>\n<p>od 21. do 28. apr\u00edla 2017 sa uskuto\u010dn\u00ed v Bratislave u\u017e 12. ro\u010dn\u00edk festivalu [fj\u00fa\u017en], ktor\u00fd organizuje Nad\u00e1cia Milana \u0160ime\u010dku, a ktor\u00e9ho t\u00e9mou bude tento rok INTEGR\u00c1CIA.<\/p>\n<p>web: <a href=\"http:\/\/www.fjuzn.sk\">www.fjuzn.sk<\/a><\/p>\n<p>&nbsp;<\/p>\n<p>22.4. 19:00, KC Dunaj, Nedbalova 3<\/p>\n<p>Apples &amp; Hru\u0161ky &#8211; Na t\u00e9mu Integration &amp; Slovak spolo\u010dnos\u0165 sa moder\u00e1torka Nasi porozpr\u00e1va so svojimi hos\u0165ami Andrejom B\u00e1nom, Du\u0161anom Jaurom a \u0161tudentom Amerom. Vstup vo\u013en\u00fd.<\/p>\n<p>22.4. 20:00, KC Dunaj, Nedbalova 3<\/p>\n<p>Joke\u2019s On You &#8211; Jedin\u00e1 a jedine\u010dn\u00e1 stand-up show v anglickom jazyku. Vstpn\u00e9 5 \u20ac.<\/p>\n<p>22.4. 22:00, KC Dunaj, Nedbalova 3<\/p>\n<p>[fj\u00fa\u017en] sounds: Aiwa (FR\/IQ) &amp; DJ Marrrtin (FR) &amp; Emonoizboyz &amp; Beyuz<\/p>\n<p>kapela Aiwa z Franc\u00fazska, ktor\u00e1 mixuje irack\u00e9 rytmy s elektronikou, \u017eensk\u00fdm vok\u00e1lom a arabsk\u00fdm rapom. Vstupn\u00e9 5 \u20ac predpredaj \/ 8\u20ac na mieste.<\/p>\n<p><strong>Nede\u013ea 23.4., 11:00 \u2013 17:00<\/strong><\/p>\n<p>Star\u00e1 tr\u017enica, N\u00e1m. SNP 25<\/p>\n<p>Nede\u013en\u00e1 [fj\u00fa\u017en] Par\u00e1da \u2026alebo Cel\u00fd svet pod jednou strechou. U\u017e tradi\u010dn\u00e9 komunitn\u00e9 podujatie pre cel\u00fa rodinu, na ktorom budete m\u00f4c\u0165 ok\u00fasi\u0165 chute, v\u00f4ne a zvuky r\u00f4znych kult\u00far \u017eij\u00facich v Bratislave. Vstup vo\u013en\u00fd.<\/p>\n<p>&nbsp;<\/p>\n<p><strong>23.4. 14:00 za\u010diatok prehliadky pred Starou tr\u017enicou<\/strong><\/p>\n<p>Po stop\u00e1ch multikulturalizmu Bratislavy<\/p>\n<p>\u010co zostalo z mnohon\u00e1rodnostnej Bratislavy? Ak\u00e9 bolo spoluna\u017e\u00edvanie r\u00f4znych etn\u00edk a komun\u00edt mesta v predch\u00e1dzaj\u00facich storo\u010diach? Multikulti prehliadke mesta so sprievodcami Ivorom \u0160vihranom (M_P_ BA) a \u00c1rp\u00e1dom Korp\u00e1som. Vstup vo\u013en\u00fd.<\/p>\n<p>&nbsp;<\/p>\n<p><strong>23.4. 18:00 Koncertn\u00e1 sie\u0148 Klarisky, Klarisk\u00e1<\/strong><\/p>\n<p>Integ(ene)r\u00e1cia (detsk\u00fd zbor Superar)<\/p>\n<p>Medzin\u00e1bo\u017eensk\u00e9 a medzigenera\u010dn\u00e9 podujatie na podporu tolerancie a integr\u00e1cie \u013eud\u00ed r\u00f4znych etn\u00edk a vierovyznan\u00ed. Zaznej\u00fa piesne z cel\u00e9ho sveta v podan\u00ed zboru Superar, v ktorom spolu \u00fa\u010dinkuj\u00fa slovensk\u00e9 a r\u00f3mske deti. Vstup vo\u013en\u00fd.<\/p>\n<p>&nbsp;<\/p>\n<h4>MHD PO\u010cAS V\u00cdKENDU BRATISLAVSK\u00ddCH MESTSK\u00ddCH DN\u00cd<\/h4>\n<p>Vyu\u017eite na n\u00e1v\u0161tevu jednotliv\u00fdch programov MHD.\u00a0 Na viacer\u00fdch link\u00e1ch bud\u00fa po\u010das v\u00edkendu 23. a 24. apr\u00edla prem\u00e1va\u0165 posilnen\u00e9 spoje.<\/p>\n<p><strong>V d\u0148och 22. a 23. apr\u00edla 2017 (sobota a nede\u013ea) bude zabezpe\u010den\u00e1 mimoriadna posilov\u00e1 doprava:<\/strong><\/p>\n<p><strong>Linka \u010d. 31 Blument\u00e1l &#8211; ZOO &#8211; Cintor\u00edn Sl\u00e1vi\u010die \u00fadolie a sp\u00e4\u0165; prem\u00e1vka vlo\u017een\u00fdch spojov pod\u013ea osobit\u00e9ho CP po riadnej trase<\/strong><\/p>\n<p><strong>Linka \u010d. 32 Hlavn\u00e1 stanica &#8211; ZOO &#8211; Dlh\u00e9 diely a sp\u00e4\u0165; prem\u00e1vka vlo\u017een\u00fdch spojov pod\u013ea osobit\u00e9ho CP po riadnej trase<\/strong><\/p>\n<p><strong><em>\u00a0<\/em><\/strong><\/p>\n<p><em>Vstup na uveden\u00e9 podujatia je bezplatn\u00fd, ak nie je uveden\u00e9 inak. Na vybran\u00e9 aktivity si\u00a0<\/em><em>treba vopred vyzdvihn\u00fa\u0165 vstupenky. Vstup na niektor\u00e9 podujatia alebo expoz\u00edcie m\u00f4\u017ee by\u0165\u00a0<\/em><em>limitovan\u00fd kapacitou priestorov. Zmena programu vyhraden\u00e1. Niektor\u00e9 podujatia m\u00f4\u017eu\u00a0<\/em><em>by\u0165 z d\u00f4vodu nepriazniv\u00e9ho po\u010dasia zru\u0161en\u00e9.<\/em><\/p>\n<p>&nbsp;<\/p>\n<p><strong><img loading=\"lazy\" class=\"alignnone wp-image-13249 size-medium\" src=\"https:\/\/www.visitbratislava.com\/wp-content\/uploads\/2016\/02\/BPV2-400x267.jpg\" alt=\"BPV2\" width=\"400\" height=\"267\" srcset=\"https:\/\/www.visitbratislava.com\/wp-content\/uploads\/2016\/02\/BPV2-400x267.jpg 400w, https:\/\/www.visitbratislava.com\/wp-content\/uploads\/2016\/02\/BPV2-768x512.jpg 768w, https:\/\/www.visitbratislava.com\/wp-content\/uploads\/2016\/02\/BPV2-800x534.jpg 800w, https:\/\/www.visitbratislava.com\/wp-content\/uploads\/2016\/02\/BPV2-200x133.jpg 200w, https:\/\/www.visitbratislava.com\/wp-content\/uploads\/2016\/02\/BPV2.jpg 1280w\" sizes=\"(max-width: 400px) 100vw, 400px\" \/><\/strong><strong>\u00a0<img loading=\"lazy\" class=\"alignnone wp-image-10790 size-medium\" src=\"https:\/\/www.visitbratislava.com\/wp-content\/uploads\/2016\/02\/Slovakia-Cantat-400x267.jpg\" alt=\"Slovakia Cantat\" width=\"400\" height=\"267\" srcset=\"https:\/\/www.visitbratislava.com\/wp-content\/uploads\/2016\/02\/Slovakia-Cantat-400x267.jpg 400w, https:\/\/www.visitbratislava.com\/wp-content\/uploads\/2016\/02\/Slovakia-Cantat-768x512.jpg 768w, https:\/\/www.visitbratislava.com\/wp-content\/uploads\/2016\/02\/Slovakia-Cantat-800x533.jpg 800w, https:\/\/www.visitbratislava.com\/wp-content\/uploads\/2016\/02\/Slovakia-Cantat-200x133.jpg 200w\" sizes=\"(max-width: 400px) 100vw, 400px\" \/>\u00a0<\/strong><img loading=\"lazy\" class=\"alignnone wp-image-13258 size-medium\" src=\"https:\/\/www.visitbratislava.com\/wp-content\/uploads\/2016\/02\/BPV3-400x267.jpg\" alt=\"BPV3\" width=\"400\" height=\"267\" srcset=\"https:\/\/www.visitbratislava.com\/wp-content\/uploads\/2016\/02\/BPV3-400x267.jpg 400w, https:\/\/www.visitbratislava.com\/wp-content\/uploads\/2016\/02\/BPV3-768x512.jpg 768w, https:\/\/www.visitbratislava.com\/wp-content\/uploads\/2016\/02\/BPV3-800x533.jpg 800w, https:\/\/www.visitbratislava.com\/wp-content\/uploads\/2016\/02\/BPV3-200x133.jpg 200w, https:\/\/www.visitbratislava.com\/wp-content\/uploads\/2016\/02\/BPV3.jpg 1280w\" sizes=\"(max-width: 400px) 100vw, 400px\" \/><strong>\u00a0<img loading=\"lazy\" class=\"alignnone wp-image-13261 size-medium\" src=\"https:\/\/www.visitbratislava.com\/wp-content\/uploads\/2016\/02\/BPV4-400x267.jpg\" alt=\"BPV4\" width=\"400\" height=\"267\" srcset=\"https:\/\/www.visitbratislava.com\/wp-content\/uploads\/2016\/02\/BPV4-400x267.jpg 400w, https:\/\/www.visitbratislava.com\/wp-content\/uploads\/2016\/02\/BPV4-768x512.jpg 768w, https:\/\/www.visitbratislava.com\/wp-content\/uploads\/2016\/02\/BPV4-800x533.jpg 800w, https:\/\/www.visitbratislava.com\/wp-content\/uploads\/2016\/02\/BPV4-200x133.jpg 200w, https:\/\/www.visitbratislava.com\/wp-content\/uploads\/2016\/02\/BPV4.jpg 1280w\" sizes=\"(max-width: 400px) 100vw, 400px\" \/><\/strong><strong>\u00a0<img loading=\"lazy\" class=\"alignnone wp-image-11657 size-medium\" src=\"https:\/\/www.visitbratislava.com\/wp-content\/uploads\/2016\/03\/tri-prasiatka-400x267.jpg\" alt=\"tri prasiatka\" width=\"400\" height=\"267\" srcset=\"https:\/\/www.visitbratislava.com\/wp-content\/uploads\/2016\/03\/tri-prasiatka-400x267.jpg 400w, https:\/\/www.visitbratislava.com\/wp-content\/uploads\/2016\/03\/tri-prasiatka-768x512.jpg 768w, https:\/\/www.visitbratislava.com\/wp-content\/uploads\/2016\/03\/tri-prasiatka-800x533.jpg 800w, https:\/\/www.visitbratislava.com\/wp-content\/uploads\/2016\/03\/tri-prasiatka-200x133.jpg 200w\" sizes=\"(max-width: 400px) 100vw, 400px\" \/><\/strong><strong>\u00a0<\/strong><strong>\u00a0<img loading=\"lazy\" class=\"alignnone wp-image-13267 size-medium\" src=\"https:\/\/www.visitbratislava.com\/wp-content\/uploads\/2016\/02\/BPV6-400x267.jpg\" alt=\"BPV6\" width=\"400\" height=\"267\" srcset=\"https:\/\/www.visitbratislava.com\/wp-content\/uploads\/2016\/02\/BPV6-400x267.jpg 400w, https:\/\/www.visitbratislava.com\/wp-content\/uploads\/2016\/02\/BPV6-768x512.jpg 768w, https:\/\/www.visitbratislava.com\/wp-content\/uploads\/2016\/02\/BPV6-800x533.jpg 800w, https:\/\/www.visitbratislava.com\/wp-content\/uploads\/2016\/02\/BPV6-200x133.jpg 200w, https:\/\/www.visitbratislava.com\/wp-content\/uploads\/2016\/02\/BPV6.jpg 1280w\" sizes=\"(max-width: 400px) 100vw, 400px\" \/><\/strong><strong>\u00a0<\/strong><strong>\u00a0<img loading=\"lazy\" class=\"alignnone wp-image-13270 size-medium\" src=\"https:\/\/www.visitbratislava.com\/wp-content\/uploads\/2016\/02\/BPV7-400x267.jpg\" alt=\"BPV7\" width=\"400\" height=\"267\" srcset=\"https:\/\/www.visitbratislava.com\/wp-content\/uploads\/2016\/02\/BPV7-400x267.jpg 400w, https:\/\/www.visitbratislava.com\/wp-content\/uploads\/2016\/02\/BPV7-768x512.jpg 768w, https:\/\/www.visitbratislava.com\/wp-content\/uploads\/2016\/02\/BPV7-800x533.jpg 800w, https:\/\/www.visitbratislava.com\/wp-content\/uploads\/2016\/02\/BPV7-200x133.jpg 200w, https:\/\/www.visitbratislava.com\/wp-content\/uploads\/2016\/02\/BPV7.jpg 1280w\" sizes=\"(max-width: 400px) 100vw, 400px\" \/>\u00a0<\/strong><strong><img loading=\"lazy\" class=\"alignnone wp-image-12390 size-medium\" src=\"https:\/\/www.visitbratislava.com\/wp-content\/uploads\/2016\/03\/dobry-trh2-400x267.jpg\" alt=\"dobry trh2\" width=\"400\" height=\"267\" srcset=\"https:\/\/www.visitbratislava.com\/wp-content\/uploads\/2016\/03\/dobry-trh2-400x267.jpg 400w, https:\/\/www.visitbratislava.com\/wp-content\/uploads\/2016\/03\/dobry-trh2-768x513.jpg 768w, https:\/\/www.visitbratislava.com\/wp-content\/uploads\/2016\/03\/dobry-trh2-800x534.jpg 800w, https:\/\/www.visitbratislava.com\/wp-content\/uploads\/2016\/03\/dobry-trh2-200x134.jpg 200w, https:\/\/www.visitbratislava.com\/wp-content\/uploads\/2016\/03\/dobry-trh2.jpg 960w\" sizes=\"(max-width: 400px) 100vw, 400px\" \/><\/strong><img loading=\"lazy\" class=\"alignnone wp-image-10768 size-medium\" src=\"https:\/\/www.visitbratislava.com\/wp-content\/uploads\/2016\/02\/LD-foto-400x400.jpg\" alt=\"OLYMPUS DIGITAL CAMERA\" width=\"400\" height=\"400\" srcset=\"https:\/\/www.visitbratislava.com\/wp-content\/uploads\/2016\/02\/LD-foto-400x400.jpg 400w, https:\/\/www.visitbratislava.com\/wp-content\/uploads\/2016\/02\/LD-foto-150x150.jpg 150w, https:\/\/www.visitbratislava.com\/wp-content\/uploads\/2016\/02\/LD-foto-768x768.jpg 768w, https:\/\/www.visitbratislava.com\/wp-content\/uploads\/2016\/02\/LD-foto-800x800.jpg 800w, https:\/\/www.visitbratislava.com\/wp-content\/uploads\/2016\/02\/LD-foto-200x200.jpg 200w, https:\/\/www.visitbratislava.com\/wp-content\/uploads\/2016\/02\/LD-foto-184x184.jpg 184w, https:\/\/www.visitbratislava.com\/wp-content\/uploads\/2016\/02\/LD-foto-384x384.jpg 384w, https:\/\/www.visitbratislava.com\/wp-content\/uploads\/2016\/02\/LD-foto-784x784.jpg 784w\" sizes=\"(max-width: 400px) 100vw, 400px\" \/>\u00a0<strong>\u00a0<img loading=\"lazy\" class=\"alignnone wp-image-13273 size-medium\" src=\"https:\/\/www.visitbratislava.com\/wp-content\/uploads\/2016\/02\/BPV8-400x267.jpg\" alt=\"BPV8\" width=\"400\" height=\"267\" srcset=\"https:\/\/www.visitbratislava.com\/wp-content\/uploads\/2016\/02\/BPV8-400x267.jpg 400w, https:\/\/www.visitbratislava.com\/wp-content\/uploads\/2016\/02\/BPV8-768x512.jpg 768w, https:\/\/www.visitbratislava.com\/wp-content\/uploads\/2016\/02\/BPV8-800x533.jpg 800w, https:\/\/www.visitbratislava.com\/wp-content\/uploads\/2016\/02\/BPV8-200x133.jpg 200w, https:\/\/www.visitbratislava.com\/wp-content\/uploads\/2016\/02\/BPV8.jpg 1280w\" sizes=\"(max-width: 400px) 100vw, 400px\" \/>\u00a0<\/strong><img loading=\"lazy\" class=\"alignnone wp-image-1821 size-medium\" src=\"https:\/\/www.visitbratislava.com\/wp-content\/uploads\/2014\/11\/par-presporacik-hrad-400x267.jpg\" alt=\"par_presporacik_hrad\" width=\"400\" height=\"267\" srcset=\"https:\/\/www.visitbratislava.com\/wp-content\/uploads\/2014\/11\/par-presporacik-hrad-400x267.jpg 400w, https:\/\/www.visitbratislava.com\/wp-content\/uploads\/2014\/11\/par-presporacik-hrad-800x533.jpg 800w, https:\/\/www.visitbratislava.com\/wp-content\/uploads\/2014\/11\/par-presporacik-hrad-200x133.jpg 200w\" sizes=\"(max-width: 400px) 100vw, 400px\" \/><\/p>\n","protected":false},"excerpt":{"rendered":"<p>Do novodobej hist\u00f3rie Bratislavy u\u017e neodmyslite\u013ene patria Dni otvoren\u00fdch dver\u00ed samospr\u00e1vy. Tento rok v apr\u00edli sa odohr\u00e1 u\u017e 14. ro\u010dn\u00edk tohto v\u00fdznamn\u00e9ho podujatia pod n\u00e1zvom Bratislavsk\u00e9 mestsk\u00e9 dni. Aj tento rok samospr\u00e1va bezplatne spr\u00edstupn\u00ed desiatky podujat\u00ed svojich mestsk\u00fdch organiz\u00e1ci\u00ed. Bratislavsk\u00e9 mestsk\u00e9 dni op\u00e4\u0165 prines\u00fa atrakt\u00edvny v\u00edkend str\u00e1ven\u00fd v meste, v jeho kult\u00farnych organiz\u00e1ci\u00e1ch, na n\u00e1mestiach, [&hellip;]<\/p>\n","protected":false},"featured_media":13246,"template":"","acf":[],"event_date":{"start_date":1492819200,"end_date":1492905600},"_links":{"self":[{"href":"https:\/\/www.visitbratislava.com\/sk\/wp-json\/wp\/v2\/event\/10751"}],"collection":[{"href":"https:\/\/www.visitbratislava.com\/sk\/wp-json\/wp\/v2\/event"}],"about":[{"href":"https:\/\/www.visitbratislava.com\/sk\/wp-json\/wp\/v2\/types\/event"}],"version-history":[{"count":1,"href":"https:\/\/www.visitbratislava.com\/sk\/wp-json\/wp\/v2\/event\/10751\/revisions"}],"predecessor-version":[{"id":284115,"href":"https:\/\/www.visitbratislava.com\/sk\/wp-json\/wp\/v2\/event\/10751\/revisions\/284115"}],"wp:featuredmedia":[{"embeddable":true,"href":"https:\/\/www.visitbratislava.com\/sk\/wp-json\/wp\/v2\/media\/13246"}],"wp:attachment":[{"href":"https:\/\/www.visitbratislava.com\/sk\/wp-json\/wp\/v2\/media?parent=10751"}],"curies":[{"name":"wp","href":"https:\/\/api.w.org\/{rel}","templated":true}]}}