{"id":108905,"date":"2021-07-23T13:08:29","date_gmt":"2021-07-23T11:08:29","guid":{"rendered":"https:\/\/www.visitbratislava.com\/?post_type=event&#038;p=108905"},"modified":"2022-07-07T14:03:10","modified_gmt":"2022-07-07T12:03:10","slug":"rytieri-na-devine-4","status":"publish","type":"event","link":"https:\/\/www.visitbratislava.com\/sk\/podujatia\/rytieri-na-devine-4\/","title":{"rendered":"Rytieri na Dev\u00edne"},"content":{"rendered":"<p>Mal\u00ed \u010di ve\u013ek\u00ed, ka\u017ed\u00fd ob\u010das potrebuje \u00fanik od reality a n\u00e1vrat do d\u00e1vnych \u010dias. Prv\u00e1 septembrov\u00e1 sobota pon\u00fakne na hrade Dev\u00edn mo\u017enos\u0165 prenies\u0165 sa do obdobia stredoveku.<\/p>\n<p>N\u00e1rodn\u00fd symbol nad s\u00fatokom Moravy a Dunaja sa 3. septembra zaodeje do stredovek\u00e9ho h\u00e1vu a atmosf\u00e9ry, v ktorej poodkryjete \u010dosi z mravov, dobov\u00fdch zvykov a sp\u00f4sobov boja stredoveku.<\/p>\n<p>Tovari\u0161stvo star\u00fdch bojov\u00fdch umen\u00ed a remesiel pon\u00ed\u017eene poz\u00fdva urodzen\u00e9 panstvo na hrad Dev\u00edn, aby sa \u00factivo zozn\u00e1milo s obdob\u00edm stredoveku, do ktor\u00e9ho cten\u00e9 urodzenosti zaved\u00fa <a href=\"https:\/\/www.visitbratislava.com\/sk\/podujatia\/rytieri-na-devine\/\" target=\"_blank\" rel=\"noopener\"><strong>miestni rytieri<\/strong><\/a>.<\/p>\n<div class=\"grid-container\"><div class=\"grid-container__item\"><div class=\"block\"><a href=\"https:\/\/www.visitbratislava.com\/wp-content\/uploads\/2019\/04\/Rytieri-na-Devine-015-800x600.jpg\" data-fancybox=\"gallery\" data-caption=\"\"><div class=\"background\"><img src=\"https:\/\/www.visitbratislava.com\/wp-content\/uploads\/2019\/04\/Rytieri-na-Devine-015-800x600.jpg\" alt=\"foto\"\/><\/div><div class=\"overlay filter-blue\"><div class=\"content\"><span class=\"zoom-button\"><\/span><\/div><\/div><\/a><\/div><\/div><div class=\"grid-container__item\"><div class=\"block\"><a href=\"https:\/\/www.visitbratislava.com\/wp-content\/uploads\/2019\/04\/Rytieri-na-Devine-017-800x600.jpg\" data-fancybox=\"gallery\" data-caption=\"\"><div class=\"background\" style=\"background-image: url(https:\/\/www.visitbratislava.com\/wp-content\/uploads\/2019\/04\/Rytieri-na-Devine-017-800x600.jpg)\"><\/div><div class=\"overlay filter-green\"><div class=\"content\"><span class=\"zoom-button\"><\/span><\/div><\/div><\/a><\/div><\/div><div class=\"grid-container__item more\"><\/div><\/div>\n<p>Po\u010das cel\u00e9ho d\u0148a sa m\u00f4\u017eete zabavi\u0165 pri r\u00f4znych kratochv\u00ed\u013each, vr\u00e1tane stre\u013eby z luku \u010di z ku\u0161e alebo a vrhania no\u017eov, povozi\u0165 svoje ratolesti na drevenom \u010di \u017eivom koni, ale aj sa zahra\u0165 v detskom k\u00fatiku s r\u00f4znymi hrami. Ch\u00fdba\u0165 nebude ani mno\u017estvo remeseln\u00fdch st\u00e1nkov.<\/p>\n<p>Do obdobia stredoveku v\u00e1m daj\u00fa nahliadnu\u0165 ne\u017en\u00e1 princezn\u00e1, mocn\u00fd kr\u00e1\u013e, dobr\u00fd i zl\u00fd princ a rozpr\u00e1va\u010dka, ktor\u00e1 k\u00fazlom dok\u00e1\u017ee meni\u0165 aj beh osudu. \u010ci sa tancom d\u00e1 z\u00edska\u0165 l\u00e1ska v\u00e1m rozpovie rozpr\u00e1vkov\u00fd tane\u010dn\u00fd pr\u00edbeh z prostredia jednoduch\u00e9ho \u013eudu pln\u00fd snenia aj m\u00e1gie. Zist\u00edte aj, \u010do predch\u00e1dzalo zajatiu anglick\u00e9ho kr\u00e1\u013ea Richarda Levie srdce na \u00fazem\u00ed Rak\u00faska a dokonal\u00fa kombin\u00e1ciu k\u00fazla a z\u00e1bavy predvedie k\u00fazeln\u00edk Talostan.<\/p>\n<div class=\"grid-container\"><div class=\"grid-container__item\"><div class=\"block\"><a href=\"https:\/\/www.visitbratislava.com\/wp-content\/uploads\/2021\/07\/Rytieri-na-Devine-000-800x533.jpg\" data-fancybox=\"gallery\" data-caption=\"\"><div class=\"background\"><img src=\"https:\/\/www.visitbratislava.com\/wp-content\/uploads\/2021\/07\/Rytieri-na-Devine-000-800x533.jpg\" alt=\"foto\"\/><\/div><div class=\"overlay filter-blue\"><div class=\"content\"><span class=\"zoom-button\"><\/span><\/div><\/div><\/a><\/div><\/div><div class=\"grid-container__item\"><div class=\"block\"><a href=\"https:\/\/www.visitbratislava.com\/wp-content\/uploads\/2021\/07\/Rytieri-na-Devine-012-800x600.jpg\" data-fancybox=\"gallery\" data-caption=\"\"><div class=\"background\" style=\"background-image: url(https:\/\/www.visitbratislava.com\/wp-content\/uploads\/2021\/07\/Rytieri-na-Devine-012-800x600.jpg)\"><\/div><div class=\"overlay filter-green\"><div class=\"content\"><span class=\"zoom-button\"><\/span><\/div><\/div><\/a><\/div><\/div><div class=\"grid-container__item more\"><\/div><\/div>\n<p>Hlavn\u00fdm bodom celodenn\u00e9ho programu bude fenomen\u00e1lny rytiersky turnaj z druhej polovice 14. storo\u010dia v stredovekom \u0161t\u00fdle, v ktorom bud\u00fa nielen rytieri, ale aj ich kone oble\u010den\u00e9 do farebn\u00fdch, heraldick\u00fdmi symbolmi ozdoben\u00fdch odevov. Turnajom bude vo ver\u0161och sprev\u00e1dza\u0165 \u0161a\u0161ko, ktor\u00fd komentuje jednotliv\u00e9 rytierske discipl\u00edny, ale aj z\u00e1vere\u010dn\u00e9 rytierske klanie s drevcami. \u010cak\u00e1 v\u00e1s tak atmosf\u00e9ra stredovek\u00fdch rytierskych z\u00e1polen\u00ed, ktor\u00e1 nenech\u00e1 chladn\u00fdm nikoho z v\u00e1s. Pr\u00ed\u010fte si vybra\u0165 svojho favorita a povzbudi\u0165 ho hlasn\u00fdm volan\u00edm!<\/p>\n<p>Vyberte sa na cestu \u010dasom a zav\u00edtajte do obdobia stredoveku na majest\u00e1tnom hrade Dev\u00edn.<\/p>\n<div class=\"grid-container\"><div class=\"grid-container__item\"><div class=\"block\"><a href=\"https:\/\/www.visitbratislava.com\/wp-content\/uploads\/2019\/04\/Rytieri-na-Devine-014-800x600.jpg\" data-fancybox=\"gallery\" data-caption=\"\"><div class=\"background\"><img src=\"https:\/\/www.visitbratislava.com\/wp-content\/uploads\/2019\/04\/Rytieri-na-Devine-014-800x600.jpg\" alt=\"foto\"\/><\/div><div class=\"overlay filter-blue\"><div class=\"content\"><span class=\"zoom-button\"><\/span><\/div><\/div><\/a><\/div><\/div><div class=\"grid-container__item\"><div class=\"block\"><a href=\"https:\/\/www.visitbratislava.com\/wp-content\/uploads\/2019\/04\/Rytieri-na-Devine-016-800x600.jpg\" data-fancybox=\"gallery\" data-caption=\"\"><div class=\"background\" style=\"background-image: url(https:\/\/www.visitbratislava.com\/wp-content\/uploads\/2019\/04\/Rytieri-na-Devine-016-800x600.jpg)\"><\/div><div class=\"overlay filter-green\"><div class=\"content\"><span class=\"zoom-button\"><\/span><\/div><\/div><\/a><\/div><\/div><div class=\"grid-container__item more\"><\/div><\/div>\n<p><strong>PROGRAM<\/strong><br \/>\n10:00 \u2013 otvorenie br\u00e1n hradu Dev\u00edn pre verejnos\u0165<br \/>\n11:00 \u2013 \u00favodn\u00fd otv\u00e1rac\u00ed ceremoni\u00e1l s uk\u00e1\u017ekami \u0161ermu a vlajkosl\u00e1vou<br \/>\n12:00 \u2013 \u201cRu\u017ee a me\u010d\u201d \u2013 ver\u0161ovan\u00e1 rozpr\u00e1vka z obdobia stredoveku pre deti i dospel\u00fdch<br \/>\n13:00 \u2013 dobov\u00e9 tance<br \/>\n14:00 \u2013 \u201cZajatie Richarda Levie srdce\u201d \u2013 \u0161ermiarsko-divadeln\u00e9 predstavenie pod\u013ea skuto\u010dn\u00fdch udalost\u00ed<br \/>\n15:00 \u2013 vyst\u00fapenie k\u00fazeln\u00edka Talostana<br \/>\n16:00 \u2013 stredovek\u00fd rytiersky turnaj<br \/>\n17:30 \u2013 recit\u00e1l stredovekej hudby a po\u00e9zie v podan\u00ed \u0161ermiarskeho majstra Petra Kozu<br \/>\n18:20 \u2013 z\u00e1vere\u010dn\u00fd ceremoni\u00e1l so \u0161ermom a vlajkosl\u00e1vou<br \/>\n19:00 \u2013 uzatvorenie hradu Dev\u00edn pre verejnos\u0165<\/p>\n<p><img loading=\"lazy\" width=\"1713\" height=\"2414\" class=\"alignleft size-full wp-image-142499\" src=\"https:\/\/www.visitbratislava.com\/wp-content\/uploads\/2021\/07\/Rytieri-na-Devine-03SEP22-Poster.jpeg\" alt=\"\" srcset=\"https:\/\/www.visitbratislava.com\/wp-content\/uploads\/2021\/07\/Rytieri-na-Devine-03SEP22-Poster.jpeg 1713w, https:\/\/www.visitbratislava.com\/wp-content\/uploads\/2021\/07\/Rytieri-na-Devine-03SEP22-Poster-284x400.jpeg 284w, https:\/\/www.visitbratislava.com\/wp-content\/uploads\/2021\/07\/Rytieri-na-Devine-03SEP22-Poster-568x800.jpeg 568w, https:\/\/www.visitbratislava.com\/wp-content\/uploads\/2021\/07\/Rytieri-na-Devine-03SEP22-Poster-768x1082.jpeg 768w, https:\/\/www.visitbratislava.com\/wp-content\/uploads\/2021\/07\/Rytieri-na-Devine-03SEP22-Poster-1090x1536.jpeg 1090w, https:\/\/www.visitbratislava.com\/wp-content\/uploads\/2021\/07\/Rytieri-na-Devine-03SEP22-Poster-1453x2048.jpeg 1453w, https:\/\/www.visitbratislava.com\/wp-content\/uploads\/2021\/07\/Rytieri-na-Devine-03SEP22-Poster-142x200.jpeg 142w\" sizes=\"(max-width: 1713px) 100vw, 1713px\" \/><\/p>\n","protected":false},"excerpt":{"rendered":"<p>Posledn\u00fd raz v tomto roku sa na hrade Dev\u00edn m\u00f4\u017eete prenies\u0165 do minulosti<\/p>\n","protected":false},"featured_media":141877,"template":"","acf":[],"event_date":{"start_date":1662163200,"end_date":1662163200},"_links":{"self":[{"href":"https:\/\/www.visitbratislava.com\/sk\/wp-json\/wp\/v2\/event\/108905"}],"collection":[{"href":"https:\/\/www.visitbratislava.com\/sk\/wp-json\/wp\/v2\/event"}],"about":[{"href":"https:\/\/www.visitbratislava.com\/sk\/wp-json\/wp\/v2\/types\/event"}],"version-history":[{"count":9,"href":"https:\/\/www.visitbratislava.com\/sk\/wp-json\/wp\/v2\/event\/108905\/revisions"}],"predecessor-version":[{"id":142505,"href":"https:\/\/www.visitbratislava.com\/sk\/wp-json\/wp\/v2\/event\/108905\/revisions\/142505"}],"wp:featuredmedia":[{"embeddable":true,"href":"https:\/\/www.visitbratislava.com\/sk\/wp-json\/wp\/v2\/media\/141877"}],"wp:attachment":[{"href":"https:\/\/www.visitbratislava.com\/sk\/wp-json\/wp\/v2\/media?parent=108905"}],"curies":[{"name":"wp","href":"https:\/\/api.w.org\/{rel}","templated":true}]}}