{"id":114560,"date":"2021-09-27T09:27:23","date_gmt":"2021-09-27T07:27:23","guid":{"rendered":"https:\/\/www.visitbratislava.com\/?post_type=event&#038;p=114560"},"modified":"2025-09-16T10:41:41","modified_gmt":"2025-09-16T08:41:41","slug":"bitka-o-bratislavu","status":"publish","type":"event","link":"https:\/\/www.visitbratislava.com\/sk\/podujatia\/bitka-o-bratislavu\/","title":{"rendered":"Bitka o Bratislavu"},"content":{"rendered":"<p>\ud83d\udcc5 Sobota 27. septembra 2025<br data-start=\"203\" data-end=\"206\" \/>\ud83d\udccd Sad Janka Kr\u00e1\u013ea, Bratislava \u2013 Petr\u017ealka<br data-start=\"252\" data-end=\"255\" \/>\ud83d\udcb6 Vstup zdarma<\/p>\n<p>Hlavn\u00fdm vrcholom programu bude <strong data-start=\"635\" data-end=\"678\">rekon\u0161trukcia obliehania z augusta 1621<\/strong>, ke\u010f sa sedmohradsk\u00e9 knie\u017ea <strong data-start=\"707\" data-end=\"726\">Gabriel Bethlen<\/strong> pok\u00fasil z\u00edska\u0165 mesto sp\u00e4\u0165 po tom, \u010do mu pre\u0161porsk\u00ed me\u0161\u0165ania otvorili br\u00e1ny cis\u00e1rskym vojsk\u00e1m. Zbrane rin\u010dali pod hradbami u\u017e tret\u00ed rok po sebe a napokon sa rozhodlo, \u017ee Bratislava bude op\u00e4\u0165 odol\u00e1va\u0165.<\/p>\n<div class=\"grid-container\"><div class=\"grid-container__item\"><div class=\"block\"><a href=\"https:\/\/www.visitbratislava.com\/wp-content\/uploads\/2021\/09\/Bitka-o-Bratislavu-008-800x533.jpg\" data-fancybox=\"gallery\" data-caption=\"\"><div class=\"background\"><img src=\"https:\/\/www.visitbratislava.com\/wp-content\/uploads\/2021\/09\/Bitka-o-Bratislavu-008-800x533.jpg\" alt=\"foto\"\/><\/div><div class=\"overlay filter-blue\"><div class=\"content\"><span class=\"zoom-button\"><\/span><\/div><\/div><\/a><\/div><\/div><div class=\"grid-container__item\"><div class=\"block\"><a href=\"https:\/\/www.visitbratislava.com\/wp-content\/uploads\/2021\/09\/Bitka-o-Bratislavu-009-800x533.jpg\" data-fancybox=\"gallery\" data-caption=\"\"><div class=\"background\" style=\"background-image: url(https:\/\/www.visitbratislava.com\/wp-content\/uploads\/2021\/09\/Bitka-o-Bratislavu-009-800x533.jpg)\"><\/div><div class=\"overlay filter-green\"><div class=\"content\"><span class=\"zoom-button\"><\/span><\/div><\/div><\/a><\/div><\/div><div class=\"grid-container__item more\"><\/div><\/div>\n<p>Barokov\u00e1 bitka v Pre\u0161porku tento rok op\u00e4\u0165 prinesie historick\u00fd t\u00e1bor, uk\u00e1\u017eky dobov\u00e9ho \u017eivota, uk\u00e1\u017eky regimentov, dobov\u00fd sprievod cez Star\u00e9 mesto a samozrejme Bitku o Bratislavu \u2013 rekon\u0161trukciu barokovej vojenskej zr\u00e1\u017eky z roku 1620.<\/p>\n<h2 data-start=\"935\" data-end=\"955\">Program festivalu<\/h2>\n<p data-start=\"957\" data-end=\"1644\">\ud83c\udfba <strong data-start=\"960\" data-end=\"969\">10:00<\/strong> \u2013 Salva z diel: otvorenie festivalu, spr\u00edstupnenie vojensk\u00e9ho t\u00e1bora, uk\u00e1\u017eky dobov\u00fdch remesiel a ob\u010derstvenie<br data-start=\"1079\" data-end=\"1082\" \/>\u2694\ufe0f <strong data-start=\"1085\" data-end=\"1094\">11:00<\/strong> \u2013 Vojensk\u00e9 man\u00e9vre a prezent\u00e1cia dobov\u00fdch vojakov<br data-start=\"1144\" data-end=\"1147\" \/>\u2695\ufe0f <strong data-start=\"1150\" data-end=\"1159\">12:00<\/strong> \u2013 Predn\u00e1\u0161ka o dobovom lek\u00e1rstve<br data-start=\"1191\" data-end=\"1194\" \/>\u2694\ufe0f <strong data-start=\"1197\" data-end=\"1206\">13:00<\/strong> \u2013 Vojensk\u00e9 man\u00e9vre a prezent\u00e1cia dobov\u00fdch vojakov<br data-start=\"1256\" data-end=\"1259\" \/>\ud83d\udc51 <strong data-start=\"1262\" data-end=\"1271\">13:00<\/strong> \u2013 Historick\u00fd pochod mestom: dobov\u00fd sprievod v pe\u0161ej z\u00f3ne Star\u00e9ho Mesta<br data-start=\"1342\" data-end=\"1345\" \/>\u2695\ufe0f <strong data-start=\"1348\" data-end=\"1357\">13:30<\/strong> \u2013 Predn\u00e1\u0161ka o dobovom lek\u00e1rstve<br data-start=\"1389\" data-end=\"1392\" \/>\ud83d\udcd6 <strong data-start=\"1395\" data-end=\"1404\">14:00<\/strong> \u2013 Juraj \u010cerven\u00e1k: diskusia a autogrami\u00e1da<br data-start=\"1446\" data-end=\"1449\" \/>\ud83c\udfb6 <strong data-start=\"1452\" data-end=\"1461\">15:00<\/strong> \u2013 \u017div\u00e1 dobov\u00e1 hudba<br data-start=\"1481\" data-end=\"1484\" \/>\u2694\ufe0f <strong data-start=\"1487\" data-end=\"1496\">16:00<\/strong> \u2013 Rekon\u0161trukcia historickej bitky z roku 1621: priv\u00edtanie, pr\u00edhovor, bitka<br data-start=\"1571\" data-end=\"1574\" \/>\ud83c\udfb6 <strong data-start=\"1577\" data-end=\"1586\">17:00<\/strong> \u2013 \u017div\u00e1 dobov\u00e1 hudba<br data-start=\"1606\" data-end=\"1609\" \/>\u2728 <strong data-start=\"1611\" data-end=\"1620\">19:00<\/strong> \u2013 Ukon\u010denie festivalu<\/p>\n<div class=\"grid-container\"><div class=\"grid-container__item\"><div class=\"block\"><a href=\"https:\/\/www.visitbratislava.com\/wp-content\/uploads\/2021\/09\/Bitka-o-Bratislavu-000-800x533.jpg\" data-fancybox=\"gallery\" data-caption=\"\"><div class=\"background\"><img src=\"https:\/\/www.visitbratislava.com\/wp-content\/uploads\/2021\/09\/Bitka-o-Bratislavu-000-800x533.jpg\" alt=\"foto\"\/><\/div><div class=\"overlay filter-blue\"><div class=\"content\"><span class=\"zoom-button\"><\/span><\/div><\/div><\/a><\/div><\/div><div class=\"grid-container__item\"><div class=\"block\"><a href=\"https:\/\/www.visitbratislava.com\/wp-content\/uploads\/2021\/09\/Bitka-o-Bratislavu-011-800x533.jpg\" data-fancybox=\"gallery\" data-caption=\"\"><div class=\"background\" style=\"background-image: url(https:\/\/www.visitbratislava.com\/wp-content\/uploads\/2021\/09\/Bitka-o-Bratislavu-011-800x533.jpg)\"><\/div><div class=\"overlay filter-green\"><div class=\"content\"><span class=\"zoom-button\"><\/span><\/div><\/div><\/a><\/div><\/div><div class=\"grid-container__item more\"><\/div><\/div>\n<p>Povstanie \u010desk\u00fdch stavov sa pomaly ch\u00fdlilo ku koncu, v tom \u010dase sa oslabovalo aj povstanie Gabriela Bethlena. Bratislava \u2013 Pre\u0161porok je v\u0161ak st\u00e1le v ruk\u00e1ch Bethlenov\u00fdch mu\u017eov. Pr\u00ed\u010fte si pripomen\u00fa\u0165 hist\u00f3riu a vychutna\u0165 si repr\u00edzu pot\u00fd\u010dky z roku 1620.<\/p>\n<p>Festival pod taktovkou skupiny historick\u00e9ho \u0161ermu Banderium a skupiny Manu Forti otvoria salvy z diel o desiatej dopoludnia. Budete tak m\u00f4c\u0165 nav\u0161t\u00edvi\u0165 t\u00e1bor s dobov\u00fdmi remeslami, o jednej popoludn\u00ed si vychutna\u0165 prech\u00e1dzaj\u00faci dobov\u00fd kost\u00fdmov\u00fd sprievod \u00fa\u010dinkuj\u00facich cez Star\u00e9 Mesto a od \u0161tvrtej popoludn\u00ed sa te\u0161i\u0165 na rekon\u0161trukciu obliehania, ktor\u00e9 sa odohralo pred br\u00e1nami mesta.<\/p>\n<h2 data-start=\"2179\" data-end=\"2197\">Viac inform\u00e1ci\u00ed<\/h2>\n<p data-start=\"2199\" data-end=\"2395\">\ud83c\udf10 <a class=\"decorated-link\" href=\"http:\/\/bitkaobratislavu.sk\/\" target=\"_new\" rel=\"noopener\" data-start=\"2202\" data-end=\"2256\">www.bitkaobratislavu.sk<\/a><br data-start=\"2256\" data-end=\"2259\" \/>\ud83c\udf10 <a class=\"decorated-link\" href=\"http:\/\/www.shs-banderium.sk\" target=\"_new\" rel=\"noopener\" data-start=\"2262\" data-end=\"2313\">www.shs-banderium.sk<\/a><br data-start=\"2313\" data-end=\"2316\" \/>\ud83d\udcf1 <a class=\"decorated-link\" href=\"https:\/\/www.facebook.com\/bitkaobratislavu\" target=\"_new\" rel=\"noopener\" data-start=\"2319\" data-end=\"2393\">Facebook \u2013 Bitka o Bratislavu<\/a><\/p>\n<p><a href=\"https:\/\/www.facebook.com\/events\/2462468163893585\/\" target=\"_blank\" rel=\"noopener\"><img loading=\"lazy\" class=\"alignleft wp-image-178315 size-full\" src=\"https:\/\/www.visitbratislava.com\/wp-content\/uploads\/2021\/09\/Bitka-o-Bratislavu-2022-Banner.jpg\" alt=\"\" width=\"1207\" height=\"634\" srcset=\"https:\/\/www.visitbratislava.com\/wp-content\/uploads\/2021\/09\/Bitka-o-Bratislavu-2022-Banner.jpg 1207w, https:\/\/www.visitbratislava.com\/wp-content\/uploads\/2021\/09\/Bitka-o-Bratislavu-2022-Banner-400x210.jpg 400w, https:\/\/www.visitbratislava.com\/wp-content\/uploads\/2021\/09\/Bitka-o-Bratislavu-2022-Banner-800x420.jpg 800w, https:\/\/www.visitbratislava.com\/wp-content\/uploads\/2021\/09\/Bitka-o-Bratislavu-2022-Banner-768x403.jpg 768w, https:\/\/www.visitbratislava.com\/wp-content\/uploads\/2021\/09\/Bitka-o-Bratislavu-2022-Banner-200x105.jpg 200w\" sizes=\"(max-width: 1207px) 100vw, 1207px\" \/><\/a><\/p>\n","protected":false},"excerpt":{"rendered":"<p>V bratislavskom Sade Janka Kr\u00e1\u013ea sa u\u017e po deviatykr\u00e1t uskuto\u010dn\u00ed ob\u013e\u00faben\u00fd kult\u00farno-historick\u00fd festival Bitka o Bratislavu. Tento ro\u010dn\u00edk op\u00e4\u0165 prinesie atmosf\u00e9ru prvej polovice 17. storo\u010dia a n\u00e1v\u0161tevn\u00edci sa prenes\u00fa do obdobia, ke\u010f sa o Pre\u0161porok zv\u00e1dzali dramatick\u00e9 boje.<\/p>\n","protected":false},"featured_media":178278,"template":"","acf":[],"event_date":{"start_date":1758931200,"end_date":1758931200},"_links":{"self":[{"href":"https:\/\/www.visitbratislava.com\/sk\/wp-json\/wp\/v2\/event\/114560"}],"collection":[{"href":"https:\/\/www.visitbratislava.com\/sk\/wp-json\/wp\/v2\/event"}],"about":[{"href":"https:\/\/www.visitbratislava.com\/sk\/wp-json\/wp\/v2\/types\/event"}],"version-history":[{"count":14,"href":"https:\/\/www.visitbratislava.com\/sk\/wp-json\/wp\/v2\/event\/114560\/revisions"}],"predecessor-version":[{"id":352551,"href":"https:\/\/www.visitbratislava.com\/sk\/wp-json\/wp\/v2\/event\/114560\/revisions\/352551"}],"wp:featuredmedia":[{"embeddable":true,"href":"https:\/\/www.visitbratislava.com\/sk\/wp-json\/wp\/v2\/media\/178278"}],"wp:attachment":[{"href":"https:\/\/www.visitbratislava.com\/sk\/wp-json\/wp\/v2\/media?parent=114560"}],"curies":[{"name":"wp","href":"https:\/\/api.w.org\/{rel}","templated":true}]}}