{"id":12682,"date":"2016-03-29T14:07:55","date_gmt":"2016-03-29T12:07:55","guid":{"rendered":"https:\/\/www.visitbratislava.com\/sk\/events\/viva-musica\/"},"modified":"2025-06-24T12:06:44","modified_gmt":"2025-06-24T10:06:44","slug":"viva-musica","status":"publish","type":"event","link":"https:\/\/www.visitbratislava.com\/sk\/podujatia\/viva-musica\/","title":{"rendered":"Viva Musica!"},"content":{"rendered":"<p>Viva Musica! festival je u\u017e 20 rokov neoddelite\u013enou s\u00fa\u010das\u0165ou leta v Bratislave a jeho hlavn\u00fa my\u0161lienku mo\u017eno charakterizova\u0165 slovami <em>klasika inak<\/em>.<\/p>\n<p><a href=\"https:\/\/vivamusica.sk\/\" target=\"_blank\" rel=\"noopener\">Viva Musica!<\/a> festival svojim n\u00e1v\u0161tevn\u00edkom ka\u017ed\u00fd rok prin\u00e1\u0161a exkluz\u00edvne hudobn\u00e9 projekty v\u00a0podan\u00ed \u0161pi\u010dkov\u00fdch dom\u00e1cich a svetov\u00fdch umelcov, ale aj koncerty pln\u00e9 nen\u00fatenej z\u00e1bavy, bez krav\u00e1t a tzv. \u201eu\u0161\u013eachtilej\u201c nudy, ktorej by sa \u013eudia pri predstave klasickej hudby mo\u017eno tak trochu ob\u00e1vali&#8230; Tento koncept sa stretol s ve\u013ek\u00fdm \u00faspechom: Viva Musica! festival je dnes najv\u00e4\u010d\u0161\u00edm medzin\u00e1rodn\u00fdm letn\u00fdm hudobn\u00fdm festivalom v Bratislave a jeho ob\u013e\u00fabenos\u0165 a medi\u00e1lna sila z roka na rok rastie.<\/p>\n<p>Festival je od roku 2022 dr\u017eite\u013eom <strong>medzin\u00e1rodnej zn\u00e1mky kvality EFFE label<\/strong>\u00a0(Europe for Festivals, Festivals for Europe), \u00a0ude\u013eovanej Eur\u00f3pskou festivalovou asoci\u00e1ciou (EFA) festivalom, ktor\u00fdch spolo\u010dn\u00fdm menovate\u013eom je vysok\u00e1 umeleck\u00e1 \u00farove\u0148, pr\u00ednos k rozvoju dom\u00e1cej sc\u00e9ny a v\u00fdznamn\u00fd medzin\u00e1rodn\u00fd rozmer.<\/p>\n<p><a class=\"cta-button\" href=\"https:\/\/www.ticketportal.sk\/nevent\/Viva-Musica-festival-2025?idpartner=57\" target=\"_blank\" rel=\"noopener\">Vstupenky<\/a><\/p>\n<p><img loading=\"lazy\" width=\"2048\" height=\"1365\" class=\"alignnone size-full wp-image-84105\" src=\"https:\/\/www.visitbratislava.com\/wp-content\/uploads\/2020\/07\/Peter-Gregson-Cello-Ensemble-@-Viva-Musica-festival-2019-25.7.2019-Foto-Zdenko-Hanout.jpg\" alt=\"\" srcset=\"https:\/\/www.visitbratislava.com\/wp-content\/uploads\/2020\/07\/Peter-Gregson-Cello-Ensemble-@-Viva-Musica-festival-2019-25.7.2019-Foto-Zdenko-Hanout.jpg 2048w, https:\/\/www.visitbratislava.com\/wp-content\/uploads\/2020\/07\/Peter-Gregson-Cello-Ensemble-@-Viva-Musica-festival-2019-25.7.2019-Foto-Zdenko-Hanout-400x267.jpg 400w, https:\/\/www.visitbratislava.com\/wp-content\/uploads\/2020\/07\/Peter-Gregson-Cello-Ensemble-@-Viva-Musica-festival-2019-25.7.2019-Foto-Zdenko-Hanout-768x512.jpg 768w, https:\/\/www.visitbratislava.com\/wp-content\/uploads\/2020\/07\/Peter-Gregson-Cello-Ensemble-@-Viva-Musica-festival-2019-25.7.2019-Foto-Zdenko-Hanout-800x533.jpg 800w, https:\/\/www.visitbratislava.com\/wp-content\/uploads\/2020\/07\/Peter-Gregson-Cello-Ensemble-@-Viva-Musica-festival-2019-25.7.2019-Foto-Zdenko-Hanout-200x133.jpg 200w\" sizes=\"(max-width: 2048px) 100vw, 2048px\" \/><\/p>\n<p><img loading=\"lazy\" width=\"2048\" height=\"1365\" class=\"alignnone size-full wp-image-84097\" src=\"https:\/\/www.visitbratislava.com\/wp-content\/uploads\/2020\/07\/\u0160tvorkoncert-@-Viva-Musica-festival-2019-31.7.2019-Foto-Zdenko-Hanout-.jpg\" alt=\"\" srcset=\"https:\/\/www.visitbratislava.com\/wp-content\/uploads\/2020\/07\/\u0160tvorkoncert-@-Viva-Musica-festival-2019-31.7.2019-Foto-Zdenko-Hanout-.jpg 2048w, https:\/\/www.visitbratislava.com\/wp-content\/uploads\/2020\/07\/\u0160tvorkoncert-@-Viva-Musica-festival-2019-31.7.2019-Foto-Zdenko-Hanout--400x267.jpg 400w, https:\/\/www.visitbratislava.com\/wp-content\/uploads\/2020\/07\/\u0160tvorkoncert-@-Viva-Musica-festival-2019-31.7.2019-Foto-Zdenko-Hanout--768x512.jpg 768w, https:\/\/www.visitbratislava.com\/wp-content\/uploads\/2020\/07\/\u0160tvorkoncert-@-Viva-Musica-festival-2019-31.7.2019-Foto-Zdenko-Hanout--800x533.jpg 800w, https:\/\/www.visitbratislava.com\/wp-content\/uploads\/2020\/07\/\u0160tvorkoncert-@-Viva-Musica-festival-2019-31.7.2019-Foto-Zdenko-Hanout--200x133.jpg 200w\" sizes=\"(max-width: 2048px) 100vw, 2048px\" \/><\/p>\n<p><img loading=\"lazy\" width=\"1600\" height=\"1066\" class=\"alignnone size-full wp-image-12676\" src=\"https:\/\/www.visitbratislava.com\/wp-content\/uploads\/2016\/03\/vivamusica_konzerva_28.png\" alt=\"\" srcset=\"https:\/\/www.visitbratislava.com\/wp-content\/uploads\/2016\/03\/vivamusica_konzerva_28.png 1600w, https:\/\/www.visitbratislava.com\/wp-content\/uploads\/2016\/03\/vivamusica_konzerva_28-400x267.png 400w, https:\/\/www.visitbratislava.com\/wp-content\/uploads\/2016\/03\/vivamusica_konzerva_28-768x512.png 768w, https:\/\/www.visitbratislava.com\/wp-content\/uploads\/2016\/03\/vivamusica_konzerva_28-800x533.png 800w, https:\/\/www.visitbratislava.com\/wp-content\/uploads\/2016\/03\/vivamusica_konzerva_28-200x133.png 200w\" sizes=\"(max-width: 1600px) 100vw, 1600px\" \/><\/p>\n","protected":false},"excerpt":{"rendered":"<p>To najlep\u0161ie z klasickej hudby na netradi\u010dn\u00fdch miestach, v netradi\u010dn\u00fdch kontextoch, v podan\u00ed \u0161pi\u010dkov\u00fdch umelcov.<\/p>\n","protected":false},"featured_media":28126,"template":"","acf":[],"event_date":{"start_date":1753488000,"end_date":1754611200},"_links":{"self":[{"href":"https:\/\/www.visitbratislava.com\/sk\/wp-json\/wp\/v2\/event\/12682"}],"collection":[{"href":"https:\/\/www.visitbratislava.com\/sk\/wp-json\/wp\/v2\/event"}],"about":[{"href":"https:\/\/www.visitbratislava.com\/sk\/wp-json\/wp\/v2\/types\/event"}],"version-history":[{"count":13,"href":"https:\/\/www.visitbratislava.com\/sk\/wp-json\/wp\/v2\/event\/12682\/revisions"}],"predecessor-version":[{"id":341437,"href":"https:\/\/www.visitbratislava.com\/sk\/wp-json\/wp\/v2\/event\/12682\/revisions\/341437"}],"wp:featuredmedia":[{"embeddable":true,"href":"https:\/\/www.visitbratislava.com\/sk\/wp-json\/wp\/v2\/media\/28126"}],"wp:attachment":[{"href":"https:\/\/www.visitbratislava.com\/sk\/wp-json\/wp\/v2\/media?parent=12682"}],"curies":[{"name":"wp","href":"https:\/\/api.w.org\/{rel}","templated":true}]}}