{"id":128233,"date":"2022-02-15T17:41:04","date_gmt":"2022-02-15T16:41:04","guid":{"rendered":"https:\/\/www.visitbratislava.com\/?post_type=event&#038;p=128233"},"modified":"2022-03-12T01:17:55","modified_gmt":"2022-03-12T00:17:55","slug":"drevo","status":"publish","type":"event","link":"https:\/\/www.visitbratislava.com\/sk\/podujatia\/drevo\/","title":{"rendered":"Trad\u00edcia netradi\u010dne: Drevo"},"content":{"rendered":"<p>Snahou je zozn\u00e1mi\u0165 verejnos\u0165 s mnohotv\u00e1rnos\u0165ou dreva, ako s \u013eu\u010fmi \u017eije, men\u00ed sa a st\u00e1le prekvapuje. V\u00fdstava je v\u00fdberom dizajnu v troch \u010dasov\u00fdch rovin\u00e1ch: hist\u00f3ria \u2013 s\u00fa\u010dasnos\u0165 \u2013 bud\u00facnos\u0165. Filozofiou tohto stretnutia dreven\u00fdch predmetov je objavi\u0165 nov\u00fa energiu spolupr\u00e1ce autorov a \u00da\u013dUV-u.<\/p>\n<p>\u010citate\u013enos\u0165 n\u00e1\u0161ho z\u00e1meru bola d\u00f4vodom, \u017ee sme v jednotliv\u00fdch miestnostiach gal\u00e9rie in\u0161talovali dreven\u00e9 predmety v kontrastoch rozdelen\u00e9 do tematick\u00fdch skup\u00edn. Autori usporiadali celky pod\u013ea v\u00fdrazn\u00fdch funkci\u00ed, kde materi\u00e1l drevo dominuje: n\u00e1doby, hra\u010dky, n\u00e1bytok, hudobn\u00e9 n\u00e1stroje, palice a \u0161perky.<\/p>\n<p>Drevo ako materi\u00e1l na tvorbu \u00fa\u017eitkov\u00fdch predmetov predstavuje nekone\u010dn\u00e9 mo\u017enosti pou\u017eitia a aj jedna z t\u00e9m \u2013 n\u00e1doby \u2013 by \u013eahko obsiahla cel\u00fd priestor gal\u00e9rie. Autori sa v\u0161ak rozhodli pre pestros\u0165 poh\u013eadu na spracovanie dreva, preto v\u00fdber podmienili jednotliv\u00fdmi oblas\u0165ami kde sa prirodzene nach\u00e1dza. Citliv\u00fd div\u00e1k tak m\u00e1 mo\u017enos\u0165 sledova\u0165 technologick\u00fa n\u00e1ro\u010dnos\u0165 pr\u00e1ce s drevom od klasick\u00fdch ru\u010dn\u00fdch foriem opracovania cez mechanizovan\u00e9 a\u017e po digit\u00e1lne.<\/p>\n<p>Prezent\u00e1ciu dop\u013a\u0148a virtu\u00e1lna gal\u00e9ria v\u00fdznamn\u00fdch majstrov \u00da\u013dUV-u p\u00f4sobiacich v oblasti tvorby z dreva. Div\u00e1k sa o ich diele dozvie prostredn\u00edctvom interakt\u00edvneho displeja.<\/p>\n<div class=\"grid-container\"><div class=\"grid-container__item\"><div class=\"block\"><a href=\"https:\/\/www.visitbratislava.com\/wp-content\/uploads\/2022\/02\/ULUV_vystava-DREVO_2_1920x1280-800x533.jpg\" data-fancybox=\"gallery\" data-caption=\"\"><div class=\"background\"><img src=\"https:\/\/www.visitbratislava.com\/wp-content\/uploads\/2022\/02\/ULUV_vystava-DREVO_2_1920x1280-800x533.jpg\" alt=\"foto\"\/><\/div><div class=\"overlay filter-blue\"><div class=\"content\"><span class=\"zoom-button\"><\/span><\/div><\/div><\/a><\/div><\/div><div class=\"grid-container__item\"><div class=\"block\"><a href=\"https:\/\/www.visitbratislava.com\/wp-content\/uploads\/2022\/02\/ULUV_vystava-DREVO_3_1920x1280-800x533.jpg\" data-fancybox=\"gallery\" data-caption=\"\"><div class=\"background\" style=\"background-image: url(https:\/\/www.visitbratislava.com\/wp-content\/uploads\/2022\/02\/ULUV_vystava-DREVO_3_1920x1280-800x533.jpg)\"><\/div><div class=\"overlay filter-green\"><div class=\"content\"><span class=\"zoom-button\"><\/span><\/div><\/div><\/a><\/div><\/div><div class=\"grid-container__item more\"><\/div><\/div>\n","protected":false},"excerpt":{"rendered":"<p>Prv\u00e1 z cyklu materi\u00e1lov\u00fdch v\u00fdstav Trad\u00edcia netradi\u010dne v Gal\u00e9rii \u00da\u013dUV predstavuje fenom\u00e9n dreva v s\u00favislostiach, ako ho nepozn\u00e1te. Dizajn od muze\u00e1lnych zbierok cez s\u00fa\u010dasn\u00fa tvorbu s poh\u013eadom do bud\u00facnosti.<\/p>\n","protected":false},"featured_media":128234,"template":"","acf":[],"event_date":{"start_date":1642636800,"end_date":1667520000},"_links":{"self":[{"href":"https:\/\/www.visitbratislava.com\/sk\/wp-json\/wp\/v2\/event\/128233"}],"collection":[{"href":"https:\/\/www.visitbratislava.com\/sk\/wp-json\/wp\/v2\/event"}],"about":[{"href":"https:\/\/www.visitbratislava.com\/sk\/wp-json\/wp\/v2\/types\/event"}],"version-history":[{"count":5,"href":"https:\/\/www.visitbratislava.com\/sk\/wp-json\/wp\/v2\/event\/128233\/revisions"}],"predecessor-version":[{"id":128750,"href":"https:\/\/www.visitbratislava.com\/sk\/wp-json\/wp\/v2\/event\/128233\/revisions\/128750"}],"wp:featuredmedia":[{"embeddable":true,"href":"https:\/\/www.visitbratislava.com\/sk\/wp-json\/wp\/v2\/media\/128234"}],"wp:attachment":[{"href":"https:\/\/www.visitbratislava.com\/sk\/wp-json\/wp\/v2\/media?parent=128233"}],"curies":[{"name":"wp","href":"https:\/\/api.w.org\/{rel}","templated":true}]}}