{"id":128320,"date":"2022-02-16T13:54:53","date_gmt":"2022-02-16T12:54:53","guid":{"rendered":"https:\/\/www.visitbratislava.com\/?post_type=event&#038;p=128320"},"modified":"2022-03-10T22:44:58","modified_gmt":"2022-03-10T21:44:58","slug":"milan-pasteka-a-priatelia","status":"publish","type":"event","link":"https:\/\/www.visitbratislava.com\/sk\/podujatia\/milan-pasteka-a-priatelia\/","title":{"rendered":"Milan Pa\u0161t\u00e9ka a priatelia"},"content":{"rendered":"<p>A ktor\u00ed z jeho priate\u013eov sa na v\u00fdstave objavia? Napr\u00edklad Pierre Soulages, Milan Laluha, Miroslav Cip\u00e1r, Rudolf Fila, Milo\u0161 Urb\u00e1sek, Jozef Jankovi\u010d, Jan Sekal, Daniel Fischer, Mari\u00e1n Mudroch, Marian Me\u0161ko,Vladim\u00edr Kordo\u0161, Milan Bo\u010dkay, Kl\u00e1ra Bo\u010dkayov\u00e1 \u010di Laco Teren.<\/p>\n<p>Nechajte sa unies\u0165 m\u00e1giou pr\u00e1c umelca, ktor\u00fd v ne\u017ei\u010dliv\u00fdch \u010dasoch vytvoril mimoriadne siln\u00e9 dielo.<\/p>\n<div class=\"grid-container\"><div class=\"grid-container__item\"><div class=\"block\"><a href=\"https:\/\/www.visitbratislava.com\/wp-content\/uploads\/2022\/02\/DANUBIANA-Psteka-diela-2021_dsc3716-619x800.jpg\" data-fancybox=\"gallery\" data-caption=\"\"><div class=\"background\"><img src=\"https:\/\/www.visitbratislava.com\/wp-content\/uploads\/2022\/02\/DANUBIANA-Psteka-diela-2021_dsc3716-619x800.jpg\" alt=\"foto\"\/><\/div><div class=\"overlay filter-blue\"><div class=\"content\"><span class=\"zoom-button\"><\/span><\/div><\/div><\/a><\/div><\/div><div class=\"grid-container__item\"><div class=\"block\"><a href=\"https:\/\/www.visitbratislava.com\/wp-content\/uploads\/2022\/02\/DANUBIANA-Psteka-diela-2021_dsc3720-515x800.jpg\" data-fancybox=\"gallery\" data-caption=\"\"><div class=\"background\" style=\"background-image: url(https:\/\/www.visitbratislava.com\/wp-content\/uploads\/2022\/02\/DANUBIANA-Psteka-diela-2021_dsc3720-515x800.jpg)\"><\/div><div class=\"overlay filter-green\"><div class=\"content\"><span class=\"zoom-button\"><\/span><\/div><\/div><\/a><\/div><\/div><div class=\"grid-container__item\"><div class=\"block\" ><a href=\"https:\/\/www.visitbratislava.com\/wp-content\/uploads\/2022\/02\/DANUBIANA-Psteka-diela-2021_dsc3719-800x574.jpg\" data-fancybox=\"gallery\" data-caption=\"\"><div class=\"background\" style=\"background-image: url(https:\/\/www.visitbratislava.com\/wp-content\/uploads\/2022\/02\/DANUBIANA-Psteka-diela-2021_dsc3719-800x574.jpg)\"><\/div><div class=\"overlay filter-orange\"><div class=\"content\"><span class=\"zoom-button\"><\/span><\/div><\/div><\/a><\/div><\/div><div class=\"grid-container__item\"><div class=\"block\"><a href=\"https:\/\/www.visitbratislava.com\/wp-content\/uploads\/2022\/02\/Pasteka-predlzenie-800x450.jpg\" data-fancybox=\"gallery\" data-caption=\"\"><div class=\"background\" style=\"background-image: url(https:\/\/www.visitbratislava.com\/wp-content\/uploads\/2022\/02\/Pasteka-predlzenie-800x450.jpg)\"><\/div><div class=\"overlay filter-purple\"><div class=\"content\"><span class=\"zoom-button\"><\/span><\/div><\/div><\/a><\/div><\/div><div class=\"grid-container__item more\"><\/div><\/div>\n","protected":false},"excerpt":{"rendered":"<p>V roku nedo\u017eit\u00fdch dev\u00e4\u0165desiatych naroden\u00edn Milana Pa\u0161t\u00e9ku je t\u00e1to v\u00fdstava pripomienkou osobn\u00fdch vz\u0165ahov a stretnut\u00ed, ktor\u00e9 sa diali v r\u00f4znych priestoroch, v r\u00f4znych obdobiach, \u010di pri r\u00f4znych pr\u00edle\u017eitostiach.<\/p>\n","protected":false},"featured_media":128339,"template":"","acf":[],"event_date":{"start_date":1637366400,"end_date":1647129600},"_links":{"self":[{"href":"https:\/\/www.visitbratislava.com\/sk\/wp-json\/wp\/v2\/event\/128320"}],"collection":[{"href":"https:\/\/www.visitbratislava.com\/sk\/wp-json\/wp\/v2\/event"}],"about":[{"href":"https:\/\/www.visitbratislava.com\/sk\/wp-json\/wp\/v2\/types\/event"}],"version-history":[{"count":4,"href":"https:\/\/www.visitbratislava.com\/sk\/wp-json\/wp\/v2\/event\/128320\/revisions"}],"predecessor-version":[{"id":131580,"href":"https:\/\/www.visitbratislava.com\/sk\/wp-json\/wp\/v2\/event\/128320\/revisions\/131580"}],"wp:featuredmedia":[{"embeddable":true,"href":"https:\/\/www.visitbratislava.com\/sk\/wp-json\/wp\/v2\/media\/128339"}],"wp:attachment":[{"href":"https:\/\/www.visitbratislava.com\/sk\/wp-json\/wp\/v2\/media?parent=128320"}],"curies":[{"name":"wp","href":"https:\/\/api.w.org\/{rel}","templated":true}]}}