{"id":129325,"date":"2022-02-23T13:05:04","date_gmt":"2022-02-23T12:05:04","guid":{"rendered":"https:\/\/www.visitbratislava.com\/?post_type=event&#038;p=129325"},"modified":"2022-08-06T15:02:01","modified_gmt":"2022-08-06T13:02:01","slug":"v-zapase-o-nove-videnie","status":"publish","type":"event","link":"https:\/\/www.visitbratislava.com\/sk\/podujatia\/v-zapase-o-nove-videnie\/","title":{"rendered":"V z\u00e1pase o nov\u00e9 videnie"},"content":{"rendered":"<p>V\u00fdstava predstavuje v\u00fdber diel Mari\u00e1na \u010cunderl\u00edka (1926\u20131983) z rokov 1949 &#8211; 1969 zo zbierky Gal\u00e9rie Nedbalka.<\/p>\n<p>Do dej\u00edn slovensk\u00e9ho umenia sa \u010cunderl\u00edk zap\u00edsal koncom \u0161tyridsiatych a v p\u00e4\u0165desiatych rokoch svojou figurat\u00edvnou tvorbou, za\u010diatkom \u0161es\u0165desiatych rokov ako \u00fa\u010dastn\u00edk Bratislavsk\u00fdch konfront\u00e1ci\u00ed a koncom \u0161iestej dek\u00e1dy ako \u010dlen Klubu konkretistov.<\/p>\n<p>Prostredn\u00edctvom svojej ranej figurat\u00edvnej tvorby sa \u010cunderl\u00edk stal pomyseln\u00fdm spojivom medzi modernou trad\u00edciou slovenskej ma\u013eby a ne-trad\u00edciou abstraktn\u00fdch tendenci\u00ed.<\/p>\n<p>Neh\u013eadal esenciu slovenskosti, neup\u00ednal sa k folkloristick\u00fdm mot\u00edvom. Fig\u00faru rozpustil do farebn\u00fdch pl\u00f4\u0161ok a s\u00fastredil sa na jej asociat\u00edvne formy, aby sa nesk\u00f4r zameral na univerz\u00e1lne (geometrick\u00e9) formy a nov\u00fa obrazov\u00fa koncepciu.<\/p>\n<p>Najsk\u00f4r experimentoval predov\u0161etk\u00fdm s farbou, no nielen s jej koloristick\u00fdmi kvalitami, ale aj s jej hmotou, \u0161trukt\u00farou, ich emot\u00edvnymi a v\u00fdznamov\u00fdmi kvalitami. V\u00fdrazov\u00fdmi prostriedkami abstraktn\u00e9ho umenia chcel obsiahnu\u0165 nie\u010do, \u010do by bolo spolo\u010dn\u00e9 pre ka\u017ed\u00e9ho \u010dloveka modern\u00e9ho\/at\u00f3mov\u00e9ho veku \u2013 subjekt\u00edvnu emot\u00edvnu sk\u00fasenos\u0165 existenci\u00e1lnych pocitov a neust\u00e1le sa meniace koordin\u00e1ty \u013eudskej sk\u00fasenosti v \u010dase a priestore.<\/p>\n<p>Jeho umeleck\u00e9 experimenty a kult\u00farno-organiza\u010dn\u00e9 sna\u017eenia v sedemdesiatych rokoch tvrdo zastavila normaliz\u00e1cia a o dek\u00e1du nesk\u00f4r umelcova smr\u0165.<\/p>\n<div class=\"grid-container\"><div class=\"grid-container__item\"><div class=\"block\"><a href=\"https:\/\/www.visitbratislava.com\/wp-content\/uploads\/2022\/02\/Sni\u0301mka-obrazovky-2022-01-12-o-14.02.13.png\" data-fancybox=\"gallery\" data-caption=\"\"><div class=\"background\"><img src=\"https:\/\/www.visitbratislava.com\/wp-content\/uploads\/2022\/02\/Sni\u0301mka-obrazovky-2022-01-12-o-14.02.13.png\" alt=\"foto\"\/><\/div><div class=\"overlay filter-blue\"><div class=\"content\"><span class=\"zoom-button\"><\/span><\/div><\/div><\/a><\/div><\/div><div class=\"grid-container__item\"><div class=\"block\"><a href=\"https:\/\/www.visitbratislava.com\/wp-content\/uploads\/2022\/02\/P0001302-574x800.jpg\" data-fancybox=\"gallery\" data-caption=\"\"><div class=\"background\" style=\"background-image: url(https:\/\/www.visitbratislava.com\/wp-content\/uploads\/2022\/02\/P0001302-574x800.jpg)\"><\/div><div class=\"overlay filter-green\"><div class=\"content\"><span class=\"zoom-button\"><\/span><\/div><\/div><\/a><\/div><\/div><div class=\"grid-container__item more\"><\/div><\/div>\n","protected":false},"excerpt":{"rendered":"<p>Ran\u00e1 tvorba maliara s existenci\u00e1lnou h\u013abkou<\/p>\n","protected":false},"featured_media":129326,"template":"","acf":[],"event_date":{"start_date":1643155200,"end_date":1650758400},"_links":{"self":[{"href":"https:\/\/www.visitbratislava.com\/sk\/wp-json\/wp\/v2\/event\/129325"}],"collection":[{"href":"https:\/\/www.visitbratislava.com\/sk\/wp-json\/wp\/v2\/event"}],"about":[{"href":"https:\/\/www.visitbratislava.com\/sk\/wp-json\/wp\/v2\/types\/event"}],"version-history":[{"count":2,"href":"https:\/\/www.visitbratislava.com\/sk\/wp-json\/wp\/v2\/event\/129325\/revisions"}],"predecessor-version":[{"id":129345,"href":"https:\/\/www.visitbratislava.com\/sk\/wp-json\/wp\/v2\/event\/129325\/revisions\/129345"}],"wp:featuredmedia":[{"embeddable":true,"href":"https:\/\/www.visitbratislava.com\/sk\/wp-json\/wp\/v2\/media\/129326"}],"wp:attachment":[{"href":"https:\/\/www.visitbratislava.com\/sk\/wp-json\/wp\/v2\/media?parent=129325"}],"curies":[{"name":"wp","href":"https:\/\/api.w.org\/{rel}","templated":true}]}}