{"id":129352,"date":"2022-02-23T14:04:02","date_gmt":"2022-02-23T13:04:02","guid":{"rendered":"https:\/\/www.visitbratislava.com\/?post_type=event&#038;p=129352"},"modified":"2022-08-06T15:12:05","modified_gmt":"2022-08-06T13:12:05","slug":"ostrovy-v-kazdodennosti","status":"publish","type":"event","link":"https:\/\/www.visitbratislava.com\/sk\/podujatia\/ostrovy-v-kazdodennosti\/","title":{"rendered":"Ostrovy v ka\u017edodennosti"},"content":{"rendered":"<p>Retrospekt\u00edvna v\u00fdstava k 80. jubileu bratislavsk\u00e9ho fotografa Ivana Matejku (1942) je metaforick\u00fdm odkazom na jeho jedine\u010dn\u00fd sp\u00f4sob vizualiz\u00e1cie a \u0161pecifick\u00fd lyrizmus.<\/p>\n<p>Fotograf si vyberal poh\u013eady a estetick\u00e9 momenty zo svojej ka\u017edodennosti, bez stopy p\u00e1tosu, nostalgie alebo moralizovania. T\u00e9my Matejkov\u00fdch fotografi\u00ed akoby prirodzene prich\u00e1dzali v jeho \u017eivotnom rytme, pri ich v\u00fdbere nesledoval trendy, ale vn\u00fatorn\u00fa tvoriv\u00fa potrebu.<\/p>\n","protected":false},"excerpt":{"rendered":"<p>V\u00fdrazn\u00e9 momenty celo\u017eivotnej tvorby Ivana Matejku z pr\u00e1c, ktor\u00e9 daroval do zbierok M\u00fazea fotografie<\/p>\n","protected":false},"featured_media":129353,"template":"","acf":[],"event_date":{"start_date":1642636800,"end_date":1645315200},"_links":{"self":[{"href":"https:\/\/www.visitbratislava.com\/sk\/wp-json\/wp\/v2\/event\/129352"}],"collection":[{"href":"https:\/\/www.visitbratislava.com\/sk\/wp-json\/wp\/v2\/event"}],"about":[{"href":"https:\/\/www.visitbratislava.com\/sk\/wp-json\/wp\/v2\/types\/event"}],"version-history":[{"count":2,"href":"https:\/\/www.visitbratislava.com\/sk\/wp-json\/wp\/v2\/event\/129352\/revisions"}],"predecessor-version":[{"id":129360,"href":"https:\/\/www.visitbratislava.com\/sk\/wp-json\/wp\/v2\/event\/129352\/revisions\/129360"}],"wp:featuredmedia":[{"embeddable":true,"href":"https:\/\/www.visitbratislava.com\/sk\/wp-json\/wp\/v2\/media\/129353"}],"wp:attachment":[{"href":"https:\/\/www.visitbratislava.com\/sk\/wp-json\/wp\/v2\/media?parent=129352"}],"curies":[{"name":"wp","href":"https:\/\/api.w.org\/{rel}","templated":true}]}}