{"id":129596,"date":"2022-02-24T16:57:23","date_gmt":"2022-02-24T15:57:23","guid":{"rendered":"https:\/\/www.visitbratislava.com\/?post_type=event&#038;p=129596"},"modified":"2022-08-06T15:12:02","modified_gmt":"2022-08-06T13:12:02","slug":"ozveny-odkazy","status":"publish","type":"event","link":"https:\/\/www.visitbratislava.com\/sk\/podujatia\/ozveny-odkazy\/","title":{"rendered":"Ozveny, odkazy"},"content":{"rendered":"<p>In\u0161pir\u00e1cia ilumin\u00e1ciami evanjeli\u00e1rov, uvedomenie si ich v\u00fdnimo\u010dn\u00fdch v\u00fdtvarn\u00fdch a ideov\u00fdch hodn\u00f4t, vznikla prirodzene na doteraj\u0161ej maliarkinej tvorivej ceste, dopracovala sa ku nej.<\/p>\n<p>Objavuje akoby mimovo\u013ene abstrahovan\u00e9 konfigur\u00e1cie a kompoz\u00edcie auton\u00f3mnej obrazovej re\u010di. Po\u010diato\u010dn\u00fd z\u00e1mer vo\u013ene interpretova\u0165 t\u00e9my a princ\u00edpy ikonoma\u013eby prer\u00e1stol a vyzrel v osobitn\u00fa autorsk\u00fa poetiku.<\/p>\n<p>V nej maliarka prejavuje vysok\u00fa kult\u00faru ma\u013eovania v komponovan\u00ed, vo vytr\u00edbenom autocht\u00f3nnom kolorizme, v tvarov\u00fdch defin\u00edci\u00e1ch, v u\u017e\u00edvan\u00ed v\u0161etk\u00fdch elementov obrazu v nadob\u00fadanej re\u010di znakov. Ka\u017ed\u00e9 pl\u00e1tno obsahuje viacero farebn\u00fdch vrstiev, opakovane nan\u00e1\u0161an\u00fdch a strh\u00e1van\u00fdch.<\/p>\n<p>Maliarka oce\u0148uje line\u00e1rne osnovy kompoz\u00edci\u00ed, auton\u00f3mnos\u0165 \u010diary a \u010fal\u0161\u00edch skladobn\u00fdch elementov, znakov\u00fa artikul\u00e1ciu figur\u00e1lnych a zvierac\u00edch mot\u00edvov. Farba hr\u00e1 v autorkin\u00fdch interpret\u00e1ci\u00e1ch ilumin\u00e1ci\u00ed osobit\u00fa \u00falohu. Sprac\u00fava ju met\u00f3dou palimpsestu.<\/p>\n<div class=\"grid-container\"><div class=\"grid-container__item\"><div class=\"block\"><a href=\"https:\/\/www.visitbratislava.com\/wp-content\/uploads\/2022\/02\/Ozveny-odkazy-001-800x533.jpg\" data-fancybox=\"gallery\" data-caption=\"\"><div class=\"background\"><img src=\"https:\/\/www.visitbratislava.com\/wp-content\/uploads\/2022\/02\/Ozveny-odkazy-001-800x533.jpg\" alt=\"foto\"\/><\/div><div class=\"overlay filter-blue\"><div class=\"content\"><span class=\"zoom-button\"><\/span><\/div><\/div><\/a><\/div><\/div><div class=\"grid-container__item\"><div class=\"block\"><a href=\"https:\/\/www.visitbratislava.com\/wp-content\/uploads\/2022\/02\/Ozveny-odkazy-002-800x533.jpg\" data-fancybox=\"gallery\" data-caption=\"\"><div class=\"background\" style=\"background-image: url(https:\/\/www.visitbratislava.com\/wp-content\/uploads\/2022\/02\/Ozveny-odkazy-002-800x533.jpg)\"><\/div><div class=\"overlay filter-green\"><div class=\"content\"><span class=\"zoom-button\"><\/span><\/div><\/div><\/a><\/div><\/div><div class=\"grid-container__item\"><div class=\"block\" ><a href=\"https:\/\/www.visitbratislava.com\/wp-content\/uploads\/2022\/02\/Ozveny-odkazy-004-800x533.jpg\" data-fancybox=\"gallery\" data-caption=\"\"><div class=\"background\" style=\"background-image: url(https:\/\/www.visitbratislava.com\/wp-content\/uploads\/2022\/02\/Ozveny-odkazy-004-800x533.jpg)\"><\/div><div class=\"overlay filter-orange\"><div class=\"content\"><span class=\"zoom-button\"><\/span><\/div><\/div><\/a><\/div><\/div><div class=\"grid-container__item\"><div class=\"block\"><a href=\"https:\/\/www.visitbratislava.com\/wp-content\/uploads\/2022\/02\/Ozveny-odkazy-005-800x533.jpg\" data-fancybox=\"gallery\" data-caption=\"\"><div class=\"background\" style=\"background-image: url(https:\/\/www.visitbratislava.com\/wp-content\/uploads\/2022\/02\/Ozveny-odkazy-005-800x533.jpg)\"><\/div><div class=\"overlay filter-purple\"><div class=\"content\"><span class=\"zoom-button\"><\/span><\/div><\/div><\/a><\/div><\/div><div class=\"grid-container__item more\"><\/div><\/div>\n","protected":false},"excerpt":{"rendered":"<p>Maliarku Vieru Pal\u00e1rik Margetov\u00fa v najnov\u0161ej prezetnt\u00e1cii jej diel zaujali \u00edrske stredovek\u00e9 rukopisy, evanjeli\u00e1re<\/p>\n","protected":false},"featured_media":129597,"template":"","acf":[],"event_date":{"start_date":1642636800,"end_date":1645142400},"_links":{"self":[{"href":"https:\/\/www.visitbratislava.com\/sk\/wp-json\/wp\/v2\/event\/129596"}],"collection":[{"href":"https:\/\/www.visitbratislava.com\/sk\/wp-json\/wp\/v2\/event"}],"about":[{"href":"https:\/\/www.visitbratislava.com\/sk\/wp-json\/wp\/v2\/types\/event"}],"version-history":[{"count":2,"href":"https:\/\/www.visitbratislava.com\/sk\/wp-json\/wp\/v2\/event\/129596\/revisions"}],"predecessor-version":[{"id":129628,"href":"https:\/\/www.visitbratislava.com\/sk\/wp-json\/wp\/v2\/event\/129596\/revisions\/129628"}],"wp:featuredmedia":[{"embeddable":true,"href":"https:\/\/www.visitbratislava.com\/sk\/wp-json\/wp\/v2\/media\/129597"}],"wp:attachment":[{"href":"https:\/\/www.visitbratislava.com\/sk\/wp-json\/wp\/v2\/media?parent=129596"}],"curies":[{"name":"wp","href":"https:\/\/api.w.org\/{rel}","templated":true}]}}