{"id":129635,"date":"2022-02-24T17:29:48","date_gmt":"2022-02-24T16:29:48","guid":{"rendered":"https:\/\/www.visitbratislava.com\/?post_type=event&#038;p=129635"},"modified":"2022-08-06T15:12:01","modified_gmt":"2022-08-06T13:12:01","slug":"vukovar","status":"publish","type":"event","link":"https:\/\/www.visitbratislava.com\/sk\/podujatia\/vukovar\/","title":{"rendered":"Vukovar"},"content":{"rendered":"<p>V\u00fdstava v Slovenskom n\u00e1rodnom m\u00fazeu \u2013 M\u00fazeu kult\u00fary Chorv\u00e1tov na Slovensku prostredn\u00edctvom \u010diernobielych fotografi\u00ed sprostredk\u00fava autentick\u00fa atmosf\u00e9ru, ktor\u00e1 panovala bezprostredne po ukon\u010den\u00ed bojov vojnov\u00e9ho konfliktu z rokov 1991 &#8211; 1995 v chorv\u00e1tskom meste Vukovar, kde ved\u013ea seba st\u00e1ro\u010dia \u017eili Srbi a Chorv\u00e1ti.<\/p>\n<p>Na jese\u0148 roku 2021 uplynulo 30 rokov od obliehania a p\u00e1du Vukovaru po\u010das vojny za nez\u00e1vislos\u0165. Udalosti sa nesk\u00f4r zap\u00edsali do dej\u00edn ako Bitka o Vukovar. Trvala 2 mesiace, 3 t\u00fd\u017edne, 3 dni a proti sebe st\u00e1lo 1800 vojakov Chorv\u00e1tskej n\u00e1rodnej gardy a 36 000 pr\u00edslu\u0161n\u00edkov Juhoslovanskej \u013eudovej arm\u00e1dy. Zahynulo v nej 1700 civilistov, 300 \u013eud\u00ed je dodnes nezvestn\u00fdch.<\/p>\n<p>Na t\u00fdchto miestach hr\u00f4zy sa v novembri 1991 nach\u00e1dzali publicista Peter Kub\u00ednyi a fotograf Peter Leginsk\u00fd. Cestou k Vukovaru nestretli jedin\u00e9 auto a nevideli jedin\u00e9ho vt\u00e1ka. V meste nevideli ani jedin\u00fd dom, ktor\u00fd by nebol, ak nie zr\u00faten\u00fd, tak aspo\u0148 po\u0161koden\u00fd. Po uliciach sa bezcie\u013ene motalo zop\u00e1r \u013eud\u00ed, niektor\u00ed sa prehrab\u00e1vali v trosk\u00e1ch.<\/p>\n<p>V\u00fdstavu sl\u00e1vnostne otvoria v utorok 1. marca o piatej popoludn\u00ed vo v\u00fdstavn\u00fdch priestoroch m\u00fazea na Istrijskej ulici 68 v Bratislave. Pre verejnos\u0165 bude k dispoz\u00edcii od 2. marca do 26. m\u00e1ja.<\/p>\n<p><img loading=\"lazy\" width=\"1920\" height=\"1305\" class=\"alignnone size-full wp-image-129673\" src=\"https:\/\/www.visitbratislava.com\/wp-content\/uploads\/2022\/02\/000073_1920x1280.jpg\" alt=\"\" srcset=\"https:\/\/www.visitbratislava.com\/wp-content\/uploads\/2022\/02\/000073_1920x1280.jpg 1920w, https:\/\/www.visitbratislava.com\/wp-content\/uploads\/2022\/02\/000073_1920x1280-400x272.jpg 400w, https:\/\/www.visitbratislava.com\/wp-content\/uploads\/2022\/02\/000073_1920x1280-800x544.jpg 800w, https:\/\/www.visitbratislava.com\/wp-content\/uploads\/2022\/02\/000073_1920x1280-768x522.jpg 768w, https:\/\/www.visitbratislava.com\/wp-content\/uploads\/2022\/02\/000073_1920x1280-1536x1044.jpg 1536w, https:\/\/www.visitbratislava.com\/wp-content\/uploads\/2022\/02\/000073_1920x1280-200x136.jpg 200w\" sizes=\"(max-width: 1920px) 100vw, 1920px\" \/><\/p>\n","protected":false},"excerpt":{"rendered":"<p>Vojna ni\u010d dobr\u00e9 neprin\u00e1\u0161a. Uk\u00e1\u017ee v\u00e1m to aj v\u00fdstava doteraz nepublikovan\u00fdch fotografi\u00ed Petra Leginsk\u00e9ho o meste Vukovar po\u010das chorv\u00e1tskej vojny za nez\u00e1vislos\u0165<\/p>\n","protected":false},"featured_media":129671,"template":"","acf":[],"event_date":{"start_date":1646179200,"end_date":1653523200},"_links":{"self":[{"href":"https:\/\/www.visitbratislava.com\/sk\/wp-json\/wp\/v2\/event\/129635"}],"collection":[{"href":"https:\/\/www.visitbratislava.com\/sk\/wp-json\/wp\/v2\/event"}],"about":[{"href":"https:\/\/www.visitbratislava.com\/sk\/wp-json\/wp\/v2\/types\/event"}],"version-history":[{"count":3,"href":"https:\/\/www.visitbratislava.com\/sk\/wp-json\/wp\/v2\/event\/129635\/revisions"}],"predecessor-version":[{"id":129679,"href":"https:\/\/www.visitbratislava.com\/sk\/wp-json\/wp\/v2\/event\/129635\/revisions\/129679"}],"wp:featuredmedia":[{"embeddable":true,"href":"https:\/\/www.visitbratislava.com\/sk\/wp-json\/wp\/v2\/media\/129671"}],"wp:attachment":[{"href":"https:\/\/www.visitbratislava.com\/sk\/wp-json\/wp\/v2\/media?parent=129635"}],"curies":[{"name":"wp","href":"https:\/\/api.w.org\/{rel}","templated":true}]}}