{"id":135042,"date":"2022-04-16T00:07:31","date_gmt":"2022-04-15T22:07:31","guid":{"rendered":"https:\/\/www.visitbratislava.com\/?post_type=event&#038;p=135042"},"modified":"2022-08-06T15:11:27","modified_gmt":"2022-08-06T13:11:27","slug":"prehliadka-centra-bratislavy-v-ukrajincine","status":"publish","type":"event","link":"https:\/\/www.visitbratislava.com\/sk\/podujatia\/prehliadka-centra-bratislavy-v-ukrajincine\/","title":{"rendered":"Prehliadka centra Bratislavy v ukrajin\u010dine"},"content":{"rendered":"<p>V r\u00e1mci <a href=\"https:\/\/www.visitbratislava.com\/sk\/bratislavske-mestske-dni\/\" target=\"_blank\" rel=\"noopener\"><strong>Bratislavsk\u00fdch mestsk\u00fdch dn\u00ed<\/strong><\/a> sa m\u00f4\u017eete te\u0161i\u0165 aj na osved\u010den\u00e9 a ve\u013emi <a href=\"https:\/\/www.visitbratislava.com\/sk\/bratislavske-mestske-dni\/prehliadky-pocas-bratislavskych-mestskych-dni\/\" target=\"_blank\" rel=\"noopener\"><strong>\u00faspe\u0161n\u00e9 prehliadky<\/strong><\/a> pre obyvate\u013eov a n\u00e1v\u0161tevn\u00edkov Bratislavy v cudz\u00edch jazykoch. Tento rok je na v\u00fdber z troch. Na bezplatn\u00e9 prehliadky centra Bratislavy s v\u00fdkladom sprievodcu sa sta\u010d\u00ed iba registrova\u0165 a potom u\u017e len pr\u00eds\u0165 na ur\u010den\u00e9 miesto stretnutia.<\/p>\n<p>A\u017e \u0161tyri prehliadky pre v\u00e1s m\u00e1 Halyna Holinkov\u00e1. Po\u010das nich predstav\u00ed to najzauj\u00edmavej\u0161ie a najvz\u00e1cnej\u0161ie v historickom centre mesta. Stretn\u00fa\u0165 sa s \u0148ou m\u00f4\u017eete na Primaci\u00e1lnom n\u00e1mest\u00ed v sobotu 23. apr\u00edla aj v nede\u013eu 24. apr\u00edla, oba dni o jeden\u00e1stej dopoludnia alebo o druhej popoludn\u00ed. Nechajte sa vies\u0165 sk\u00fasen\u00fdmi turistick\u00fdmi sprievodcami Bratislavy a u\u017eite si skvel\u00fd v\u00edkend, nabit\u00fd zauj\u00edmav\u00fdmi inform\u00e1ciami, najr\u00f4znej\u0161\u00edmi z\u00e1kutiami a v ruk\u00e1ch naslovovzat\u00fdch odborn\u00edkov.<\/p>\n<p>Ak m\u00e1te radi zauj\u00edmavosti, hist\u00f3riu a jednoducho pekn\u00e9 veci, ktor\u00fdch je v Bratislave naozaj dos\u0165, potom si \u0161tvrt\u00fd apr\u00edlov\u00fd v\u00edkend v hlavnom meste pr\u00eddete na svoje. Z\u00e1jdite si <a href=\"https:\/\/www.visitbratislava.com\/sk\/novinky\/prezrite-si-metropolu-pocas-bratislavskych-mestskych-dni\/\" target=\"_blank\" rel=\"noopener\"><strong>za najkraj\u0161\u00edmi skvostami Bratislavy<\/strong><\/a>, bude to skvel\u00fd de\u0148.<\/p>\n<p><iframe id=\"bookio-iframe\" src=\"https:\/\/services.bookio.com\/bratislava-tourist-board\/widget?lang=sk\" width=\"800\" height=\"500\" scrolling=\"yes\" data-mce-fragment=\"1\"><span data-mce-type=\"bookmark\" style=\"display: inline-block; width: 0px; overflow: hidden; line-height: 0;\" class=\"mce_SELRES_start\"><span data-mce-type=\"bookmark\" style=\"display: inline-block; width: 0px; overflow: hidden; line-height: 0;\" class=\"mce_SELRES_start\">\ufeff<\/span>\ufeff<\/span><span data-mce-type=\"bookmark\" style=\"display: inline-block; width: 0px; overflow: hidden; line-height: 0;\" class=\"mce_SELRES_start\">\ufeff<\/span><\/iframe><\/p>\n<p><em>Ak sa kapacita napln\u00ed, vyberte si, pros\u00edm, z ostatn\u00fdch mo\u017enost\u00ed<\/em><\/p>\n<p><img loading=\"lazy\" width=\"3840\" height=\"2010\" class=\"alignnone size-full wp-image-134580\" src=\"https:\/\/www.visitbratislava.com\/wp-content\/uploads\/2022\/04\/1920x1005@2x.png\" alt=\"\" srcset=\"https:\/\/www.visitbratislava.com\/wp-content\/uploads\/2022\/04\/1920x1005@2x.png 3840w, https:\/\/www.visitbratislava.com\/wp-content\/uploads\/2022\/04\/1920x1005@2x-400x209.png 400w, https:\/\/www.visitbratislava.com\/wp-content\/uploads\/2022\/04\/1920x1005@2x-800x419.png 800w, https:\/\/www.visitbratislava.com\/wp-content\/uploads\/2022\/04\/1920x1005@2x-768x402.png 768w, https:\/\/www.visitbratislava.com\/wp-content\/uploads\/2022\/04\/1920x1005@2x-1536x804.png 1536w, https:\/\/www.visitbratislava.com\/wp-content\/uploads\/2022\/04\/1920x1005@2x-2048x1072.png 2048w, https:\/\/www.visitbratislava.com\/wp-content\/uploads\/2022\/04\/1920x1005@2x-200x105.png 200w\" sizes=\"(max-width: 3840px) 100vw, 3840px\" \/><\/p>\n","protected":false},"excerpt":{"rendered":"<p>Osl\u00e1vte so sprievodcami jubileum Bratislavy a spoznajte tajomstv\u00e1 hlavn\u00e9ho mesta Slovenska na bezplatn\u00fdch prehliadkach<\/p>\n","protected":false},"featured_media":135055,"template":"","acf":[],"event_date":{"start_date":1650672000,"end_date":1650758400},"_links":{"self":[{"href":"https:\/\/www.visitbratislava.com\/sk\/wp-json\/wp\/v2\/event\/135042"}],"collection":[{"href":"https:\/\/www.visitbratislava.com\/sk\/wp-json\/wp\/v2\/event"}],"about":[{"href":"https:\/\/www.visitbratislava.com\/sk\/wp-json\/wp\/v2\/types\/event"}],"version-history":[{"count":1,"href":"https:\/\/www.visitbratislava.com\/sk\/wp-json\/wp\/v2\/event\/135042\/revisions"}],"predecessor-version":[{"id":135063,"href":"https:\/\/www.visitbratislava.com\/sk\/wp-json\/wp\/v2\/event\/135042\/revisions\/135063"}],"wp:featuredmedia":[{"embeddable":true,"href":"https:\/\/www.visitbratislava.com\/sk\/wp-json\/wp\/v2\/media\/135055"}],"wp:attachment":[{"href":"https:\/\/www.visitbratislava.com\/sk\/wp-json\/wp\/v2\/media?parent=135042"}],"curies":[{"name":"wp","href":"https:\/\/api.w.org\/{rel}","templated":true}]}}