{"id":135567,"date":"2022-04-20T15:21:58","date_gmt":"2022-04-20T13:21:58","guid":{"rendered":"https:\/\/www.visitbratislava.com\/?post_type=event&#038;p=135567"},"modified":"2022-08-06T15:11:14","modified_gmt":"2022-08-06T13:11:14","slug":"prvy-parny-den","status":"publish","type":"event","link":"https:\/\/www.visitbratislava.com\/sk\/podujatia\/prvy-parny-den\/","title":{"rendered":"Prv\u00fd parn\u00fd de\u0148"},"content":{"rendered":"<p>\u017delezni\u010dn\u00e9 m\u00fazeum znova organizuje tradi\u010dn\u00fd Prv\u00fd parn\u00fd de\u0148 a otv\u00e1ra tak svoju tohtoro\u010dn\u00fa v\u00fdstavn\u00fa sez\u00f3nu. <a href=\"https:\/\/www.visitbratislava.com\/sk\/bratislavske-mestske-dni\/\" target=\"_blank\" rel=\"noopener\"><strong>Bratislavsk\u00e9 mestsk\u00e9 dni<\/strong><\/a> tak 23. apr\u00edla obohat\u00ed program na \u017eelezni\u010dnej stanici Bratislava-v\u00fdchod, v r\u00e1mci ktor\u00e9ho bud\u00fa prem\u00e1va\u0165 aj mimoriadne parn\u00e9 a motorov\u00e9 vlaky.<\/p>\n<p>Po dvojro\u010dnej prest\u00e1vke o\u017eije are\u00e1l \u017delezni\u010dn\u00e9ho m\u00fazea na Rendezi v starom ru\u0161\u0148ovom depe Bratislava-v\u00fdchod jazdami parn\u00fdch a motorov\u00fdch vlakov, prehliadkami m\u00fazea, viacer\u00fdmi v\u00fdstavami, vozen\u00edm sa na drezine, uk\u00e1\u017ekami z\u00e1sahu hasi\u010dov \u010di prezent\u00e1ciami ko\u013eaj\u00edsk.<\/p>\n<p>Okrem akci\u00ed priamo v m\u00fazeu sa m\u00f4\u017eete odviez\u0165 \u0161peci\u00e1lnymi vlakmi, ktor\u00e9 pri tejto pr\u00edle\u017eitosti vypravia, alebo v takomto vlaku na Prv\u00fd parn\u00fd de\u0148 pricestova\u0165. L\u00edstky na uveden\u00e9 vlaky sa bud\u00fa pred\u00e1va\u0165 vo vlaku, alebo pri \u0148om. Kapacita vlakov je obmedzen\u00e1. Kapacita mimoriadnych vlakov je obmedzen\u00e1, po naplnen\u00ed kapacity s\u00faprav u\u017e nebude mo\u017en\u00e9 prist\u00fapi\u0165.<\/p>\n<p>Prv\u00fdm l\u00e1kadlom bude jazda mimoriadneho parn\u00e9ho vlaku \u0165ahan\u00e9ho 126-ro\u010dn\u00fdm parn\u00fdm ru\u0161\u0148om 310.433 na trati Bratislava-Lama\u010d &#8211; Bratislava hlavn\u00e1 stanica \u2013 \u017delezni\u010dn\u00e9 m\u00fazeum Bratislava-v\u00fdchod pod\u013ea nasleduj\u00faceho cestovn\u00e9ho poriadku:<\/p>\n<table style=\"border-collapse: collapse; width: 100%;\">\n<tbody>\n<tr>\n<td style=\"width: 60%; text-align: left;\"><span style=\"color: #d71920;\"><em>Parn\u00fd ru\u0161e\u0148 310.433<\/em><\/span><\/td>\n<td style=\"width: 20%; text-align: center;\"><strong>Pr\u00edchod<\/strong><\/td>\n<td style=\"width: 20%; text-align: center;\"><strong>Odchod<\/strong><\/td>\n<\/tr>\n<tr>\n<td style=\"width: 60%; text-align: left;\">Bratislava-Lama\u010d<\/td>\n<td style=\"width: 20%; text-align: center;\"><\/td>\n<td style=\"width: 20%; text-align: center;\">10:30<\/td>\n<\/tr>\n<tr>\n<td style=\"width: 60%; text-align: left;\">Bratislava hlavn\u00e1 stanica<\/td>\n<td style=\"width: 20%; text-align: center;\">10:44<\/td>\n<td style=\"width: 20%; text-align: center;\">10:50<\/td>\n<\/tr>\n<tr>\n<td style=\"width: 60%; text-align: left;\">\u017delezni\u010dn\u00e9 m\u00fazeum<\/td>\n<td style=\"width: 20%; text-align: center;\">11.15<\/td>\n<td style=\"width: 20%; text-align: center;\"><\/td>\n<\/tr>\n<\/tbody>\n<\/table>\n<p>Pre z\u00e1ujemcov o n\u00e1v\u0161tevu m\u00fazea z bratislavskej Petr\u017ealky vypravia historick\u00fd motorov\u00fd vlak \u0165ahan\u00fd motorov\u00fdm voz\u0148om M 286.018 T\u00falav\u00e1 na trati Bratislava-Petr\u017ealka \u2013 \u017delezni\u010dn\u00e9 m\u00fazeum Bratislava-v\u00fdchod pod\u013ea nasleduj\u00faceho cestovn\u00e9ho poriadku:<\/p>\n<table style=\"border-collapse: collapse; width: 100%;\">\n<tbody>\n<tr>\n<td style=\"width: 60%; text-align: left;\"><span style=\"color: #d71920;\"><em>Motorov\u00fd voze\u0148 T\u00falav\u00e1 (M 286.018)<\/em><\/span><\/td>\n<td style=\"width: 20%; text-align: center;\"><strong>Pr\u00edchod<\/strong><\/td>\n<td style=\"width: 20%; text-align: center;\"><strong>Odchod<\/strong><\/td>\n<\/tr>\n<tr>\n<td style=\"width: 60%; text-align: left;\">Bratislava-Petr\u017ealka<\/td>\n<td style=\"width: 20%; text-align: center;\"><\/td>\n<td style=\"width: 20%; text-align: center;\">10:20<\/td>\n<\/tr>\n<tr>\n<td style=\"width: 60%; text-align: left;\">\u017delezni\u010dn\u00e9 m\u00fazeum<\/td>\n<td style=\"width: 20%; text-align: center;\">11:00<\/td>\n<td style=\"width: 20%; text-align: center;\"><\/td>\n<\/tr>\n<\/tbody>\n<\/table>\n<p>S\u00fa\u010das\u0165ou programu bude aj jazda v\u00fdletn\u00e9ho parn\u00e9ho vlaku \u0165ahan\u00e9ho parn\u00fdm ru\u0161\u0148om 555.3008 Mazutka na trati \u017delezni\u010dn\u00e9 m\u00fazeum Bratislava-v\u00fdchod &#8211; Bratislava hlavn\u00e1 stanica &#8211; Zohor a sp\u00e4\u0165 pod\u013ea nasleduj\u00faceho cestovn\u00e9ho poriadku:<\/p>\n<table style=\"border-collapse: collapse; width: 100%;\">\n<tbody>\n<tr>\n<td style=\"width: 60%; text-align: left;\"><span style=\"color: #d71920;\"><em>Parn\u00fd ru\u0161e\u0148 Mazutka (555.3008)<\/em><\/span><\/td>\n<td style=\"width: 20%; text-align: center;\"><strong>Pr\u00edchod<\/strong><\/td>\n<td style=\"width: 20%; text-align: center;\"><strong>Odchod<\/strong><\/td>\n<\/tr>\n<tr>\n<td style=\"width: 60%; text-align: left;\">\u017delezni\u010dn\u00e9 m\u00fazeum<\/td>\n<td style=\"width: 20%; text-align: center;\"><\/td>\n<td style=\"width: 20%; text-align: center;\">13:45<\/td>\n<\/tr>\n<tr>\n<td style=\"width: 60%; text-align: left;\">Bratislava hlavn\u00e1 stanica<\/td>\n<td style=\"width: 20%; text-align: center;\">14:10<\/td>\n<td style=\"width: 20%; text-align: center;\">14:15<\/td>\n<\/tr>\n<tr>\n<td style=\"width: 60%; text-align: left;\">Bratislava-Lama\u010d<\/td>\n<td style=\"width: 20%; text-align: center;\">14:25<\/td>\n<td style=\"width: 20%; text-align: center;\">14:27<\/td>\n<\/tr>\n<tr>\n<td style=\"width: 60%; text-align: left;\">Zohor<\/td>\n<td style=\"width: 20%; text-align: center;\">14:50<\/td>\n<td style=\"width: 20%; text-align: center;\">15:10<\/td>\n<\/tr>\n<tr>\n<td style=\"width: 60%; text-align: left;\">Bratislava-Lama\u010d<\/td>\n<td style=\"width: 20%; text-align: center;\">15:33<\/td>\n<td style=\"width: 20%; text-align: center;\">15:35<\/td>\n<\/tr>\n<tr>\n<td style=\"width: 60%; text-align: left;\">Bratislava hlavn\u00e1 stanica<\/td>\n<td style=\"width: 20%; text-align: center;\">15:45<\/td>\n<td style=\"width: 20%; text-align: center;\">15:50<\/td>\n<\/tr>\n<tr>\n<td style=\"width: 60%; text-align: left;\">\u017delezni\u010dn\u00e9 m\u00fazeum<\/td>\n<td style=\"width: 20%; text-align: center;\">16:10<\/td>\n<td style=\"width: 20%; text-align: center;\"><\/td>\n<\/tr>\n<\/tbody>\n<\/table>\n<p>Doprava n\u00e1v\u0161tevn\u00edkov historick\u00fdm motorov\u00fdm vlakom \u0165ahan\u00fdm motorov\u00fdm voz\u0148om M 286.018 T\u00falav\u00e1 medzi \u017delezni\u010dn\u00fdm m\u00fazeom Bratislava-v\u00fdchod a bratislavskou hlavnou stanicou bude prebieha\u0165 pod\u013ea nasleduj\u00faceho cestovn\u00e9ho poriadku:<\/p>\n<table style=\"border-collapse: collapse; width: 100%;\">\n<tbody>\n<tr>\n<td style=\"width: 60%; text-align: left;\"><span style=\"color: #d71920;\"><em>Motorov\u00fd voze\u0148 T\u00falav\u00e1 (M 286.018)<\/em><\/span><\/td>\n<td style=\"width: 20%; text-align: center;\"><strong>Pr\u00edchod<\/strong><\/td>\n<td style=\"width: 20%; text-align: center;\"><strong>Odchod<\/strong><\/td>\n<\/tr>\n<tr>\n<td style=\"width: 60%; text-align: left;\">\u017delezni\u010dn\u00e9 m\u00fazeum<\/td>\n<td style=\"width: 20%; text-align: center;\"><\/td>\n<td style=\"width: 20%; text-align: center;\">13:45<\/td>\n<\/tr>\n<tr>\n<td style=\"width: 60%; text-align: left;\">Bratislava hlavn\u00e1 stanica<\/td>\n<td style=\"width: 20%; text-align: center;\">14:10<\/td>\n<td style=\"width: 20%; text-align: center;\">14:45<\/td>\n<\/tr>\n<tr>\n<td style=\"width: 60%; text-align: left;\">\u017delezni\u010dn\u00e9 m\u00fazeum<\/td>\n<td style=\"width: 20%; text-align: center;\">15:05<\/td>\n<td style=\"width: 20%; text-align: center;\"><\/td>\n<\/tr>\n<\/tbody>\n<\/table>\n<p>Na z\u00e1ver d\u0148a odvezie motorov\u00fd voze\u0148 M 286.018 T\u00falav\u00e1 z\u00e1ujemcov z radov n\u00e1v\u0161tevn\u00edkov na trati zo \u017delezni\u010dn\u00e9ho m\u00fazea Bratislava-v\u00fdchod na bratislavsk\u00fa hlavn\u00fa stanicu a do Bratislavy-Petr\u017ealky pod\u013ea nasleduj\u00faceho cestovn\u00e9ho poriadku:<\/p>\n<table style=\"border-collapse: collapse; width: 100%;\">\n<tbody>\n<tr>\n<td style=\"width: 60%; text-align: left;\"><span style=\"color: #d71920;\"><em>Motorov\u00fd voze\u0148 T\u00falav\u00e1 (M 286.018)<\/em><\/span><\/td>\n<td style=\"width: 20%; text-align: center;\"><strong>Pr\u00edchod<\/strong><\/td>\n<td style=\"width: 20%; text-align: center;\"><strong>Odchod<\/strong><\/td>\n<\/tr>\n<tr>\n<td style=\"width: 60%; text-align: left;\">\u017delezni\u010dn\u00e9 m\u00fazeum<\/td>\n<td style=\"width: 20%; text-align: center;\"><\/td>\n<td style=\"width: 20%; text-align: center;\">16:45<\/td>\n<\/tr>\n<tr>\n<td style=\"width: 60%; text-align: left;\">Bratislava hlavn\u00e1 stanica<\/td>\n<td style=\"width: 20%; text-align: center;\">16:55<\/td>\n<td style=\"width: 20%; text-align: center;\">17:10<\/td>\n<\/tr>\n<tr>\n<td style=\"width: 60%; text-align: left;\">Bratislava-Petr\u017ealka<\/td>\n<td style=\"width: 20%; text-align: center;\">17:35<\/td>\n<td style=\"width: 20%; text-align: center;\"><\/td>\n<\/tr>\n<\/tbody>\n<\/table>\n<p>Dopravu na Rendez bezplatne zabezpe\u010dia aj <a href=\"https:\/\/www.visitbratislava.com\/sk\/podujatia\/nostalgicke-jazdy-pocas-bratislavskych-mestskych-dni\/\" target=\"_blank\" rel=\"noopener\"><strong>historick\u00e9 autobusy<\/strong><\/a> linky R prem\u00e1vaj\u00face od 10:00 do 16:45, resp. od od 10:23 do 17:08 v 15-min\u00fatovom intervale po trase N\u00e1mestie Andrea Hlinku \u2013 Detvianska \u2013 Pri \u0160ajb\u00e1ch \u2013 Ru\u0161\u0148ov\u00e9 depo I.<\/p>\n<p><img loading=\"lazy\" width=\"2482\" height=\"2185\" class=\"alignnone size-full wp-image-135634\" src=\"https:\/\/www.visitbratislava.com\/wp-content\/uploads\/2022\/04\/BMD-APR22-Linka-R.png\" alt=\"\" srcset=\"https:\/\/www.visitbratislava.com\/wp-content\/uploads\/2022\/04\/BMD-APR22-Linka-R.png 2482w, https:\/\/www.visitbratislava.com\/wp-content\/uploads\/2022\/04\/BMD-APR22-Linka-R-400x352.png 400w, https:\/\/www.visitbratislava.com\/wp-content\/uploads\/2022\/04\/BMD-APR22-Linka-R-800x704.png 800w, https:\/\/www.visitbratislava.com\/wp-content\/uploads\/2022\/04\/BMD-APR22-Linka-R-768x676.png 768w, https:\/\/www.visitbratislava.com\/wp-content\/uploads\/2022\/04\/BMD-APR22-Linka-R-1536x1352.png 1536w, https:\/\/www.visitbratislava.com\/wp-content\/uploads\/2022\/04\/BMD-APR22-Linka-R-2048x1803.png 2048w, https:\/\/www.visitbratislava.com\/wp-content\/uploads\/2022\/04\/BMD-APR22-Linka-R-200x176.png 200w\" sizes=\"(max-width: 2482px) 100vw, 2482px\" \/><\/p>\n<p>Preto ak patr\u00edte medzi milovn\u00edkov \u017eelezni\u010dnej nostalgie, ur\u010dite sa 23. apr\u00edla vyberte za vl\u00e1\u010dikmi na Rendez.<\/p>\n<p><img loading=\"lazy\" width=\"1200\" height=\"1698\" class=\"alignnone size-full wp-image-135568\" src=\"https:\/\/www.visitbratislava.com\/wp-content\/uploads\/2022\/04\/Prvy-parny-den-2022-Poster.jpg\" alt=\"\" srcset=\"https:\/\/www.visitbratislava.com\/wp-content\/uploads\/2022\/04\/Prvy-parny-den-2022-Poster.jpg 1200w, https:\/\/www.visitbratislava.com\/wp-content\/uploads\/2022\/04\/Prvy-parny-den-2022-Poster-283x400.jpg 283w, https:\/\/www.visitbratislava.com\/wp-content\/uploads\/2022\/04\/Prvy-parny-den-2022-Poster-565x800.jpg 565w, https:\/\/www.visitbratislava.com\/wp-content\/uploads\/2022\/04\/Prvy-parny-den-2022-Poster-768x1087.jpg 768w, https:\/\/www.visitbratislava.com\/wp-content\/uploads\/2022\/04\/Prvy-parny-den-2022-Poster-1086x1536.jpg 1086w, https:\/\/www.visitbratislava.com\/wp-content\/uploads\/2022\/04\/Prvy-parny-den-2022-Poster-141x200.jpg 141w\" sizes=\"(max-width: 1200px) 100vw, 1200px\" \/><\/p>\n<p><strong>Cenn\u00edk vstupn\u00e9ho, cestovn\u00e9ho a atrakci\u00ed:<\/strong><\/p>\n<ul>\n<li>vstup do \u017delezni\u010dn\u00e9ho m\u00fazea po\u010das podujatia bezplatn\u00fd<\/li>\n<li>jazda parn\u00fdm vlakom doobeda z Lama\u010da a hlavnej stanice 4,00 \u20ac\/osoba (deti do 6 rokov zdarma, ale len v sprievode dospelej osoby)<\/li>\n<li>jednosmern\u00e1 jazda ktor\u00fdmko\u013evek motorov\u00fdm vlakom 2,00 \u20ac\/osoba (deti do 6 rokov zdarma, ale len v sprievode dospelej osoby)<\/li>\n<li>jazda v\u00fdletn\u00fdm parn\u00fdm vlakom do Zohora 6,00 \u20ac\/osoba (deti do 6 rokov zdarma, ale len v sprievode dospelej osoby)<\/li>\n<li>jazda na stanovi\u0161ti ru\u0161\u0148a 2,00 \u20ac\/osoba<\/li>\n<li>jazda na drezine\/motorovom voz\u00edku 1,00 \u20ac\/osoba (deti do 6 rokov zdarma, ale len v sprievode dospelej osoby)<\/li>\n<\/ul>\n<p><em>Deti do 6 rokov neplatia v mimoriadnych vlakoch cestovn\u00e9, musia v\u0161ak by\u0165 v sprievode dospelej osoby a po\u010das jazdy bud\u00fa sedie\u0165 len na kolen\u00e1ch tejto osoby. Na cestovn\u00e9 sa nevz\u0165ahuj\u00fa \u017eiadne z\u013eavy, cestovn\u00e9 v\u00fdhody alebo zamestnaneck\u00e9 preukazy. Cestuj\u00faci s\u00fa pri jazde ktor\u00fdmko\u013evek vlakom povinn\u00ed dodr\u017eiava\u0165 ustanovenia Prepravn\u00e9ho poriadku pre dopravu os\u00f4b nostalgick\u00fdmi vlakmi \u017dSR. Cestuj\u00faci v mimoriadnych vlakoch s\u00fa povinn\u00ed kedyko\u013evek na po\u017eiadanie person\u00e1lu organiz\u00e1tora predlo\u017ei\u0165 na kontrolu platn\u00fd cestovn\u00fd l\u00edstok alebo miestenku. Vo vlakoch je potrebn\u00e9 dodr\u017eiava\u0165 v\u0161etky platn\u00e9 protipandemick\u00e9 opatrenia a v tomto oh\u013eade je potrebn\u00e9 re\u0161pektova\u0165 a podrobi\u0165 sa v\u0161etk\u00fdm pokynom organiz\u00e1tora a sprev\u00e1dzaj\u00faceho person\u00e1lu.<\/em><\/p>\n<p>&nbsp;<\/p>\n","protected":false},"excerpt":{"rendered":"<p>Pr\u00ed\u010fte na Rendez pre\u017ei\u0165 jarn\u00fa apr\u00edlov\u00fa sobotu so \u017eelezni\u010dnou nostalgiou<\/p>\n","protected":false},"featured_media":79206,"template":"","acf":[],"event_date":{"start_date":1650672000,"end_date":1650672000},"_links":{"self":[{"href":"https:\/\/www.visitbratislava.com\/sk\/wp-json\/wp\/v2\/event\/135567"}],"collection":[{"href":"https:\/\/www.visitbratislava.com\/sk\/wp-json\/wp\/v2\/event"}],"about":[{"href":"https:\/\/www.visitbratislava.com\/sk\/wp-json\/wp\/v2\/types\/event"}],"version-history":[{"count":7,"href":"https:\/\/www.visitbratislava.com\/sk\/wp-json\/wp\/v2\/event\/135567\/revisions"}],"predecessor-version":[{"id":135707,"href":"https:\/\/www.visitbratislava.com\/sk\/wp-json\/wp\/v2\/event\/135567\/revisions\/135707"}],"wp:featuredmedia":[{"embeddable":true,"href":"https:\/\/www.visitbratislava.com\/sk\/wp-json\/wp\/v2\/media\/79206"}],"wp:attachment":[{"href":"https:\/\/www.visitbratislava.com\/sk\/wp-json\/wp\/v2\/media?parent=135567"}],"curies":[{"name":"wp","href":"https:\/\/api.w.org\/{rel}","templated":true}]}}