{"id":138970,"date":"2022-05-24T00:09:18","date_gmt":"2022-05-23T22:09:18","guid":{"rendered":"https:\/\/www.visitbratislava.com\/?post_type=event&#038;p=138970"},"modified":"2022-08-06T15:10:12","modified_gmt":"2022-08-06T13:10:12","slug":"dracie-dni-na-cervenom-kameni","status":"publish","type":"event","link":"https:\/\/www.visitbratislava.com\/sk\/podujatia\/dracie-dni-na-cervenom-kameni\/","title":{"rendered":"Dra\u010die dni na \u010cervenom Kameni"},"content":{"rendered":"<p>Ve\u013ek\u00fd hrad v Mal\u00fdch Karpatoch sa cez v\u00edkend 2. a 3. j\u00fala stane dejiskom boja o dr\u00e1\u010dika Arno\u0161ta i cel\u00e9 kr\u00e1\u013eovstvo. Vyhr\u00e1 zl\u00fd Zloboj, alebo princ Markus? Vyberte sa do sveta drakov, v\u00edl a odv\u00e1\u017enych rytierov, v ktorom o\u017eij\u00fa tie najkraj\u0161ie legendy. Vst\u00fapte teda do rozpr\u00e1vky&#8230;<\/p>\n<p>Udatn\u00fd princ potrebuje va\u0161u pomoc. Pr\u00ed\u010fte zachr\u00e1ni\u0165 mal\u00e9ho Arno\u0161ta, ktor\u00e9ho unesie zloduch Zloboj. M\u00f4\u017eete sa te\u0161i\u0165 aj na b\u00e1bkov\u00e9 divadlo, v\u00fdcvik \u0161ermu pre deti, detsk\u00fa \u0161kolu tanca a tie\u017e na dobov\u00e9 atrakcie, napr\u00edklad stre\u013ebu z luku a ku\u0161e.<\/p>\n<div class=\"grid-container\"><div class=\"grid-container__item\"><div class=\"block\"><a href=\"https:\/\/www.visitbratislava.com\/wp-content\/uploads\/2022\/05\/Dracie-dni-001-800x533.jpg\" data-fancybox=\"gallery\" data-caption=\"\"><div class=\"background\"><img src=\"https:\/\/www.visitbratislava.com\/wp-content\/uploads\/2022\/05\/Dracie-dni-001-800x533.jpg\" alt=\"foto\"\/><\/div><div class=\"overlay filter-blue\"><div class=\"content\"><span class=\"zoom-button\"><\/span><\/div><\/div><\/a><\/div><\/div><div class=\"grid-container__item\"><div class=\"block\"><a href=\"https:\/\/www.visitbratislava.com\/wp-content\/uploads\/2022\/05\/Dracie-dni-002-800x533.jpg\" data-fancybox=\"gallery\" data-caption=\"\"><div class=\"background\" style=\"background-image: url(https:\/\/www.visitbratislava.com\/wp-content\/uploads\/2022\/05\/Dracie-dni-002-800x533.jpg)\"><\/div><div class=\"overlay filter-green\"><div class=\"content\"><span class=\"zoom-button\"><\/span><\/div><\/div><\/a><\/div><\/div><div class=\"grid-container__item more\"><\/div><\/div>\n<p>Mocn\u00fd hrad \u010cerven\u00fd Kame\u0148 sa ocitne v ohrozen\u00ed v\u010faka pref\u00edkan\u00e9mu Zlobojovi. Hne\u010f na za\u010diatku letn\u00fdch pr\u00e1zdnin v\u00e1s \u010dakaj\u00fa jedine\u010dn\u00e9 dva Dra\u010die dni na z\u00e1mku. Spolu pod veden\u00edm dobr\u00e9ho princa Marka Igondu pre\u017eijete nap\u00ednav\u00fd pr\u00edbeh h\u013eadania a z\u00e1chrany mal\u00e9ho draka Arno\u0161ta. Pestr\u00e1 paleta stredovek\u00fdch v\u00f4n\u00ed, chut\u00ed, st\u00e1nkov a sprievodn\u00fdch \u010dinnost\u00ed bude po\u010das pr\u00edjemn\u00e9ho j\u00falov\u00e9ho v\u00edkendu zab\u00e1va\u0165 mal\u00fdch aj ve\u013ek\u00fdch.<\/p>\n<p>Rozpr\u00e1vkov\u00fd festival pre cel\u00fa rodinu precestuje kus Slovenska a tento rok op\u00e4\u0165 prin\u00e1\u0161a origin\u00e1lnu dra\u010diu rozpr\u00e1vku s hereck\u00fdm obsaden\u00edm. T\u00e1 v\u0161ak nebude len na pozeranie. Aby v nej zv\u00ed\u0165azilo dobro, treba sa do nej zapoji\u0165. Sta\u0148te sa aj sami s\u00fa\u010das\u0165ou pr\u00edbehu a pr\u00ed\u010fte na pomoc rozpr\u00e1vkov\u00fdm hrdinom. Zachr\u00e1\u0148te spolo\u010dne mal\u00e9ho dr\u00e1\u010dika Arno\u0161ta pred intrigami zloducha Zloboja.<\/p>\n<div class=\"grid-container\"><div class=\"grid-container__item\"><div class=\"block\"><a href=\"https:\/\/www.visitbratislava.com\/wp-content\/uploads\/2022\/05\/Dracie-dni-003-800x533.jpg\" data-fancybox=\"gallery\" data-caption=\"\"><div class=\"background\"><img src=\"https:\/\/www.visitbratislava.com\/wp-content\/uploads\/2022\/05\/Dracie-dni-003-800x533.jpg\" alt=\"foto\"\/><\/div><div class=\"overlay filter-blue\"><div class=\"content\"><span class=\"zoom-button\"><\/span><\/div><\/div><\/a><\/div><\/div><div class=\"grid-container__item\"><div class=\"block\"><a href=\"https:\/\/www.visitbratislava.com\/wp-content\/uploads\/2022\/05\/Dracie-dni-004-800x533.jpg\" data-fancybox=\"gallery\" data-caption=\"\"><div class=\"background\" style=\"background-image: url(https:\/\/www.visitbratislava.com\/wp-content\/uploads\/2022\/05\/Dracie-dni-004-800x533.jpg)\"><\/div><div class=\"overlay filter-green\"><div class=\"content\"><span class=\"zoom-button\"><\/span><\/div><\/div><\/a><\/div><\/div><div class=\"grid-container__item more\"><\/div><\/div>\n<p>Po\u010das letn\u00fdch pr\u00e1zdnin nav\u0161t\u00edvi ob\u013e\u00faben\u00fd festival p\u00e4\u0165 \u010darovn\u00fdch hradov a z\u00e1mkov. Jeho prvou zast\u00e1vkou bude pr\u00e1ve \u010darovn\u00fd hrad \u010cerven\u00fd Kame\u0148. Urobte si rodinn\u00fd v\u00fdlet a za\u017eite atmosf\u00e9ru zn\u00e1mej slovenskej pamiatky tak, ako ju e\u0161te nepozn\u00e1te. Dra\u010diu rozpr\u00e1vku bude sprev\u00e1dza\u0165 pestr\u00e1 ponuka z\u00e1bavy a \u010dinnost\u00ed Hradn\u00fdch hier i st\u00e1nky remeseln\u00edkov Hradn\u00e9ho jarmoku. A ch\u00fdba\u0165 nesmie ani nie\u010do chutn\u00e9 na zakusnutie.<\/p>\n<p>Kr\u00e1\u013eovsk\u00fa sl\u00e1vnos\u0165 zah\u00e1ji dvojica hradn\u00fdch \u0161a\u0161ov. Vedia \u017eonglova\u0165, na chod\u00fa\u013eoch pochodova\u0165 aj z\u00e1bavn\u00fdmi pr\u00edbehmi \u00fasmevy vy\u010darova\u0165. Medzi dra\u010d\u00edmi rozpr\u00e1vkami na v\u00e1s potom \u010dak\u00e1 predstavenie \u201eAko \u0161a\u0161o princezn\u00fa zachr\u00e1nil\u201c v podan\u00ed divadla Z\u00e1BaVKa. Len pozera\u0165 v\u0161ak nesta\u010d\u00ed, a preto bude k nemu rovno aj tane\u010dn\u00e1 \u0161kola. O \u010fal\u0161iu porciu z\u00e1bavy sa postaraj\u00fa rytieri ob\u010dianskeho zdru\u017eenia Schatmansdorf. Ke\u010f pr\u00e1ve nebud\u00fa br\u00e1ni\u0165 princa Marka, zabezpe\u010dia lukostre\u013ebu, ma\u013eovanie na tv\u00e1r, no predov\u0161etk\u00fdm v\u00fdcvik mal\u00fdch rytierov. Nie nadarmo, bude ich toti\u017e treba v rozpr\u00e1vke. Aby mohlo dobro zv\u00ed\u0165azi\u0165 nad zlom, bud\u00fa rozpr\u00e1vkov\u00ed hrdinovia potrebova\u0165 pomoc v\u0161etk\u00fdch det\u00ed.<\/p>\n<div class=\"grid-container\"><div class=\"grid-container__item\"><div class=\"block\"><a href=\"https:\/\/www.visitbratislava.com\/wp-content\/uploads\/2022\/05\/Dracie-dni-007-800x533.jpg\" data-fancybox=\"gallery\" data-caption=\"\"><div class=\"background\"><img src=\"https:\/\/www.visitbratislava.com\/wp-content\/uploads\/2022\/05\/Dracie-dni-007-800x533.jpg\" alt=\"foto\"\/><\/div><div class=\"overlay filter-blue\"><div class=\"content\"><span class=\"zoom-button\"><\/span><\/div><\/div><\/a><\/div><\/div><div class=\"grid-container__item\"><div class=\"block\"><a href=\"https:\/\/www.visitbratislava.com\/wp-content\/uploads\/2022\/05\/Dracie-dni-008-800x533.jpg\" data-fancybox=\"gallery\" data-caption=\"\"><div class=\"background\" style=\"background-image: url(https:\/\/www.visitbratislava.com\/wp-content\/uploads\/2022\/05\/Dracie-dni-008-800x533.jpg)\"><\/div><div class=\"overlay filter-green\"><div class=\"content\"><span class=\"zoom-button\"><\/span><\/div><\/div><\/a><\/div><\/div><div class=\"grid-container__item more\"><\/div><\/div>\n<p>Po\u010das cel\u00e9ho d\u0148a sa m\u00f4\u017eete te\u0161i\u0165 aj na bohat\u00fa ponuku hier a aktiv\u00edt, ktor\u00e9 pre V\u00e1s pripravilo ob\u010dianske zdru\u017eenie POP Akad\u00e9mia. Pripravili si napr\u00edklad tunel odvahy, maxi \u010dlove\u010de nehnevaj sa, maxi dra\u010die pexeso, bublinov\u00fd d\u00e1\u017e\u010f \u010di najv\u00e4\u010d\u0161ie ply\u0161ov\u00e9 srdce na svete. Priestor fant\u00e1zii m\u00f4\u017eete prenecha\u0165 v kreat\u00edvnej dielni\u010dke s dra\u010dou tematikou. Dobr\u00e1 sl\u00e1vnos\u0165 sa v\u0161ak napokon nezaob\u00edde bez hudby, programom preto bude sprev\u00e1dza\u0165 renesan\u010dn\u00e1 folkov\u00e1 skupina Gailard.<\/p>\n<p>S\u00fa\u010das\u0165ou Dra\u010d\u00edch dn\u00ed je u\u017e tradi\u010dne hradn\u00fd jarmok, kde svoje v\u00fdrobky predved\u00fa slovensk\u00ed remeseln\u00edci a v\u00fdrobcovia ru\u010dne vyr\u00e1ban\u00fdch predmetov. Tento rok v\u00e1s \u010dak\u00e1 zauj\u00edmav\u00e1 ponuka hra\u010diek \u2013 dreven\u00fdch, pleten\u00fdch aj handrov\u00fdch, no ch\u00fdba\u0165 nebud\u00fa ani c\u00ednov\u00ed rytieri. Tradi\u010dn\u00e9 slovensk\u00e9 remesl\u00e1 predved\u00fa kov\u00e1\u010d, remen\u00e1r, ovocin\u00e1r a keramik\u00e1rka. Z ponuky ru\u010dn\u00fdch v\u00fdrobkov sa m\u00f4\u017eete te\u0161i\u0165 na \u0161perky z miner\u00e1lnych kame\u0148ov, kvetov\u00e9 \u010delenky \u010di textiln\u00e9 doplnky.<\/p>\n<div class=\"grid-container\"><div class=\"grid-container__item\"><div class=\"block\"><a href=\"https:\/\/www.visitbratislava.com\/wp-content\/uploads\/2022\/05\/Dracie-dni-006-800x533.jpg\" data-fancybox=\"gallery\" data-caption=\"\"><div class=\"background\"><img src=\"https:\/\/www.visitbratislava.com\/wp-content\/uploads\/2022\/05\/Dracie-dni-006-800x533.jpg\" alt=\"foto\"\/><\/div><div class=\"overlay filter-blue\"><div class=\"content\"><span class=\"zoom-button\"><\/span><\/div><\/div><\/a><\/div><\/div><div class=\"grid-container__item\"><div class=\"block\"><a href=\"https:\/\/www.visitbratislava.com\/wp-content\/uploads\/2022\/05\/Dracie-dni-005-800x533.jpg\" data-fancybox=\"gallery\" data-caption=\"\"><div class=\"background\" style=\"background-image: url(https:\/\/www.visitbratislava.com\/wp-content\/uploads\/2022\/05\/Dracie-dni-005-800x533.jpg)\"><\/div><div class=\"overlay filter-green\"><div class=\"content\"><span class=\"zoom-button\"><\/span><\/div><\/div><\/a><\/div><\/div><div class=\"grid-container__item more\"><\/div><\/div>\n<p>Ako sa na letn\u00fd festival patr\u00ed, v\u0161etko bud\u00fa sprev\u00e1dza\u0165 v\u00f4ne chutn\u00fdch jed\u00e1l a osvie\u017euj\u00face n\u00e1poje. Tento rok bude pre mal\u00fdch aj ve\u013ek\u00fdch hlado\u0161ov na v\u00fdber z pestrej ponuky hlavn\u00fdch chodov, vr\u00e1tane vegetari\u00e1nskych. Na svoje si pr\u00eddu aj ma\u0161krtn\u00edci. Na v\u00fdber bud\u00fa palacinky, prav\u00e1 zmrzlina, vala\u0161sk\u00e9 frg\u00e1ly a tradi\u010dn\u00e9 k\u00fape\u013en\u00e9 obl\u00e1tky. Ch\u00fdba\u0165 nebud\u00fa ani kvalitn\u00e1 k\u00e1va \u010di pr\u00edrodn\u00e9 ovocn\u00e9 \u0161\u0165avy. Ak uprednost\u0148ujete osved\u010den\u00fa n\u00e1pojov\u00fa klasiku, \u010dak\u00e1 v\u00e1s aj samostatn\u00fd n\u00e1pojov\u00fd st\u00e1nok.<\/p>\n<p>Ke\u010f\u017ee dr\u00e1\u010dika nikdy nie je dos\u0165, nachystan\u00fd bude aj fotok\u00fatik s vernou maketou Arno\u0161ta v \u017eivotnej ve\u013ekosti. A preto\u017ee ani mal\u00ed rytieri sa nezaob\u00eddu bez vlastnej zbroje, u\u017e tradi\u010dne na Dra\u010d\u00edch d\u0148och n\u00e1jdete aj ponuku ru\u010dne vyr\u00e1ban\u00fdch hra\u010dk\u00e1rskych me\u010dov a \u0161t\u00edtov. Po\u010das tejto sez\u00f3ny v\u00e1s v\u0161ak \u010dak\u00e1 \u0161peci\u00e1lna ed\u00edcia s erbom dra\u010dieho kr\u00e1\u013eovstva.<\/p>\n<p>Spestrite si leto, pr\u00ed\u010fte sa pozrie\u0165 na \u010cerven\u00fd Kame\u0148 a za\u017eite spolu so svojimi ratoles\u0165ami to prav\u00e9 <a href=\"https:\/\/www.visitbratislava.com\/sk\/novinky\/spat-do-rytierskych-cias\/\" target=\"_blank\" rel=\"noopener\"><strong>rozpr\u00e1vkov\u00e9 dobrodru\u017estvo<\/strong><\/a>.<\/p>\n<p><strong>PROGRAM<\/strong><br \/>\n10:00 &#8211; otv\u00e1ranie br\u00e1n<br \/>\n10:30 &#8211; prv\u00e9 dejstvo rozpr\u00e1vky Zachr\u00e1\u0148me Arno\u0161ta<br \/>\n11:00 &#8211; v\u00fdcvik mal\u00fdch rytierov<br \/>\n11:30 &#8211; druh\u00e9 dejstvo rozpr\u00e1vky Zachr\u00e1\u0148me Arno\u0161ta<br \/>\n12:00 &#8211; fotografovanie s hercami a dr\u00e1\u010dikom<br \/>\n12:30 &#8211; Hradn\u00e9 hry<br \/>\n13:30 &#8211; predstavenie Ako \u0161a\u0161o princezn\u00fa zachr\u00e1nil<br \/>\n14:30 &#8211; Hradn\u00e9 hry<br \/>\n15:00 &#8211; uv\u00edtacia sl\u00e1vnos\u0165<br \/>\n15:30 &#8211; prv\u00e9 dejstvo rozpr\u00e1vky Zachr\u00e1\u0148me Arno\u0161ta<br \/>\n16:00 &#8211; v\u00fdcvik mal\u00fdch rytierov<br \/>\n16:30 &#8211; druh\u00e9 dejstvo rozpr\u00e1vky Zachr\u00e1\u0148me Arno\u0161ta<br \/>\n17:00 &#8211; fotografovanie s hercami a dr\u00e1\u010dikom<br \/>\n17:30 &#8211; Hradn\u00e9 hry<br \/>\n19:00 &#8211; zatvorenie br\u00e1n<\/p>\n<p>Podujatie na Facebooku otvor\u00edte po kliknut\u00ed na obr\u00e1zok:<\/p>\n<p><a href=\"https:\/\/www.facebook.com\/events\/525256309126284\" target=\"_blank\" rel=\"noopener\"><img loading=\"lazy\" class=\"aligncenter wp-image-139025 size-full\" src=\"https:\/\/www.visitbratislava.com\/wp-content\/uploads\/2022\/05\/Dracie-dni-000.jpg\" alt=\"\" width=\"2000\" height=\"1333\" srcset=\"https:\/\/www.visitbratislava.com\/wp-content\/uploads\/2022\/05\/Dracie-dni-000.jpg 2000w, https:\/\/www.visitbratislava.com\/wp-content\/uploads\/2022\/05\/Dracie-dni-000-400x267.jpg 400w, https:\/\/www.visitbratislava.com\/wp-content\/uploads\/2022\/05\/Dracie-dni-000-800x533.jpg 800w, https:\/\/www.visitbratislava.com\/wp-content\/uploads\/2022\/05\/Dracie-dni-000-768x512.jpg 768w, https:\/\/www.visitbratislava.com\/wp-content\/uploads\/2022\/05\/Dracie-dni-000-1536x1024.jpg 1536w, https:\/\/www.visitbratislava.com\/wp-content\/uploads\/2022\/05\/Dracie-dni-000-200x133.jpg 200w\" sizes=\"(max-width: 2000px) 100vw, 2000px\" \/><\/a><\/p>\n<p>Vstupenky si m\u00f4\u017eete k\u00fapi\u0165 po kliknut\u00ed na obr\u00e1zok:<\/p>\n<p><a href=\"https:\/\/www.draciedni.sk\/#vstupenky\" target=\"_blank\" rel=\"noopener\"><img loading=\"lazy\" class=\"aligncenter wp-image-139031 size-full\" src=\"https:\/\/www.visitbratislava.com\/wp-content\/uploads\/2022\/05\/Dracie-dni-2022-Banner.jpg\" alt=\"\" width=\"1200\" height=\"628\" srcset=\"https:\/\/www.visitbratislava.com\/wp-content\/uploads\/2022\/05\/Dracie-dni-2022-Banner.jpg 1200w, https:\/\/www.visitbratislava.com\/wp-content\/uploads\/2022\/05\/Dracie-dni-2022-Banner-400x209.jpg 400w, https:\/\/www.visitbratislava.com\/wp-content\/uploads\/2022\/05\/Dracie-dni-2022-Banner-800x419.jpg 800w, https:\/\/www.visitbratislava.com\/wp-content\/uploads\/2022\/05\/Dracie-dni-2022-Banner-768x402.jpg 768w, https:\/\/www.visitbratislava.com\/wp-content\/uploads\/2022\/05\/Dracie-dni-2022-Banner-200x105.jpg 200w\" sizes=\"(max-width: 1200px) 100vw, 1200px\" \/><\/a><\/p>\n","protected":false},"excerpt":{"rendered":"<p>Na \u010cerven\u00fd Kame\u0148 prilet\u00ed v lete drak! Kto never\u00ed, nech tam be\u017e\u00ed<\/p>\n","protected":false},"featured_media":138971,"template":"","acf":[],"event_date":{"start_date":1656720000,"end_date":1656806400},"_links":{"self":[{"href":"https:\/\/www.visitbratislava.com\/sk\/wp-json\/wp\/v2\/event\/138970"}],"collection":[{"href":"https:\/\/www.visitbratislava.com\/sk\/wp-json\/wp\/v2\/event"}],"about":[{"href":"https:\/\/www.visitbratislava.com\/sk\/wp-json\/wp\/v2\/types\/event"}],"version-history":[{"count":3,"href":"https:\/\/www.visitbratislava.com\/sk\/wp-json\/wp\/v2\/event\/138970\/revisions"}],"predecessor-version":[{"id":139280,"href":"https:\/\/www.visitbratislava.com\/sk\/wp-json\/wp\/v2\/event\/138970\/revisions\/139280"}],"wp:featuredmedia":[{"embeddable":true,"href":"https:\/\/www.visitbratislava.com\/sk\/wp-json\/wp\/v2\/media\/138971"}],"wp:attachment":[{"href":"https:\/\/www.visitbratislava.com\/sk\/wp-json\/wp\/v2\/media?parent=138970"}],"curies":[{"name":"wp","href":"https:\/\/api.w.org\/{rel}","templated":true}]}}