{"id":142159,"date":"2022-07-06T13:48:28","date_gmt":"2022-07-06T11:48:28","guid":{"rendered":"https:\/\/www.visitbratislava.com\/?post_type=event&#038;p=142159"},"modified":"2024-10-08T10:07:16","modified_gmt":"2024-10-08T08:07:16","slug":"rimska-lod-v-bratislave","status":"publish","type":"event","link":"https:\/\/www.visitbratislava.com\/sk\/podujatia\/rimska-lod-v-bratislave\/","title":{"rendered":"R\u00edmska veslica v Bratislave"},"content":{"rendered":"<p>Neskoroantick\u00fa lo\u010f typu Lusoria, pokrsten\u00fa ako Danuvina Alacris postavila Univerzita Friedricha Alexandra v Erlangen-Norimbergu pod veden\u00edm profesora Borisa Dreyera v obdob\u00ed od j\u00fala 2020 do j\u00fala 2022 pomocou r\u00edmskych remeseln\u00fdch met\u00f3d. Ako predloha pri stavbe veslice sl\u00fa\u017eili stavite\u013eom dva vraky objaven\u00e9 pri stavbe hotela Hilton v Mainzi.<\/p>\n<p>Stavba repliky lode bola s\u00fa\u010das\u0165ou projektu E\u00da Interreg DTP \u201eLiving Danube Limes\u201c, ktor\u00fd spojil 19 medzin\u00e1rodn\u00fdch partnerov pozd\u013a\u017e Dunaja. Od j\u00fala do okt\u00f3bra 2022 sa r\u00edmska veslica Danuvina Alacris prv\u00fdkr\u00e1t plavila po Dunaji &#8211; hranici R\u00edmskej r\u00ed\u0161e. Nav\u0161t\u00edvila krajiny prepojen\u00e9 spolo\u010dnou r\u00edmskou hist\u00f3riou regi\u00f3nu, medzi nimi aj Slovensko, kde sa zdr\u017eala \u0161tyri dni. Tentokr\u00e1t ostane dlh\u0161ie, do konca j\u00fana bud\u00faceho roka.<\/p>\n<p><strong>Jedine\u010dn\u00fd z\u00e1\u017eitok na Dev\u00edne<\/strong><\/p>\n<p>E\u0161te koncom septembra sa <strong>Danuvina Alacris<\/strong> nach\u00e1dzala v rak\u00faskom Tullne. <strong>V Bratislave ju priv\u00edtame na s\u00fatoku riek Dunaj a Morava pri Br\u00e1ne Slobody.<\/strong> <strong>Na Dev\u00edne\u00a0 si po\u010das nede\u013en\u00e9ho popoludnia m\u00f4\u017eu n\u00e1v\u0161tevn\u00edci obzrie\u0165 veslicu na vlastn\u00e9 o\u010di.<\/strong><\/p>\n<p>Zvedavci sa dozvedia zauj\u00edmavosti o stavbe lode priamo od autora profesora Borisa Dreyera. Dobrodru\u017en\u00e9 povahy si m\u00f4\u017eu s\u00a0r\u00edmskou pos\u00e1dkou aj zaveslova\u0165. P\u00f4jde o\u00a0kr\u00e1tke plavby, po\u010das ktor\u00fdch si <strong>n\u00e1v\u0161tevn\u00edci m\u00f4\u017eu vysk\u00fa\u0161a\u0165, ako Rimania hliadkovali na hraniciach<\/strong>. Na veslovanie je nutn\u00e9 vopred sa <a href=\"https:\/\/forms.gle\/Rzkz8yky2rheaZ1Z9\">zaregistrova\u0165 prostredn\u00edctvom formul\u00e1ra<\/a> webe Mestsk\u00e9ho \u00fastavu ochrany pamiatok v Bratislave.<\/p>\n<p>\u201c<em>Verejnos\u0165 m\u00f4\u017ee pripl\u00e1vanie lode sledova\u0165 z hradu Dev\u00edn. Pr\u00e1ve pre neopakovate\u013en\u00fa perspekt\u00edvu sme sa rozhodli pripravi\u0165 zast\u00e1vku lode na Dev\u00edne. Veslica zakotv\u00ed na rieke Morave aj kv\u00f4li bezpe\u010dnosti, aby si \u013eudia mohli pozrie\u0165 lo\u010f z bl\u00edzka a samozrejme, aby si mohli vysk\u00fa\u0161a\u0165 plavbu<\/em>,\u201d opisuje archeologi\u010dka Mestsk\u00e9ho \u00fastavu ochrany pamiatok Margar\u00e9ta Musilov\u00e1.<\/p>\n<p><strong>Na Dev\u00edne \u010dak\u00e1 n\u00e1v\u0161tevn\u00edkov p\u00fatav\u00fd popolud\u0148aj\u0161\u00ed program, ktor\u00fd pripravuje M\u00daOP v spolupr\u00e1ci s BKIS a M\u00fazeom mesta Bratislavy &#8211; vesel\u00fd workshop pre rodiny s de\u0165mi a archeologick\u00fd v\u00fdklad spojen\u00fd s prezent\u00e1ciou zbierkov\u00fdch predmetov MMB. Historick\u00e1 skupina\u00a0 S.C.E.A.R. predvedie uk\u00e1\u017eky r\u00edmskeho s\u00faboja. Pre filatelistov sme pripravili kore\u0161ponden\u010dn\u00e9 l\u00edstky s vyobrazen\u00edm lode a odtla\u010dkom pr\u00edle\u017eitostnej pe\u010diatky \u201c<em>R\u00edmska veslica Danuvina Alacris na Slovensku<\/em>\u201d.\u00a0<\/strong><\/p>\n<p><strong>Program:<\/strong><\/p>\n<div class=\"page\" title=\"Page 2\">\n<div class=\"section\">\n<div class=\"layoutArea\">\n<div class=\"column\">\n<p><strong>12.30 &#8211; 13.15<\/strong> Sledovanie plavby Danuviny Alacris z hradu Devi\u0301n, privi\u0301tanie c\u030clenov posa\u0301dky a hosti\u0301 pod hradom pri Bra\u0301ne slobody. C\u030cas pripla\u0301vania nie je moz\u030cne\u0301 stanovit\u030c presne, je leps\u030cie pri\u0301st\u030c v predstihu na 12.30 a uz\u030cit\u030c si unika\u0301tny vy\u0301hl\u030cad na plavbu lode z hradu Devi\u0301n.<\/p>\n<p><strong>13.15 &#8211; 13.30<\/strong> Vystu\u0301penie ri\u0301mskych legiona\u0301rov S.C.E.A.R.<\/p>\n<\/div>\n<\/div>\n<div class=\"layoutArea\">\n<div class=\"column\">\n<p><strong>13.30 &#8211; 14.00<\/strong> Pri\u0301beh ri\u0301mskej veslice Danuviny Alacris v podani\u0301 jej <strong>stavitel\u030ca profesora Borisa Dreyera<\/strong> z Univerzity Friedricha Alexandra v Erlangen-Norimbergu<\/p>\n<\/div>\n<\/div>\n<div class=\"layoutArea\">\n<div class=\"column\">\n<p><strong>14.00 &#8211; 16.30<\/strong> Archeologicky\u0301 vy\u0301klad spojeny\u0301 s prezenta\u0301ciou zbierkovy\u0301ch predmetov Mu\u0301zea mesta Bratislavy a workshop pre rodiny s det\u030cmi v area\u0301li hradu Devi\u0301n<\/p>\n<p><strong>14.00 &#8211; 16.00<\/strong> Veslovanie po rieke Morave v sprievode c\u030clenov posa\u0301dky. Jedna plavba trva\u0301 do 15 minu\u0301t a je nutne\u0301 <a href=\"https:\/\/forms.gle\/Rzkz8yky2rheaZ1Z9\">vopred si rezervovat\u030c termi\u0301n<\/a><\/p>\n<p><strong>12.30 &#8211; 16.30<\/strong> Cele\u0301 popoludnie mo\u0302z\u030cete naz\u030civo sku\u0301mat\u030c repliku ri\u0301mskej veslice na rieke Morave, pozriet\u030c si makety a vy\u0301stavu o veslici, zi\u0301skat\u030c kores\u030cpondenc\u030cny\u0301 li\u0301stok s odtlac\u030ckom pri\u0301lez\u030citostnej pec\u030ciatky Slovenskej pos\u030cty s moti\u0301vom Danuvina Alacris, vybrat\u030c si pri\u0301vesok alebo ko\u0301piu ri\u0301mskej mince v sta\u0301nku Frantis\u030cka Engela.<\/p>\n<p><strong>16.30<\/strong> Rozlu\u0301c\u030cka s posa\u0301dkou &#8211; veslica sa odplavi\u0301 do Karlovej Vsi a v pondelok do Danubiany Meulensteen Art Museum, kde na\u0301jde do ju\u0301na 2025 svoj novy\u0301 domov.<\/p>\n<\/div>\n<\/div>\n<\/div>\n<\/div>\n<p><strong>A \u010do \u010falej?<\/strong><\/p>\n<p>Z Dev\u00edna sa lo\u010f postupne presunie do bezpe\u010dn\u00e9ho pr\u00edstavu, ktor\u00fdm sa do j\u00fana bud\u00faceho roka stane <a href=\"https:\/\/www.visitbratislava.com\/sk\/miesta\/danubiana\/\"><strong>Danubiana Meulensteen Art Museum<\/strong><\/a>. <strong>Plavbu Danuviny do Danubiany bude mo\u017en\u00e9 pozorova\u0165 z\u00a0brehov a\u00a0mostov hlavn\u00e9ho mesta v\u00a0pondelok dopoludnia<\/strong>.<\/p>\n<p>\u201c<em>Sme ve\u013emi radi, \u017ee Danuvina Alacris n\u00e1jde svoj slovensk\u00fd domov pr\u00e1ve v m\u00fazeu modern\u00e9ho umenia, ktor\u00e9 je postaven\u00e9 vo forme r\u00edmskej gal\u00e9ry. Vedenie Danubiany pripravilom\u00f3lo na mieru pre r\u00edmsku veslicu. Tu bude po\u010das bud\u00facej jari vystaven\u00e1 pre n\u00e1v\u0161tevn\u00edkov. V spolupr\u00e1ci s Danubianou, STM &#8211; M\u00fazeom dopravy v Bratislave a BTB\u00a0 pl\u00e1nujeme pripravi\u0165 pre verejnos\u0165 aj \u010fal\u0161ie podujatia spojen\u00e9 s prezent\u00e1ciou r\u00edmskej veslice, o\u00a0ktor\u00fdch budeme informova\u0165 za\u010diatkom roka<\/em>,\u201d uviedla Margar\u00e9ta Musilov\u00e1.<\/p>\n<div class=\"grid-container\"><div class=\"grid-container__item\"><div class=\"block\"><a href=\"https:\/\/www.visitbratislava.com\/wp-content\/uploads\/2022\/07\/785ccca4-efe8-4d3e-9b2b-4f5d49bbff6d-600x800.jpeg\" data-fancybox=\"gallery\" data-caption=\"\"><div class=\"background\"><img src=\"https:\/\/www.visitbratislava.com\/wp-content\/uploads\/2022\/07\/785ccca4-efe8-4d3e-9b2b-4f5d49bbff6d-600x800.jpeg\" alt=\"foto\"\/><\/div><div class=\"overlay filter-blue\"><div class=\"content\"><span class=\"zoom-button\"><\/span><\/div><\/div><\/a><\/div><\/div><div class=\"grid-container__item\"><div class=\"block\"><a href=\"https:\/\/www.visitbratislava.com\/wp-content\/uploads\/2022\/07\/def1c9fc-b904-4fb7-a3dd-c0f8ea4e2770-600x800.jpeg\" data-fancybox=\"gallery\" data-caption=\"\"><div class=\"background\" style=\"background-image: url(https:\/\/www.visitbratislava.com\/wp-content\/uploads\/2022\/07\/def1c9fc-b904-4fb7-a3dd-c0f8ea4e2770-600x800.jpeg)\"><\/div><div class=\"overlay filter-green\"><div class=\"content\"><span class=\"zoom-button\"><\/span><\/div><\/div><\/a><\/div><\/div><div class=\"grid-container__item\"><div class=\"block\" ><a href=\"https:\/\/www.visitbratislava.com\/wp-content\/uploads\/2022\/07\/IMG_5301-800x600.jpeg\" data-fancybox=\"gallery\" data-caption=\"\"><div class=\"background\" style=\"background-image: url(https:\/\/www.visitbratislava.com\/wp-content\/uploads\/2022\/07\/IMG_5301-800x600.jpeg)\"><\/div><div class=\"overlay filter-orange\"><div class=\"content\"><span class=\"zoom-button\"><\/span><\/div><\/div><\/a><\/div><\/div><div class=\"grid-container__item\"><div class=\"block\"><a href=\"https:\/\/www.visitbratislava.com\/wp-content\/uploads\/2022\/07\/IMG_5455-600x800.jpeg\" data-fancybox=\"gallery\" data-caption=\"\"><div class=\"background\" style=\"background-image: url(https:\/\/www.visitbratislava.com\/wp-content\/uploads\/2022\/07\/IMG_5455-600x800.jpeg)\"><\/div><div class=\"overlay filter-purple\"><div class=\"content\"><span class=\"zoom-button\"><\/span><\/div><\/div><\/a><\/div><\/div><div class=\"grid-container__item more\"><\/div><\/div>\n<p><em>Organiz\u00e1torom podujatia je Mestsk\u00fd \u00fastav ochrany pamiatok v\u00a0Bratislave. Partnermi podujatia s\u00fa Slovensk\u00e1 komisia pre UNESCO, mesto Bratislava, M\u010c Bratislava Dev\u00edn, BKIS, M\u00fazeum mesta Bratislavy, BTB (Realizovan\u00e9 s\u00a0finan\u010dnou podporou Ministerstva cestovn\u00e9ho ruchu a\u00a0\u0161portu Slovenskej republiky.), STM \u2013 M\u00fazeum dopravy v\u00a0Bratislave, Fakulta architekt\u00fary a\u00a0dizajnu STU v\u00a0Bratislave, Danubiana Maulensteen Art Museum, Univerzita Friedricha Alexandra v Erlangen-Norimbergu a Interreg DTP \u201eLiving Danube Limes\u201c.<\/em><\/p>\n<p>&nbsp;<\/p>\n","protected":false},"excerpt":{"rendered":"<p>U\u017e v\u00a0nede\u013eu 13. okt\u00f3bra pripl\u00e1va replika r\u00edmskej veslice Danuvina Alacris (v preklade \u201e\u017div\u00fd Dunaj\u201c) k\u00a0Br\u00e1ne Slobody pod hradom Dev\u00edn. Lo\u010f po\u010das nede\u013en\u00e9ho popoludnia pripomenie sl\u00e1vnu hist\u00f3riu, \u010dasy ke\u010f rieka Dunaj tvorila hranice R\u00edmskej r\u00ed\u0161e. Pr\u00e1ve medzin\u00e1rodn\u00e1 archeologick\u00e1 lokalita Hranice R\u00edmskej r\u00ed\u0161e dostala Bratislavu v roku 2021 na zoznam Svetov\u00e9ho kult\u00farneho a pr\u00edrodn\u00e9ho dedi\u010dstva UNESCO. Danuvina Alacris pripl\u00e1va do Bratislavy po Dunaji v\u00a0\u010dase po 12.30 a\u00a0do 16.30 bude pre verejnos\u0165 vystaven\u00e1 na rieke Morave. <\/p>\n","protected":false},"featured_media":142160,"template":"","acf":[],"event_date":{"start_date":1728777600,"end_date":1728777600},"_links":{"self":[{"href":"https:\/\/www.visitbratislava.com\/sk\/wp-json\/wp\/v2\/event\/142159"}],"collection":[{"href":"https:\/\/www.visitbratislava.com\/sk\/wp-json\/wp\/v2\/event"}],"about":[{"href":"https:\/\/www.visitbratislava.com\/sk\/wp-json\/wp\/v2\/types\/event"}],"version-history":[{"count":10,"href":"https:\/\/www.visitbratislava.com\/sk\/wp-json\/wp\/v2\/event\/142159\/revisions"}],"predecessor-version":[{"id":312924,"href":"https:\/\/www.visitbratislava.com\/sk\/wp-json\/wp\/v2\/event\/142159\/revisions\/312924"}],"wp:featuredmedia":[{"embeddable":true,"href":"https:\/\/www.visitbratislava.com\/sk\/wp-json\/wp\/v2\/media\/142160"}],"wp:attachment":[{"href":"https:\/\/www.visitbratislava.com\/sk\/wp-json\/wp\/v2\/media?parent=142159"}],"curies":[{"name":"wp","href":"https:\/\/api.w.org\/{rel}","templated":true}]}}