{"id":144764,"date":"2022-07-29T15:29:46","date_gmt":"2022-07-29T13:29:46","guid":{"rendered":"https:\/\/www.visitbratislava.com\/?post_type=event&#038;p=144764"},"modified":"2024-08-13T18:10:57","modified_gmt":"2024-08-13T16:10:57","slug":"hudba-modre","status":"publish","type":"event","link":"https:\/\/www.visitbratislava.com\/sk\/podujatia\/hudba-modre\/","title":{"rendered":"Hudba Modre"},"content":{"rendered":"<p><strong>19. ro\u010dn\u00edk Medzin\u00e1rodn\u00e9ho festivalu komornej hudby a jazzu prinesie 5 koncertov po\u010das troch letn\u00fdch dn\u00ed. Na v\u0161etky koncerty je vstupn\u00e9 dobrovo\u013en\u00e9.<\/strong> V\u00fd\u0165a\u017eok zo vstupn\u00e9ho v Evanjelickom kostole p\u00f4jde na opravu chr\u00e1mu. Na koncertoch v Ka\u0161tieli a v Novej sob\u00e1\u0161nej sieni bude mo\u017en\u00e9 si zak\u00fapi\u0165 ob\u010derstvenie i kvalitn\u00e9 modransk\u00e9 v\u00ednko.<\/p>\n<p><em>Piatok 16.8., N\u00e1dvorie Ka\u0161tie\u013ea v Modre<\/em><br \/>\n19:00 <strong>AMC Trio<\/strong><\/p>\n<p>Cenami oven\u010den\u00e9 AMC Trio sa prezentuje vlastn\u00fdmi kompoz\u00edciami, v ktor\u00fdch prekra\u010duje r\u00e1mec zau\u017e\u00edvan\u00fdch jazzov\u00fdch postupov a siaha po r\u00f4zno\u017e\u00e1nrov\u00fdch hudobn\u00fdch zdrojoch. AMC trio je dr\u017eite\u013eom cien Radio_Heads Awards a Esprit a pochv\u00e1li\u0165 sa m\u00f4\u017ee spolupr\u00e1cami s v\u00fdnimo\u010dn\u00fdmi americk\u00fdmi jazzmanmi.<\/p>\n<p><em>Sobota 17.8., Nov\u00e1 sob\u00e1\u0161na sie\u0148, \u0160t\u00farova 59<\/em><br \/>\n17:00 <strong>Mal\u00fd koncert ve\u013ek\u00fdch n\u00e1dej\u00ed<\/strong><br \/>\n\u017diaci \u0161tyroch Z\u00e1kladn\u00fdch umeleck\u00fdch \u0161k\u00f4l predved\u00fa svoj talent a usilovnos\u0165.<\/p>\n<p><em>Sobota 17.8., Nov\u00e1 sob\u00e1\u0161na sie\u0148, \u0160t\u00farova 59<\/em><br \/>\n19:00 <strong>Stadlerovo klarinetov\u00e9 kvarteto<\/strong> (CZ\/PL)<br \/>\nDychov\u00e9 kvinteto \u010dlenov Slovenskej filharm\u00f3nie. Na koncerte uved\u00fa skladby od stredoveku a\u017e po filmov\u00fa hudbu v \u00faprav\u00e1ch pre dve tr\u00fabky, tromb\u00f3n, lesn\u00fd roh a tubu.<\/p>\n<p><em>Nede\u013ea 18.8., Wild Kitchen, Star\u00fd trh\/Moyzesova<\/em><br \/>\n9:30 <strong>Ra\u0148ajky s komornou hudbou<\/strong>: Cink, \u010do necink\u00e1<\/p>\n<p>Ra\u0148ajky s p\u00fatav\u00fdm rozpr\u00e1van\u00edm o z\u00e1hadnom n\u00e1stroji cink, ktor\u00fd v\u00f4bec ncink\u00e1. M\u00e1 zvl\u00e1\u0161tny tvar aj zvuk, ktor\u00fd predved\u00fa naslovovzat\u00ed odborn\u00edci na barokov\u00fa hudbu: cinkista Richard \u0160eda (CZ), \u010dembalista Adam \u0160tefunko a v\u00fdrobca tohto n\u00e1stroja Patrik Sabo.<\/p>\n<p>Z\u00e1\u017eitok z ra\u0148ajok bude aj gastronomick\u00fd, Wild Kitchen pripravilo \u0161peci\u00e1lne ra\u0148ajkov\u00e9 menu a na tento koncert si treba vopred rezervova\u0165 miesta priamo v re\u0161taur\u00e1cii.<\/p>\n<p><em>Nede\u013ea 18.8., Nemeck\u00fd evanjelick\u00fd kostol<\/em><br \/>\n19:00 <strong>Franti\u0161ek Novotn\u00fd<\/strong> (CZ) &amp; <strong>Bergerovo Trio<\/strong><\/p>\n<p>Z\u00e1vere\u010dn\u00fd koncert festivalu bude v pr\u00edjemnom chl\u00e1dku Nemeck\u00e9ho evanjelick\u00e9ho kostola. Bude hosti\u0165 \u010desk\u00fa hus\u013eov\u00fa legendu Franti\u0161ka Novotn\u00e9ho, ktor\u00fd bude hos\u0165om inej legendy \u2013 Bergerovho tria.. Koncert venovan\u00fd roku \u010deskej hudby prinesie hudbu B. Smetanu, B. Martin\u016f, A. Dvo\u0159\u00e1ka, J. S. Bacha a E. H. Griega.<\/p>\n<p><strong>Vstupn\u00e9 na v\u0161etky koncerty je dobrovo\u013en\u00e9.<\/strong><\/p>\n<p><img loading=\"lazy\" width=\"1974\" height=\"960\" class=\"alignnone size-full wp-image-306392\" src=\"https:\/\/www.visitbratislava.com\/wp-content\/uploads\/2022\/07\/451784862_516815304021042_7786761750604053371_n-1.jpg\" alt=\"\" srcset=\"https:\/\/www.visitbratislava.com\/wp-content\/uploads\/2022\/07\/451784862_516815304021042_7786761750604053371_n-1.jpg 1974w, https:\/\/www.visitbratislava.com\/wp-content\/uploads\/2022\/07\/451784862_516815304021042_7786761750604053371_n-1-400x195.jpg 400w, https:\/\/www.visitbratislava.com\/wp-content\/uploads\/2022\/07\/451784862_516815304021042_7786761750604053371_n-1-800x389.jpg 800w, https:\/\/www.visitbratislava.com\/wp-content\/uploads\/2022\/07\/451784862_516815304021042_7786761750604053371_n-1-768x373.jpg 768w, https:\/\/www.visitbratislava.com\/wp-content\/uploads\/2022\/07\/451784862_516815304021042_7786761750604053371_n-1-1536x747.jpg 1536w, https:\/\/www.visitbratislava.com\/wp-content\/uploads\/2022\/07\/451784862_516815304021042_7786761750604053371_n-1-200x97.jpg 200w\" sizes=\"(max-width: 1974px) 100vw, 1974px\" \/><\/p>\n","protected":false},"excerpt":{"rendered":"<p>Lok\u00e1lny festival s v\u00fdznamom presahuj\u00facim malokarpatsk\u00fd regi\u00f3n. Prin\u00e1\u0161a do malebn\u00e9ho vin\u00e1rskeho mesta Modra na \u00fap\u00e4t\u00ed Karp\u00e1t klasick\u00fa hudbu a jazz v tej najvy\u0161\u0161ej kvalite.<\/p>\n","protected":false},"featured_media":306398,"template":"","acf":[],"event_date":{"start_date":1723766400,"end_date":1660780800},"_links":{"self":[{"href":"https:\/\/www.visitbratislava.com\/sk\/wp-json\/wp\/v2\/event\/144764"}],"collection":[{"href":"https:\/\/www.visitbratislava.com\/sk\/wp-json\/wp\/v2\/event"}],"about":[{"href":"https:\/\/www.visitbratislava.com\/sk\/wp-json\/wp\/v2\/types\/event"}],"version-history":[{"count":8,"href":"https:\/\/www.visitbratislava.com\/sk\/wp-json\/wp\/v2\/event\/144764\/revisions"}],"predecessor-version":[{"id":306407,"href":"https:\/\/www.visitbratislava.com\/sk\/wp-json\/wp\/v2\/event\/144764\/revisions\/306407"}],"wp:featuredmedia":[{"embeddable":true,"href":"https:\/\/www.visitbratislava.com\/sk\/wp-json\/wp\/v2\/media\/306398"}],"wp:attachment":[{"href":"https:\/\/www.visitbratislava.com\/sk\/wp-json\/wp\/v2\/media?parent=144764"}],"curies":[{"name":"wp","href":"https:\/\/api.w.org\/{rel}","templated":true}]}}