{"id":144972,"date":"2022-08-01T11:26:35","date_gmt":"2022-08-01T09:26:35","guid":{"rendered":"https:\/\/www.visitbratislava.com\/?post_type=event&#038;p=144972"},"modified":"2025-08-06T11:04:48","modified_gmt":"2025-08-06T09:04:48","slug":"s-racanskou-lokalkou-za-vinom","status":"publish","type":"event","link":"https:\/\/www.visitbratislava.com\/sk\/podujatia\/s-racanskou-lokalkou-za-vinom\/","title":{"rendered":"S Ra\u010danskou lok\u00e1lkou za v\u00ednom"},"content":{"rendered":"<p data-start=\"304\" data-end=\"578\">Len p\u00e1r min\u00fat od centra mesta v\u00e1s Ra\u010da priv\u00edta svojimi kopcami, starobyl\u00fdmi pivnicami a rodinn\u00fdmi vin\u00e1rstvami. Ka\u017ed\u00fd letn\u00fd piatok v\u00e1s v\u00ednobus <em data-start=\"446\" data-end=\"464\">Ra\u010dansk\u00e1 lok\u00e1lka<\/em> (so sprievodcom hovoriacim po anglicky) vezme na okru\u017en\u00fa jazdu pln\u00fa chut\u00ed, rozhovorov a v\u00fdh\u013eadov na hlavn\u00e9 mesto.<\/p>\n<p data-start=\"580\" data-end=\"730\">Za\u017eijete viac ne\u017e len degust\u00e1ciu \u2013 zozn\u00e1mite sa s miestnymi vin\u00e1rmi, nazriete do pivn\u00edc aj vinohradov a spozn\u00e1te pr\u00edbeh, ktor\u00fd stoj\u00ed za ka\u017ed\u00fdm d\u00fa\u0161kom.<\/p>\n<div class=\"grid-container\"><div class=\"grid-container__item\"><div class=\"block\"><a href=\"https:\/\/www.visitbratislava.com\/wp-content\/uploads\/2022\/08\/Racanska-lokalka-002-800x533.jpg\" data-fancybox=\"gallery\" data-caption=\"\"><div class=\"background\"><img src=\"https:\/\/www.visitbratislava.com\/wp-content\/uploads\/2022\/08\/Racanska-lokalka-002-800x533.jpg\" alt=\"foto\"\/><\/div><div class=\"overlay filter-blue\"><div class=\"content\"><span class=\"zoom-button\"><\/span><\/div><\/div><\/a><\/div><\/div><div class=\"grid-container__item\"><div class=\"block\"><a href=\"https:\/\/www.visitbratislava.com\/wp-content\/uploads\/2022\/08\/Racanska-lokalka-001-800x600.jpeg\" data-fancybox=\"gallery\" data-caption=\"\"><div class=\"background\" style=\"background-image: url(https:\/\/www.visitbratislava.com\/wp-content\/uploads\/2022\/08\/Racanska-lokalka-001-800x600.jpeg)\"><\/div><div class=\"overlay filter-green\"><div class=\"content\"><span class=\"zoom-button\"><\/span><\/div><\/div><\/a><\/div><\/div><div class=\"grid-container__item more\"><\/div><\/div>\n<hr data-start=\"732\" data-end=\"735\" \/>\n<h3 data-start=\"737\" data-end=\"755\">\ud83d\ude8c <strong data-start=\"744\" data-end=\"755\">Odchody<\/strong><\/h3>\n<ul data-start=\"756\" data-end=\"963\">\n<li data-start=\"756\" data-end=\"799\">\n<p data-start=\"758\" data-end=\"799\">v\u017edy v piatok<\/p>\n<\/li>\n<li data-start=\"756\" data-end=\"799\">\n<p data-start=\"758\" data-end=\"799\">16:00 \u2013 z centra mesta (spod Mosta SNP)<\/p>\n<\/li>\n<li data-start=\"800\" data-end=\"895\">\n<p data-start=\"802\" data-end=\"895\">17:00 &amp; 18:00 \u2013 z Nemeck\u00e9ho kult\u00farneho domu v Ra\u010di (pri zast\u00e1vke Hybe\u0161ova, elektri\u010dka \u010d. 3)<\/p>\n<\/li>\n<li data-start=\"896\" data-end=\"927\">\n<p data-start=\"898\" data-end=\"927\">\ud83d\udd64 Spoje prem\u00e1vaj\u00fa do 21:30<\/p>\n<\/li>\n<li data-start=\"928\" data-end=\"963\">\n<p data-start=\"930\" data-end=\"963\">\ud83c\udf99\ufe0f Sprievodca hovor\u00ed po anglicky<\/p>\n<\/li>\n<\/ul>\n<div class=\"grid-container\"><div class=\"grid-container__item\"><div class=\"block\"><a href=\"https:\/\/www.visitbratislava.com\/wp-content\/uploads\/2022\/08\/Racanska-lokalka-vinar-800x533.jpg\" data-fancybox=\"gallery\" data-caption=\"\"><div class=\"background\"><img src=\"https:\/\/www.visitbratislava.com\/wp-content\/uploads\/2022\/08\/Racanska-lokalka-vinar-800x533.jpg\" alt=\"foto\"\/><\/div><div class=\"overlay filter-blue\"><div class=\"content\"><span class=\"zoom-button\"><\/span><\/div><\/div><\/a><\/div><\/div><div class=\"grid-container__item\"><div class=\"block\"><a href=\"https:\/\/www.visitbratislava.com\/wp-content\/uploads\/2022\/08\/racanska-lokalka-800x600.jpg\" data-fancybox=\"gallery\" data-caption=\"\"><div class=\"background\" style=\"background-image: url(https:\/\/www.visitbratislava.com\/wp-content\/uploads\/2022\/08\/racanska-lokalka-800x600.jpg)\"><\/div><div class=\"overlay filter-green\"><div class=\"content\"><span class=\"zoom-button\"><\/span><\/div><\/div><\/a><\/div><\/div><div class=\"grid-container__item more\"><\/div><\/div>\n<hr data-start=\"965\" data-end=\"968\" \/>\n<h3 data-start=\"970\" data-end=\"1002\">\ud83c\udf77 <strong data-start=\"977\" data-end=\"1002\">V cene je zahrnut\u00e9:<\/strong><\/h3>\n<ul data-start=\"1003\" data-end=\"1119\">\n<li data-start=\"1003\" data-end=\"1030\">\n<p data-start=\"1005\" data-end=\"1030\">14 degusta\u010dn\u00fdch kup\u00f3nov<\/p>\n<\/li>\n<li data-start=\"1031\" data-end=\"1053\">\n<p data-start=\"1033\" data-end=\"1053\">suven\u00edrov\u00fd poh\u00e1rik<\/p>\n<\/li>\n<li data-start=\"1054\" data-end=\"1083\">\n<p data-start=\"1056\" data-end=\"1083\">informa\u010dn\u00fa bro\u017e\u00faru a mapu<\/p>\n<\/li>\n<li data-start=\"1084\" data-end=\"1119\">\n<p data-start=\"1086\" data-end=\"1119\">vstupy do vin\u00e1rstiev a vinohradov<\/p>\n<\/li>\n<\/ul>\n<hr data-start=\"1121\" data-end=\"1124\" \/>\n<h3 data-start=\"1126\" data-end=\"1142\">\ud83d\udcb3 <strong data-start=\"1133\" data-end=\"1142\">Cena:<\/strong><\/h3>\n<ul data-start=\"1143\" data-end=\"1190\">\n<li data-start=\"1143\" data-end=\"1168\">\n<p data-start=\"1145\" data-end=\"1168\">z centra: <strong data-start=\"1155\" data-end=\"1166\">25,90 \u20ac<\/strong><\/p>\n<\/li>\n<li data-start=\"1169\" data-end=\"1190\">\n<p data-start=\"1171\" data-end=\"1190\">z Ra\u010de: <strong data-start=\"1179\" data-end=\"1190\">19,90 \u20ac<\/strong><\/p>\n<\/li>\n<\/ul>\n<p data-start=\"1192\" data-end=\"1355\">\ud83c\udf9f\ufe0f <strong data-start=\"1196\" data-end=\"1244\">Vstupenky je potrebn\u00e9 zak\u00fapi\u0165 vopred online:<\/strong><br data-start=\"1244\" data-end=\"1247\" \/>\ud83d\udc49 <a class=\"\" href=\"https:\/\/shop.bratislavaregion.travel\/kategoria-produktu\/racanska-lokalka\/\" target=\"_new\" rel=\"noopener\" data-start=\"1250\" data-end=\"1355\">shop.bratislavaregion.travel<\/a><\/p>\n<hr data-start=\"1357\" data-end=\"1360\" \/>\n<h3 data-start=\"1362\" data-end=\"1391\">\ud83d\udcde <strong data-start=\"1369\" data-end=\"1389\">Viac inform\u00e1ci\u00ed:<\/strong><\/h3>\n<p data-start=\"1392\" data-end=\"1485\">Ra\u010dansk\u00e1 lok\u00e1lka \u2013 organizuje Bratislava Region Tourism<br data-start=\"1447\" data-end=\"1450\" \/>Kontakt: <strong data-start=\"1459\" data-end=\"1468\">Mat\u00fa\u0161<\/strong> +421 948 004 530<\/p>\n<div class=\"grid-container\"><div class=\"grid-container__item\"><div class=\"block\"><a href=\"https:\/\/www.visitbratislava.com\/wp-content\/uploads\/2022\/08\/Racanska-lokalka-004-800x533.jpg\" data-fancybox=\"gallery\" data-caption=\"\"><div class=\"background\"><img src=\"https:\/\/www.visitbratislava.com\/wp-content\/uploads\/2022\/08\/Racanska-lokalka-004-800x533.jpg\" alt=\"foto\"\/><\/div><div class=\"overlay filter-blue\"><div class=\"content\"><span class=\"zoom-button\"><\/span><\/div><\/div><\/a><\/div><\/div><div class=\"grid-container__item\"><div class=\"block\"><a href=\"https:\/\/www.visitbratislava.com\/wp-content\/uploads\/2022\/08\/Racanska-lokalka-005-800x449.jpg\" data-fancybox=\"gallery\" data-caption=\"\"><div class=\"background\" style=\"background-image: url(https:\/\/www.visitbratislava.com\/wp-content\/uploads\/2022\/08\/Racanska-lokalka-005-800x449.jpg)\"><\/div><div class=\"overlay filter-green\"><div class=\"content\"><span class=\"zoom-button\"><\/span><\/div><\/div><\/a><\/div><\/div><div class=\"grid-container__item more\"><\/div><\/div>\n<p>Na ju\u017en\u00fdch svahoch najstar\u0161ej a najzn\u00e1mej\u0161ej vinohradn\u00edckej oblasti na Slovensku na v\u00e1s d\u00fdchne atmosf\u00e9ra star\u00fdch i nov\u00fdch pivn\u00edc, o\u010dar\u00ed v\u00e1s v\u00fdh\u013ead na nekone\u010dn\u00e9 zelen\u00e9 vinice a najm\u00e4 ochutn\u00e1te tunaj\u0161\u00ed typick\u00fd n\u00e1poj kr\u00e1\u013eov. Ra\u010dianski vin\u00e1ri v\u00e1m ochotne a s hrdos\u0165ou uk\u00e1\u017eu svoje vinice. Str\u00e1vite v nich pr\u00edjemn\u00fd \u010das pri v\u00edne a z\u00e1rove\u0148 podpor\u00edte t\u00fdch, \u010do sa o ne s l\u00e1skou staraj\u00fa.<\/p>\n<p>Ra\u010dansk\u00e1 lok\u00e1lka, \u0161peci\u00e1lna linka Pre\u0161por\u00e1\u010dika, v\u00e1m uk\u00e1\u017ee kr\u00e1su vinohradov a dovezie v\u00e1s priamo k ra\u010dianskym vin\u00e1rom, ktor\u00ed v\u00e1m s rados\u0165ou nalej\u00fa svoje v\u00edna. \u010cak\u00e1 v\u00e1s nieko\u013eko degust\u00e1ci\u00ed, m\u00f4\u017eete porovn\u00e1va\u0165 rovnak\u00e9 odrody, rast\u00face len p\u00e1r metrov od seba a budete prekvapen\u00ed, ako sa l\u00ed\u0161ia.<\/p>\n<p>Nevynechajte ani sl\u00e1vnu frankovku, ktor\u00fa pod\u013ea legendy zbo\u017e\u0148ovala aj samotn\u00e1 M\u00e1ria Ter\u00e9zia. Ka\u017edop\u00e1dne ju roky dov\u00e1\u017eali na cis\u00e1rsky dvor a vo farskej z\u00e1hrade v Ra\u010di dnes n\u00e1jdete genofond frankovky modrej. Kr\u00e1\u013eovn\u00e1 ra\u010dianskych v\u00edn nech\u00fdba ani na \u017eiadnej zo zast\u00e1vok lok\u00e1lky.<\/p>\n<p>&nbsp;<\/p>\n<p>&nbsp;<\/p>\n","protected":false},"excerpt":{"rendered":"<p>Nast\u00fapte na Ra\u010dansk\u00fa lok\u00e1lku a za\u017eite vin\u00e1rsku atmosf\u00e9ru Ra\u010de \u2013 bratislavskej \u0161tvrte, kde v\u00edno nie je len n\u00e1poj, ale kult\u00fara a pr\u00edbeh.<\/p>\n","protected":false},"featured_media":144973,"template":"","acf":[],"event_date":{"start_date":1754006400,"end_date":1756425600},"_links":{"self":[{"href":"https:\/\/www.visitbratislava.com\/sk\/wp-json\/wp\/v2\/event\/144972"}],"collection":[{"href":"https:\/\/www.visitbratislava.com\/sk\/wp-json\/wp\/v2\/event"}],"about":[{"href":"https:\/\/www.visitbratislava.com\/sk\/wp-json\/wp\/v2\/types\/event"}],"version-history":[{"count":22,"href":"https:\/\/www.visitbratislava.com\/sk\/wp-json\/wp\/v2\/event\/144972\/revisions"}],"predecessor-version":[{"id":345628,"href":"https:\/\/www.visitbratislava.com\/sk\/wp-json\/wp\/v2\/event\/144972\/revisions\/345628"}],"wp:featuredmedia":[{"embeddable":true,"href":"https:\/\/www.visitbratislava.com\/sk\/wp-json\/wp\/v2\/media\/144973"}],"wp:attachment":[{"href":"https:\/\/www.visitbratislava.com\/sk\/wp-json\/wp\/v2\/media?parent=144972"}],"curies":[{"name":"wp","href":"https:\/\/api.w.org\/{rel}","templated":true}]}}