{"id":176052,"date":"2022-08-11T14:34:50","date_gmt":"2022-08-11T12:34:50","guid":{"rendered":"https:\/\/www.visitbratislava.com\/?post_type=event&#038;p=176052"},"modified":"2025-10-01T10:50:45","modified_gmt":"2025-10-01T08:50:45","slug":"biela-noc","status":"publish","type":"event","link":"https:\/\/www.visitbratislava.com\/sk\/podujatia\/biela-noc\/","title":{"rendered":"Biela noc"},"content":{"rendered":"<p data-start=\"436\" data-end=\"539\"><strong data-start=\"445\" data-end=\"469\">3. \u2013 5. okt\u00f3bra 2025<\/strong>, denne od 19:00 do 00:00 hod.<\/p>\n<p>Zapojen\u00fdch je vy\u0161e 200 umelcov, dizajn\u00e9rov, performerov a k\u00f3derov z viacer\u00fdch kraj\u00edn na r\u00f4znych lokalit\u00e1ch v Bratislave \u2013 ulice, n\u00e1mestia, dvory, fas\u00e1dy, netradi\u010dn\u00e9 interi\u00e9ry, n\u00e1bre\u017eie Dunaja.<\/p>\n<p data-start=\"702\" data-end=\"1041\">Vstupn\u00e9:<br data-start=\"708\" data-end=\"711\" \/>\u2002\u2022 Exteri\u00e9ry \u2013 spravidla <strong data-start=\"736\" data-end=\"747\">zadarmo<\/strong>\u00a0<br data-start=\"785\" data-end=\"788\" \/>\u2002\u2022 Interi\u00e9ry \/ \u0161peci\u00e1lne diela \u2013 spoplatnen\u00e9<\/p>\n<p><a class=\"cta-button\" href=\"https:\/\/goout.net\/sk\/biela-noc-bratislava-2025\/szlvsyx\/\" target=\"_blank\" rel=\"noopener\">Vstupenky<\/a><\/p>\n<hr data-start=\"1341\" data-end=\"1344\" \/>\n<h2 data-start=\"1346\" data-end=\"1390\">V\u00fdber z podujat\u00ed a in\u0161tal\u00e1ci\u00ed<\/h2>\n<div class=\"_tableContainer_1rjym_1\">\n<div class=\"group _tableWrapper_1rjym_13 flex w-fit flex-col-reverse\" tabindex=\"-1\">\n<table class=\"w-fit min-w-(--thread-content-width)\" data-start=\"1463\" data-end=\"3022\">\n<thead data-start=\"1463\" data-end=\"1514\">\n<tr data-start=\"1463\" data-end=\"1514\">\n<th data-start=\"1463\" data-end=\"1485\" data-col-size=\"md\">N\u00e1zov diela \/ akcia<\/th>\n<th data-start=\"1485\" data-end=\"1505\" data-col-size=\"md\">Miesto \/ lokalita<\/th>\n<th data-start=\"1505\" data-end=\"1514\" data-col-size=\"md\">Popis<\/th>\n<\/tr>\n<\/thead>\n<tbody data-start=\"1529\" data-end=\"3022\">\n<tr data-start=\"1529\" data-end=\"1685\">\n<td data-start=\"1529\" data-end=\"1566\" data-col-size=\"md\"><strong data-start=\"1531\" data-end=\"1549\">Under the Line<\/strong> (R\u00f3bert Ma\u010dkay)<\/td>\n<td data-col-size=\"md\" data-start=\"1566\" data-end=\"1624\">Eurovea \/ promen\u00e1da medzi Skladom 7 a sochou Octahedral<\/td>\n<td data-col-size=\"md\" data-start=\"1624\" data-end=\"1685\">sveteln\u00e1 in\u0161tal\u00e1cia<\/td>\n<\/tr>\n<tr data-start=\"1686\" data-end=\"1845\">\n<td data-start=\"1686\" data-end=\"1727\" data-col-size=\"md\"><strong data-start=\"1688\" data-end=\"1708\">Kobra viazankov\u00e1<\/strong> (Viliam Slaminka)<\/td>\n<td data-col-size=\"md\" data-start=\"1727\" data-end=\"1754\">Viazankov\u00e1 \/ Naja Ligare<\/td>\n<td data-col-size=\"md\" data-start=\"1754\" data-end=\"1845\">priestorov\u00e1 site-specific in\u0161tal\u00e1cia, spoplatnen\u00e1<\/td>\n<\/tr>\n<tr data-start=\"1846\" data-end=\"2000\">\n<td data-start=\"1846\" data-end=\"1893\" data-col-size=\"md\"><strong data-start=\"1848\" data-end=\"1858\">Urchin<\/strong> (D\u00e1niel Besny\u0151 &amp; Zolt\u00e1n Czing\u00e1li)<\/td>\n<td data-start=\"1893\" data-end=\"1941\" data-col-size=\"md\">Eurovea \/ n\u00e1bre\u017eie pod sochou M. R. \u0160tef\u00e1nika<\/td>\n<td data-col-size=\"md\" data-start=\"1941\" data-end=\"2000\">sveteln\u00fd objekt<\/td>\n<\/tr>\n<tr data-start=\"2001\" data-end=\"2133\">\n<td data-start=\"2001\" data-end=\"2033\" data-col-size=\"md\"><strong data-start=\"2003\" data-end=\"2021\">Silent Moments<\/strong> (BN LABEL)<\/td>\n<td data-start=\"2033\" data-end=\"2070\" data-col-size=\"md\">Eurovea promen\u00e1da od Star\u00e9ho mosta<\/td>\n<td data-start=\"2070\" data-end=\"2133\" data-col-size=\"md\">sveteln\u00e1 in\u0161tal\u00e1cia<\/td>\n<\/tr>\n<tr data-start=\"2134\" data-end=\"2283\">\n<td data-start=\"2134\" data-end=\"2164\" data-col-size=\"md\"><strong data-start=\"2136\" data-end=\"2147\">Cascade<\/strong> (Marc Vilanova)<\/td>\n<td data-start=\"2164\" data-end=\"2206\" data-col-size=\"md\">SNM, M\u00fazejn\u00e1 6 (vstup z M\u00fazejnej ulice)<\/td>\n<td data-col-size=\"md\" data-start=\"2206\" data-end=\"2283\">sveteln\u00e1 in\u0161tal\u00e1cia (spoplatnen\u00e1)<\/td>\n<\/tr>\n<tr data-start=\"2284\" data-end=\"2436\">\n<td data-start=\"2284\" data-end=\"2341\" data-col-size=\"md\"><strong data-start=\"2286\" data-end=\"2305\">Taste of Lights<\/strong> (Emma Zahradn\u00edkov\u00e1 &amp; Martin Gab\u010do)<\/td>\n<td data-start=\"2341\" data-end=\"2360\" data-col-size=\"md\">Rybn\u00e9 n\u00e1mestie 1<\/td>\n<td data-start=\"2360\" data-end=\"2436\" data-col-size=\"md\">interakt\u00edvna sveteln\u00e1 in\u0161tal\u00e1cia<\/td>\n<\/tr>\n<tr data-start=\"2437\" data-end=\"2587\">\n<td data-start=\"2437\" data-end=\"2481\" data-col-size=\"md\"><strong data-start=\"2439\" data-end=\"2462\">Hlavne sa usmievaj!<\/strong> (Nina A. \u0160o\u0161kov\u00e1)<\/td>\n<td data-start=\"2481\" data-end=\"2502\" data-col-size=\"md\">Vydrica, \u017di\u017ekova 1<\/td>\n<td data-col-size=\"md\" data-start=\"2502\" data-end=\"2587\">priestorov\u00e1 in\u0161tal\u00e1cia, spoplatnen\u00e9 diel\u043e<\/td>\n<\/tr>\n<tr data-start=\"2588\" data-end=\"2713\">\n<td data-start=\"2588\" data-end=\"2617\" data-col-size=\"md\"><strong data-start=\"2590\" data-end=\"2598\">Flux<\/strong> (Collectif Scale)<\/td>\n<td data-col-size=\"md\" data-start=\"2617\" data-end=\"2640\">Primaci\u00e1lne n\u00e1mestie<\/td>\n<td data-col-size=\"md\" data-start=\"2640\" data-end=\"2713\">kinetick\u00e1 sveteln\u00e1 in\u0161tal\u00e1cia<\/td>\n<\/tr>\n<tr data-start=\"2714\" data-end=\"2880\">\n<td data-start=\"2714\" data-end=\"2755\" data-col-size=\"md\"><strong data-start=\"2716\" data-end=\"2736\">Synchroscope II.<\/strong> (inwaterwethrust)<\/td>\n<td data-col-size=\"md\" data-start=\"2755\" data-end=\"2795\">Mestsk\u00e1 plav\u00e1re\u0148 Pasienky, Nov\u00e9 Mesto<\/td>\n<td data-col-size=\"md\" data-start=\"2795\" data-end=\"2880\">multimedi\u00e1lna performance, viackr\u00e1t denne<\/td>\n<\/tr>\n<tr data-start=\"2881\" data-end=\"3022\">\n<td data-start=\"2881\" data-end=\"2918\" data-col-size=\"md\"><strong data-start=\"2883\" data-end=\"2891\">Aura<\/strong> (BN LABEL &amp; Martin Gab\u010do)<\/td>\n<td data-start=\"2918\" data-end=\"2934\" data-col-size=\"md\">Star\u00e1 tr\u017enica<\/td>\n<td data-col-size=\"md\" data-start=\"2934\" data-end=\"3022\">laserov\u00e1 \/ sveteln\u00e1 site-specific in\u0161tal\u00e1cia<\/td>\n<\/tr>\n<\/tbody>\n<\/table>\n<\/div>\n<\/div>\n<p data-start=\"3027\" data-end=\"3257\">Okrem t\u00fdchto v\u00e4\u010d\u0161\u00edch diel bud\u00fa distribuovan\u00e9 men\u0161ie sveteln\u00e9 objekty, projekcie na fas\u00e1dach, mappingy, interakt\u00edvne objekty, performat\u00edvne vstupy, predn\u00e1\u0161ky a after party.<\/p>\n<h3>Umeleck\u00e1 lah\u00f4dka<\/h3>\n<p><strong><a href=\"https:\/\/www.bielanoc.sk\/\" target=\"_blank\" rel=\"noopener\">Biela noc<\/a><\/strong> prebud\u00ed no\u010dn\u00e9 mesto multi\u017e\u00e1nrov\u00fdmi z\u00e1\u017eitkami, pestros\u0165ou spolupr\u00e1c a t\u00e9m. Ob\u013e\u00faben\u00fd festival s\u00fa\u010dasn\u00e9ho umenia prich\u00e1dza u\u017e \u0161estn\u00e1stykr\u00e1t na Slovensko. Po\u010das troch jesenn\u00fdch noc\u00ed v\u00e1m priamo v uliciach Bratislavy umo\u017en\u00ed spozna\u0165 tvorbu vo viacer\u00fdch umeleck\u00fdch \u017e\u00e1nroch \u2013 od vizu\u00e1lneho umenia (vr\u00e1tane sveteln\u00e9ho dizajnu a digit\u00e1lneho umenia) po \u017eiv\u00e9 vyst\u00fapenia, hudbu, film \u010di literat\u00faru.<\/p>\n<p>S festivalovou <a href=\"https:\/\/bielanoc.sk\/y2025\/ba\/mapa\" target=\"_blank\" rel=\"noopener\"><strong>mapou<\/strong><\/a> objav\u00edte r\u00f4znorod\u00e9 vizu\u00e1lne a zvukov\u00e9 in\u0161tal\u00e1cie, interakt\u00edvne objekty, koncerty, filmov\u00e9 projekcie, divadlo a tane\u010dn\u00e9 predstavenia. Bohat\u00e1 ponuka umeleck\u00fdch \u017e\u00e1nrov v\u00e1m predstav\u00ed najnov\u0161ie trendy v s\u00fa\u010dasnom umen\u00ed a technol\u00f3gi\u00e1ch.<\/p>\n<div class=\"grid-container\"><div class=\"grid-container__item\"><div class=\"block\"><a href=\"https:\/\/www.visitbratislava.com\/wp-content\/uploads\/2022\/08\/screenshot_2024-09-17_at_10.59.34-800x533.png\" data-fancybox=\"gallery\" data-caption=\"\"><div class=\"background\"><img src=\"https:\/\/www.visitbratislava.com\/wp-content\/uploads\/2022\/08\/screenshot_2024-09-17_at_10.59.34-800x533.png\" alt=\"foto\"\/><\/div><div class=\"overlay filter-blue\"><div class=\"content\"><span class=\"zoom-button\"><\/span><\/div><\/div><\/a><\/div><\/div><div class=\"grid-container__item\"><div class=\"block\"><a href=\"https:\/\/www.visitbratislava.com\/wp-content\/uploads\/2022\/08\/screenshot_2024-09-19_at_11.36.17.png\" data-fancybox=\"gallery\" data-caption=\"\"><div class=\"background\" style=\"background-image: url(https:\/\/www.visitbratislava.com\/wp-content\/uploads\/2022\/08\/screenshot_2024-09-19_at_11.36.17.png)\"><\/div><div class=\"overlay filter-green\"><div class=\"content\"><span class=\"zoom-button\"><\/span><\/div><\/div><\/a><\/div><\/div><div class=\"grid-container__item\"><div class=\"block\" ><a href=\"https:\/\/www.visitbratislava.com\/wp-content\/uploads\/2022\/08\/screenshot_2024-09-19_at_11.47.45.png\" data-fancybox=\"gallery\" data-caption=\"\"><div class=\"background\" style=\"background-image: url(https:\/\/www.visitbratislava.com\/wp-content\/uploads\/2022\/08\/screenshot_2024-09-19_at_11.47.45.png)\"><\/div><div class=\"overlay filter-orange\"><div class=\"content\"><span class=\"zoom-button\"><\/span><\/div><\/div><\/a><\/div><\/div><div class=\"grid-container__item\"><div class=\"block\"><a href=\"https:\/\/www.visitbratislava.com\/wp-content\/uploads\/2022\/08\/screenshot_2024-09-19_at_12.24.40.png\" data-fancybox=\"gallery\" data-caption=\"\"><div class=\"background\" style=\"background-image: url(https:\/\/www.visitbratislava.com\/wp-content\/uploads\/2022\/08\/screenshot_2024-09-19_at_12.24.40.png)\"><\/div><div class=\"overlay filter-purple\"><div class=\"content\"><span class=\"zoom-button\"><\/span><\/div><\/div><\/a><\/div><\/div><div class=\"grid-container__item more\"><\/div><\/div>\n<article class=\"text-token-text-primary w-full focus:outline-none [content-visibility:auto] supports-[content-visibility:auto]:[contain-intrinsic-size:auto_100lvh] scroll-mt-[calc(var(--header-height)+min(200px,max(70px,20svh)))]\" dir=\"auto\" tabindex=\"-1\" data-turn-id=\"request-WEB:0f190b79-1f60-4074-b68b-8d8c63740cd8-2\" data-testid=\"conversation-turn-6\" data-scroll-anchor=\"true\" data-turn=\"assistant\">\n<div class=\"text-base my-auto mx-auto pb-10 [--thread-content-margin:--spacing(4)] thread-sm:[--thread-content-margin:--spacing(6)] thread-lg:[--thread-content-margin:--spacing(16)] px-(--thread-content-margin)\">\n<div class=\"[--thread-content-max-width:40rem] thread-lg:[--thread-content-max-width:48rem] mx-auto max-w-(--thread-content-max-width) flex-1 group\/turn-messages focus-visible:outline-hidden relative flex w-full min-w-0 flex-col agent-turn\" tabindex=\"-1\">\n<div class=\"flex max-w-full flex-col grow\">\n<div class=\"min-h-8 text-message relative flex w-full flex-col items-end gap-2 text-start break-words whitespace-normal [.text-message+&amp;]:mt-5\" dir=\"auto\" data-message-author-role=\"assistant\" data-message-id=\"11364809-8b3c-4b99-a401-9aa54c33fb89\" data-message-model-slug=\"gpt-5\">\n<div class=\"flex w-full flex-col gap-1 empty:hidden first:pt-[3px]\">\n<div class=\"markdown prose dark:prose-invert w-full break-words light markdown-new-styling\">\n<p data-start=\"0\" data-end=\"959\" data-is-last-node=\"\" data-is-only-node=\"\">V\u00e4\u010d\u0161inu in\u0161tal\u00e1ci\u00ed si m\u00f4\u017eete vychutna\u0165 v piatok, sobotu aj nede\u013eu medzi 19.00 a 24.00 hod. Dajte si v\u0161ak pozor na program, ktor\u00fd sa kon\u00e1 len v presne ur\u010den\u00fdch \u010dasoch. Ide najm\u00e4 o \u017eiv\u00e9 performancie, hudobn\u00e9 a tane\u010dn\u00e9 predstavenia, workshopy, verejn\u00e9 \u010d\u00edtania alebo filmov\u00e9 premietania (na <strong><a href=\"https:\/\/bielanoc.sk\/y2025\/ba\/mapa\" target=\"_blank\" rel=\"noopener\">mape<\/a> <\/strong>s\u00fa farebne odl\u00ed\u0161en\u00e9).<\/p>\n<\/div>\n<\/div>\n<\/div>\n<\/div>\n<\/div>\n<\/div>\n<\/article>\n<div class=\"grid-container\"><div class=\"grid-container__item\"><div class=\"block\"><a href=\"https:\/\/www.visitbratislava.com\/wp-content\/uploads\/2022\/08\/screenshot_2024-09-19_at_12.27.04.png\" data-fancybox=\"gallery\" data-caption=\"\"><div class=\"background\"><img src=\"https:\/\/www.visitbratislava.com\/wp-content\/uploads\/2022\/08\/screenshot_2024-09-19_at_12.27.04.png\" alt=\"foto\"\/><\/div><div class=\"overlay filter-blue\"><div class=\"content\"><span class=\"zoom-button\"><\/span><\/div><\/div><\/a><\/div><\/div><div class=\"grid-container__item\"><div class=\"block\"><a href=\"https:\/\/www.visitbratislava.com\/wp-content\/uploads\/2022\/08\/screenshot_2024-09-19_at_12.30.40.png\" data-fancybox=\"gallery\" data-caption=\"\"><div class=\"background\" style=\"background-image: url(https:\/\/www.visitbratislava.com\/wp-content\/uploads\/2022\/08\/screenshot_2024-09-19_at_12.30.40.png)\"><\/div><div class=\"overlay filter-green\"><div class=\"content\"><span class=\"zoom-button\"><\/span><\/div><\/div><\/a><\/div><\/div><div class=\"grid-container__item\"><div class=\"block\" ><a href=\"https:\/\/www.visitbratislava.com\/wp-content\/uploads\/2022\/08\/screenshot_2024-09-19_at_13.28.07.png\" data-fancybox=\"gallery\" data-caption=\"\"><div class=\"background\" style=\"background-image: url(https:\/\/www.visitbratislava.com\/wp-content\/uploads\/2022\/08\/screenshot_2024-09-19_at_13.28.07.png)\"><\/div><div class=\"overlay filter-orange\"><div class=\"content\"><span class=\"zoom-button\"><\/span><\/div><\/div><\/a><\/div><\/div><div class=\"grid-container__item\"><div class=\"block\"><a href=\"https:\/\/www.visitbratislava.com\/wp-content\/uploads\/2022\/08\/screenshot_2024-09-19_at_12.03.02.png\" data-fancybox=\"gallery\" data-caption=\"\"><div class=\"background\" style=\"background-image: url(https:\/\/www.visitbratislava.com\/wp-content\/uploads\/2022\/08\/screenshot_2024-09-19_at_12.03.02.png)\"><\/div><div class=\"overlay filter-purple\"><div class=\"content\"><span class=\"zoom-button\"><\/span><\/div><\/div><\/a><\/div><\/div><div class=\"grid-container__item more\"><div class=\"block\" ><a class=\"more-link\"><div class=\"content show-more-gallery\"><span class=\"icon-camera\"><\/span><div class=\"title empathized\">&plus;4 Fotky<\/div><\/div><\/a><\/div><\/div><div class=\"d-none\"><div class=\"block block-inside image\"><a href=\"https:\/\/www.visitbratislava.com\/wp-content\/uploads\/2022\/08\/screenshot_2024-09-19_at_12.06.49-1.png\" data-fancybox=\"gallery\" data-caption=\"\"><div class=\"background\" data-equalizer-block=\"4\"><img src=\"https:\/\/www.visitbratislava.com\/wp-content\/uploads\/2022\/08\/screenshot_2024-09-19_at_12.06.49-1-384x384.png\" class=\"attachment-medium-crop size-medium-crop\" alt=\"\" loading=\"lazy\" data-interchange=\"[https:\/\/www.visitbratislava.com\/wp-content\/uploads\/2022\/08\/screenshot_2024-09-19_at_12.06.49-1-384x384.png, (default)], [https:\/\/www.visitbratislava.com\/wp-content\/uploads\/2022\/08\/screenshot_2024-09-19_at_12.06.49-1-384x384.png, (small)]\" title=\"screenshot_2024-09-19_at_12.06.49\" srcset=\"https:\/\/www.visitbratislava.com\/wp-content\/uploads\/2022\/08\/screenshot_2024-09-19_at_12.06.49-1-384x384.png 384w, https:\/\/www.visitbratislava.com\/wp-content\/uploads\/2022\/08\/screenshot_2024-09-19_at_12.06.49-1-150x150.png 150w, https:\/\/www.visitbratislava.com\/wp-content\/uploads\/2022\/08\/screenshot_2024-09-19_at_12.06.49-1-184x184.png 184w\" sizes=\"(max-width: 384px) 100vw, 384px\" \/><\/div><div class=\"overlay invert filter filter-blue\"><div class=\"content\"><span class=\"zoom-button\"><\/span><\/div><\/div><\/a><\/div><\/div><div class=\"d-none\"><div class=\"block block-inside image\"><a href=\"https:\/\/www.visitbratislava.com\/wp-content\/uploads\/2022\/08\/screenshot_2024-09-19_at_11.58.05-1.png\" data-fancybox=\"gallery\" data-caption=\"\"><div class=\"background\" data-equalizer-block=\"4\"><img src=\"https:\/\/www.visitbratislava.com\/wp-content\/uploads\/2022\/08\/screenshot_2024-09-19_at_11.58.05-1-384x384.png\" class=\"attachment-medium-crop size-medium-crop\" alt=\"\" loading=\"lazy\" data-interchange=\"[https:\/\/www.visitbratislava.com\/wp-content\/uploads\/2022\/08\/screenshot_2024-09-19_at_11.58.05-1-384x384.png, (default)], [https:\/\/www.visitbratislava.com\/wp-content\/uploads\/2022\/08\/screenshot_2024-09-19_at_11.58.05-1-384x384.png, (small)]\" title=\"screenshot_2024-09-19_at_11.58.05\" srcset=\"https:\/\/www.visitbratislava.com\/wp-content\/uploads\/2022\/08\/screenshot_2024-09-19_at_11.58.05-1-384x384.png 384w, https:\/\/www.visitbratislava.com\/wp-content\/uploads\/2022\/08\/screenshot_2024-09-19_at_11.58.05-1-150x150.png 150w, https:\/\/www.visitbratislava.com\/wp-content\/uploads\/2022\/08\/screenshot_2024-09-19_at_11.58.05-1-184x184.png 184w\" sizes=\"(max-width: 384px) 100vw, 384px\" \/><\/div><div class=\"overlay invert filter filter-green\"><div class=\"content\"><span class=\"zoom-button\"><\/span><\/div><\/div><\/a><\/div><\/div><div class=\"d-none\"><div class=\"block block-inside image\"><a href=\"https:\/\/www.visitbratislava.com\/wp-content\/uploads\/2022\/08\/screenshot_2024-09-19_at_11.51.05-1.png\" data-fancybox=\"gallery\" data-caption=\"\"><div class=\"background\" data-equalizer-block=\"4\"><img src=\"https:\/\/www.visitbratislava.com\/wp-content\/uploads\/2022\/08\/screenshot_2024-09-19_at_11.51.05-1-384x384.png\" class=\"attachment-medium-crop size-medium-crop\" alt=\"\" loading=\"lazy\" data-interchange=\"[https:\/\/www.visitbratislava.com\/wp-content\/uploads\/2022\/08\/screenshot_2024-09-19_at_11.51.05-1-384x384.png, (default)], [https:\/\/www.visitbratislava.com\/wp-content\/uploads\/2022\/08\/screenshot_2024-09-19_at_11.51.05-1-384x384.png, (small)]\" title=\"screenshot_2024-09-19_at_11.51.05\" srcset=\"https:\/\/www.visitbratislava.com\/wp-content\/uploads\/2022\/08\/screenshot_2024-09-19_at_11.51.05-1-384x384.png 384w, https:\/\/www.visitbratislava.com\/wp-content\/uploads\/2022\/08\/screenshot_2024-09-19_at_11.51.05-1-150x150.png 150w, https:\/\/www.visitbratislava.com\/wp-content\/uploads\/2022\/08\/screenshot_2024-09-19_at_11.51.05-1-184x184.png 184w\" sizes=\"(max-width: 384px) 100vw, 384px\" \/><\/div><div class=\"overlay invert filter filter-fiord\"><div class=\"content\"><span class=\"zoom-button\"><\/span><\/div><\/div><\/a><\/div><\/div><div class=\"d-none\"><div class=\"block block-inside image\"><a href=\"https:\/\/www.visitbratislava.com\/wp-content\/uploads\/2022\/08\/screenshot_2024-09-19_at_11.49.32-1.png\" data-fancybox=\"gallery\" data-caption=\"\"><div class=\"background\" data-equalizer-block=\"4\"><img src=\"https:\/\/www.visitbratislava.com\/wp-content\/uploads\/2022\/08\/screenshot_2024-09-19_at_11.49.32-1-384x384.png\" class=\"attachment-medium-crop size-medium-crop\" alt=\"\" loading=\"lazy\" data-interchange=\"[https:\/\/www.visitbratislava.com\/wp-content\/uploads\/2022\/08\/screenshot_2024-09-19_at_11.49.32-1-384x384.png, (default)], [https:\/\/www.visitbratislava.com\/wp-content\/uploads\/2022\/08\/screenshot_2024-09-19_at_11.49.32-1-384x384.png, (small)]\" title=\"screenshot_2024-09-19_at_11.49.32\" srcset=\"https:\/\/www.visitbratislava.com\/wp-content\/uploads\/2022\/08\/screenshot_2024-09-19_at_11.49.32-1-384x384.png 384w, https:\/\/www.visitbratislava.com\/wp-content\/uploads\/2022\/08\/screenshot_2024-09-19_at_11.49.32-1-150x150.png 150w, https:\/\/www.visitbratislava.com\/wp-content\/uploads\/2022\/08\/screenshot_2024-09-19_at_11.49.32-1-184x184.png 184w\" sizes=\"(max-width: 384px) 100vw, 384px\" \/><\/div><div class=\"overlay invert filter filter-dark-blue\"><div class=\"content\"><span class=\"zoom-button\"><\/span><\/div><\/div><\/a><\/div><\/div><\/div>\n<p><span style=\"font-size: 8pt;\"><em>Foto: ilustra\u010dn\u00e9 z minul\u00fdch ro\u010dn\u00edkov<\/em><\/span><\/p>\n","protected":false},"excerpt":{"rendered":"<p>Biela noc Bratislava 2025 premen\u00ed no\u010dn\u00e9 ulice mesta na gal\u00e9riu \u2013 za\u017eijete sveteln\u00e9 in\u0161tal\u00e1cie, interakt\u00edvne objekty a mappingy na netradi\u010dn\u00fdch miestach vr\u00e1tane Eurovey, n\u00e1bre\u017eia Dunaja \u010di Vydrice, s dielami od dom\u00e1cich aj renomovan\u00fdch zahrani\u010dn\u00fdch umelcov.<\/p>\n","protected":false},"featured_media":218238,"template":"","acf":[],"event_date":{"start_date":1759449600,"end_date":1759622400},"_links":{"self":[{"href":"https:\/\/www.visitbratislava.com\/sk\/wp-json\/wp\/v2\/event\/176052"}],"collection":[{"href":"https:\/\/www.visitbratislava.com\/sk\/wp-json\/wp\/v2\/event"}],"about":[{"href":"https:\/\/www.visitbratislava.com\/sk\/wp-json\/wp\/v2\/types\/event"}],"version-history":[{"count":33,"href":"https:\/\/www.visitbratislava.com\/sk\/wp-json\/wp\/v2\/event\/176052\/revisions"}],"predecessor-version":[{"id":364702,"href":"https:\/\/www.visitbratislava.com\/sk\/wp-json\/wp\/v2\/event\/176052\/revisions\/364702"}],"wp:featuredmedia":[{"embeddable":true,"href":"https:\/\/www.visitbratislava.com\/sk\/wp-json\/wp\/v2\/media\/218238"}],"wp:attachment":[{"href":"https:\/\/www.visitbratislava.com\/sk\/wp-json\/wp\/v2\/media?parent=176052"}],"curies":[{"name":"wp","href":"https:\/\/api.w.org\/{rel}","templated":true}]}}