{"id":181290,"date":"2022-10-05T11:30:13","date_gmt":"2022-10-05T09:30:13","guid":{"rendered":"https:\/\/www.visitbratislava.com\/event\/jozef-jankovic-vsetko-je-v-hlave-2\/"},"modified":"2022-11-30T10:25:31","modified_gmt":"2022-11-30T09:25:31","slug":"jozef-jankovic-vsetko-je-v-hlave-2","status":"publish","type":"event","link":"https:\/\/www.visitbratislava.com\/sk\/podujatia\/jozef-jankovic-vsetko-je-v-hlave-2\/","title":{"rendered":"Jozef Jankovi\u010d: V\u0161etko je v hlave"},"content":{"rendered":"<p>V\u00fdstava zosnul\u00e9ho slovensk\u00e9ho soch\u00e1ra Jozefa Jankovi\u010da bude v Gal\u00e9rii 19 pr\u00edstupn\u00e1 od 6. okt\u00f3bra.<\/p>\n<p>Soch\u00e1r Jozef Jankovi\u010d patril ku gener\u00e1cii v\u00fdtvarn\u00edkov \u0161es\u0165desiatych rokov, k t\u00fdm m\u00e1lo osobnostiam, ktor\u00fdch obdobie normaliz\u00e1cie nezlomilo a nedeformovalo. V\u00fdrazne ho v\u0161ak na takmer dvadsa\u0165 rokov pozna\u010dilo utlmen\u00edm mo\u017enost\u00ed verejn\u00e9ho a slobodn\u00e9ho prejavu v najlep\u0161\u00edch rokoch.<\/p>\n<p>U\u017e od po\u010diatku bol vn\u00edman\u00fd ako soch\u00e1rsky zjav mimoriadneho talentu a n\u00e1dej modern\u00e9ho slovensk\u00e9ho soch\u00e1rstva doma i v zahrani\u010d\u00ed. Jankovi\u010d sa napokon napriek hviezdnemu \u0161tartu stal pre svoj ob\u010diansky a umeleck\u00fd postoj od 70. rokov do revol\u00facie personou non grata. Pozastavili mu \u010dlenstvo vo zv\u00e4ze v\u00fdtvarn\u00edkov, dostal z\u00e1kaz pre v\u00fdstavn\u00e9 siene, nemohol sa z\u00fa\u010dast\u0148ova\u0165 v\u00fdznamnej\u0161\u00edch s\u00fa\u0165a\u017e\u00ed na realiz\u00e1cie, nepublikovala sa jeho tvorba a stopli aj n\u00e1kupy do zbierok \u0161t\u00e1tnych gal\u00e9ri\u00ed.<\/p>\n<p>Obsah a sila jeho tvorby r\u00e1stli napriek z\u00e1kazom i v dobe neslobody a s\u00fa d\u00f4kazom jeho osobnej nezlomnosti, vytrvalosti, h\u00fa\u017eevnatosti a viery v pravdu umenia, t\u00fa soch\u00e1rsku pravdu nepodliehaj\u00facu vrtkav\u00fdm n\u00e1zorom ideologick\u00fdch komisi\u00ed, ale osobito reaguj\u00facu na spolo\u010densk\u00e9 pomery v socialistickom \u010ceskoslovensku.<\/p>\n","protected":false},"excerpt":{"rendered":"<p>V\u00fdstava zosnul\u00e9ho slovensk\u00e9ho soch\u00e1ra Jozefa Jankovi\u010da bude v Gal\u00e9rii 19 pr\u00edstupn\u00e1 od 6. okt\u00f3bra. Soch\u00e1r Jozef Jankovi\u010d patril ku gener\u00e1cii v\u00fdtvarn\u00edkov \u0161es\u0165desiatych rokov, k t\u00fdm m\u00e1lo osobnostiam, ktor\u00fdch obdobie normaliz\u00e1cie nezlomilo a nedeformovalo. V\u00fdrazne ho v\u0161ak na takmer dvadsa\u0165 rokov pozna\u010dilo utlmen\u00edm mo\u017enost\u00ed verejn\u00e9ho a slobodn\u00e9ho prejavu v najlep\u0161\u00edch rokoch. U\u017e od po\u010diatku bol vn\u00edman\u00fd [&hellip;]<\/p>\n","protected":false},"featured_media":0,"template":"","acf":[],"event_date":{"start_date":1665014400,"end_date":1669766400},"_links":{"self":[{"href":"https:\/\/www.visitbratislava.com\/sk\/wp-json\/wp\/v2\/event\/181290"}],"collection":[{"href":"https:\/\/www.visitbratislava.com\/sk\/wp-json\/wp\/v2\/event"}],"about":[{"href":"https:\/\/www.visitbratislava.com\/sk\/wp-json\/wp\/v2\/types\/event"}],"version-history":[{"count":1,"href":"https:\/\/www.visitbratislava.com\/sk\/wp-json\/wp\/v2\/event\/181290\/revisions"}],"predecessor-version":[{"id":181467,"href":"https:\/\/www.visitbratislava.com\/sk\/wp-json\/wp\/v2\/event\/181290\/revisions\/181467"}],"wp:attachment":[{"href":"https:\/\/www.visitbratislava.com\/sk\/wp-json\/wp\/v2\/media?parent=181290"}],"curies":[{"name":"wp","href":"https:\/\/api.w.org\/{rel}","templated":true}]}}