{"id":183750,"date":"2022-10-20T14:24:59","date_gmt":"2022-10-20T12:24:59","guid":{"rendered":"https:\/\/www.visitbratislava.com\/?post_type=event&#038;p=183750"},"modified":"2024-11-26T09:46:49","modified_gmt":"2024-11-26T08:46:49","slug":"bratislavske-vianoce-sa-vracaju","status":"publish","type":"event","link":"https:\/\/www.visitbratislava.com\/sk\/podujatia\/bratislavske-vianoce-sa-vracaju\/","title":{"rendered":"Bratislavsk\u00e9 Vianoce s\u00fa sp\u00e4\u0165!"},"content":{"rendered":"<p>Aj ke\u010f v decembri v hlavnom meste b\u00fdva sneh u\u017e len zriedkavo, viano\u010dn\u00fa n\u00e1ladu to nenar\u00fa\u0161a. Roz\u017eiaren\u00e9 ulice s viano\u010dnou v\u00fdzdobou s\u00fa najm\u00e4 ve\u010der priam \u010darovn\u00e9. Okrem<strong> tradi\u010dn\u00fdch viano\u010dn\u00fdch trhov <\/strong>nevynechajte pestr\u00fd <a href=\"https:\/\/bratislavskevianoce.sk\/program\/\" target=\"_blank\" rel=\"noopener\">kult\u00farny program<\/a>, napr\u00edklad pr\u00edjemn\u00e9 aj vesel\u00e9 koncerty.<\/p>\n<h3><img loading=\"lazy\" width=\"1500\" height=\"1500\" class=\"alignnone size-full wp-image-197780\" src=\"https:\/\/www.visitbratislava.com\/wp-content\/uploads\/2022\/11\/event-vianocne-trhy-hrad-dom-hlavne-namestie_icon.jpg\" alt=\"\" srcset=\"https:\/\/www.visitbratislava.com\/wp-content\/uploads\/2022\/11\/event-vianocne-trhy-hrad-dom-hlavne-namestie_icon.jpg 1500w, https:\/\/www.visitbratislava.com\/wp-content\/uploads\/2022\/11\/event-vianocne-trhy-hrad-dom-hlavne-namestie_icon-400x400.jpg 400w, https:\/\/www.visitbratislava.com\/wp-content\/uploads\/2022\/11\/event-vianocne-trhy-hrad-dom-hlavne-namestie_icon-800x800.jpg 800w, https:\/\/www.visitbratislava.com\/wp-content\/uploads\/2022\/11\/event-vianocne-trhy-hrad-dom-hlavne-namestie_icon-150x150.jpg 150w, https:\/\/www.visitbratislava.com\/wp-content\/uploads\/2022\/11\/event-vianocne-trhy-hrad-dom-hlavne-namestie_icon-768x768.jpg 768w, https:\/\/www.visitbratislava.com\/wp-content\/uploads\/2022\/11\/event-vianocne-trhy-hrad-dom-hlavne-namestie_icon-200x200.jpg 200w, https:\/\/www.visitbratislava.com\/wp-content\/uploads\/2022\/11\/event-vianocne-trhy-hrad-dom-hlavne-namestie_icon-184x184.jpg 184w, https:\/\/www.visitbratislava.com\/wp-content\/uploads\/2022\/11\/event-vianocne-trhy-hrad-dom-hlavne-namestie_icon-384x384.jpg 384w, https:\/\/www.visitbratislava.com\/wp-content\/uploads\/2022\/11\/event-vianocne-trhy-hrad-dom-hlavne-namestie_icon-784x784.jpg 784w\" sizes=\"(max-width: 1500px) 100vw, 1500px\" \/><\/h3>\n<h3>Viano\u010dn\u00e9 trhy maj\u00fa nie\u010do pre v\u0161etk\u00fdch<\/h3>\n<p>K viano\u010dn\u00e9mu koloritu Bratislavy u\u017e dlh\u00e9 roky neodmyslite\u013ene patr\u00ed sl\u00e1vnostn\u00e9<strong> rozsvietenie strom\u010deka<\/strong>. V starej Bratislave bol strom\u010dek nielen symbolom Vianoc, ale i \u013eudskej spolupatri\u010dnosti, ktor\u00fa miestni vn\u00edmali ako hlavn\u00e9 posolstvo sviatkov.<\/p>\n<p>V st\u00e1nkoch okrem tradi\u010dn\u00fdch viano\u010dn\u00fdch jed\u00e1l n\u00e1jdete v ponuke aj <strong>exotickej\u0161ie chute<\/strong>, na svoje si pr\u00eddu veg\u00e1ni aj veg\u00e1nky. Prezrite si aj interakt\u00edvnu <a href=\"https:\/\/bratislavskevianoce.sk\/mapa-trhu\/\" target=\"_blank\" rel=\"noopener\">mapu trhov<\/a>. Samozrejmos\u0165ou je kompostovate\u013en\u00fd riad a vratn\u00e9 poh\u00e1re, odpad sa bude op\u00e4\u0165 triedi\u0165.<\/p>\n<p><img loading=\"lazy\" width=\"800\" height=\"533\" class=\"size-large wp-image-269690 aligncenter\" src=\"https:\/\/www.visitbratislava.com\/wp-content\/uploads\/2022\/10\/Dekan-komparz-Vianoce-Hlavne-namestie-Stara-radnica-deti-Vianocne-trhy-06-800x533.jpg\" alt=\"\" srcset=\"https:\/\/www.visitbratislava.com\/wp-content\/uploads\/2022\/10\/Dekan-komparz-Vianoce-Hlavne-namestie-Stara-radnica-deti-Vianocne-trhy-06-800x533.jpg 800w, https:\/\/www.visitbratislava.com\/wp-content\/uploads\/2022\/10\/Dekan-komparz-Vianoce-Hlavne-namestie-Stara-radnica-deti-Vianocne-trhy-06-400x267.jpg 400w, https:\/\/www.visitbratislava.com\/wp-content\/uploads\/2022\/10\/Dekan-komparz-Vianoce-Hlavne-namestie-Stara-radnica-deti-Vianocne-trhy-06-768x512.jpg 768w, https:\/\/www.visitbratislava.com\/wp-content\/uploads\/2022\/10\/Dekan-komparz-Vianoce-Hlavne-namestie-Stara-radnica-deti-Vianocne-trhy-06-1536x1024.jpg 1536w, https:\/\/www.visitbratislava.com\/wp-content\/uploads\/2022\/10\/Dekan-komparz-Vianoce-Hlavne-namestie-Stara-radnica-deti-Vianocne-trhy-06-2048x1365.jpg 2048w, https:\/\/www.visitbratislava.com\/wp-content\/uploads\/2022\/10\/Dekan-komparz-Vianoce-Hlavne-namestie-Stara-radnica-deti-Vianocne-trhy-06-200x133.jpg 200w\" sizes=\"(max-width: 800px) 100vw, 800px\" \/><\/p>\n<h3>Program na Franti\u0161k\u00e1nskom n\u00e1mest\u00ed<\/h3>\n<p>V piatky sa m\u00f4\u017eete te\u0161i\u0165 na<strong> koncerty spev\u00e1ckych zborov<\/strong>. Soboty bud\u00fa patri\u0165 <b>detsk\u00fdm folkl\u00f3rnym s\u00faborom a folkl\u00f3rnym s\u00faborom z cel\u00e9ho Slovenska, <\/b>ktor\u00e9 prines\u00fa n\u00e1dhern\u00e9 koledy do ul\u00edc mesta. Nedele bud\u00fa pln\u00e9 <strong>anjelsk\u00fdch spevov<\/strong> a <strong>koncertov <\/strong>ob\u013e\u00faben\u00fdch slovensk\u00fdch interpretov a interpretiek.<\/p>\n<p><img loading=\"lazy\" class=\"aligncenter wp-image-197472 size-full\" src=\"https:\/\/www.visitbratislava.com\/wp-content\/uploads\/2020\/11\/Vianocne-trhy-Bratislava-Banner-002.jpg\" alt=\"\" width=\"1418\" height=\"458\" srcset=\"https:\/\/www.visitbratislava.com\/wp-content\/uploads\/2020\/11\/Vianocne-trhy-Bratislava-Banner-002.jpg 1418w, https:\/\/www.visitbratislava.com\/wp-content\/uploads\/2020\/11\/Vianocne-trhy-Bratislava-Banner-002-400x129.jpg 400w, https:\/\/www.visitbratislava.com\/wp-content\/uploads\/2020\/11\/Vianocne-trhy-Bratislava-Banner-002-800x258.jpg 800w, https:\/\/www.visitbratislava.com\/wp-content\/uploads\/2020\/11\/Vianocne-trhy-Bratislava-Banner-002-768x248.jpg 768w, https:\/\/www.visitbratislava.com\/wp-content\/uploads\/2020\/11\/Vianocne-trhy-Bratislava-Banner-002-200x65.jpg 200w\" sizes=\"(max-width: 1418px) 100vw, 1418px\" \/><\/p>\n<h3>Viano\u010dn\u00fd les a Pr\u00edvetiv\u00e1 z\u00f3na<\/h3>\n<p>Poprech\u00e1dza\u0165 sa po <a href=\"https:\/\/bratislavskevianoce.sk\/vianocny-les\/\" target=\"_blank\" rel=\"noopener\"><strong>Viano\u010dnom lese<\/strong><\/a> budete m\u00f4c\u0165 na Primaci\u00e1lnom n\u00e1mest\u00ed. Do v\u00fdzdoby <strong>36 strom\u010dekov<\/strong> sa zapojili z\u00e1kladn\u00e9, umeleck\u00e9 i \u0161peci\u00e1lne \u0161koly. Vyzdoben\u00e9 strom\u010deky poputuj\u00fa aj tento rok na miesta k <strong>\u013eu\u010fom, pre ktor\u00fdch je k\u00fapa strom\u010deka finan\u010dne n\u00e1ro\u010dn\u00e1<\/strong> &#8211; do charitat\u00edvnych organiz\u00e1ci\u00ed, domovov soci\u00e1lnych slu\u017eieb, zdru\u017een\u00ed pre \u013eud\u00ed bez domova, aj do rod\u00edn v n\u00e1ro\u010dnej\u0161ej soci\u00e1lnej situ\u00e1cii.<\/p>\n<p>Okrem toho tu n\u00e1jdete <a href=\"https:\/\/bratislavskevianoce.sk\/privetiva-zona\/\" target=\"_blank\" rel=\"noopener\"><strong>Pr\u00edvetiv\u00fa z\u00f3nu<\/strong><\/a>, ktorej cie\u013eom je vytvori\u0165 <strong>pr\u00edjemn\u00e9 miesto pre rodiny s de\u0165mi, seniorky, seniorov, zranite\u013en\u00e9 skupiny<\/strong> a v\u0161etk\u00fdch, ktor\u00ed si chc\u00fa odd\u00fdchnu\u0165 od zhonu a ruchu okolia. Bude <strong>zastre\u0161en\u00e1, bezbari\u00e9rov\u00e1, bude sa v nej da\u0165 posedie\u0165, odd\u00fdchnu\u0165 si<\/strong> a vychutna\u0165 viano\u010dn\u00fa atmosf\u00e9ru ved\u013ea ob\u013e\u00faben\u00e9ho Viano\u010dn\u00e9ho lesa. Tento rok v nej pribudn\u00fa aj nede\u013en\u00e9 workshopy, aktivity pre deti a predajn\u00e9 st\u00e1nky s jedlom a n\u00e1pojmi.<\/p>\n<p><img loading=\"lazy\" width=\"902\" height=\"1024\" class=\"alignnone size-full wp-image-318854\" src=\"https:\/\/www.visitbratislava.com\/wp-content\/uploads\/2022\/10\/vianocna-mapa-1353x1536-1-902x1024-1.jpg\" alt=\"\" srcset=\"https:\/\/www.visitbratislava.com\/wp-content\/uploads\/2022\/10\/vianocna-mapa-1353x1536-1-902x1024-1.jpg 902w, https:\/\/www.visitbratislava.com\/wp-content\/uploads\/2022\/10\/vianocna-mapa-1353x1536-1-902x1024-1-352x400.jpg 352w, https:\/\/www.visitbratislava.com\/wp-content\/uploads\/2022\/10\/vianocna-mapa-1353x1536-1-902x1024-1-705x800.jpg 705w, https:\/\/www.visitbratislava.com\/wp-content\/uploads\/2022\/10\/vianocna-mapa-1353x1536-1-902x1024-1-768x872.jpg 768w, https:\/\/www.visitbratislava.com\/wp-content\/uploads\/2022\/10\/vianocna-mapa-1353x1536-1-902x1024-1-176x200.jpg 176w\" sizes=\"(max-width: 902px) 100vw, 902px\" \/><\/p>\n<p><em><span style=\"font-size: 8pt;\">Foto: BKIS<\/span><\/em><\/p>\n<h3>Adventn\u00fd program v Koncertnej sieni Klarisky<\/h3>\n<p>Kona\u0165 sa tu bud\u00fa nielen adventn\u00e9 koncerty, ale aj swapy oble\u010denia \u010di detsk\u00fdch hra\u010diek, viano\u010dn\u00e1 detsk\u00e1 burza, tvoriv\u00e9 dielne aj silent disco. Mimoriadny program je pripraven\u00fd aj na Franti\u0161k\u00e1nskom n\u00e1mest\u00ed napr\u00edklad na de\u0148 sv\u00e4tej Lucie 13. decembra, kedy sa tu chyst\u00e1 magick\u00e1 <strong>Noc bosoriek<\/strong>. <a href=\"https:\/\/tootoot.fm\/sk\/events\/67123bafdf19459387b10153\" target=\"_blank\" rel=\"noopener\"><strong>Mikul\u00e1\u0161ske dobrodru\u017estvo<\/strong><\/a> poputuje 5. decembra od Prepo\u0161tskej z\u00e1hrady do Sadu Janka Kr\u00e1\u013ea, kde sa bude kona\u0165 v\u00e4\u010d\u0161ina \u010fal\u0161ieho programu.<\/p>\n<p><span style=\"color: #ff0000; font-size: 10pt;\"><em>*Trhy bud\u00fa v d\u0148och viano\u010dn\u00fdch sviatkov 24. &#8211; 26. decembra zavret\u00e9.<\/em><\/span><\/p>\n<p><span style=\"font-size: 10pt;\"><em>Bratislavsk\u00e9 Vianoce do hlavn\u00e9ho mesta prin\u00e1\u0161a Bratislavsk\u00e9 kult\u00farne a informa\u010dn\u00e9 stredisko.<\/em><\/span><\/p>\n","protected":false},"excerpt":{"rendered":"<p>\ud83c\udf84Nala\u010fte sa na najob\u013e\u00fabenej\u0161ie sviatky roka v metropole Slovenska. Adventn\u00fd \u010das op\u00e4\u0165 spestria viano\u010dn\u00e9 trhy a ich sprievodn\u00fd program.<\/p>\n","protected":false},"featured_media":318867,"template":"","acf":[],"event_date":{"start_date":1732147200,"end_date":1736121600},"_links":{"self":[{"href":"https:\/\/www.visitbratislava.com\/sk\/wp-json\/wp\/v2\/event\/183750"}],"collection":[{"href":"https:\/\/www.visitbratislava.com\/sk\/wp-json\/wp\/v2\/event"}],"about":[{"href":"https:\/\/www.visitbratislava.com\/sk\/wp-json\/wp\/v2\/types\/event"}],"version-history":[{"count":38,"href":"https:\/\/www.visitbratislava.com\/sk\/wp-json\/wp\/v2\/event\/183750\/revisions"}],"predecessor-version":[{"id":319434,"href":"https:\/\/www.visitbratislava.com\/sk\/wp-json\/wp\/v2\/event\/183750\/revisions\/319434"}],"wp:featuredmedia":[{"embeddable":true,"href":"https:\/\/www.visitbratislava.com\/sk\/wp-json\/wp\/v2\/media\/318867"}],"wp:attachment":[{"href":"https:\/\/www.visitbratislava.com\/sk\/wp-json\/wp\/v2\/media?parent=183750"}],"curies":[{"name":"wp","href":"https:\/\/api.w.org\/{rel}","templated":true}]}}