{"id":183852,"date":"2022-10-21T11:00:35","date_gmt":"2022-10-21T09:00:35","guid":{"rendered":"https:\/\/www.visitbratislava.com\/?post_type=event&#038;p=183852"},"modified":"2025-08-28T18:35:58","modified_gmt":"2025-08-28T16:35:58","slug":"bratislavske-jazzove-dni","status":"publish","type":"event","link":"https:\/\/www.visitbratislava.com\/sk\/podujatia\/bratislavske-jazzove-dni\/","title":{"rendered":"Bratislavsk\u00e9 jazzov\u00e9 dni"},"content":{"rendered":"<p><strong>Najstar\u0161\u00ed a dodnes naprogres\u00edvnej\u0161\u00ed slovensk\u00fd jazzov\u00fd festival bude prebieha\u0165 v Incheba Expo Ar\u00e9ene<\/strong>. Festival je na sedenie, v prednej \u010dasti nebude ch\u00fdba\u0165 mno\u017estvo kvalitn\u00e9ho ob\u010derstvenia, vr\u00e1tane tepl\u00e9ho jedla.<\/p>\n<p><img src=\"https:\/\/www.bjd.sk\/sites\/default\/files\/styles\/max\/public\/slideshow\/banner-WEB-1960x543-BJD-25_1.png?itok=8Pl5ptoS\" \/><\/p>\n<p data-start=\"169\" data-end=\"261\">\ud83d\udcc5 <strong data-start=\"172\" data-end=\"198\">24. \u2013 26. okt\u00f3bra 2025<\/strong><br data-start=\"198\" data-end=\"201\" \/>\ud83d\udccd <strong data-start=\"204\" data-end=\"259\">Incheba Expo Ar\u00e9na, Viedensk\u00e1 cesta 3\u20137, Bratislava<\/strong><\/p>\n<p data-start=\"263\" data-end=\"302\">\ud83d\udc49 <a class=\"decorated-link\" href=\"https:\/\/www.bjd.sk?utm_source=chatgpt.com\" target=\"_new\" rel=\"noopener\" data-start=\"266\" data-end=\"300\">K\u00fapi\u0165 l\u00edstky<\/a><\/p>\n<hr data-start=\"304\" data-end=\"307\" \/>\n<h2 data-start=\"309\" data-end=\"321\">Program<\/h2>\n<p data-start=\"323\" data-end=\"361\"><strong data-start=\"323\" data-end=\"359\">Piatok, 24. okt\u00f3bra 2025 \u2013 19:00<\/strong><\/p>\n<ul data-start=\"362\" data-end=\"623\">\n<li data-start=\"362\" data-end=\"485\">\n<p data-start=\"364\" data-end=\"485\"><strong data-start=\"364\" data-end=\"387\">Keyon Harrold (USA)<\/strong> \u2013 oce\u0148ovan\u00fd trumpetista, ozna\u010dovan\u00fd za \u201ebud\u00facnos\u0165 jazzu\u201c, zn\u00e1my f\u00faziou jazzu, hip-hopu a soulu.<\/p>\n<\/li>\n<li data-start=\"486\" data-end=\"623\">\n<p data-start=\"488\" data-end=\"623\"><strong data-start=\"488\" data-end=\"507\">Moses Boyd (UK)<\/strong> \u2013 buben\u00edk a producent, v\u00fdrazn\u00e1 osobnos\u0165 lond\u00fdnskej jazzovej sc\u00e9ny, mie\u0161a jazz s elektronikou, grime \u010di afrobeats.<\/p>\n<\/li>\n<\/ul>\n<p data-start=\"625\" data-end=\"668\">\ud83d\udc49 <a class=\"decorated-link\" href=\"https:\/\/www.bjd.sk?utm_source=chatgpt.com\" target=\"_new\" rel=\"noopener\" data-start=\"628\" data-end=\"666\">L\u00edstky na piatok<\/a><\/p>\n<hr data-start=\"670\" data-end=\"673\" \/>\n<p data-start=\"675\" data-end=\"713\"><strong data-start=\"675\" data-end=\"711\">Sobota, 25. okt\u00f3bra 2025 \u2013 19:00<\/strong><\/p>\n<ul data-start=\"714\" data-end=\"1027\">\n<li data-start=\"714\" data-end=\"886\">\n<p data-start=\"716\" data-end=\"886\"><strong data-start=\"716\" data-end=\"770\">Bugge Wesseltoft \/ Arild Andersen \/ \u00d8yunn (N\u00f3rsko)<\/strong> \u2013 legend\u00e1rny klavirista s basistom a buben\u00edkom, predstavuj\u00fa modern\u00e9 seversk\u00e9 trio na pomedz\u00ed jazzu a elektroniky.<\/p>\n<\/li>\n<li data-start=\"887\" data-end=\"1027\">\n<p data-start=\"889\" data-end=\"1027\"><strong data-start=\"889\" data-end=\"912\">Marcus Miller (USA)<\/strong> \u2013 jeden z najlep\u0161\u00edch basgitaristov sveta, spolupracoval s Milesom Davisom, Ericom Claptonom \u010di Arethou Franklin.<\/p>\n<\/li>\n<\/ul>\n<p data-start=\"1029\" data-end=\"1072\">\ud83d\udc49 <a class=\"decorated-link\" href=\"https:\/\/www.bjd.sk?utm_source=chatgpt.com\" target=\"_new\" rel=\"noopener\" data-start=\"1032\" data-end=\"1070\">L\u00edstky na sobotu<\/a><\/p>\n<hr data-start=\"1074\" data-end=\"1077\" \/>\n<p data-start=\"1079\" data-end=\"1117\"><strong data-start=\"1079\" data-end=\"1115\">Nede\u013ea, 26. okt\u00f3bra 2025 \u2013 18:00<\/strong><\/p>\n<ul data-start=\"1118\" data-end=\"1400\">\n<li data-start=\"1118\" data-end=\"1251\">\n<p data-start=\"1120\" data-end=\"1251\"><strong data-start=\"1120\" data-end=\"1136\">Knower (USA)<\/strong> \u2013 exploz\u00edvne jazz-funkov\u00e9 duo Louis Cole a Genevieve Artadi, ich koncerty s\u00fa pln\u00e9 energie, elektroniky a humoru.<\/p>\n<\/li>\n<li data-start=\"1252\" data-end=\"1400\">\n<p data-start=\"1254\" data-end=\"1400\"><strong data-start=\"1254\" data-end=\"1295\">Kurt Elling &amp; The Yellowjackets (USA)<\/strong> \u2013 najlep\u0161\u00ed jazzov\u00fd spev\u00e1k s\u00fa\u010dasnosti so sl\u00e1vnym ans\u00e1mblom, ktor\u00ed spolo\u010dne vzdaj\u00fa poctu Weather Report.<\/p>\n<\/li>\n<\/ul>\n<p data-start=\"1402\" data-end=\"1445\">\ud83d\udc49 <a class=\"decorated-link\" href=\"https:\/\/www.bjd.sk?utm_source=chatgpt.com\" target=\"_new\" rel=\"noopener\" data-start=\"1405\" data-end=\"1443\">L\u00edstky na nede\u013eu<\/a><\/p>\n<hr data-start=\"1447\" data-end=\"1450\" \/>\n<h2 data-start=\"1452\" data-end=\"1472\">Popis podujatia<\/h2>\n<p data-start=\"1474\" data-end=\"1731\">Jubilejn\u00fd <strong data-start=\"1484\" data-end=\"1548\">50. ro\u010dn\u00edk Bratislavsk\u00fdch Jazzov\u00fdch Dn\u00ed Slovensk\u00e1 sporite\u013e\u0148a<\/strong> prinesie do Bratislavy svetov\u00fa jazzov\u00fa elitu. Po\u010das troch ve\u010derov sa predstavia legendy aj nov\u00e9 talenty, ktor\u00e9 pos\u00favaj\u00fa hranice jazzu smerom k soulu, funku, hip-hopu a elektronike.<\/p>\n<p data-start=\"1733\" data-end=\"1860\">Festival patr\u00ed medzi najprest\u00ed\u017enej\u0161ie jazzov\u00e9 udalosti v strednej Eur\u00f3pe a ka\u017ed\u00fd rok l\u00e1ka fan\u00fa\u0161ikov z domova i zo zahrani\u010dia.<\/p>\n<p data-start=\"1862\" data-end=\"1920\">\ud83d\udc49 <a class=\"decorated-link\" href=\"https:\/\/www.bjd.sk?utm_source=chatgpt.com\" target=\"_new\" rel=\"noopener\" data-start=\"1865\" data-end=\"1918\">K\u00fapi\u0165 permanentku na v\u0161etky dni<\/a><\/p>\n","protected":false},"excerpt":{"rendered":"<p>Bratislavsk\u00e9 Jazzov\u00e9 Dni Slovensk\u00e1 sporite\u013e\u0148a op\u00e4\u0165 prines\u00fa do Bratislavy svetov\u00fa \u0161pi\u010dku. <\/p>\n","protected":false},"featured_media":218268,"template":"","acf":[],"event_date":{"start_date":1761264000,"end_date":1761436800},"_links":{"self":[{"href":"https:\/\/www.visitbratislava.com\/sk\/wp-json\/wp\/v2\/event\/183852"}],"collection":[{"href":"https:\/\/www.visitbratislava.com\/sk\/wp-json\/wp\/v2\/event"}],"about":[{"href":"https:\/\/www.visitbratislava.com\/sk\/wp-json\/wp\/v2\/types\/event"}],"version-history":[{"count":13,"href":"https:\/\/www.visitbratislava.com\/sk\/wp-json\/wp\/v2\/event\/183852\/revisions"}],"predecessor-version":[{"id":350033,"href":"https:\/\/www.visitbratislava.com\/sk\/wp-json\/wp\/v2\/event\/183852\/revisions\/350033"}],"wp:featuredmedia":[{"embeddable":true,"href":"https:\/\/www.visitbratislava.com\/sk\/wp-json\/wp\/v2\/media\/218268"}],"wp:attachment":[{"href":"https:\/\/www.visitbratislava.com\/sk\/wp-json\/wp\/v2\/media?parent=183852"}],"curies":[{"name":"wp","href":"https:\/\/api.w.org\/{rel}","templated":true}]}}