{"id":188076,"date":"2022-11-02T17:20:58","date_gmt":"2022-11-02T16:20:58","guid":{"rendered":"https:\/\/www.visitbratislava.com\/?post_type=event&#038;p=188076"},"modified":"2022-11-11T16:30:45","modified_gmt":"2022-11-11T15:30:45","slug":"vikend-zatvorenych-hranic","status":"publish","type":"event","link":"https:\/\/www.visitbratislava.com\/sk\/podujatia\/vikend-zatvorenych-hranic\/","title":{"rendered":"V\u00edkend zatvoren\u00fdch hran\u00edc"},"content":{"rendered":"<p>Hrani\u010dn\u00fd priechod na Cyklomoste slobody sa vr\u00e1ti v \u010dase o viac ako tri desiatky rokov. Hranice sa zatvoria v nede\u013eu 13. novembra.<\/p>\n<p>Cyklomost slobody v Dev\u00ednskej Novej Vsi bude v\u010faka spolupr\u00e1ci \u00dastavu pam\u00e4ti n\u00e1roda s Bratislavsk\u00fdm samospr\u00e1vnym krajom op\u00e4\u0165 dejiskom V\u00edkendu zatvoren\u00fdch hran\u00edc, ktor\u00fd pripomenie totalitn\u00fd re\u017eim na hraniciach aj obete \u017deleznej opony.<\/p>\n<div class=\"grid-container\"><div class=\"grid-container__item\"><div class=\"block\"><a href=\"https:\/\/www.visitbratislava.com\/wp-content\/uploads\/2022\/11\/Vikend-zatvorenych-hranic-005-800x533.jpeg\" data-fancybox=\"gallery\" data-caption=\"\"><div class=\"background\"><img src=\"https:\/\/www.visitbratislava.com\/wp-content\/uploads\/2022\/11\/Vikend-zatvorenych-hranic-005-800x533.jpeg\" alt=\"foto\"\/><\/div><div class=\"overlay filter-blue\"><div class=\"content\"><span class=\"zoom-button\"><\/span><\/div><\/div><\/a><\/div><\/div><div class=\"grid-container__item\"><div class=\"block\"><a href=\"https:\/\/www.visitbratislava.com\/wp-content\/uploads\/2022\/11\/Vikend-zatvorenych-hranic-007-800x551.jpeg\" data-fancybox=\"gallery\" data-caption=\"\"><div class=\"background\" style=\"background-image: url(https:\/\/www.visitbratislava.com\/wp-content\/uploads\/2022\/11\/Vikend-zatvorenych-hranic-007-800x551.jpeg)\"><\/div><div class=\"overlay filter-green\"><div class=\"content\"><span class=\"zoom-button\"><\/span><\/div><\/div><\/a><\/div><\/div><div class=\"grid-container__item more\"><\/div><\/div>\n<p>Cez Cyklomost slobody sa do Rak\u00faska dostanete len s cestovnou dolo\u017ekou a okrem atmosf\u00e9ry na hraniciach komunistick\u00e9ho \u010ceskoslovenska v\u00e1s \u010dak\u00e1 aj kult\u00farno-n\u00e1u\u010dn\u00fd program a pietna spomienka na obete \u017deleznej opony.<\/p>\n<p>V\u00edkend zatvoren\u00fdch hran\u00edc je vrcholom <a href=\"https:\/\/www.visitbratislava.com\/sk\/podujatia\/festival-slobody\/\" target=\"_blank\" rel=\"noopener\"><strong>Festivalu slobody<\/strong><\/a>, na ktorom hodnotu slobody a odvahy pripom\u00ednaj\u00fa filmy, diskusie aj v\u00fdstavy. Za\u010dne u\u017e v piatok 11. novembra a vyvrchol\u00ed v nede\u013eu 13. novembra. Ka\u017ed\u00fd, kto v tento de\u0148 bude chcie\u0165 prejs\u0165 cez cyklomost do Rak\u00faska, bude musie\u0165 spomali\u0165. No napokon sa za hranice dostane. Teda, ak za\u017eiada o cestovn\u00fa dolo\u017eku. A ak ju dostane.<\/p>\n<p>O desiatej dopoludnia symbolicky osadia hrani\u010dn\u00e9 z\u00e1vory pripom\u00ednaj\u00face \u017eelezn\u00fa oponu, aby potom pri nich do \u0161tvrtej popoludn\u00ed rozd\u00e1vali &#8222;v\u00fdjazdn\u00e9 dolo\u017eky&#8220;, ktor\u00e9 sl\u00fa\u017eili ako zvl\u00e1\u0161tne povolenie na opustenie \u00fazemia krajiny v dobe komunistickej totality a bez ktor\u00e9ho nebolo mo\u017en\u00e9 prekro\u010di\u0165 \u010deskoslovensk\u00e9 \u0161t\u00e1tne hranice. Na z\u00e1ver sa bude spom\u00edna\u0165 na obete \u017eeleznej opony.<\/p>\n<div class=\"grid-container\"><div class=\"grid-container__item\"><div class=\"block\"><a href=\"https:\/\/www.visitbratislava.com\/wp-content\/uploads\/2022\/11\/Vikend-zatvorenych-hranic-006-800x533.jpeg\" data-fancybox=\"gallery\" data-caption=\"\"><div class=\"background\"><img src=\"https:\/\/www.visitbratislava.com\/wp-content\/uploads\/2022\/11\/Vikend-zatvorenych-hranic-006-800x533.jpeg\" alt=\"foto\"\/><\/div><div class=\"overlay filter-blue\"><div class=\"content\"><span class=\"zoom-button\"><\/span><\/div><\/div><\/a><\/div><\/div><div class=\"grid-container__item\"><div class=\"block\"><a href=\"https:\/\/www.visitbratislava.com\/wp-content\/uploads\/2022\/11\/Vikend-zatvorenych-hranic-009-1-800x533.jpg\" data-fancybox=\"gallery\" data-caption=\"\"><div class=\"background\" style=\"background-image: url(https:\/\/www.visitbratislava.com\/wp-content\/uploads\/2022\/11\/Vikend-zatvorenych-hranic-009-1-800x533.jpg)\"><\/div><div class=\"overlay filter-green\"><div class=\"content\"><span class=\"zoom-button\"><\/span><\/div><\/div><\/a><\/div><\/div><div class=\"grid-container__item more\"><\/div><\/div>\n<p>Nebojte sa, hrani\u010dn\u00e1 z\u00e1tarasa z cyklomosta v\u0161ak, na rozdiel od d\u00f4b minul\u00fdch, nesk\u00f4r zmizne. Hranice na Cyklomoste slobody v Dev\u00ednskej Novej Vsi, ktor\u00fd ponad rieku Moravu sp\u00e1ja \u00fazemie Slovenska a Rak\u00faska, bud\u00fa zatvoren\u00e9 len na jeden de\u0148.<\/p>\n<p>V tento de\u0148 sa v Dev\u00ednskej Novej Vsi m\u00f4\u017eete dozvedie\u0165 nie\u010do aj o praktik\u00e1ch pohrani\u010dnej str\u00e1\u017ee a smutnom paradoxe \u017eeleznej opony, kedy vojak pohrani\u010dnej str\u00e1\u017ee st\u00e1l na str\u00e1\u017ei s pu\u0161kou namierenou proti vn\u00fatorn\u00e9mu nepriate\u013eovi. Pripomeniete si dobu, kedy bola mo\u017enos\u0165 slobodne vycestova\u0165 zak\u00e1zan\u00e1 a \u0161t\u00e1tna hranica bola zatvoren\u00e1, ale aj okamihy, ke\u010f sme so svie\u010dkami vykro\u010dili za slobodou. Zaspom\u00ednate si tak na p\u00e1d \u017deleznej opony.<\/p>\n<p>Sloboda je vz\u00e1cny dar ulo\u017een\u00fd v krehkej n\u00e1dobe a jej hodnota sa prejav\u00ed a\u017e vtedy, ke\u010f o \u0148u \u010dlovek pr\u00edde. Aj tak\u00fdmto obrazn\u00fdm zatvoren\u00edm hran\u00edc je preto dobr\u00e9 pripomen\u00fa\u0165 si hodnotu slobody, a to pr\u00e1ve na moste po nej pomenovanom. Treb\u00e1rs aj polo\u017een\u00edm sviece k pam\u00e4tn\u00edku obetiam \u017eeleznej opony.<\/p>\n<p>Pod cyklomostom stoj\u00ed maketa \u017eeleznej opony, ktorej kra\u013euje ostnat\u00fd dr\u00f4t. Osadili ju tam preto, aby sa na obdobie totality nikdy nezabudlo. Slobodu si treba v\u00e1\u017ei\u0165, preto\u017ee nie je samozrejm\u00e1. Pr\u00ed\u010fte si &#8222;na \u010diaru&#8220; bu\u010f zaspom\u00edna\u0165, alebo dozvedie\u0165 sa, ak\u00e9 to kedysi bolo.<\/p>\n<p><img loading=\"lazy\" width=\"2048\" height=\"1363\" class=\"alignleft size-full wp-image-188078\" src=\"https:\/\/www.visitbratislava.com\/wp-content\/uploads\/2022\/11\/Vikend-zatvorenych-hranic-000.jpg\" alt=\"\" srcset=\"https:\/\/www.visitbratislava.com\/wp-content\/uploads\/2022\/11\/Vikend-zatvorenych-hranic-000.jpg 2048w, https:\/\/www.visitbratislava.com\/wp-content\/uploads\/2022\/11\/Vikend-zatvorenych-hranic-000-400x266.jpg 400w, https:\/\/www.visitbratislava.com\/wp-content\/uploads\/2022\/11\/Vikend-zatvorenych-hranic-000-800x532.jpg 800w, https:\/\/www.visitbratislava.com\/wp-content\/uploads\/2022\/11\/Vikend-zatvorenych-hranic-000-768x511.jpg 768w, https:\/\/www.visitbratislava.com\/wp-content\/uploads\/2022\/11\/Vikend-zatvorenych-hranic-000-1536x1022.jpg 1536w, https:\/\/www.visitbratislava.com\/wp-content\/uploads\/2022\/11\/Vikend-zatvorenych-hranic-000-200x133.jpg 200w\" sizes=\"(max-width: 2048px) 100vw, 2048px\" \/><\/p>\n","protected":false},"excerpt":{"rendered":"<p>Hranice Slovenska s Rak\u00faskom pri Dev\u00ednskej Novej Vsi op\u00e4\u0165 zahataj\u00fa z\u00e1tarasy. Prejdete len s v\u00fdjazdovou dolo\u017ekou<\/p>\n","protected":false},"featured_media":189748,"template":"","acf":[],"event_date":{"start_date":1668124800,"end_date":1668297600},"_links":{"self":[{"href":"https:\/\/www.visitbratislava.com\/sk\/wp-json\/wp\/v2\/event\/188076"}],"collection":[{"href":"https:\/\/www.visitbratislava.com\/sk\/wp-json\/wp\/v2\/event"}],"about":[{"href":"https:\/\/www.visitbratislava.com\/sk\/wp-json\/wp\/v2\/types\/event"}],"version-history":[{"count":7,"href":"https:\/\/www.visitbratislava.com\/sk\/wp-json\/wp\/v2\/event\/188076\/revisions"}],"predecessor-version":[{"id":189779,"href":"https:\/\/www.visitbratislava.com\/sk\/wp-json\/wp\/v2\/event\/188076\/revisions\/189779"}],"wp:featuredmedia":[{"embeddable":true,"href":"https:\/\/www.visitbratislava.com\/sk\/wp-json\/wp\/v2\/media\/189748"}],"wp:attachment":[{"href":"https:\/\/www.visitbratislava.com\/sk\/wp-json\/wp\/v2\/media?parent=188076"}],"curies":[{"name":"wp","href":"https:\/\/api.w.org\/{rel}","templated":true}]}}