{"id":193138,"date":"2022-11-16T16:38:33","date_gmt":"2022-11-16T15:38:33","guid":{"rendered":"https:\/\/www.visitbratislava.com\/?post_type=event&#038;p=193138"},"modified":"2023-11-29T17:06:27","modified_gmt":"2023-11-29T16:06:27","slug":"zimny-tyrsak","status":"publish","type":"event","link":"https:\/\/www.visitbratislava.com\/sk\/podujatia\/zimny-tyrsak\/","title":{"rendered":"Zimn\u00fd Tyr\u0161\u00e1k"},"content":{"rendered":"<p>Zimn\u00fd\u00a0Tyr\u0161\u00e1k\u00a0u\u017e tradi\u010dne pon\u00fakne dobr\u00e9 jedlo a\u00a0pitie. Overen\u00e9 gastro zna\u010dky z\u00a0letn\u00e9ho konceptu Chilantro a\u00a0LokalUnas si tento rok pripravili \u0161peci\u00e1lnu predviano\u010dn\u00fa ponuku. Ochutna\u0165 budete m\u00f4c\u0165 naozaj vytunen\u00fa cig\u00e1nsku alebo ka\u010dacie tacos. Nebude ch\u00fdba\u0165 pestr\u00e1 ponuka varen\u00e9ho v\u00edna, ovocn\u00fdch v\u00edn, viano\u010dn\u00e9ho pun\u010du \u010di hor\u00facich mie\u0161an\u00fdch drinkov.<\/p>\n<p><strong>Zimn\u00fd Tyr\u0161\u00e1k za\u010d\u00edna v stredu 15. novembra. Otvoren\u00fd bude vo v\u0161edn\u00e9 dni od 15:00 do 22:00, cez v\u00edkendy od 12:00 do 22:00.<\/strong><\/p>\n<p><img loading=\"lazy\" width=\"2560\" height=\"1438\" class=\"alignnone size-full wp-image-266408\" src=\"https:\/\/www.visitbratislava.com\/wp-content\/uploads\/2022\/11\/1zimny-tyrsak-2022-scaled.jpg\" alt=\"\" srcset=\"https:\/\/www.visitbratislava.com\/wp-content\/uploads\/2022\/11\/1zimny-tyrsak-2022-scaled.jpg 2560w, https:\/\/www.visitbratislava.com\/wp-content\/uploads\/2022\/11\/1zimny-tyrsak-2022-400x225.jpg 400w, https:\/\/www.visitbratislava.com\/wp-content\/uploads\/2022\/11\/1zimny-tyrsak-2022-800x449.jpg 800w, https:\/\/www.visitbratislava.com\/wp-content\/uploads\/2022\/11\/1zimny-tyrsak-2022-768x431.jpg 768w, https:\/\/www.visitbratislava.com\/wp-content\/uploads\/2022\/11\/1zimny-tyrsak-2022-1536x863.jpg 1536w, https:\/\/www.visitbratislava.com\/wp-content\/uploads\/2022\/11\/1zimny-tyrsak-2022-2048x1151.jpg 2048w, https:\/\/www.visitbratislava.com\/wp-content\/uploads\/2022\/11\/1zimny-tyrsak-2022-200x112.jpg 200w\" sizes=\"(max-width: 2560px) 100vw, 2560px\" \/><\/p>\n<p><strong>Zimn\u00e1 ed\u00edcia v\u0161ak prinesie e\u0161te viac:<\/strong><\/p>\n<p><strong>V\u00a0novembri v\u00fdstavu multi\u017e\u00e1nrov\u00e9ho festivalu<i> <\/i>[fj\u00fa\u017en].<span class=\"Apple-converted-space\">\u00a0<\/span><\/strong><\/p>\n<p><strong>V\u00a0sobotu 18. novembra BAZAAR na Tyr\u0161\u00e1ku, kde sa bude pred\u00e1va\u0165 nosen\u00e9 d\u00e1mske, p\u00e1nske a detsk\u00e9 oble\u010denie a doplnky. <\/strong>Koncept BAZAARU ako udr\u017eate\u013en\u00e9ho nakupovania je budovan\u00fd ako dlhodob\u00fd event. Do kolobehu medzi \u013eud\u00ed vr\u00e1ti pekn\u00e9 k\u00fasky, ktor\u00e9 v in\u00fdch dom\u00e1cnostiach u\u017e nena\u0161li svoje vyu\u017eitie.<\/p>\n<p><strong>Tyr\u0161\u00e1k\u00a0je ide\u00e1lnym miestom pre stretnutia priate\u013eov a\u202frodiny na \u010derstvom vzduchu.\u00a0<\/strong><\/p>\n<p>Pr\u00edjemn\u00e1\u00a0zast\u00e1vka na spolo\u010dn\u00fdch prech\u00e1dzkach po\u00a0Tyr\u0161ovom\u00a0n\u00e1bre\u017e\u00ed, alebo\u00a0priamo\u00a0na vyhrievan\u00fdch teras\u00e1ch\u00a0na\u00a0Tyr\u0161\u00e1ku, doplnen\u00e1 atrakt\u00edvnou viano\u010dnou v\u00fdzdobou.<\/p>\n<p><em>Tyr\u0161\u00e1k je koncept pl\u00e1\u017ee na petr\u017ealskom brehu Dunaja. Miesto, ktor\u00e9 Bratislav\u010dania poznali ako zanedban\u00e9 parkovisko po b\u00fdvalom Lunaparku, o\u017e\u00edva z\u00e1bavou, a priate\u013esk\u00fdmi stretnutiami! <\/em><\/p>\n<p><em>Priestor pod Star\u00fdm mostom sa premenil na pulzuj\u00facu mestsk\u00fa pl\u00e1\u017e, kde sa sn\u00fabi oddych, z\u00e1bava a kult\u00fara. <\/em><\/p>\n<p><em>Tyr\u0161\u00e1k ide udr\u017eate\u013enou cestou &#8211; vyu\u017e\u00edva zelen\u00fa energiu z obnovite\u013en\u00fdch zdrojov. Odpad sa d\u00f4kladne triedi a recykluje.<\/em><\/p>\n<p><img loading=\"lazy\" width=\"2560\" height=\"1843\" class=\"alignnone size-full wp-image-266427\" src=\"https:\/\/www.visitbratislava.com\/wp-content\/uploads\/2022\/11\/Zimny-tyrsak-2022-CLB-fotka-scaled.jpg\" alt=\"\" srcset=\"https:\/\/www.visitbratislava.com\/wp-content\/uploads\/2022\/11\/Zimny-tyrsak-2022-CLB-fotka-scaled.jpg 2560w, https:\/\/www.visitbratislava.com\/wp-content\/uploads\/2022\/11\/Zimny-tyrsak-2022-CLB-fotka-400x288.jpg 400w, https:\/\/www.visitbratislava.com\/wp-content\/uploads\/2022\/11\/Zimny-tyrsak-2022-CLB-fotka-800x576.jpg 800w, https:\/\/www.visitbratislava.com\/wp-content\/uploads\/2022\/11\/Zimny-tyrsak-2022-CLB-fotka-768x553.jpg 768w, https:\/\/www.visitbratislava.com\/wp-content\/uploads\/2022\/11\/Zimny-tyrsak-2022-CLB-fotka-1536x1106.jpg 1536w, https:\/\/www.visitbratislava.com\/wp-content\/uploads\/2022\/11\/Zimny-tyrsak-2022-CLB-fotka-2048x1475.jpg 2048w, https:\/\/www.visitbratislava.com\/wp-content\/uploads\/2022\/11\/Zimny-tyrsak-2022-CLB-fotka-200x144.jpg 200w\" sizes=\"(max-width: 2560px) 100vw, 2560px\" \/><\/p>\n<p>Aktu\u00e1lne inform\u00e1cie o aktivit\u00e1ch na Tyr\u0161\u00e1ku s\u00fa k\u202fdispoz\u00edcii v\u017edy na webe <a href=\"https:\/\/www.tyrsak.sk\">Tyr\u0161\u00e1ku<\/a>, takisto na <a href=\"http:\/\/facebook.com\/tyrsak.sk\/\">Facebooku<\/a>\u00a0a\u202f<a href=\"https:\/\/www.instagram.com\/tyrsak.sk\/\">Instagrame<\/a>.<\/p>\n<p><strong>Od 15. novembra bude otvoren\u00fd vo v\u0161edn\u00e9 dni od 15:00 do 22:00, cez v\u00edkendy od 12:00 do 22:00.<\/strong><\/p>\n<p><a href=\"https:\/\/www.facebook.com\/events\/522555883071388\" target=\"_blank\" rel=\"noopener\"><img loading=\"lazy\" class=\"alignleft wp-image-193193 size-full\" src=\"https:\/\/www.visitbratislava.com\/wp-content\/uploads\/2022\/11\/Zimny-Tyrsak-2022-Banner.jpg\" alt=\"\" width=\"1600\" height=\"907\" srcset=\"https:\/\/www.visitbratislava.com\/wp-content\/uploads\/2022\/11\/Zimny-Tyrsak-2022-Banner.jpg 1600w, https:\/\/www.visitbratislava.com\/wp-content\/uploads\/2022\/11\/Zimny-Tyrsak-2022-Banner-400x227.jpg 400w, https:\/\/www.visitbratislava.com\/wp-content\/uploads\/2022\/11\/Zimny-Tyrsak-2022-Banner-800x454.jpg 800w, https:\/\/www.visitbratislava.com\/wp-content\/uploads\/2022\/11\/Zimny-Tyrsak-2022-Banner-768x435.jpg 768w, https:\/\/www.visitbratislava.com\/wp-content\/uploads\/2022\/11\/Zimny-Tyrsak-2022-Banner-1536x871.jpg 1536w, https:\/\/www.visitbratislava.com\/wp-content\/uploads\/2022\/11\/Zimny-Tyrsak-2022-Banner-200x113.jpg 200w\" sizes=\"(max-width: 1600px) 100vw, 1600px\" \/><\/a><\/p>\n","protected":false},"excerpt":{"rendered":"<p>Tyr\u0161\u00e1k\u00a0sa po kr\u00e1tkej prest\u00e1vke v stredu 15. novembra otvor\u00ed svoje br\u00e1ny pre v\u0161etk\u00fdch, ktor\u00ed si radi spr\u00edjemnia predviano\u010dn\u00fd \u010das dobr\u00fdm jedlom a nie\u010d\u00edm na zahriatie. Na mieste, ktor\u00e9 sa v letnej sez\u00f3ne sp\u00e1jalo s pieskom, \u0161portov\u00fdmi aktivitami a le\u0148o\u0161en\u00edm, n\u00e1jdu n\u00e1v\u0161tevn\u00edci op\u00e4\u0165  jedine\u010dn\u00fa predviano\u010dn\u00fa atmosf\u00e9ru.\u00a0<\/p>\n","protected":false},"featured_media":266418,"template":"","acf":[],"event_date":{"start_date":1700006400,"end_date":1701302400},"_links":{"self":[{"href":"https:\/\/www.visitbratislava.com\/sk\/wp-json\/wp\/v2\/event\/193138"}],"collection":[{"href":"https:\/\/www.visitbratislava.com\/sk\/wp-json\/wp\/v2\/event"}],"about":[{"href":"https:\/\/www.visitbratislava.com\/sk\/wp-json\/wp\/v2\/types\/event"}],"version-history":[{"count":10,"href":"https:\/\/www.visitbratislava.com\/sk\/wp-json\/wp\/v2\/event\/193138\/revisions"}],"predecessor-version":[{"id":269726,"href":"https:\/\/www.visitbratislava.com\/sk\/wp-json\/wp\/v2\/event\/193138\/revisions\/269726"}],"wp:featuredmedia":[{"embeddable":true,"href":"https:\/\/www.visitbratislava.com\/sk\/wp-json\/wp\/v2\/media\/266418"}],"wp:attachment":[{"href":"https:\/\/www.visitbratislava.com\/sk\/wp-json\/wp\/v2\/media?parent=193138"}],"curies":[{"name":"wp","href":"https:\/\/api.w.org\/{rel}","templated":true}]}}