{"id":193279,"date":"2022-11-21T11:13:46","date_gmt":"2022-11-21T10:13:46","guid":{"rendered":"https:\/\/www.visitbratislava.com\/?post_type=event&#038;p=193279"},"modified":"2022-11-21T11:13:46","modified_gmt":"2022-11-21T10:13:46","slug":"vianocna-petrzalka","status":"publish","type":"event","link":"https:\/\/www.visitbratislava.com\/sk\/podujatia\/vianocna-petrzalka\/","title":{"rendered":"Viano\u010dn\u00e1 Petr\u017ealka"},"content":{"rendered":"<p>Po dvojro\u010dnej prest\u00e1vke sa do Petr\u017ealky vr\u00e1tia ob\u013e\u00faben\u00e9 viano\u010dn\u00e9 trhy, ktor\u00fdch atmosf\u00e9ru dotvor\u00ed aj takmer 10-metrov\u00fd viano\u010dn\u00fd strom\u010dek.<\/p>\n<p>Advent v Petr\u017ealke s\u013eubuje z\u00e1bavu pre deti aj dospel\u00fdch. Takmer mesa\u010dn\u00fd program Viano\u010dnej Petr\u017ealky prinesie dobr\u00e9 jedlo, hudbu aj dobro\u010dinn\u00e9 aktivity na pomoc \u013eu\u010fom v n\u00fadzi. Na v\u0161etky hlavn\u00e9 aj sprievodn\u00e9 podujatia je vstup vo\u013en\u00fd.<\/p>\n<div class=\"grid-container\"><div class=\"grid-container__item\"><div class=\"block\"><a href=\"https:\/\/www.visitbratislava.com\/wp-content\/uploads\/2022\/11\/Vianocna-Petrzalka-001-800x533.jpg\" data-fancybox=\"gallery\" data-caption=\"\"><div class=\"background\"><img src=\"https:\/\/www.visitbratislava.com\/wp-content\/uploads\/2022\/11\/Vianocna-Petrzalka-001-800x533.jpg\" alt=\"foto\"\/><\/div><div class=\"overlay filter-blue\"><div class=\"content\"><span class=\"zoom-button\"><\/span><\/div><\/div><\/a><\/div><\/div><div class=\"grid-container__item\"><div class=\"block\"><a href=\"https:\/\/www.visitbratislava.com\/wp-content\/uploads\/2022\/11\/Vianocna-Petrzalka-002-800x533.jpg\" data-fancybox=\"gallery\" data-caption=\"\"><div class=\"background\" style=\"background-image: url(https:\/\/www.visitbratislava.com\/wp-content\/uploads\/2022\/11\/Vianocna-Petrzalka-002-800x533.jpg)\"><\/div><div class=\"overlay filter-green\"><div class=\"content\"><span class=\"zoom-button\"><\/span><\/div><\/div><\/a><\/div><\/div><div class=\"grid-container__item more\"><\/div><\/div>\n<p>Petr\u017ealka je zn\u00e1ma lu\u017en\u00fdmi lesmi, vysok\u00e9 ihli\u010dnany tak nie s\u00fa typickou fl\u00f3rou tejto \u010dasti Bratislavy. Naopak, pre ne\u010falek\u00e9 Z\u00e1horie s\u00fa ihli\u010dnat\u00e9 stromy pr\u00edzna\u010dn\u00e9, N\u00e1mestie republiky preto skr\u00e1\u0161li 10 metrov vysok\u00fd smrek zo Stupavy. Rozsvietia ho 27. novembra.<\/p>\n<div class=\"grid-container\"><div class=\"grid-container__item\"><div class=\"block\"><a href=\"https:\/\/www.visitbratislava.com\/wp-content\/uploads\/2022\/11\/Vianocna-Petrzalka-003-800x533.jpg\" data-fancybox=\"gallery\" data-caption=\"\"><div class=\"background\"><img src=\"https:\/\/www.visitbratislava.com\/wp-content\/uploads\/2022\/11\/Vianocna-Petrzalka-003-800x533.jpg\" alt=\"foto\"\/><\/div><div class=\"overlay filter-blue\"><div class=\"content\"><span class=\"zoom-button\"><\/span><\/div><\/div><\/a><\/div><\/div><div class=\"grid-container__item\"><div class=\"block\"><a href=\"https:\/\/www.visitbratislava.com\/wp-content\/uploads\/2022\/11\/Vianocna-Petrzalka-004-800x520.jpg\" data-fancybox=\"gallery\" data-caption=\"\"><div class=\"background\" style=\"background-image: url(https:\/\/www.visitbratislava.com\/wp-content\/uploads\/2022\/11\/Vianocna-Petrzalka-004-800x520.jpg)\"><\/div><div class=\"overlay filter-green\"><div class=\"content\"><span class=\"zoom-button\"><\/span><\/div><\/div><\/a><\/div><\/div><div class=\"grid-container__item more\"><\/div><\/div>\n<p>Neoddelite\u013enou s\u00fa\u010das\u0165ou programu bud\u00fa tradi\u010dn\u00e9 viano\u010dn\u00e9 trhy, ktor\u00e9 od 26. novembra do 22. decembra op\u00e4\u0165 n\u00e1jdete na N\u00e1mest\u00ed Republiky. Otvoren\u00e9 bud\u00fa denne. Od pondelka do piatka od jeden\u00e1stej dopoludnia do deviatej ve\u010dera, cez v\u00edkendy od deviatej dopoludnia do \u00f4smej ve\u010der.<\/p>\n<p>Novinkou trhov, ktor\u00e9 mnoh\u00ed ob\u013eubuj\u00fa pre ich komornej\u0161iu a priate\u013eskej\u0161iu atmosf\u00e9ru, bud\u00fa nov\u00e9 sveteln\u00e9 dekor\u00e1cie a atrakcie, napr\u00edklad viano\u010dn\u00e1 fotostena. Celkovo 13 st\u00e1nkov pon\u00fakne bohat\u00e9 ob\u010derstvenie a rozli\u010dn\u00fd viano\u010dn\u00fd tovar.<\/p>\n<div class=\"grid-container\"><div class=\"grid-container__item\"><div class=\"block\"><a href=\"https:\/\/www.visitbratislava.com\/wp-content\/uploads\/2022\/11\/Vianocna-Petrzalka-005-800x533.jpg\" data-fancybox=\"gallery\" data-caption=\"\"><div class=\"background\"><img src=\"https:\/\/www.visitbratislava.com\/wp-content\/uploads\/2022\/11\/Vianocna-Petrzalka-005-800x533.jpg\" alt=\"foto\"\/><\/div><div class=\"overlay filter-blue\"><div class=\"content\"><span class=\"zoom-button\"><\/span><\/div><\/div><\/a><\/div><\/div><div class=\"grid-container__item\"><div class=\"block\"><a href=\"https:\/\/www.visitbratislava.com\/wp-content\/uploads\/2022\/11\/Vianocna-Petrzalka-006-800x533.jpg\" data-fancybox=\"gallery\" data-caption=\"\"><div class=\"background\" style=\"background-image: url(https:\/\/www.visitbratislava.com\/wp-content\/uploads\/2022\/11\/Vianocna-Petrzalka-006-800x533.jpg)\"><\/div><div class=\"overlay filter-green\"><div class=\"content\"><span class=\"zoom-button\"><\/span><\/div><\/div><\/a><\/div><\/div><div class=\"grid-container__item more\"><\/div><\/div>\n<p>Okrem tradi\u010dn\u00e9ho symbolu najkraj\u0161\u00edch sviatkov v roku samospr\u00e1va s\u013eubuje in\u0161tal\u00e1ciu nov\u00fdch dekor\u00e1ci\u00ed, ktor\u00e9 maj\u00fa na trhy pril\u00e1ka\u0165 viac \u013eud\u00ed a e\u0161te viac spr\u00edjemni\u0165 sviato\u010dn\u00fa atmosf\u00e9ru.<\/p>\n<p>Novinkou bude aj \u00faplne nov\u00e9 pouli\u010dn\u00e9 osvetlenie, ktor\u00e9 je ka\u017edoro\u010dne in\u0161talovan\u00e9 na hlavn\u00fdch dopravn\u00fdch \u0165ahoch Petr\u017ealky. Okrem toho, \u017ee bude lacnej\u0161ie ako po minul\u00e9 roky, v\u010faka LED \u017eiarovk\u00e1m bude aj \u00faspornej\u0161ie.<\/p>\n<p>Kult\u00farny program trhov od\u0161tartuje v nede\u013eu 27. novembra o \u0161iestej ve\u010der vyst\u00fapen\u00edm v\u00ed\u0165azky s\u00fa\u0165a\u017ee slovenskej Superstar z roku 2005 Katar\u00edny Ko\u0161\u010dovej a vok\u00e1lneho zboru Vocalatt\u00e9. Po\u010das \u010fal\u0161\u00edch dn\u00ed n\u00e1v\u0161tevn\u00edkom zahraj\u00fa a zaspievaj\u00fa v srdci Petr\u017ealky Monika Li\u017ebetin so skupinou, nev\u0161edn\u00e9 zoskupenie Andrea Bu\u010dko Trio, acapella For You \u010di Robo Opatovsk\u00fd. Ch\u00fdba\u0165 nebude ani oh\u0148ov\u00e1 \u010di sveteln\u00e1 \u0161ou a detsk\u00fd program. Ka\u017ed\u00fa stredu bude p\u00f3dium patri\u0165 dom\u00e1cim detsk\u00fdm a seniorsk\u00fdm folkl\u00f3rnym s\u00faborom a takisto \u017eiakom matersk\u00fdch, z\u00e1kladn\u00fdch a umeleck\u00fdch \u0161k\u00f4l.<\/p>\n<div class=\"grid-container\"><div class=\"grid-container__item\"><div class=\"block\"><a href=\"https:\/\/www.visitbratislava.com\/wp-content\/uploads\/2022\/11\/Vianocna-Petrzalka-007-800x533.jpg\" data-fancybox=\"gallery\" data-caption=\"\"><div class=\"background\"><img src=\"https:\/\/www.visitbratislava.com\/wp-content\/uploads\/2022\/11\/Vianocna-Petrzalka-007-800x533.jpg\" alt=\"foto\"\/><\/div><div class=\"overlay filter-blue\"><div class=\"content\"><span class=\"zoom-button\"><\/span><\/div><\/div><\/a><\/div><\/div><div class=\"grid-container__item\"><div class=\"block\"><a href=\"https:\/\/www.visitbratislava.com\/wp-content\/uploads\/2022\/11\/Vianocna-Petrzalka-008-800x533.jpg\" data-fancybox=\"gallery\" data-caption=\"\"><div class=\"background\" style=\"background-image: url(https:\/\/www.visitbratislava.com\/wp-content\/uploads\/2022\/11\/Vianocna-Petrzalka-008-800x533.jpg)\"><\/div><div class=\"overlay filter-green\"><div class=\"content\"><span class=\"zoom-button\"><\/span><\/div><\/div><\/a><\/div><\/div><div class=\"grid-container__item more\"><\/div><\/div>\n<p>Predviano\u010dn\u00fd \u010das sa nezaob\u00edde bez Mikul\u00e1\u0161a. Ten spolu so svojimi pomocn\u00edkmi \u2013 anjelom a \u010dertom \u2013 zav\u00edta do Petr\u017ealky druh\u00fa adventn\u00fa nede\u013eu 4. decembra. \u010eal\u0161\u00ed dvaja s\u00farodenci Mikul\u00e1\u0161a sa objavia v pobo\u010dk\u00e1ch kni\u017enice a tie\u017e v Petr\u017ealskej klubovni akt\u00edvnych seniorov.<\/p>\n<p>V priebehu \u0161tyroch adventn\u00fdch t\u00fd\u017ed\u0148ov bude mestsk\u00e1 \u010das\u0165 a jej organiz\u00e1cie organizova\u0165 aj viacer\u00e9 sprievodn\u00e9 dobro\u010dinn\u00e9 podujatia, ktor\u00fdch cie\u013eom bude pom\u00f4c\u0165 najzranite\u013enej\u0161\u00edm skupin\u00e1m obyvate\u013eov, medzi nimi rodin\u00e1m v n\u00fadzi, \u013eu\u010fom bez domova \u010di osamel\u00fdm seniorom.<\/p>\n<p>Program Viano\u010dnej Petr\u017ealky bude \u0161tedr\u00fd, tak si ho pr\u00ed\u010fte u\u017ei\u0165.<\/p>\n<p>Podujatie na Facebooku otvor\u00edte po kliknut\u00ed na obr\u00e1zok:<\/p>\n<p><a href=\"https:\/\/www.facebook.com\/events\/494255322674053\/494255326007386\/\" target=\"_blank\" rel=\"noopener\"><img loading=\"lazy\" class=\"alignleft wp-image-193266 size-full\" src=\"https:\/\/www.visitbratislava.com\/wp-content\/uploads\/2022\/11\/Vianocna-Petrzalka-2022-Banner.png\" alt=\"\" width=\"1880\" height=\"490\" srcset=\"https:\/\/www.visitbratislava.com\/wp-content\/uploads\/2022\/11\/Vianocna-Petrzalka-2022-Banner.png 1880w, https:\/\/www.visitbratislava.com\/wp-content\/uploads\/2022\/11\/Vianocna-Petrzalka-2022-Banner-400x104.png 400w, https:\/\/www.visitbratislava.com\/wp-content\/uploads\/2022\/11\/Vianocna-Petrzalka-2022-Banner-800x209.png 800w, https:\/\/www.visitbratislava.com\/wp-content\/uploads\/2022\/11\/Vianocna-Petrzalka-2022-Banner-768x200.png 768w, https:\/\/www.visitbratislava.com\/wp-content\/uploads\/2022\/11\/Vianocna-Petrzalka-2022-Banner-1536x400.png 1536w, https:\/\/www.visitbratislava.com\/wp-content\/uploads\/2022\/11\/Vianocna-Petrzalka-2022-Banner-200x52.png 200w\" sizes=\"(max-width: 1880px) 100vw, 1880px\" \/><\/a><\/p>\n","protected":false},"excerpt":{"rendered":"<p>Naj\u013eudnatej\u0161ia bratislavsk\u00e1 mestsk\u00e1 \u010das\u0165 osl\u00e1vi Vianoce tradi\u010dne i s novinkami<\/p>\n","protected":false},"featured_media":193212,"template":"","acf":[],"event_date":{"start_date":1669420800,"end_date":1671667200},"_links":{"self":[{"href":"https:\/\/www.visitbratislava.com\/sk\/wp-json\/wp\/v2\/event\/193279"}],"collection":[{"href":"https:\/\/www.visitbratislava.com\/sk\/wp-json\/wp\/v2\/event"}],"about":[{"href":"https:\/\/www.visitbratislava.com\/sk\/wp-json\/wp\/v2\/types\/event"}],"version-history":[{"count":3,"href":"https:\/\/www.visitbratislava.com\/sk\/wp-json\/wp\/v2\/event\/193279\/revisions"}],"predecessor-version":[{"id":196522,"href":"https:\/\/www.visitbratislava.com\/sk\/wp-json\/wp\/v2\/event\/193279\/revisions\/196522"}],"wp:featuredmedia":[{"embeddable":true,"href":"https:\/\/www.visitbratislava.com\/sk\/wp-json\/wp\/v2\/media\/193212"}],"wp:attachment":[{"href":"https:\/\/www.visitbratislava.com\/sk\/wp-json\/wp\/v2\/media?parent=193279"}],"curies":[{"name":"wp","href":"https:\/\/api.w.org\/{rel}","templated":true}]}}