{"id":202958,"date":"2022-12-06T11:49:23","date_gmt":"2022-12-06T10:49:23","guid":{"rendered":"https:\/\/www.visitbratislava.com\/?post_type=event&#038;p=202958"},"modified":"2022-12-06T11:49:23","modified_gmt":"2022-12-06T10:49:23","slug":"biele-vianoce-lucie-bilej","status":"publish","type":"event","link":"https:\/\/www.visitbratislava.com\/sk\/podujatia\/biele-vianoce-lucie-bilej\/","title":{"rendered":"Biele Vianoce Lucie B\u00edlej"},"content":{"rendered":"<p>Adventn\u00e9 koncerty s\u00fa dlhodobo srdcovou z\u00e1le\u017eitos\u0165ou ob\u013e\u00fabenej interpretky so slovensk\u00fdmi kore\u0148mi. Je zn\u00e1me, \u017ee jej otec Jozef Za\u0148\u00e1k poch\u00e1dza z bratislavskej Petr\u017ealky. Mo\u017eno aj preto m\u00e1 Lucie so slovensk\u00fdm publikom ve\u013emi intenz\u00edvny vz\u0165ah.<\/p>\n<p>Lucie B\u00edl\u00e1 s klav\u00edrnym sprievodom Petra Mal\u00e1ska sa preto v adventnom obdob\u00ed vyberie na turn\u00e9 po Slovensku. Po\u010das neho sa predstav\u00ed v dvan\u00e1stich slovensk\u00fdch mest\u00e1ch a so svoj\u00edm tradi\u010dn\u00fdm predviano\u010dn\u00fdm turn\u00e9 zav\u00edta aj do Bratislavy.<\/p>\n<p>Tret\u00ed decembrov\u00fd piatok v bratislavskom NTC vyst\u00fapi s Orchestrom a zborom Petra Mal\u00e1ska a \u010desk\u00fdm chlap\u010densk\u00fdm zborom Boni pueri. Viano\u010dn\u00e9 koncerty 20-n\u00e1sobnej zlatej sl\u00e1vice maj\u00fa v\u017edy neopakovate\u013en\u00fa atmosf\u00e9ru. Presved\u010di\u0165 sa o tom m\u00f4\u017eete 16. decembra.<\/p>\n<p><img loading=\"lazy\" width=\"800\" height=\"533\" class=\"alignleft size-full wp-image-202965\" src=\"https:\/\/www.visitbratislava.com\/wp-content\/uploads\/2022\/12\/Lucie-Bila-001.jpg\" alt=\"\" srcset=\"https:\/\/www.visitbratislava.com\/wp-content\/uploads\/2022\/12\/Lucie-Bila-001.jpg 800w, https:\/\/www.visitbratislava.com\/wp-content\/uploads\/2022\/12\/Lucie-Bila-001-400x267.jpg 400w, https:\/\/www.visitbratislava.com\/wp-content\/uploads\/2022\/12\/Lucie-Bila-001-768x512.jpg 768w, https:\/\/www.visitbratislava.com\/wp-content\/uploads\/2022\/12\/Lucie-Bila-001-200x133.jpg 200w\" sizes=\"(max-width: 800px) 100vw, 800px\" \/><\/p>\n<p>Spev\u00e1\u010dka svojim fan\u00fa\u0161ikom u\u017e nieko\u013eko rokov spr\u00edjem\u0148uje predviano\u010dn\u00fd \u010das tradi\u010dn\u00fdmi viano\u010dn\u00fdmi koncertmi, ktor\u00e9 d\u00fdchaj\u00fa l\u00e1skou, pokojom a \u010darovnou atmosf\u00e9rou bl\u00ed\u017eiaceho sa \u0160tedr\u00e9ho d\u0148a. Ani tento rok to nebude in\u00e9. Reperto\u00e1r koncertov toti\u017e zoh\u013ead\u0148uje pr\u00e1ve toto ok\u00faz\u013euj\u00face obdobie.<\/p>\n<p>Spolu s klaviristom a hudobn\u00fdm producentom Petrom Mal\u00e1skom vybrali pre t\u00fato pr\u00edle\u017eitos\u0165 rad nov\u00fdch piesn\u00ed, ktor\u00e9 patria medzi naj\u00faspe\u0161nej\u0161ie svetov\u00e9 mel\u00f3die dokonale zladen\u00e9 s najkraj\u0161\u00edmi d\u0148ami v roku.<\/p>\n<div class=\"grid-container\"><div class=\"grid-container__item\"><div class=\"block\"><a href=\"https:\/\/www.visitbratislava.com\/wp-content\/uploads\/2022\/12\/Lucie-Bila-002.jpg\" data-fancybox=\"gallery\" data-caption=\"\"><div class=\"background\"><img src=\"https:\/\/www.visitbratislava.com\/wp-content\/uploads\/2022\/12\/Lucie-Bila-002.jpg\" alt=\"foto\"\/><\/div><div class=\"overlay filter-blue\"><div class=\"content\"><span class=\"zoom-button\"><\/span><\/div><\/div><\/a><\/div><\/div><div class=\"grid-container__item\"><div class=\"block\"><a href=\"https:\/\/www.visitbratislava.com\/wp-content\/uploads\/2022\/12\/Lucie-Bila-003-598x800.jpg\" data-fancybox=\"gallery\" data-caption=\"\"><div class=\"background\" style=\"background-image: url(https:\/\/www.visitbratislava.com\/wp-content\/uploads\/2022\/12\/Lucie-Bila-003-598x800.jpg)\"><\/div><div class=\"overlay filter-green\"><div class=\"content\"><span class=\"zoom-button\"><\/span><\/div><\/div><\/a><\/div><\/div><div class=\"grid-container__item more\"><\/div><\/div>\n<p>Lucie B\u00edl\u00e1 dlh\u00e9 roky patr\u00ed k absol\u00fatne najpopul\u00e1rnej\u0161im spev\u00e1ckym osobnostiam so \u0161irok\u00fdm spektrom svojho zamerania. Zara\u010fuje sa k naj\u00faspe\u0161nej\u0161\u00edm interpretom na slovenskej a \u010deskej hudobnej sc\u00e9ne. Mohli ste ju vidie\u0165 vo viacer\u00fdch popul\u00e1rnych muzik\u00e1loch ako Bed\u00e1ri, Z\u00e1hrada rajsk\u00fdch pote\u0161en\u00ed, Drakula, Excalibur alebo Krysa\u0159. Jej domovsk\u00fdm sc\u00e9nou je Divadlo Ta Fantastika, kde \u00fa\u010dinkovala takmer tri roky v titulnej \u00falohe muzik\u00e1lu Johanka z Arku a L\u00e1ska je l\u00e1ska.<\/p>\n<p>Vo filme sme mohli Luciu B\u00edl\u00fa uvidie\u0165 napr\u00edklad v \u00faspe\u0161nej rozpr\u00e1vke Princezn\u00e1 z mlyna, vo filmoch Kr\u00e1\u013e Ubu, \u010cas dlhov alebo v telev\u00edznom rozpr\u00e1vkovom seri\u00e1li O stratenej l\u00e1ske v \u00falohe dobrej Pav\u00fa\u010dnice.<\/p>\n<p>V oblasti popovej hudby vydala Lucie B\u00edl\u00e1 cel\u00fd rad s\u00f3lov\u00fdch albumov, s ktor\u00fdmi \u00faspe\u0161ne dob\u00fdva rebr\u00ed\u010dky tuzemsk\u00fdch hitpar\u00e1d, a jej hity ako &#8222;Ave Maria&#8220; &#8222;L\u00e1ska je l\u00e1ska&#8220;, &#8222;Trouba&#8220;, &#8222;Esemes&#8220; alebo &#8222;Miluji t\u011b&#8220; pozn\u00e1 takmer ka\u017ed\u00fd. Za osudov\u00e9 mo\u017eno ozna\u010di\u0165 stretnutie a dlhoro\u010dn\u00fa tvoriv\u00fa spolupr\u00e1cu s autorskou dvojicou Soukup \/ Osvaldov\u00e1, rovnako tak ako javiskov\u00e9 &#8222;partnerstvo&#8220; s klaviristom a skladate\u013eom Petrom Mal\u00e1skom.<\/p>\n<p>Nenechajte si ujs\u0165 nezabudnute\u013en\u00fd hudobn\u00fd z\u00e1\u017eitok a pr\u00ed\u010fte si vychutna\u0165 adventn\u00fd \u010das s najpopul\u00e1rnej\u0161ou \u010deskou spev\u00e1\u010dkou.<\/p>\n<p>Podujatie na Facebooku otvor\u00edte po kliknut\u00ed na obr\u00e1zok:<\/p>\n<p><a href=\"https:\/\/www.facebook.com\/events\/401483652032448\" target=\"_blank\" rel=\"noopener\"><img loading=\"lazy\" class=\"alignleft wp-image-202983 size-full\" src=\"https:\/\/www.visitbratislava.com\/wp-content\/uploads\/2022\/12\/Biele-Vianoce-Lucie-Bilej-2022-Banner.jpg\" alt=\"\" width=\"800\" height=\"376\" srcset=\"https:\/\/www.visitbratislava.com\/wp-content\/uploads\/2022\/12\/Biele-Vianoce-Lucie-Bilej-2022-Banner.jpg 800w, https:\/\/www.visitbratislava.com\/wp-content\/uploads\/2022\/12\/Biele-Vianoce-Lucie-Bilej-2022-Banner-400x188.jpg 400w, https:\/\/www.visitbratislava.com\/wp-content\/uploads\/2022\/12\/Biele-Vianoce-Lucie-Bilej-2022-Banner-768x361.jpg 768w, https:\/\/www.visitbratislava.com\/wp-content\/uploads\/2022\/12\/Biele-Vianoce-Lucie-Bilej-2022-Banner-200x94.jpg 200w\" sizes=\"(max-width: 800px) 100vw, 800px\" \/><\/a><\/p>\n<p>Vstupenky si m\u00f4\u017eete k\u00fapi\u0165 po kliknut\u00ed na obr\u00e1zok:<\/p>\n<p><a href=\"https:\/\/www.ticketportal.sk\/event\/BILE-VANOCE-LUCIE-BILE?idp=189275\" target=\"_blank\" rel=\"noopener\"><img loading=\"lazy\" class=\"alignleft wp-image-202989 size-full\" src=\"https:\/\/www.visitbratislava.com\/wp-content\/uploads\/2022\/12\/Biele-Vianoce-Lucie-Bilej-001.jpg\" alt=\"\" width=\"2362\" height=\"2362\" srcset=\"https:\/\/www.visitbratislava.com\/wp-content\/uploads\/2022\/12\/Biele-Vianoce-Lucie-Bilej-001.jpg 2362w, https:\/\/www.visitbratislava.com\/wp-content\/uploads\/2022\/12\/Biele-Vianoce-Lucie-Bilej-001-400x400.jpg 400w, https:\/\/www.visitbratislava.com\/wp-content\/uploads\/2022\/12\/Biele-Vianoce-Lucie-Bilej-001-800x800.jpg 800w, https:\/\/www.visitbratislava.com\/wp-content\/uploads\/2022\/12\/Biele-Vianoce-Lucie-Bilej-001-150x150.jpg 150w, https:\/\/www.visitbratislava.com\/wp-content\/uploads\/2022\/12\/Biele-Vianoce-Lucie-Bilej-001-768x768.jpg 768w, https:\/\/www.visitbratislava.com\/wp-content\/uploads\/2022\/12\/Biele-Vianoce-Lucie-Bilej-001-1536x1536.jpg 1536w, https:\/\/www.visitbratislava.com\/wp-content\/uploads\/2022\/12\/Biele-Vianoce-Lucie-Bilej-001-2048x2048.jpg 2048w, https:\/\/www.visitbratislava.com\/wp-content\/uploads\/2022\/12\/Biele-Vianoce-Lucie-Bilej-001-200x200.jpg 200w, https:\/\/www.visitbratislava.com\/wp-content\/uploads\/2022\/12\/Biele-Vianoce-Lucie-Bilej-001-184x184.jpg 184w, https:\/\/www.visitbratislava.com\/wp-content\/uploads\/2022\/12\/Biele-Vianoce-Lucie-Bilej-001-384x384.jpg 384w, https:\/\/www.visitbratislava.com\/wp-content\/uploads\/2022\/12\/Biele-Vianoce-Lucie-Bilej-001-784x784.jpg 784w\" sizes=\"(max-width: 2362px) 100vw, 2362px\" \/><\/a><\/p>\n","protected":false},"excerpt":{"rendered":"<p>Naj\u00faspe\u0161nej\u0161ia \u010desk\u00e1 spev\u00e1\u010dka sa vracia na predviano\u010dn\u00e9 p\u00f3di\u00e1<\/p>\n","protected":false},"featured_media":202959,"template":"","acf":[],"event_date":{"start_date":1671148800,"end_date":1671148800},"_links":{"self":[{"href":"https:\/\/www.visitbratislava.com\/sk\/wp-json\/wp\/v2\/event\/202958"}],"collection":[{"href":"https:\/\/www.visitbratislava.com\/sk\/wp-json\/wp\/v2\/event"}],"about":[{"href":"https:\/\/www.visitbratislava.com\/sk\/wp-json\/wp\/v2\/types\/event"}],"version-history":[{"count":2,"href":"https:\/\/www.visitbratislava.com\/sk\/wp-json\/wp\/v2\/event\/202958\/revisions"}],"predecessor-version":[{"id":202996,"href":"https:\/\/www.visitbratislava.com\/sk\/wp-json\/wp\/v2\/event\/202958\/revisions\/202996"}],"wp:featuredmedia":[{"embeddable":true,"href":"https:\/\/www.visitbratislava.com\/sk\/wp-json\/wp\/v2\/media\/202959"}],"wp:attachment":[{"href":"https:\/\/www.visitbratislava.com\/sk\/wp-json\/wp\/v2\/media?parent=202958"}],"curies":[{"name":"wp","href":"https:\/\/api.w.org\/{rel}","templated":true}]}}