{"id":205508,"date":"2022-12-10T10:27:16","date_gmt":"2022-12-10T09:27:16","guid":{"rendered":"https:\/\/www.visitbratislava.com\/event\/v-zenskom-rode-nazivo-ide-iba-o-sex-2\/"},"modified":"2022-12-19T10:25:57","modified_gmt":"2022-12-19T09:25:57","slug":"v-zenskom-rode-nazivo-ide-iba-o-sex-2","status":"publish","type":"event","link":"https:\/\/www.visitbratislava.com\/sk\/podujatia\/v-zenskom-rode-nazivo-ide-iba-o-sex-2\/","title":{"rendered":"V \u017eenskom rode na\u017eivo: Ide iba o sex?"},"content":{"rendered":"<p><strong>Diskusia V \u017eenskom rode na\u017eivo na t\u00e9mu Ide iba o sex? u\u017e 19. decembra v Novej Cvernovke.<\/strong><\/p>\n<p>Odmali\u010dka sa o sebe u\u010d\u00edme prem\u00fd\u0161\u013ea\u0165 a rozpr\u00e1va\u0165 tak, ako n\u00e1m hovoria na\u0161i rodi\u010dia a bl\u00edzke okolie \u2013 v kontexte pohlavia, s ktor\u00fdm sme sa narodili. N\u00e1\u0161 rod, meno a identita, ktor\u00e9 si pod\u013ea toho prisudzujeme, b\u00fdvaj\u00fa \u2013 aspo\u0148 na \u010das \u2013 zdanlivo jasn\u00e9. \u010co sa ale stane, ak sa so svoj\u00edm obrazom prestaneme stoto\u017e\u0148ova\u0165? Ak pre n\u00e1s zrazu veci nie s\u00fa tak\u00e9 jasn\u00e9, ak\u00e9 sa navonok javia? Vieme empatizova\u0165 s \u010dlovekom, ktor\u00fd hovor\u00ed, \u017ee v skuto\u010dnosti je niek\u00fdm in\u00fdm, ako vyzer\u00e1? Ak\u00e9 s\u00fa na\u0161e predstavy a ak\u00e1 je realita? Ako \u017eij\u00fa a s \u010d\u00edm sa musia vysporiada\u0165 transrodov\u00ed \u013eudia? Pre\u010do hovoria, \u017ee s\u00fa niek\u00fdm in\u00fdm? O \u010do im ide? O \u010do vlastne ide?<\/p>\n<p><strong>Na tieto a \u010fal\u0161ie ot\u00e1zky v diskusii V \u017eenskom rode na\u017eivo odpovedia hostky\/hostia:<\/strong><\/p>\n<ul>\n<li>Liberty Blake Simon, modelka, transrodov\u00e1 \u017eena<\/li>\n<li>Claude Johann \u010cierny, transrodov\u00fd mu\u017e<\/li>\n<li>M\u00e1ria Matisov\u00e1, psychiatri\u010dka, terapeutka<\/li>\n<li>Viera Hincov\u00e1, psychologi\u010dka, mama transrodovej dc\u00e9ry<\/li>\n<\/ul>\n<p>Moderuje Katar\u00edna Str\u00fd\u010dkov\u00e1.<\/p>\n","protected":false},"excerpt":{"rendered":"<p>Diskusia V \u017eenskom rode na\u017eivo na t\u00e9mu Ide iba o sex? u\u017e 19. decembra v Novej Cvernovke. Odmali\u010dka sa o sebe u\u010d\u00edme prem\u00fd\u0161\u013ea\u0165 a rozpr\u00e1va\u0165 tak, ako n\u00e1m hovoria na\u0161i rodi\u010dia a bl\u00edzke okolie \u2013 v kontexte pohlavia, s ktor\u00fdm sme sa narodili. N\u00e1\u0161 rod, meno a identita, ktor\u00e9 si pod\u013ea toho prisudzujeme, b\u00fdvaj\u00fa \u2013 [&hellip;]<\/p>\n","protected":false},"featured_media":0,"template":"","acf":[],"event_date":{"start_date":1671408000,"end_date":1671408000},"_links":{"self":[{"href":"https:\/\/www.visitbratislava.com\/sk\/wp-json\/wp\/v2\/event\/205508"}],"collection":[{"href":"https:\/\/www.visitbratislava.com\/sk\/wp-json\/wp\/v2\/event"}],"about":[{"href":"https:\/\/www.visitbratislava.com\/sk\/wp-json\/wp\/v2\/types\/event"}],"version-history":[{"count":1,"href":"https:\/\/www.visitbratislava.com\/sk\/wp-json\/wp\/v2\/event\/205508\/revisions"}],"predecessor-version":[{"id":206222,"href":"https:\/\/www.visitbratislava.com\/sk\/wp-json\/wp\/v2\/event\/205508\/revisions\/206222"}],"wp:attachment":[{"href":"https:\/\/www.visitbratislava.com\/sk\/wp-json\/wp\/v2\/media?parent=205508"}],"curies":[{"name":"wp","href":"https:\/\/api.w.org\/{rel}","templated":true}]}}