{"id":215895,"date":"2023-01-12T17:08:51","date_gmt":"2023-01-12T16:08:51","guid":{"rendered":"https:\/\/www.visitbratislava.com\/?post_type=event&#038;p=215895"},"modified":"2023-01-12T17:08:51","modified_gmt":"2023-01-12T16:08:51","slug":"trianon-zrod-novej-hranice","status":"publish","type":"event","link":"https:\/\/www.visitbratislava.com\/sk\/podujatia\/trianon-zrod-novej-hranice\/","title":{"rendered":"Trianon \u2013 Zrod novej hranice"},"content":{"rendered":"<p>Jej prij\u00edmanie je dodnes kontroverznou a \u010dastokr\u00e1t traumatizuj\u00facou t\u00e9mou pre dedi\u010dov versaillsk\u00e9ho syst\u00e9mu mierov\u00fdch zml\u00fav, ktor\u00e9ho bola zmluva z Trianonu s\u00fa\u010das\u0165ou.<\/p>\n<div class=\"grid-container\"><div class=\"grid-container__item\"><div class=\"block\"><a href=\"https:\/\/www.visitbratislava.com\/wp-content\/uploads\/2023\/01\/Trianon-\u2013-Zrod-novej-hranice-001-800x533.jpg\" data-fancybox=\"gallery\" data-caption=\"\"><div class=\"background\"><img src=\"https:\/\/www.visitbratislava.com\/wp-content\/uploads\/2023\/01\/Trianon-\u2013-Zrod-novej-hranice-001-800x533.jpg\" alt=\"foto\"\/><\/div><div class=\"overlay filter-blue\"><div class=\"content\"><span class=\"zoom-button\"><\/span><\/div><\/div><\/a><\/div><\/div><div class=\"grid-container__item\"><div class=\"block\"><a href=\"https:\/\/www.visitbratislava.com\/wp-content\/uploads\/2023\/01\/Trianon-\u2013-Zrod-novej-hranice-003-800x533.jpg\" data-fancybox=\"gallery\" data-caption=\"\"><div class=\"background\" style=\"background-image: url(https:\/\/www.visitbratislava.com\/wp-content\/uploads\/2023\/01\/Trianon-\u2013-Zrod-novej-hranice-003-800x533.jpg)\"><\/div><div class=\"overlay filter-green\"><div class=\"content\"><span class=\"zoom-button\"><\/span><\/div><\/div><\/a><\/div><\/div><div class=\"grid-container__item more\"><\/div><\/div>\n<p>Po skon\u010den\u00ed prvej svetovej vojny v\u00ed\u0165azn\u00e9 ve\u013emoci, podobne ako s in\u00fdmi porazen\u00fdmi \u0161t\u00e1tmi, aj s Ma\u010farskom ako jedn\u00fdm z dedi\u010dov b\u00fdval\u00e9ho Uhorsk\u00e9ho kr\u00e1\u013eovstva pripravovali podp\u00edsanie mierovej zmluvy. Jej cie\u013eom bolo prihliada\u0165 na nov\u00fa mocensk\u00fa situ\u00e1ciu v Eur\u00f3pe a touto zmluvou sa pre mlad\u00e9 \u010ceskoslovensko ukon\u010dil komplikovan\u00fd proces tvorby nov\u00e9ho \u0161t\u00e1tu.<\/p>\n<p>Zmluva podp\u00edsan\u00e1 v j\u00fani 1920 na z\u00e1mku Ve\u013ek\u00fd Trianon vo Versailles sa venovala najm\u00e4 dvom z\u00e1sadn\u00fdm ot\u00e1zkam &#8211; \u0161t\u00e1tnym hraniciam a n\u00e1rodnostn\u00fdm men\u0161in\u00e1m. K\u013e\u00fa\u010dov\u00fa \u00falohu po\u010das pr\u00edpravy zmluvy zohral gener\u00e1lny tajomn\u00edk \u010desko-slovenskej deleg\u00e1cie \u0160tefan Osusk\u00fd, v\u00fdznamn\u00fd slovensk\u00fd pr\u00e1vnik, diplomat, politik a pedag\u00f3g.<\/p>\n<p><img loading=\"lazy\" width=\"1920\" height=\"1093\" class=\"alignleft size-full wp-image-215914\" src=\"https:\/\/www.visitbratislava.com\/wp-content\/uploads\/2023\/01\/Trianonska-mierova-zmluva-001.jpg\" alt=\"\" srcset=\"https:\/\/www.visitbratislava.com\/wp-content\/uploads\/2023\/01\/Trianonska-mierova-zmluva-001.jpg 1920w, https:\/\/www.visitbratislava.com\/wp-content\/uploads\/2023\/01\/Trianonska-mierova-zmluva-001-400x228.jpg 400w, https:\/\/www.visitbratislava.com\/wp-content\/uploads\/2023\/01\/Trianonska-mierova-zmluva-001-800x455.jpg 800w, https:\/\/www.visitbratislava.com\/wp-content\/uploads\/2023\/01\/Trianonska-mierova-zmluva-001-768x437.jpg 768w, https:\/\/www.visitbratislava.com\/wp-content\/uploads\/2023\/01\/Trianonska-mierova-zmluva-001-1536x874.jpg 1536w, https:\/\/www.visitbratislava.com\/wp-content\/uploads\/2023\/01\/Trianonska-mierova-zmluva-001-200x114.jpg 200w\" sizes=\"(max-width: 1920px) 100vw, 1920px\" \/><\/p>\n<p>Takmer dva roky trvaj\u00facu v\u00fdstavu o Trianone sa autori z radov kur\u00e1torov SNM &#8211; Historick\u00e9ho m\u00fazea rozhodli po\u0148a\u0165 nielen ako pripomienku tohto v\u00fdro\u010dia, ale najm\u00e4 ako pr\u00edspevok k zdokumentovaniu zlo\u017eit\u00e9ho procesu rozpadu historick\u00e9ho Uhorska, k za\u010dle\u0148ovaniu Slovenska do nov\u00e9ho \u010deskoslovensk\u00e9ho \u0161t\u00e1tu a k ot\u00e1zke formovania novej \u0161t\u00e1tnej identity.<\/p>\n<p>Do v\u00fdstavy zakomponovali aj problematiku osobnost\u00ed predprevratov\u00e9ho slovensk\u00e9ho politick\u00e9ho a kult\u00farneho \u017eivota, ktor\u00e9 sa s ideou \u010deskoslovensk\u00e9ho \u0161t\u00e1tu nestoto\u017enili a vn\u00edmali ju ako popretie historick\u00e9ho pr\u00e1va sv\u00e4to\u0161tefanskej koruny. Na druhej strane v\u00fdstava prostredn\u00edctvom fotografi\u00ed, poh\u013eadn\u00edc, let\u00e1kov, arch\u00edvnych prame\u0148ov i trojrozmern\u00fdch predmetov prezentuje aj pomery Ma\u010farov, ktor\u00ed sa z\u00e1sluhou Trianonu v\u00e4\u010d\u0161inou nedobrovo\u013ene ocitli v \u0161t\u00e1te, ktor\u00e9ho legitimitu mnoh\u00ed z nich odmietali.<\/p>\n<div class=\"grid-container\"><div class=\"grid-container__item\"><div class=\"block\"><a href=\"https:\/\/www.visitbratislava.com\/wp-content\/uploads\/2023\/01\/Trianon-\u2013-Zrod-novej-hranice-004-800x533.jpg\" data-fancybox=\"gallery\" data-caption=\"\"><div class=\"background\"><img src=\"https:\/\/www.visitbratislava.com\/wp-content\/uploads\/2023\/01\/Trianon-\u2013-Zrod-novej-hranice-004-800x533.jpg\" alt=\"foto\"\/><\/div><div class=\"overlay filter-blue\"><div class=\"content\"><span class=\"zoom-button\"><\/span><\/div><\/div><\/a><\/div><\/div><div class=\"grid-container__item\"><div class=\"block\"><a href=\"https:\/\/www.visitbratislava.com\/wp-content\/uploads\/2023\/01\/Trianon-\u2013-Zrod-novej-hranice-005-800x533.jpeg\" data-fancybox=\"gallery\" data-caption=\"\"><div class=\"background\" style=\"background-image: url(https:\/\/www.visitbratislava.com\/wp-content\/uploads\/2023\/01\/Trianon-\u2013-Zrod-novej-hranice-005-800x533.jpeg)\"><\/div><div class=\"overlay filter-green\"><div class=\"content\"><span class=\"zoom-button\"><\/span><\/div><\/div><\/a><\/div><\/div><div class=\"grid-container__item more\"><\/div><\/div>\n<p>\u00davodn\u00e1 \u010das\u0165 v\u00fdstavy vov\u00e1dza do deja udalos\u0165ami spojen\u00fdmi so z\u00e1nikom st\u00e1ro\u010dnej habsburskej monarchie a vznikom spolo\u010dn\u00e9ho \u0161t\u00e1tu \u010cechov a Slov\u00e1kov na sklonku okt\u00f3bra 1918. V nasleduj\u00facej \u010dasti sa n\u00e1v\u0161tevn\u00edkom na z\u00e1klade sprievodn\u00fdch textov a bohat\u00e9ho obrazov\u00e9ho, numizmatick\u00e9ho a arch\u00edvneho materi\u00e1lu pribli\u017euje proces postupn\u00e9ho administrat\u00edvneho, ale aj hospod\u00e1rskeho za\u010dle\u0148ovania osloboden\u00fdch \u010dast\u00ed \u00fazemia Slovenska pod autoritu \u010deskoslovensk\u00e9ho \u0161t\u00e1tu, a to najm\u00e4 prostredn\u00edctvom \u010ceskoslovenskej do\u010dasnej vl\u00e1dy na Slovensku so s\u00eddlom v Skalici a \u00daradu ministra s plnou mocou pre spr\u00e1vu Slovenska so s\u00eddlom v \u017diline, n\u00e1sledne od febru\u00e1ra 1919 v Bratislave.<\/p>\n<div class=\"grid-container\"><div class=\"grid-container__item\"><div class=\"block\"><a href=\"https:\/\/www.visitbratislava.com\/wp-content\/uploads\/2023\/01\/Trianon-\u2013-Zrod-novej-hranice-006-800x533.jpg\" data-fancybox=\"gallery\" data-caption=\"\"><div class=\"background\"><img src=\"https:\/\/www.visitbratislava.com\/wp-content\/uploads\/2023\/01\/Trianon-\u2013-Zrod-novej-hranice-006-800x533.jpg\" alt=\"foto\"\/><\/div><div class=\"overlay filter-blue\"><div class=\"content\"><span class=\"zoom-button\"><\/span><\/div><\/div><\/a><\/div><\/div><div class=\"grid-container__item\"><div class=\"block\"><a href=\"https:\/\/www.visitbratislava.com\/wp-content\/uploads\/2023\/01\/Trianon-\u2013-Zrod-novej-hranice-007-800x533.jpg\" data-fancybox=\"gallery\" data-caption=\"\"><div class=\"background\" style=\"background-image: url(https:\/\/www.visitbratislava.com\/wp-content\/uploads\/2023\/01\/Trianon-\u2013-Zrod-novej-hranice-007-800x533.jpg)\"><\/div><div class=\"overlay filter-green\"><div class=\"content\"><span class=\"zoom-button\"><\/span><\/div><\/div><\/a><\/div><\/div><div class=\"grid-container__item more\"><\/div><\/div>\n<p>Samotn\u00fd akt vyhl\u00e1senia \u010ceskoslovenskej republiky z praktick\u00e9ho h\u013eadiska e\u0161te nezaru\u010doval jej existenciu. Popri prevzat\u00ed \u0161t\u00e1tnej administrat\u00edvy bolo potrebn\u00e9 i vojensky ovl\u00e1dnu\u0165 \u00fazemie Slovenska, ktor\u00e9 v polovici novembra 1918 takmer cel\u00e9 obsadila ma\u010farsk\u00e1 arm\u00e1da. Obsahov\u00fdm jadrom v\u00fdstavy je okruh venovan\u00fd vojensk\u00fdm oper\u00e1ci\u00e1m a diplomatick\u00e9mu z\u00e1pasu o ju\u017en\u00fa hranicu medzi \u010ceskoslovenskom a Ma\u010farskom na pozad\u00ed prebiehaj\u00facej mierovej konferencie v Par\u00ed\u017ei. Komplikovan\u00fd zrod novej hranice pribli\u017euje prezent\u00e1cia vz\u00e1cneho kartografick\u00e9ho materi\u00e1lu z fondov Slovensk\u00e9ho n\u00e1rodn\u00e9ho arch\u00edvu, s ktor\u00fdm pracovala \u010deskoslovensk\u00e1 deleg\u00e1cia na mierovej konferencii v Par\u00ed\u017ei.<\/p>\n<p>Na pozad\u00ed sc\u00e9nickej in\u0161tal\u00e1cie imituj\u00facej interi\u00e9r z\u00e1mku Ve\u013ek\u00fd Trianon vo Versailles sa odv\u00edja t\u00e9ma mierov\u00fdch rokovan\u00ed v\u00ed\u0165azn\u00fdch mocnost\u00ed prvej svetovej vojny, ktor\u00e9 trvalo pretvorili dovtedaj\u0161iu politick\u00fa mapu Eur\u00f3py. \u010ceskoslovensk\u00e1 deleg\u00e1cia sa na mierov\u00fdch rokovaniach v Par\u00ed\u017ei z\u00fa\u010dast\u0148ovala od janu\u00e1ra 1919. Podp\u00edsanie mierov\u00fdch zml\u00fav s Rak\u00faskom, Nemeckom a Ma\u010farskom malo zadefinova\u0165 hranice nov\u00e9ho \u0161t\u00e1tu, ktor\u00e9ho s\u00fa\u010das\u0165ou malo by\u0165 aj Slovensko a Podkarpatsk\u00e1 Rus.<\/p>\n<p>Hranicu medzi \u010ceskoslovenskom a Ma\u010farskom definit\u00edvne stanovili na mierovej konferencii 12. j\u00fana 1919. Po viacer\u00fdch diplomatick\u00fdch prie\u0165ahoch a rokovaniach sa ma\u010farsk\u00e1 vl\u00e1da v m\u00e1ji 1920 rozhodla zmluvu podp\u00edsa\u0165, k \u010domu pri\u0161lo 4. j\u00fana 1920.<\/p>\n<div class=\"grid-container\"><div class=\"grid-container__item\"><div class=\"block\"><a href=\"https:\/\/www.visitbratislava.com\/wp-content\/uploads\/2023\/01\/Trianon-\u2013-Zrod-novej-hranice-010-800x533.jpg\" data-fancybox=\"gallery\" data-caption=\"\"><div class=\"background\"><img src=\"https:\/\/www.visitbratislava.com\/wp-content\/uploads\/2023\/01\/Trianon-\u2013-Zrod-novej-hranice-010-800x533.jpg\" alt=\"foto\"\/><\/div><div class=\"overlay filter-blue\"><div class=\"content\"><span class=\"zoom-button\"><\/span><\/div><\/div><\/a><\/div><\/div><div class=\"grid-container__item\"><div class=\"block\"><a href=\"https:\/\/www.visitbratislava.com\/wp-content\/uploads\/2023\/01\/Trianon-\u2013-Zrod-novej-hranice-011-800x600.jpg\" data-fancybox=\"gallery\" data-caption=\"\"><div class=\"background\" style=\"background-image: url(https:\/\/www.visitbratislava.com\/wp-content\/uploads\/2023\/01\/Trianon-\u2013-Zrod-novej-hranice-011-800x600.jpg)\"><\/div><div class=\"overlay filter-green\"><div class=\"content\"><span class=\"zoom-button\"><\/span><\/div><\/div><\/a><\/div><\/div><div class=\"grid-container__item more\"><\/div><\/div>\n<p>Piaty tematick\u00fd okruh v\u00fdstavy sa venuje ot\u00e1zke prouhorskej iredenty a odporu vo\u010di za\u010dle\u0148ovaniu Slovenska do \u010ceskoslovenskej republiky. Vznik \u010ceskoslovenska s\u00edce v\u00e4\u010d\u0161ina slovensk\u00e9ho obyvate\u013estva akceptovala, no nie v\u0161etci predstavitelia slovensk\u00e9ho n\u00e1rodn\u00e9ho hnutia sa stoto\u017enili s ideou pripojenia Slovenska k \u010desk\u00fdm krajin\u00e1m.<\/p>\n<p>Odstrediv\u00e9 tendencie vo\u010di \u010ceskoslovenskej republike sa prejavovali najm\u00e4 v \u010dinnosti prouhorsky orientovan\u00fdch politikov na v\u00fdchodnom Slovensku, ktor\u00e9 bolo etnicky najpestrej\u0161ie a kde bol vplyv slovensk\u00e9ho n\u00e1rodn\u00e9ho hnutia najslab\u0161\u00ed. T\u00e1to ideovo prec\u00edzne vystavan\u00e1 z\u00e1vere\u010dn\u00e1 \u010das\u0165 v\u00fdstavy sa pon\u00e1ra aj do n\u00e1ro\u010dnej problematiky kontinuity historickej pam\u00e4te, jej pretv\u00e1rania sa v podmienkach budovania ideol\u00f3gie nov\u00e9ho \u0161t\u00e1tu.<\/p>\n<p>V praxi sa to prejavilo premenov\u00e1van\u00edm verejn\u00fdch priestranstiev, vyd\u00e1van\u00edm nov\u00fdch u\u010debn\u00edc dejepisu \u010di h\u013eadan\u00edm odkazov na \u00fadajn\u00e9 \u010desko-slovensk\u00e9 trad\u00edcie, najm\u00e4 o\u017eiven\u00edm \u00facty k sv\u00e4t\u00fdm Cyrilovi a Metodovi, ako aj posilnen\u00edm \u00facty k sv\u00e4t\u00e9mu V\u00e1clavovi na Slovensku, ktor\u00e1 mala eliminova\u0165 na Slovensku hlboko zakorenen\u00fa \u00factu k sv\u00e4t\u00e9mu \u0160tefanovi kr\u00e1\u013eovi. Symbolick\u00fdm skoncovan\u00edm s uhorsk\u00fdm dedi\u010dstvom malo by\u0165 odstr\u00e1nenie mileni\u00e1lnych pomn\u00edkov na Dev\u00edne a v Nitre na Zobore, ako aj s\u00faso\u0161ia kr\u00e1\u013eovnej M\u00e1rie Ter\u00e9zie v Bratislave, \u010do na v\u00fdstave dokumentuj\u00fa aj autentick\u00e9 dobov\u00e9 fotografie. Prostredn\u00edctvom bohat\u00e9ho v\u00fdberu s\u00fadobej tla\u010de a literat\u00fary prin\u00e1\u0161a v\u00fdstava v z\u00e1vere poh\u013ead na reflexiu 10. v\u00fdro\u010dia vzniku Prvej republiky, respekt\u00edve podp\u00edsania Trianonskej zmluvy.<\/p>\n<div class=\"grid-container\"><div class=\"grid-container__item\"><div class=\"block\"><a href=\"https:\/\/www.visitbratislava.com\/wp-content\/uploads\/2023\/01\/Trianon-\u2013-Zrod-novej-hranice-008-800x533.jpg\" data-fancybox=\"gallery\" data-caption=\"\"><div class=\"background\"><img src=\"https:\/\/www.visitbratislava.com\/wp-content\/uploads\/2023\/01\/Trianon-\u2013-Zrod-novej-hranice-008-800x533.jpg\" alt=\"foto\"\/><\/div><div class=\"overlay filter-blue\"><div class=\"content\"><span class=\"zoom-button\"><\/span><\/div><\/div><\/a><\/div><\/div><div class=\"grid-container__item\"><div class=\"block\"><a href=\"https:\/\/www.visitbratislava.com\/wp-content\/uploads\/2023\/01\/Trianon-\u2013-Zrod-novej-hranice-009-800x533.jpg\" data-fancybox=\"gallery\" data-caption=\"\"><div class=\"background\" style=\"background-image: url(https:\/\/www.visitbratislava.com\/wp-content\/uploads\/2023\/01\/Trianon-\u2013-Zrod-novej-hranice-009-800x533.jpg)\"><\/div><div class=\"overlay filter-green\"><div class=\"content\"><span class=\"zoom-button\"><\/span><\/div><\/div><\/a><\/div><\/div><div class=\"grid-container__item more\"><\/div><\/div>\n<p>Trianonsk\u00e1 mierov\u00e1 zmluva dala defin\u00edtvnu bodku za obdob\u00edm podunajskej monarchie a nasmerovala Slovensko do novej etapy jeho dej\u00edn. V\u00fdstavu k storo\u010dnici tejto v\u00fdznamnej historickej udalosti si m\u00f4\u017eete na druhom poschod\u00ed Bratislavsk\u00e9ho hradu pozrie\u0165 a\u017e do 1. m\u00e1ja 2023.<\/p>\n","protected":false},"excerpt":{"rendered":"<p>V roku 2020 uplynulo 100 rokov od podp\u00edsania Trianonskej mierovej zmluvy, ktor\u00e1 z\u00e1sadn\u00fdm sp\u00f4sobom zmenila politick\u00fa i etnick\u00fa mapu strednej Eur\u00f3py<\/p>\n","protected":false},"featured_media":215896,"template":"","acf":[],"event_date":{"start_date":1618790400,"end_date":1682899200},"_links":{"self":[{"href":"https:\/\/www.visitbratislava.com\/sk\/wp-json\/wp\/v2\/event\/215895"}],"collection":[{"href":"https:\/\/www.visitbratislava.com\/sk\/wp-json\/wp\/v2\/event"}],"about":[{"href":"https:\/\/www.visitbratislava.com\/sk\/wp-json\/wp\/v2\/types\/event"}],"version-history":[{"count":2,"href":"https:\/\/www.visitbratislava.com\/sk\/wp-json\/wp\/v2\/event\/215895\/revisions"}],"predecessor-version":[{"id":215981,"href":"https:\/\/www.visitbratislava.com\/sk\/wp-json\/wp\/v2\/event\/215895\/revisions\/215981"}],"wp:featuredmedia":[{"embeddable":true,"href":"https:\/\/www.visitbratislava.com\/sk\/wp-json\/wp\/v2\/media\/215896"}],"wp:attachment":[{"href":"https:\/\/www.visitbratislava.com\/sk\/wp-json\/wp\/v2\/media?parent=215895"}],"curies":[{"name":"wp","href":"https:\/\/api.w.org\/{rel}","templated":true}]}}